{"id":4099,"date":"2016-07-19T16:10:34","date_gmt":"2016-07-19T14:10:34","guid":{"rendered":"https:\/\/feuerwehr-vglambrecht.de\/cms\/?post_type=tribe_events&#038;p=4099"},"modified":"2016-07-20T12:35:48","modified_gmt":"2016-07-20T10:35:48","slug":"feuerwehrbar-neidenfels","status":"publish","type":"tribe_events","link":"https:\/\/feuerwehr-vglambrecht.de\/cms\/event\/feuerwehrbar-neidenfels\/","title":{"rendered":"FeuerwehrBAR Neidenfels"},"content":{"rendered":"<p>22.Juli &#8211; 25.Juli 2016 ab 20 Uhr<\/p>\n<p>Die allj\u00e4hrliche FeuerwehrBAR begr\u00fc\u00dft sie auch in diesem\u00a0Jahr erneut mit ihrem Angebot an fruchtigen Cocktails und weiteren leckeren Getr\u00e4nken im Rahmen der Kerwe Neidenfels. Mit ihrer tropischen Atmosph\u00e4re und mit guter Musik l\u00e4d sie zum entspannen und feiern ein.<\/p>\n<p><a href=\"https:\/\/feuerwehr-vglambrecht.de\/cms\/wp-content\/uploads\/2016\/07\/werbung-kerwe-bar.jpg\"><img loading=\"lazy\" decoding=\"async\" class=\"aligncenter wp-image-4100\" src=\"https:\/\/feuerwehr-vglambrecht.de\/cms\/wp-content\/uploads\/2016\/07\/werbung-kerwe-bar-839x1024.jpg\" alt=\"werbung-kerwe-bar\" width=\"739\" height=\"901\" srcset=\"https:\/\/feuerwehr-vglambrecht.de\/cms\/wp-content\/uploads\/2016\/07\/werbung-kerwe-bar-839x1024.jpg 839w, https:\/\/feuerwehr-vglambrecht.de\/cms\/wp-content\/uploads\/2016\/07\/werbung-kerwe-bar-246x300.jpg 246w, https:\/\/feuerwehr-vglambrecht.de\/cms\/wp-content\/uploads\/2016\/07\/werbung-kerwe-bar-768x937.jpg 768w, https:\/\/feuerwehr-vglambrecht.de\/cms\/wp-content\/uploads\/2016\/07\/werbung-kerwe-bar-900x1098.jpg 900w\" sizes=\"auto, (max-width: 739px) 100vw, 739px\" \/><\/a><\/p>\n","protected":false},"excerpt":{"rendered":"<p>22.Juli &#8211; 25.Juli 2016 ab 20 Uhr Die allj\u00e4hrliche FeuerwehrBAR begr\u00fc\u00dft sie auch in diesem\u00a0Jahr erneut mit ihrem Angebot an fruchtigen Cocktails und weiteren leckeren Getr\u00e4nken im Rahmen der Kerwe Neidenfels. Mit ihrer tropischen Atmosph\u00e4re und mit guter Musik l\u00e4d sie zum entspannen und feiern ein.<\/p>\n","protected":false},"author":1,"featured_media":0,"template":"","meta":{"_tribe_events_status":"","_tribe_events_status_reason":"","footnotes":""},"tags":[],"tribe_events_cat":[80],"class_list":["post-4099","tribe_events","type-tribe_events","status-publish","hentry","tribe_events_cat-fest","cat_fest"],"better_featured_image":null,"_links":{"self":[{"href":"https:\/\/feuerwehr-vglambrecht.de\/cms\/wp-json\/wp\/v2\/tribe_events\/4099","targetHints":{"allow":["GET"]}}],"collection":[{"href":"https:\/\/feuerwehr-vglambrecht.de\/cms\/wp-json\/wp\/v2\/tribe_events"}],"about":[{"href":"https:\/\/feuerwehr-vglambrecht.de\/cms\/wp-json\/wp\/v2\/types\/tribe_events"}],"author":[{"embeddable":true,"href":"https:\/\/feuerwehr-vglambrecht.de\/cms\/wp-json\/wp\/v2\/users\/1"}],"version-history":[{"count":0,"href":"https:\/\/feuerwehr-vglambrecht.de\/cms\/wp-json\/wp\/v2\/tribe_events\/4099\/revisions"}],"wp:attachment":[{"href":"https:\/\/feuerwehr-vglambrecht.de\/cms\/wp-json\/wp\/v2\/media?parent=4099"}],"wp:term":[{"taxonomy":"post_tag","embeddable":true,"href":"https:\/\/feuerwehr-vglambrecht.de\/cms\/wp-json\/wp\/v2\/tags?post=4099"},{"taxonomy":"tribe_events_cat","embeddable":true,"href":"https:\/\/feuerwehr-vglambrecht.de\/cms\/wp-json\/wp\/v2\/tribe_events_cat?post=4099"}],"curies":[{"name":"wp","href":"https:\/\/api.w.org\/{rel}","templated":true}]}}