{"id":2153,"date":"2016-01-20T13:23:08","date_gmt":"2016-01-20T12:23:08","guid":{"rendered":"http:\/\/feuerwehr-vglambrecht.de\/cms\/?post_type=tribe_events&#038;p=2153"},"modified":"2016-07-05T20:00:53","modified_gmt":"2016-07-05T18:00:53","slug":"tag-der-offenen-tuer-feuerwehr-weidenthal","status":"publish","type":"tribe_events","link":"https:\/\/feuerwehr-vglambrecht.de\/cms\/event\/tag-der-offenen-tuer-feuerwehr-weidenthal\/","title":{"rendered":"Tag der offenen T\u00fcr Feuerwehr Weidenthal"},"content":{"rendered":"<p>Tag der Feuerwehr in Weidenthal<\/p>\n<p>Am 10. Juli 2016 stellt sich die Weidenthaler Feuerwehr wieder einmal der \u00d6ffentlichkeit vor. Beginn des unterhaltsamen wie auch informativen Programmes ist um 10.00 Uhr am Ger\u00e4tehaus im Langental. Livemusik mit \u201cAnni &amp; den Musikanten\u201d begleitet den Fr\u00fchschoppen mit Wei\u00dfwurstfr\u00fchst\u00fcck.<\/p>\n<p>Zum Mittagessen gibt es dann ab 12.00 Uhr Spezialit\u00e4ten vom Grill, wie Rahmbraten, Steak, Wurst &amp; Co. Ab 15.00 Uhr folgen Feuerwehrtechnische Vorf\u00fchrungen sowie <span class=\"text_exposed_show\">die Vorstellung der Rettungshundestaffel Weidenthal. Begleitet von Kaffee und Kuchen.<\/span><\/p>\n<div class=\"text_exposed_show\">\n<p>Kinderspiele werden \u00fcber den ganzen Tag hinweg angeboten.<\/p>\n<p>Machen sie sich einen sch\u00f6nen Tag und unterst\u00fctzen sie die Weidenthaler Wehr mit ihrem Kommen.<\/p>\n\n<a href=\"https:\/\/feuerwehr-vglambrecht.de\/cms\/wp-content\/gallery\/tdf-weidenthal\/tdf-weidenthal.jpg\" title=\"\" class=\"shutterset_singlepic762\" >\n\t<img decoding=\"async\" class=\"ngg-singlepic\" src=\"https:\/\/feuerwehr-vglambrecht.de\/cms\/wp-content\/gallery\/cache\/762__650x450_tdf-weidenthal.jpg\" alt=\"tdf-weidenthal\" title=\"tdf-weidenthal\" \/>\n<\/a>\n\n<\/div>\n","protected":false},"excerpt":{"rendered":"<p>Tag der Feuerwehr in Weidenthal Am 10. Juli 2016 stellt sich die Weidenthaler Feuerwehr wieder einmal der \u00d6ffentlichkeit vor. Beginn des unterhaltsamen wie auch informativen Programmes ist um 10.00 Uhr am Ger\u00e4tehaus im Langental. Livemusik mit \u201cAnni &amp; den Musikanten\u201d begleitet den Fr\u00fchschoppen mit Wei\u00dfwurstfr\u00fchst\u00fcck. Zum Mittagessen gibt es dann ab 12.00 Uhr Spezialit\u00e4ten vom Grill, wie Rahmbraten, Steak, Wurst &amp; Co. Ab 15.00 Uhr folgen Feuerwehrtechnische Vorf\u00fchrungen sowie die Vorstellung der Rettungshundestaffel Weidenthal. Begleitet von Kaffee und Kuchen. Kinderspiele werden \u00fcber den ganzen Tag hinweg angeboten. Machen sie sich einen sch\u00f6nen Tag und unterst\u00fctzen sie die Weidenthaler Wehr mit ihrem Kommen.<\/p>\n","protected":false},"author":1,"featured_media":0,"template":"","meta":{"_tribe_events_status":"","_tribe_events_status_reason":"","footnotes":""},"tags":[],"tribe_events_cat":[80],"class_list":["post-2153","tribe_events","type-tribe_events","status-publish","hentry","tribe_events_cat-fest","cat_fest"],"better_featured_image":null,"_links":{"self":[{"href":"https:\/\/feuerwehr-vglambrecht.de\/cms\/wp-json\/wp\/v2\/tribe_events\/2153","targetHints":{"allow":["GET"]}}],"collection":[{"href":"https:\/\/feuerwehr-vglambrecht.de\/cms\/wp-json\/wp\/v2\/tribe_events"}],"about":[{"href":"https:\/\/feuerwehr-vglambrecht.de\/cms\/wp-json\/wp\/v2\/types\/tribe_events"}],"author":[{"embeddable":true,"href":"https:\/\/feuerwehr-vglambrecht.de\/cms\/wp-json\/wp\/v2\/users\/1"}],"version-history":[{"count":1,"href":"https:\/\/feuerwehr-vglambrecht.de\/cms\/wp-json\/wp\/v2\/tribe_events\/2153\/revisions"}],"predecessor-version":[{"id":4068,"href":"https:\/\/feuerwehr-vglambrecht.de\/cms\/wp-json\/wp\/v2\/tribe_events\/2153\/revisions\/4068"}],"wp:attachment":[{"href":"https:\/\/feuerwehr-vglambrecht.de\/cms\/wp-json\/wp\/v2\/media?parent=2153"}],"wp:term":[{"taxonomy":"post_tag","embeddable":true,"href":"https:\/\/feuerwehr-vglambrecht.de\/cms\/wp-json\/wp\/v2\/tags?post=2153"},{"taxonomy":"tribe_events_cat","embeddable":true,"href":"https:\/\/feuerwehr-vglambrecht.de\/cms\/wp-json\/wp\/v2\/tribe_events_cat?post=2153"}],"curies":[{"name":"wp","href":"https:\/\/api.w.org\/{rel}","templated":true}]}}