{"id":4399,"date":"2016-08-26T12:41:19","date_gmt":"2016-08-26T10:41:19","guid":{"rendered":"https:\/\/feuerwehr-vglambrecht.de\/cms\/?page_id=4399"},"modified":"2016-10-05T18:55:06","modified_gmt":"2016-10-05T16:55:06","slug":"satzung","status":"publish","type":"page","link":"https:\/\/feuerwehr-vglambrecht.de\/cms\/foerderverein\/neidenfels\/satzung\/","title":{"rendered":"Satzung"},"content":{"rendered":"<p align=\"center\">Hier k\u00f6nnen sie die Satzung als PDF <a href=\"https:\/\/feuerwehr-vglambrecht.de\/cms\/wp-content\/uploads\/2016\/08\/Satzung-_Stand-_2015_-Foerderverein_Neidenfels.pdf\">herunterladen.<\/a><\/p>\n<p align=\"center\"><span style=\"color: #000000;\"><span style=\"font-family: 'Times New Roman', serif;\"><span style=\"font-size: 300%;\">S A T Z U N G \u00a0<\/span><\/span><\/span><span style=\"color: #000000;\"><span style=\"font-family: 'Times New Roman', serif;\"><span style=\"font-size: 300%;\">d e s<\/span><\/span><\/span><\/p>\n<p align=\"center\"><span style=\"color: #000000;\"><span style=\"font-family: 'Times New Roman', serif;\"><span style=\"font-size: 300%;\">F\u00d6RDERVEREINS DER\u00a0<\/span><\/span><\/span><span style=\"color: #000000;\"><span style=\"font-family: 'Times New Roman', serif;\"><span style=\"font-size: 300%;\">FREIWILLIGEN <\/span><\/span><\/span><\/p>\n<p align=\"center\"><span style=\"color: #000000;\"><span style=\"font-family: 'Times New Roman', serif;\"><span style=\"font-size: 300%;\">FEUERWEHR NEIDENFELS<\/span><\/span><\/span><\/p>\n<p align=\"center\">\u00a0<span style=\"color: #000000;\"><span style=\"font-family: 'Times New Roman', serif;\"><span style=\"font-size: large;\">Stand M\u00e4rz 2015<\/span><\/span><\/span><\/p>\n<p align=\"center\"><span style=\"color: #000000;\"><span style=\"font-family: Arial, serif;\"><span style=\"font-size: large;\"><b>\u00a7 1<br \/>\n<\/b><\/span><\/span><\/span><span style=\"font-family: 'Times New Roman', serif;\"><span style=\"font-size: medium;\">\u00a0<\/span><\/span><\/p>\n<p align=\"center\"><span style=\"color: #000000;\"><span style=\"font-family: Arial, serif;\"><span style=\"font-size: large;\"><b>NAME UND SITZ DES VEREINS<\/b><\/span><\/span><\/span><\/p>\n<p>&nbsp;<\/p>\n<p><span style=\"color: #000000;\"><span style=\"font-family: Arial, serif;\"><span style=\"font-size: small;\">1. Der Verein f\u00fchrt den Namen &#8222;F\u00f6rderverein der Freiwilligen Feuerwehr Neidenfels&#8220;.<\/span><\/span><\/span><\/p>\n<p><span style=\"color: #000000;\"><span style=\"font-family: Arial, serif;\"><span style=\"font-size: small;\">2. Sitz des Vereins ist 67468 Neidenfels.<\/span><\/span><\/span><\/p>\n<p><span style=\"color: #000000;\"><span style=\"font-family: Arial, serif;\"><span style=\"font-size: small;\">3. Der Verein ist in das Vereinsregister beim Amtsgericht Ludwigshafen am Rhein einzutragen.<\/span><\/span><\/span><\/p>\n<p><span style=\"color: #000000;\"><span style=\"font-family: Arial, serif;\"><span style=\"font-size: small;\">Der F\u00f6rderverein der Freiwilligen Feuerwehr Neidenfels mit Sitz in Neidenfels, verfolgt ausschlie\u00dflich und unmittelbar gemeinn\u00fctzige Zwecke im Sinne des Abschnitts &#8222;Steuerbeg\u00fcnstigte\u00a0 Zwecke&#8220; der Abgabenordnung in der jeweils g\u00fcltigen Fassung.<\/span><\/span><\/span><\/p>\n<p align=\"center\"><span style=\"color: #000000;\"><span style=\"font-family: Arial, serif;\"><span style=\"font-size: large;\"><b>\u00a7 2<br \/>\n<\/b><\/span><\/span><\/span><span style=\"font-family: 'Times New Roman', serif;\"><span style=\"font-size: medium;\">\u00a0<\/span><\/span><\/p>\n<p align=\"center\"><span style=\"color: #000000;\"><span style=\"font-family: Arial, serif;\"><span style=\"font-size: large;\"><b>VEREINSZWECK, FINANZIERUNG UND VERM\u00d6GEN<\/b><\/span><\/span><\/span><\/p>\n<p>\u00a0<span style=\"color: #000000;\"><span style=\"font-family: Arial, serif;\"><span style=\"font-size: small;\">1. Die Freiwillige Feuerwehr ist eine Einrichtung der Verbandsgemeinde Lambrecht und wird von dieser ausger\u00fcstet und unterhalten.<br \/>\nDie Einrichtung der Feuerwehr als Zusammenschluss ehrenamtlicher Freiwilliger zu gemeinn\u00fctziger\u00a0 T\u00e4tigkeit zum Wohle der Bev\u00f6lkerung ist jedoch \u00fcber die Aufwendungen der Verbandsgemeinde\u00a0 hinaus durch die B\u00fcrgerschaft f\u00f6rderungsw\u00fcrdig.<br \/>\nDer Verein bezweckt deshalb die F\u00f6rderung des Einsatzes der Freiwilligen Feuerwehr durch Ma\u00dfnahmen in nachstehender Reihenfolge:<\/span><\/span><\/span><\/p>\n<p><span style=\"color: #000000;\">\u00a0<span style=\"font-family: Arial, serif;\"><span style=\"font-size: small;\">a) Wahrung und Festigung des Zusammenschlusses der Wehr<\/span><\/span><\/span><\/p>\n<p><span style=\"color: #000000;\">\u00a0<span style=\"font-family: Arial, serif;\"><span style=\"font-size: small;\">b) Heranbildung eines einsatzfreudigen Nachwuchses<\/span><\/span><\/span><\/p>\n<p><span style=\"color: #000000;\"><span style=\"font-family: Arial, serif;\"><span style=\"font-size: small;\">c) Moralische, materielle und finanzielle Unterst\u00fctzung der Wehr, soweit dies nicht durch den offiziellen Kostentr\u00e4ger rechtm\u00e4\u00dfig gew\u00e4hrleistet werden muss bzw. dies nicht gew\u00e4hrleistet werden kann.<\/span><\/span><\/span><\/p>\n<p><span style=\"color: #000000;\"><span style=\"font-family: Arial, serif;\"><span style=\"font-size: small;\">d) Wahrnehmung der sozialen Belange der Feuerwehrangeh\u00f6rigen, <\/span><\/span><\/span><\/p>\n<ol>\n<li><span style=\"color: #000000;\"><span style=\"font-family: Arial, serif;\"><span style=\"font-size: small;\">Unterst\u00fctzung der Feuerwehrangeh\u00f6rigen im Todesfall<\/span><\/span><\/span><\/li>\n<li><span style=\"color: #000000;\"><span style=\"font-family: Arial, serif;\"><span style=\"font-size: small;\">Unterst\u00fctzung der Feuerwehrangeh\u00f6rigen bei Unf\u00e4llen<\/span><\/span><\/span><\/li>\n<\/ol>\n<p><span style=\"color: #000000;\"><span style=\"font-family: Arial, serif;\"><span style=\"font-size: small;\">2.\u00a0 Zu diesem Zweck stellt der Verein seine ganzen Eink\u00fcnfte, abz\u00fcglich der Aufwendungen, die f\u00fcr\u00a0 den Bestand und seine Arbeit erforderlich sind, der Freiwilligen Feuerwehr Neidenfels zur\u00a0 Verf\u00fcgung.<\/span><\/span><\/span><\/p>\n<p><span style=\"color: #000000;\">\u00a0<span style=\"font-family: Arial, serif;\"><span style=\"font-size: small;\">Die Mittel des Vereins d\u00fcrfen nur f\u00fcr Satzungszwecke verwendet werden.<\/span><\/span><\/span><\/p>\n<p><span style=\"color: #000000;\"><span style=\"font-family: Arial, serif;\"><span style=\"font-size: small;\">Der Verein wird unter Wahrung der politischen, rassischen und religi\u00f6sen Freiheit seiner Mitglieder nach demokratischen Grunds\u00e4tzen gef\u00fchrt.<\/span><\/span><\/span><\/p>\n<p><span style=\"color: #000000;\"><span style=\"font-family: Arial, serif;\"><span style=\"font-size: small;\">3. Der Verein ist selbstlos t\u00e4tig. Er verfolgt nicht in erster Linie eigenwirtschaftliche Zwecke und strebt keinen Gewinn an.<br \/>\nDie Mitglieder erhalten keine Gewinnanteile oder sonstigen Zuwendungen aus Mitteln des Vereins. Sie haben keinen Anteil am Vereinsverm\u00f6gen und haben weder bei ihrem Austritt aus dem Verein noch bei der Aufl\u00f6sung des Vereins irgendwelche Anspr\u00fcche auf das Vereinsverm\u00f6gen.<\/span><\/span><\/span><\/p>\n<p>&nbsp;<\/p>\n<p><span style=\"color: #000000;\"><span style=\"font-family: Arial, serif;\"><span style=\"font-size: small;\">4. Die Vereins\u00e4mter werden ehrenamtlich, d.h. ohne Verg\u00fctung, wahrgenommen. Den Amtsinhabern d\u00fcrfen lediglich bare Aufwendungen (Auslagen), die in Wahrnehmung ihres Amtes unvermeidbar erforderlich sind, ersetzt werden.<br \/>\nVereinsfremde Ausgaben etc. werden nicht bezahlt bzw. verg\u00fctet.<br \/>\nEs darf keine Person durch Ausgaben, die dem Zweck des Vereins fremd sind, oder durch unverh\u00e4ltnism\u00e4\u00dfig hohe Verg\u00fctungen beg\u00fcnstigt werden.<\/span><\/span><\/span><\/p>\n<p>&nbsp;<\/p>\n<p><span style=\"color: #000000;\"><span style=\"font-family: Arial, serif;\"><span style=\"font-size: small;\">5. Die Reineinnahmen werden entweder laufend der Feuerwehr Neidenfels in vollem Umfang zur Deckung f\u00f6rderungsw\u00fcrdiger Ausgaben zur Verf\u00fcgung gestellt oder ein Teil hiervon als zweckgebundene R\u00fccklagen zur F\u00f6rderung gr\u00f6\u00dferer Projekte der Feuerwehr Neidenfels angelegt.<\/span><\/span><\/span><\/p>\n<p align=\"center\"><span style=\"color: #000000;\"><span style=\"font-family: Arial, serif;\"><span style=\"font-size: large;\"><b>\u00a7 3<br \/>\n<\/b><\/span><\/span><\/span><span style=\"font-family: 'Times New Roman', serif;\"><span style=\"font-size: medium;\">\u00a0<\/span><\/span><\/p>\n<p align=\"center\"><span style=\"color: #000000;\"><span style=\"font-family: Arial, serif;\"><span style=\"font-size: large;\"><b>MITGLIEDSCHAFT<\/b><\/span><\/span><\/span><\/p>\n<p>\u00a0<span style=\"color: #000000;\"><span style=\"font-family: Arial, serif;\"><span style=\"font-size: small;\">1. Mitglieder des Vereins k\u00f6nnen nat\u00fcrliche oder juristische Personen werden.<br \/>\nMitglieder, die sich um den Verein besondere Verdienste erworben haben, k\u00f6nnen durch den\u00a0 Vorstand nach Anh\u00f6rung des Beirates zu Ehrenmitgliedern ernannt werden.<\/span><\/span><\/span><\/p>\n<p><span style=\"color: #000000;\"><span style=\"font-family: Arial, serif;\"><span style=\"font-size: small;\">2. Der Antrag auf Aufnahme als Mitglied des Vereins ist unter\u00a0Abgabe der Personalien schriftlich einzureichen (Aufnahmeantrag).<br \/>\n\u00dcber die Aufnahme entscheidet der Vorstand. Mit dem Eintritt in den Verein unterwirft sich jedes\u00a0 Mitglied den Bestimmungen dieser Satzung.<br \/>\nBei Ablehnung eines Aufnahmeantrages ist dies schriftlich dem Antragsteller mit Nennung von\u00a0 Gr\u00fcnden mitzuteilen.<br \/>\nGegen diesen Bescheid ist innerhalb von vier Wochen der Einspruch zul\u00e4ssig.<br \/>\n\u00dcber den Einspruch entscheidet der Beirat.<\/span><\/span><\/span><\/p>\n<p align=\"center\"><span style=\"color: #000000;\"><span style=\"font-family: Arial, serif;\"><span style=\"font-size: large;\"><b>\u00a7 4<br \/>\n<\/b><\/span><\/span><\/span><span style=\"font-family: 'Times New Roman', serif;\"><span style=\"font-size: medium;\">\u00a0<\/span><\/span><\/p>\n<p align=\"center\"><span style=\"color: #000000;\"><span style=\"font-family: Arial, serif;\"><span style=\"font-size: large;\"><b>RECHTE UND PFLICHTEN DER MITGLIEDER<\/b><\/span><\/span><\/span><\/p>\n<p><span style=\"color: #000000;\"><span style=\"font-family: Arial, serif;\"><span style=\"font-size: small;\">1. Die Mitglieder haben alle Rechte und Pflichten, die sich aus der Satzung und der\u00a0 Zweckbestimmung des Vereins ergeben.<br \/>\nInsbesondere auch Stimmrecht, das Recht zur Teilnahme an den Versammlungen und\u00a0 Veranstaltungen des Vereins, sowie das Recht zur Aus\u00fcbung des aktiven und passiven\u00a0 Wahlrechts.<\/span><\/span><\/span><\/p>\n<p><span style=\"color: #000000;\"><span style=\"font-family: Arial, serif;\"><span style=\"font-size: small;\">2. Die Mitglieder sind verpflichtet, die Belange des Vereins wahrzunehmen, seine Interessen und Ziele zu f\u00f6rdern sowie Beschl\u00fcsse der Vereinsorgane zu befolgen.<\/span><\/span><\/span><\/p>\n<p align=\"center\"><span style=\"color: #000000;\"><span style=\"font-family: Arial, serif;\"><span style=\"font-size: large;\"><b>\u00a7 5<br \/>\n<\/b><\/span><\/span><\/span><\/p>\n<p align=\"center\"><span style=\"color: #000000;\"><span style=\"font-family: Arial, serif;\"><span style=\"font-size: large;\"><b>ENDE DER MITGLIEDSCHAFT<\/b><\/span><\/span><\/span><\/p>\n<p><span style=\"color: #000000;\"><span style=\"font-family: Arial, serif;\"><span style=\"font-size: small;\">1. Die Mitgliedschaft endet:<\/span><\/span><\/span><\/p>\n<p><span style=\"color: #000000;\">\u00a0<\/span><\/p>\n<p><span style=\"color: #000000;\"><span style=\"font-family: Arial, serif;\"><span style=\"font-size: small;\">a) durch Austritt. Dieser ist dem Vorstand schriftlich zu er\u00f6ffnen.<\/span><\/span><\/span><\/p>\n<p>&nbsp;<\/p>\n<p><span style=\"color: #000000;\">\u00a0<span style=\"font-family: Arial, serif;\"><span style=\"font-size: small;\">b) durch Tod. Die Erben sind jedoch berechtigt, die Mitgliedschaft fortzusetzen.<\/span><\/span><\/span><\/p>\n<p>&nbsp;<\/p>\n<p><span style=\"color: #000000;\">\u00a0<span style=\"font-family: Arial, serif;\"><span style=\"font-size: small;\">c) durch Ausschluss. Dieser erfolgt durch den Vorstand nach Anh\u00f6rung des Beirates bei<\/span><\/span><\/span><\/p>\n<p><span style=\"color: #000000;\"> <span style=\"font-family: Arial, serif;\"><span style=\"font-size: small;\">a) Nichterf\u00fcllung der dem Mitglied obliegenden satzungsm\u00e4\u00dfigen Verpflichtungen\u00a0\u00a0\u00a0 oder Nichtbefolgen von Anordnungen der Vorstandschaft<\/span><\/span><\/span><\/p>\n<p>&nbsp;<\/p>\n<p><span style=\"color: #000000;\"><span style=\"font-family: Arial, serif;\"><span style=\"font-size: small;\">b) Nichtzahlung von Verpflichtungen, wenn nach zweimaliger Mahnung innerhalb von 3 Monaten nicht gezahlt ist<\/span><\/span><\/span><\/p>\n<p><span style=\"color: #000000;\"><span style=\"font-family: Arial, serif;\"><span style=\"font-size: small;\">cc) einem schweren Versto\u00df gegen die Interessen des Vereins oder wegen Unehrenhafter Handlung.<\/span><\/span><\/span><\/p>\n<p><span style=\"color: #000000;\"><span style=\"font-family: Arial, serif;\"><span style=\"font-size: small;\">2. Mit Beendigung der Mitgliedschaft erl\u00f6schen alle Anspr\u00fcche gegen den Verein, hingegen werden\u00a0 durch das Ausscheiden eines Mitglieds Verbindlichkeiten desselben gegen\u00fcber dem Verein nicht ber\u00fchrt.<\/span><\/span><\/span><\/p>\n<p align=\"center\"><span style=\"color: #000000;\"><span style=\"font-family: Arial, serif;\"><span style=\"font-size: large;\"><b>\u00a7 6<br \/>\n<\/b><\/span><\/span><\/span><span style=\"font-family: 'Times New Roman', serif;\"><span style=\"font-size: medium;\">\u00a0<\/span><\/span><\/p>\n<p align=\"center\"><span style=\"color: #000000;\"><span style=\"font-family: Arial, serif;\"><span style=\"font-size: large;\"><b>VEREINSJAHR<\/b><\/span><\/span><\/span><\/p>\n<p>\u00a0<span style=\"color: #000000;\"><span style=\"font-family: Arial, serif;\"><span style=\"font-size: small;\">Das Gesch\u00e4ftsjahr des Vereins l\u00e4uft vom 01. Januar bis zum 31. Dezember.<\/span><\/span><\/span><\/p>\n<p align=\"center\"><span style=\"color: #000000;\"><span style=\"font-family: Arial, serif;\"><span style=\"font-size: large;\"><b>\u00a7 7<br \/>\n<\/b><\/span><\/span><\/span><span style=\"font-family: 'Times New Roman', serif;\"><span style=\"font-size: medium;\">\u00a0<\/span><\/span><\/p>\n<p align=\"center\"><span style=\"color: #000000;\"><span style=\"font-family: Arial, serif;\"><span style=\"font-size: large;\"><b>BEITR\u00c4GE UND SPENDEN<\/b><\/span><\/span><\/span><\/p>\n<p>\u00a0<span style=\"color: #000000;\"><span style=\"font-family: Arial, serif;\"><span style=\"font-size: small;\">1. Zur Durchf\u00fchrung seiner Aufgaben erhebt der Verein von den Mitgliedern Beitr\u00e4ge.<br \/>\nDie H\u00f6he des Beitrages (Mindestbeitrag) und etwaige Erh\u00f6hungen werden auf Vorschlag des\u00a0 Vorstandes von der Mitgliederversammlung mit einfacher Mehrheit der anwesenden Mitglieder\u00a0 festgesetzt (siehe \u00a7 12\/II).<br \/>\nDer Beitrag wird in einer Beitragsregelung festgelegt.<\/span><\/span><\/span><\/p>\n<p><span style=\"color: #000000;\"><span style=\"font-family: Arial, serif;\"><span style=\"font-size: small;\">2. Der Mitgliedsbeitrag ist monatlich, viertelj\u00e4hrlich, halbj\u00e4hrlich oder j\u00e4hrlich im Voraus zu bezahlen.<\/span><\/span><\/span><\/p>\n<p><span style=\"color: #000000;\"><span style=\"font-family: Arial, serif;\"><span style=\"font-size: small;\">3. Der Vorstand kann auf Antrag Beitragserleichterungen oder Stundungen gew\u00e4hren.<\/span><\/span><\/span><\/p>\n<p><span style=\"color: #000000;\"><span style=\"font-family: Arial, serif;\"><span style=\"font-size: small;\">4. Der Verein nimmt auch Spenden entgegen. Eingehende Spenden werden, soweit sie nicht\u00a0 zweckgebunden sind, den allgemeinen Vereinsmitteln zugef\u00fchrt.<\/span><\/span><\/span><\/p>\n<p>&nbsp;<\/p>\n<p align=\"center\"><span style=\"color: #000000;\"><span style=\"font-family: Arial, serif;\"><span style=\"font-size: large;\"><b>\u00a7 8<br \/>\n<\/b><\/span><\/span><\/span><span style=\"font-family: 'Times New Roman', serif;\"><span style=\"font-size: medium;\">\u00a0<\/span><\/span><\/p>\n<p align=\"center\"><span style=\"color: #000000;\"><span style=\"font-family: Arial, serif;\"><span style=\"font-size: large;\"><b>ORGANE DES VEREINS<\/b><\/span><\/span><\/span><\/p>\n<p><span style=\"color: #000000;\"><span style=\"font-family: Arial, serif;\"><span style=\"font-size: small;\">Organe des Vereins sind:<\/span><\/span><\/span><\/p>\n<p>&nbsp;<\/p>\n<p><span style=\"color: #000000;\">\u00a0<span style=\"font-family: Arial, serif;\"><span style=\"font-size: small;\">a) der Vorstand<\/span><\/span><\/span><\/p>\n<p><span style=\"color: #000000;\">\u00a0<\/span><\/p>\n<p><span style=\"color: #000000;\"><span style=\"font-family: Arial, serif;\"><span style=\"font-size: small;\">b) der Beirat<\/span><\/span><\/span><\/p>\n<p><span style=\"color: #000000;\">\u00a0<\/span><\/p>\n<p><span style=\"color: #000000;\"><span style=\"font-family: Arial, serif;\"><span style=\"font-size: small;\">c) die Mitgliederversammlung.<\/span><\/span><\/span><\/p>\n<p>&nbsp;<\/p>\n<p align=\"center\"><span style=\"color: #000000;\"><span style=\"font-family: Arial, serif;\"><span style=\"font-size: large;\"><b>\u00a7 9<br \/>\n<\/b><\/span><\/span><\/span><span style=\"font-family: 'Times New Roman', serif;\"><span style=\"font-size: medium;\">\u00a0<\/span><\/span><\/p>\n<p align=\"center\">\u00a0<span style=\"color: #000000;\"><span style=\"font-family: Arial, serif;\"><span style=\"font-size: large;\"><b>VEREINSVORSTAND<\/b><\/span><\/span><\/span><\/p>\n<p>\u00a0<span style=\"color: #000000;\"><span style=\"font-family: Arial, serif;\"><span style=\"font-size: small;\">1. Der Vereinsvorstand besteht aus<\/span><\/span><\/span><\/p>\n<p>&nbsp;<\/p>\n<p><span style=\"color: #000000;\"><span style=\"font-family: Arial, serif;\"><span style=\"font-size: small;\">a) dem Vorsitzenden,<br \/>\n<\/span><\/span><\/span><\/p>\n<p><span style=\"color: #000000;\"><span style=\"font-family: Arial, serif;\"><span style=\"font-size: small;\">b) dem Stellvertreter des Vorsitzenden,<br \/>\n<\/span><\/span><\/span><\/p>\n<p><span style=\"color: #000000;\"><span style=\"font-family: Arial, serif;\"><span style=\"font-size: small;\">c) dem Schriftf\u00fchrer,<br \/>\n<\/span><\/span><\/span><\/p>\n<p><span style=\"color: #000000;\"><span style=\"font-family: Arial, serif;\"><span style=\"font-size: small;\">d) dem Rechnungsf\u00fchrer und<br \/>\n<\/span><\/span><\/span><\/p>\n<p><span style=\"color: #000000;\"><span style=\"font-family: Arial, serif;\"><span style=\"font-size: small;\">e) zwei Beisitzern.<br \/>\n<\/span><\/span><\/span><span style=\"font-family: 'Times New Roman', serif;\"><span style=\"font-size: medium;\">\u00a0<\/span><\/span><\/p>\n<p>&nbsp;<\/p>\n<p><span style=\"color: #000000;\"><span style=\"font-family: Arial, serif;\"><span style=\"font-size: small;\">Vorstand im Sinne des \u00a7 26 BGB der 1. Vorsitzende und der amtierende Stellvertreter, jeder f\u00fcr sich alleine.<\/span><\/span><\/span><\/p>\n<p>&nbsp;<\/p>\n<p>&nbsp;<\/p>\n<p>&nbsp;<\/p>\n<p><span style=\"color: #000000;\"><span style=\"font-family: Arial, serif;\"><span style=\"font-size: small;\">2. Dem Vorstand obliegt die Leitung des Vereins und die Erledigung der laufenden Vereinsgesch\u00e4fte, die Verwaltung der Vereinsfinanzen sowie der Vollzug der Beschl\u00fcsse der Mitgliederversammlung.<br \/>\nDer Vorstand ist daf\u00fcr verantwortlich, dass die Geldmittel nur f\u00fcr gemeinn\u00fctzige Zwecke ausgegeben werden, soweit sie nicht f\u00fcr die Aufrechterhaltung des Vereinsbetriebes erforderlich sind.<br \/>\nIm Besonderen obliegt es ihm, alle Ma\u00dfnahmen zu treffen, die zur Erf\u00fcllung der Vereinsaufgaben notwendig sind.<\/span><\/span><\/span><span style=\"font-family: 'Times New Roman', serif;\"><span style=\"font-size: medium;\">\u00a0<\/span><\/span><\/p>\n<p><span style=\"color: #000000;\"><span style=\"font-family: Arial, serif;\"><span style=\"font-size: small;\">3. Der Vorstand wird von der Mitgliederversammlung auf 2 Jahre gew\u00e4hlt. Wiederwahl ist zul\u00e4ssig.<br \/>\nScheidet ein Vorstandsmitglied infolge Amtsniederlegung oder aus einem der Gr\u00fcnde nach \u00a7 5\/I\u00a0 vorzeitig aus, so erg\u00e4nzt sich der Vorstand bis zur n\u00e4chsten Mitgliederversammlung durch die\u00a0 Zuwahl aus dem Beirat.<\/span><\/span><\/span><\/p>\n<p><span style=\"color: #000000;\"><span style=\"font-family: Arial, serif;\"><span style=\"font-size: small;\">4. Der Vorstand tritt nach Bedarf zusammen.<\/span><\/span><\/span><\/p>\n<p><span style=\"color: #000000;\"><span style=\"font-family: Arial, serif;\"><span style=\"font-size: small;\">\u00dcber die vom Vereinsvorsitzenden oder dessen Stellvertreter gem. \u00a7 9\/I einzuberufenden Sitzung ist eine Niederschrift zu fertigen.<br \/>\nDer Vorstand ist beschlussf\u00e4hig, wenn mindestens 5 Mitglieder anwesend sind. Er entscheidet mit einfacher Mehrheit, bei Stimmengleichheit entscheidet die Stimme des Vorsitzenden.<\/span><\/span><\/span><\/p>\n<p align=\"center\"><span style=\"color: #000000;\"><span style=\"font-family: Arial, serif;\"><span style=\"font-size: large;\"><b>\u00a7 10<br \/>\n<\/b><\/span><\/span><\/span><span style=\"font-family: 'Times New Roman', serif;\"><span style=\"font-size: medium;\">\u00a0<\/span><\/span><\/p>\n<p align=\"center\"><span style=\"color: #000000;\"><span style=\"font-family: Arial, serif;\"><span style=\"font-size: large;\"><b>BEIRAT<\/b><\/span><\/span><\/span><\/p>\n<p>&nbsp;<\/p>\n<p><span style=\"color: #000000;\"><span style=\"font-family: Arial, serif;\"><span style=\"font-size: small;\">1. Dem Vereinsvorstand steht ein Beirat von 3 Mitgliedern als beratendes Organ zur Seite.<br \/>\nDer Vorstand kann bei Bedarf f\u00fcr sonstige Vereinsaufgaben Aussch\u00fcsse bilden, deren Mitglieder er beruft.<\/span><\/span><\/span><span style=\"font-family: 'Times New Roman', serif;\"><span style=\"font-size: medium;\">\u00a0<\/span><\/span><\/p>\n<p><span style=\"color: #000000;\"><span style=\"font-family: Arial, serif;\"><span style=\"font-size: small;\">2. Der Beirat wird von dem Vorsitzenden oder dessen Stellvertreter je nach Bedarf einberufen.<br \/>\nEr soll jedoch mindestens zweimal im Jahr zusammentreten, um den Vorstand in wichtigen\u00a0 Angelegenheiten zu beraten.<\/span><\/span><\/span><\/p>\n<p><span style=\"color: #000000;\">\u00a0<span style=\"font-family: Arial, serif;\"><span style=\"font-size: small;\">Im \u00fcbrigen k\u00f6nnen ihm vom Vereinsvorstand bestimmte Aufgaben \u00fcbertragen werden.<\/span><\/span><\/span><\/p>\n<p><span style=\"color: #000000;\">\u00a0<span style=\"font-family: Arial, serif;\"><span style=\"font-size: small;\">Der Beirat ist beschlussf\u00e4hig, wenn alle Mitglieder des Beirates anwesend sind.<br \/>\nEr beschlie\u00dft mit einfacher Stimmenmehrheit.<\/span><\/span><\/span><\/p>\n<p><span style=\"color: #000000;\"><span style=\"font-family: Arial, serif;\"><span style=\"font-size: small;\">3. Der Beirat besteht aus dem Wehrf\u00fchrer und dessen Stellvertreters sowie einem aktiven\u00a0 Feuerwehrangeh\u00f6rigen der Freiwilligen Feuerwehr Neidenfels.<\/span><\/span><\/span><\/p>\n<p align=\"center\">\u00a0<span style=\"color: #000000;\"><span style=\"font-family: Arial, serif;\"><span style=\"font-size: large;\"><b>\u00a7 11<br \/>\n<\/b><\/span><\/span><\/span><span style=\"font-family: 'Times New Roman', serif;\"><span style=\"font-size: medium;\">\u00a0<\/span><\/span><\/p>\n<p align=\"center\"><span style=\"color: #000000;\"><span style=\"font-family: Arial, serif;\"><span style=\"font-size: large;\"><b>ABGRENZUNG DES ZUST\u00c4NDIGKEITSBEREICHES<\/b><\/span><\/span><\/span><\/p>\n<p>&nbsp;<\/p>\n<p><span style=\"color: #000000;\">\u00a0<span style=\"font-family: Arial, serif;\"><span style=\"font-size: small;\">Die Abgrenzung des Zust\u00e4ndigkeitsbereiches von Vorsitzendem, Vorstand und Beirat bestimmt die Mitgliederversammlung.<\/span><\/span><\/span><\/p>\n<p>&nbsp;<\/p>\n<p align=\"center\"><span style=\"color: #000000;\"><span style=\"font-family: Arial, serif;\"><span style=\"font-size: large;\"><b>\u00a7 12<br \/>\n<\/b><\/span><\/span><\/span><span style=\"font-family: 'Times New Roman', serif;\"><span style=\"font-size: medium;\">\u00a0<\/span><\/span><\/p>\n<p align=\"center\"><span style=\"color: #000000;\"><span style=\"font-family: Arial, serif;\"><span style=\"font-size: large;\"><b>MITGLIEDERVERSAMMLUNG<\/b><\/span><\/span><\/span><\/p>\n<p>\u00a0<span style=\"color: #000000;\"><span style=\"font-family: Arial, serif;\"><span style=\"font-size: small;\">1. Die Mitgliederversammlung dient der Unterst\u00fctzung, Aussprache und Beschlussfassung \u00fcber die T\u00e4tigkeit des Vereins.<\/span><\/span><\/span><span style=\"font-family: 'Times New Roman', serif;\"><span style=\"font-size: medium;\">\u00a0<\/span><\/span><\/p>\n<p><span style=\"color: #000000;\"><span style=\"font-family: Arial, serif;\"><span style=\"font-size: small;\">2. Folgende Punkte unterliegen der Billigung bzw. Beschlussfassung durch die Mitgliederversammlung:<\/span><\/span><\/span><\/p>\n<p><span style=\"color: #000000;\"><span style=\"font-family: Arial, serif;\"><span style=\"font-size: small;\">a) T\u00e4tigkeitsbereich des Vorstandes<\/span><\/span><\/span><\/p>\n<p><span style=\"color: #000000;\"><span style=\"font-family: Arial, serif;\"><span style=\"font-size: small;\">b) Jahresrechnungsbericht (Darlegung der Jahresrechnung einschlie\u00dflich Bilanz) des Vorstandes<\/span><\/span><\/span><\/p>\n<p><span style=\"color: #000000;\"><span style=\"font-family: Arial, serif;\"><span style=\"font-size: small;\">c) Rechnungspr\u00fcfungsbericht der beiden Rechnungspr\u00fcfer<\/span><\/span><\/span><\/p>\n<p><span style=\"color: #000000;\">\u00a0<span style=\"font-family: Arial, serif;\"><span style=\"font-size: small;\">d) Haushaltsplan f\u00fcr das laufende Jahr<\/span><\/span><\/span><\/p>\n<p><span style=\"color: #000000;\"><span style=\"font-family: Arial, serif;\"><span style=\"font-size: small;\">e) Wahl des Vorstandes und der beiden Rechnungspr\u00fcfer sowie dem dritten Mitglied des Beirates (aktives Mitglied der Freiwilligen Feuerwehr Neidenfels)<\/span><\/span><\/span><\/p>\n<p><span style=\"color: #000000;\"><span style=\"font-family: Arial, serif;\"><span style=\"font-size: small;\">f) Angelegenheiten, die vom Vorstand zur Beratung gestellt werden<\/span><\/span><\/span><\/p>\n<p><span style=\"color: #000000;\">\u00a0<span style=\"font-family: Arial, serif;\"><span style=\"font-size: small;\">g) Antr\u00e4ge von Mitgliedern<\/span><\/span><\/span><\/p>\n<p><span style=\"color: #000000;\">\u00a0<span style=\"font-family: Arial, serif;\"><span style=\"font-size: small;\">h) \u00c4nderung der Satzung<\/span><\/span><\/span><\/p>\n<p><span style=\"color: #000000;\">\u00a0<span style=\"font-family: Arial, serif;\"><span style=\"font-size: small;\">i) Festsetzung der Mitgliedsbeitr\u00e4ge<\/span><\/span><\/span><\/p>\n<p><span style=\"color: #000000;\">\u00a0<span style=\"font-family: Arial, serif;\"><span style=\"font-size: small;\">j) Aufl\u00f6sung des Vereins.<\/span><\/span><\/span><\/p>\n<p>&nbsp;<\/p>\n<p><span style=\"color: #000000;\"><span style=\"font-family: Arial, serif;\"><span style=\"font-size: small;\">3. Die Mitgliederversammlung findet entweder regelm\u00e4\u00dfig einmal j\u00e4hrlich als Jahreshauptversammlung oder bei gegebenem Anlass als au\u00dferordentliche Mitgliederversammlung statt.<br \/>\nDie Jahreshauptversammlung ist allj\u00e4hrlich nach Schluss des vorangegangenen Gesch\u00e4ftsjahres, sp\u00e4testens jedoch bis zum 31. M\u00e4rz, einzuberufen.<br \/>\nSie ist einzuberufen, wenn ein Drittel der Mitglieder einen entsprechenden schriftlichen Antrag stellt.<\/span><\/span><\/span><\/p>\n<p><span style=\"color: #000000;\"><span style=\"font-family: Arial, serif;\"><span style=\"font-size: small;\">4. Zu den Mitgliedsversammlungen ist mindestens 8 Tage vor dem Versammlungstermin durch\u00a0 Anzeige im Amtsblatt der Verbandsgemeinde Lambrecht unter Bekanntgabe der Tagesordnung\u00a0 durch den Vereinsvorsitzenden einzuladen.<\/span><\/span><\/span><\/p>\n<p><span style=\"color: #000000;\"><span style=\"font-family: Arial, serif;\"><span style=\"font-size: small;\">5. Jedes in der Mitgliederversammlung anwesendes Mitglied hat eine Stimme. Dies gilt auch f\u00fcr\u00a0 juristische Personen und sonstige kooperative Mitglieder.<br \/>\nStimmberechtigt sind Mitglieder ab dem 16. Lebensjahr.<\/span><\/span><\/span><\/p>\n<p><span style=\"color: #000000;\"><span style=\"font-family: Arial, serif;\"><span style=\"font-size: small;\">6. Die Mitgliederversammlung ist in jedem Fall beschlussf\u00e4hig. Die Mitgliederversammlung entscheidet grunds\u00e4tzlich mit einfacher Stimmenmehrheit.<br \/>\nDie Leitung der Versammlung obliegt dem Vorsitzenden.<br \/>\nBei Stimmengleichheit gilt ein Antrag als abgelehnt.<\/span><\/span><\/span><\/p>\n<p><span style=\"color: #000000;\"><span style=\"font-family: Arial, serif;\"><span style=\"font-size: small;\">7. Der Verlauf und die Beschl\u00fcsse der Mitgliederversammlung sind in einer Niederschrift\u00a0 aufzunehmen, die vom Vereinsvorsitzenden und dem Schriftf\u00fchrer zu unterzeichnen ist.<\/span><\/span><\/span><\/p>\n<p>&nbsp;<\/p>\n<p align=\"center\"><span style=\"color: #000000;\"><span style=\"font-family: Arial, serif;\"><span style=\"font-size: large;\"><b>\u00a7 13<\/b><\/span><\/span><\/span><\/p>\n<p align=\"center\"><span style=\"color: #000000;\"><span style=\"font-family: Arial, serif;\"><span style=\"font-size: large;\"><b><br \/>\n<\/b><\/span><\/span><\/span><span style=\"font-family: 'Times New Roman', serif;\"><span style=\"font-size: medium;\">\u00a0<\/span><\/span><span style=\"color: #000000;\"><span style=\"font-family: Arial, serif;\"><span style=\"font-size: large;\"><b>KASSENF\u00dcHRUNG<\/b><\/span><\/span><\/span><\/p>\n<p>\u00a0<span style=\"color: #000000;\"><span style=\"font-family: Arial, serif;\"><span style=\"font-size: small;\">Die eingehenden Geldbetr\u00e4ge werden von dem Rechnungsf\u00fchrer verwaltet.<br \/>\nEr hat \u00fcber alle Einnahmen und Ausgaben Buch zu f\u00fchren und die Belege aufzubewahren.<\/span><\/span><\/span><\/p>\n<p align=\"center\">\u00a0<span style=\"color: #000000;\"><span style=\"font-family: Arial, serif;\"><span style=\"font-size: large;\"><b>\u00a7 14<\/b><\/span><\/span><\/span><\/p>\n<p align=\"center\"><span style=\"color: #000000;\"><span style=\"font-family: Arial, serif;\"><span style=\"font-size: large;\"><b>SATZUNGS\u00c4NDERUNG<\/b><\/span><\/span><\/span><\/p>\n<p><span style=\"color: #000000;\">\u00a0<\/span><\/p>\n<p><span style=\"color: #000000;\"><span style=\"font-family: Arial, serif;\"><span style=\"font-size: small;\">\u00c4nderung der Satzung bed\u00fcrfen einer Zweidrittelmehrheit der anwesenden Mitglieder.<br \/>\nEin Beschluss \u00fcber die Satzungs\u00e4nderung ist jedoch nur m\u00f6glich, wenn bei der Einladung der\u00a0 Mitgliederversammlung die \u00c4nderungsantr\u00e4ge bekannt sind.<\/span><\/span><\/span><\/p>\n<p>&nbsp;<\/p>\n<p align=\"center\"><span style=\"color: #000000;\"><span style=\"font-family: Arial, serif;\"><span style=\"font-size: large;\"><b>\u00a7 15<br \/>\n<\/b><\/span><\/span><\/span><span style=\"font-family: 'Times New Roman', serif;\"><span style=\"font-size: medium;\">\u00a0<\/span><\/span><\/p>\n<p align=\"center\"><span style=\"color: #000000;\"><span style=\"font-family: Arial, serif;\"><span style=\"font-size: large;\"><b>MITGLIEDSANTR\u00c4GE<\/b><\/span><\/span><\/span><\/p>\n<p>\u00a0<span style=\"color: #000000;\">\u00a0<span style=\"font-family: Arial, serif;\"><span style=\"font-size: small;\">Antr\u00e4ge von Mitgliedern an die Mitgliedsversammlung m\u00fcssen mindestens 4 Tage vor dem\u00a0 Versammlungstermin schriftlich dem Vorstand eingereicht werden.<\/span><\/span><\/span><\/p>\n<p>&nbsp;<\/p>\n<p align=\"center\"><span style=\"color: #000000;\"><span style=\"font-family: Arial, serif;\"><span style=\"font-size: large;\"><b>\u00a7 16<\/b><\/span><\/span><\/span><span style=\"color: #000000;\"><span style=\"font-family: 'Times New Roman', serif;\"><span style=\"font-size: large;\"><b><br \/>\n<\/b><\/span><\/span><\/span><span style=\"font-family: 'Times New Roman', serif;\"><span style=\"font-size: medium;\">\u00a0\u00a0<\/span><\/span><\/p>\n<p align=\"center\"><span style=\"color: #000000;\"><span style=\"font-family: Arial, serif;\"><span style=\"font-size: large;\"><b>RECHNUNGSPR\u00dcFUNG<\/b><\/span><\/span><\/span><\/p>\n<p>&nbsp;<\/p>\n<p><span style=\"color: #000000;\"><span style=\"font-family: Arial, serif;\"><span style=\"font-size: small;\">1. Von der Mitgliederversammlung werden 2 Rechnungspr\u00fcfer auf die\u00a0 Dauer von 1 Jahren gew\u00e4hlt.<br \/>\nSie geh\u00f6ren nicht dem Vorstand an und sind auch keine Organe des Vereins.<\/span><\/span><\/span><\/p>\n<p>&nbsp;<\/p>\n<p><span style=\"color: #000000;\"><span style=\"font-family: Arial, serif;\"><span style=\"font-size: small;\">2. Die Rechnungspr\u00fcfer haben das Recht jederzeit Rechnungsf\u00fchrungskontrollen durchzuf\u00fchren.<br \/>\nDaneben haben sie die Pflicht, j\u00e4hrlich die Kasse mit ihren Unterlagen gewissenhaft zu pr\u00fcfen und dem Vorstand und der Mitgliederversammlung \u00fcber das Ergebnis ihrer Pr\u00fcfung zu berichten.<br \/>\nBei den Pr\u00fcfungen ist ihnen das gesamte Rechnungsmaterial vorzulegen.<\/span><\/span><\/span><\/p>\n<p>&nbsp;<\/p>\n<p align=\"center\">\u00a0<span style=\"color: #000000;\"><span style=\"font-family: Arial, serif;\"><span style=\"font-size: large;\"><b>\u00a7 17<\/b><\/span><\/span><\/span><span style=\"color: #000000;\"><span style=\"font-family: 'Times New Roman', serif;\"><span style=\"font-size: large;\"><b><br \/>\n<\/b><\/span><\/span><\/span><span style=\"font-family: 'Times New Roman', serif;\"><span style=\"font-size: medium;\">\u00a0<\/span><\/span><\/p>\n<p align=\"center\"><span style=\"color: #000000;\"><span style=\"font-family: Arial, serif;\"><span style=\"font-size: large;\"><b>AUFL\u00d6SUNG DES VEREINS<\/b><\/span><\/span><\/span><\/p>\n<p><span style=\"color: #000000;\"><span style=\"font-family: Arial, serif;\"><span style=\"font-size: small;\">1. Sinkt die Mitgliederzahl unter 7 herab oder ist der Verein au\u00dferstande seinen Zweck zu erf\u00fcllen, so k\u00f6nnen die Mitglieder seine Aufl\u00f6sung beschlie\u00dfen.<\/span><\/span><\/span><\/p>\n<p><span style=\"color: #000000;\"><span style=\"font-family: Arial, serif;\"><span style=\"font-size: small;\">2. Die Aufl\u00f6sung des Vereins kann nur in einer Jahreshauptversammlung mit Zweidrittelmehrheit\u00a0 der anwesenden Mitgliedern beschlossen werden.<\/span><\/span><\/span><\/p>\n<p><span style=\"color: #000000;\"><span style=\"font-family: Arial, serif;\"><span style=\"font-size: small;\">3. Bei Aufl\u00f6sung oder Aufhebung des Vereins oder bei Wegfall seines bisherigen Zweckes, f\u00e4llt das Vereinsverm\u00f6gen der Ortsgemeinde Neidenfels zu, die es unmittelbar und ausschlie\u00dflich f\u00fcr die Freiwillige Feuerwehr Neidenfels zu verwenden hat.<\/span><\/span><\/span><\/p>\n<p align=\"center\"><span style=\"color: #000000;\"><span style=\"font-family: Arial, serif;\"><span style=\"font-size: large;\"><b>\u00a7 18<\/b><\/span><\/span><\/span><span style=\"color: #000000;\"><span style=\"font-family: Arial, serif;\"><span style=\"font-size: medium;\"><b><br \/>\n<\/b><\/span><\/span><\/span><span style=\"font-family: 'Times New Roman', serif;\"><span style=\"font-size: medium;\">\u00a0\u00a0<\/span><\/span><\/p>\n<p align=\"center\"><span style=\"color: #000000;\"><span style=\"font-family: Arial, serif;\"><span style=\"font-size: large;\"><b>GERICHTSTAND<\/b><\/span><\/span><\/span><\/p>\n<p>&nbsp;<\/p>\n<p align=\"center\"><span style=\"color: #000000;\"><span style=\"font-family: Arial, serif;\"><span style=\"font-size: small;\">Gerichtsstand ist Ludwigshafen am Rhein.<\/span><\/span><\/span><\/p>\n<p>&nbsp;<\/p>\n<p align=\"center\"><span style=\"color: #000000;\"><span style=\"font-family: Arial, serif;\"><span style=\"font-size: large;\"><b>\u00a7 19<\/b><\/span><\/span><\/span><span style=\"color: #000000;\"><span style=\"font-family: 'Times New Roman', serif;\"><span style=\"font-size: large;\"><b><br \/>\n<\/b><\/span><\/span><\/span><span style=\"font-family: 'Times New Roman', serif;\"><span style=\"font-size: medium;\">\u00a0<\/span><\/span><\/p>\n<p align=\"center\"><span style=\"color: #000000;\"><span style=\"font-family: Arial, serif;\"><span style=\"font-size: large;\"><b>INKRAFTTRETEN<\/b><\/span><\/span><\/span><\/p>\n<p>&nbsp;<\/p>\n<p align=\"center\"><span style=\"color: #000000;\"><span style=\"font-family: Arial, serif;\"><span style=\"font-size: small;\">Vorstehender Satzungsinhalt wurde von der Gr\u00fcndungsversammlung des<\/span><\/span><\/span><\/p>\n<p align=\"center\"><span style=\"color: #000000;\"><span style=\"font-family: Arial, serif;\"><span style=\"font-size: small;\"><b>F\u00d6RDERVEREINS DER FREIWILLIGEN FEUERWEHR NEIDENFELS<\/b><\/span><\/span><\/span><\/p>\n<p align=\"center\"><span style=\"color: #000000;\"><span style=\"font-family: Arial, serif;\"><span style=\"font-size: small;\">am 06.11.1995 beschlossen.<\/span><\/span><\/span><\/p>\n<p align=\"center\"><span style=\"color: #000000;\"><span style=\"font-family: Arial, serif;\"><span style=\"font-size: small;\">Diese Satzung tritt am 06.11.1995 in Kraft.<\/span><\/span><\/span><\/p>\n<p>&nbsp;<\/p>\n<p align=\"center\"><span style=\"color: #000000;\"><span style=\"font-family: Arial, serif;\"><span style=\"font-size: small;\">Satzungs\u00e4nderung \u00a7 3 Absatz 2, \u00a7 9 Absatz 2 am 20.1.1996 (siehe Protokoll Mitgliederversammlung)<\/span><\/span><\/span><\/p>\n<p align=\"center\"><span style=\"color: #000000;\"><span style=\"font-family: Arial, serif;\"><span style=\"font-size: small;\">Satzungs\u00e4nderung \u00a7 12 Absatz 4 am 15.2.1996 (siehe Protokoll Mitgliederversammlung)<\/span><\/span><\/span><\/p>\n<p align=\"center\"><span style=\"color: #000000;\"><span style=\"font-family: Arial, serif;\"><span style=\"font-size: small;\">Satzungs\u00e4nderung \u00a7 2 Absatz 1 am 24.04.2014 (siehe Protokoll Mitgliederversammlung)<\/span><\/span><\/span><\/p>\n<p>&nbsp;<\/p>\n<p>Neidenfels, 10.02.2015<\/p>\n","protected":false},"excerpt":{"rendered":"<p>Hier k\u00f6nnen sie die Satzung als PDF herunterladen. S A T Z U N G \u00a0d e s F\u00d6RDERVEREINS DER\u00a0FREIWILLIGEN FEUERWEHR NEIDENFELS \u00a0Stand M\u00e4rz 2015 \u00a7 1 \u00a0 NAME UND SITZ DES VEREINS &nbsp; 1. Der Verein f\u00fchrt den Namen &#8222;F\u00f6rderverein der Freiwilligen Feuerwehr Neidenfels&#8220;. 2. Sitz des Vereins ist 67468 Neidenfels. 3. Der Verein ist in das Vereinsregister beim Amtsgericht Ludwigshafen am Rhein einzutragen. Der F\u00f6rderverein der Freiwilligen Feuerwehr Neidenfels mit Sitz in Neidenfels, verfolgt ausschlie\u00dflich und unmittelbar gemeinn\u00fctzige Zwecke im Sinne des Abschnitts &#8222;Steuerbeg\u00fcnstigte\u00a0 Zwecke&#8220; der Abgabenordnung in der jeweils g\u00fcltigen Fassung. \u00a7 2 \u00a0 VEREINSZWECK, FINANZIERUNG UND VERM\u00d6GEN \u00a01. Die Freiwillige Feuerwehr ist eine Einrichtung der Verbandsgemeinde Lambrecht und wird von dieser ausger\u00fcstet und unterhalten. Die Einrichtung der Feuerwehr als Zusammenschluss ehrenamtlicher Freiwilliger zu gemeinn\u00fctziger\u00a0 T\u00e4tigkeit zum Wohle der Bev\u00f6lkerung ist jedoch \u00fcber die Aufwendungen der Verbandsgemeinde\u00a0 hinaus durch die B\u00fcrgerschaft f\u00f6rderungsw\u00fcrdig. Der Verein bezweckt deshalb die&hellip;<\/p>\n","protected":false},"author":2,"featured_media":0,"parent":1737,"menu_order":2,"comment_status":"closed","ping_status":"closed","template":"","meta":{"footnotes":""},"class_list":["post-4399","page","type-page","status-publish","hentry"],"better_featured_image":null,"_links":{"self":[{"href":"https:\/\/feuerwehr-vglambrecht.de\/cms\/wp-json\/wp\/v2\/pages\/4399","targetHints":{"allow":["GET"]}}],"collection":[{"href":"https:\/\/feuerwehr-vglambrecht.de\/cms\/wp-json\/wp\/v2\/pages"}],"about":[{"href":"https:\/\/feuerwehr-vglambrecht.de\/cms\/wp-json\/wp\/v2\/types\/page"}],"author":[{"embeddable":true,"href":"https:\/\/feuerwehr-vglambrecht.de\/cms\/wp-json\/wp\/v2\/users\/2"}],"replies":[{"embeddable":true,"href":"https:\/\/feuerwehr-vglambrecht.de\/cms\/wp-json\/wp\/v2\/comments?post=4399"}],"version-history":[{"count":3,"href":"https:\/\/feuerwehr-vglambrecht.de\/cms\/wp-json\/wp\/v2\/pages\/4399\/revisions"}],"predecessor-version":[{"id":4770,"href":"https:\/\/feuerwehr-vglambrecht.de\/cms\/wp-json\/wp\/v2\/pages\/4399\/revisions\/4770"}],"up":[{"embeddable":true,"href":"https:\/\/feuerwehr-vglambrecht.de\/cms\/wp-json\/wp\/v2\/pages\/1737"}],"wp:attachment":[{"href":"https:\/\/feuerwehr-vglambrecht.de\/cms\/wp-json\/wp\/v2\/media?parent=4399"}],"curies":[{"name":"wp","href":"https:\/\/api.w.org\/{rel}","templated":true}]}}