{"id":4377,"date":"2016-08-26T12:34:11","date_gmt":"2016-08-26T10:34:11","guid":{"rendered":"https:\/\/feuerwehr-vglambrecht.de\/cms\/?page_id=4377"},"modified":"2024-11-12T22:34:01","modified_gmt":"2024-11-12T21:34:01","slug":"mitgliedsantrag","status":"publish","type":"page","link":"https:\/\/feuerwehr-vglambrecht.de\/cms\/foerderverein\/elmstein\/mitgliedsantrag\/","title":{"rendered":"Mitgliedsantrag"},"content":{"rendered":"<p>&nbsp;<\/p>\n<h5 style=\"text-align: center;\">Wir freuen uns, dass Sie ein Mitglied im F\u00f6rderverein werden wollen.<\/h5>\n<h5><\/h5>\n<h5 style=\"text-align: center;\">Hier finden Sie die Beitrittserkl\u00e4rung:<\/h5>\n<p>&nbsp;<\/p>\n<p style=\"text-align: center;\"><a href=\"https:\/\/feuerwehr-vglambrecht.de\/cms\/wp-content\/uploads\/2024\/11\/Antrag-FOeV-2-1.pdf\"><img loading=\"lazy\" decoding=\"async\" class=\"alignnone wp-image-13182 size-medium\" src=\"https:\/\/feuerwehr-vglambrecht.de\/cms\/wp-content\/uploads\/2024\/11\/Screenshot-2024-11-05-at-21-52-35-Antrag-FOeV-2-1.pdf-212x300.png\" alt=\"\" width=\"212\" height=\"300\" srcset=\"https:\/\/feuerwehr-vglambrecht.de\/cms\/wp-content\/uploads\/2024\/11\/Screenshot-2024-11-05-at-21-52-35-Antrag-FOeV-2-1.pdf-212x300.png 212w, https:\/\/feuerwehr-vglambrecht.de\/cms\/wp-content\/uploads\/2024\/11\/Screenshot-2024-11-05-at-21-52-35-Antrag-FOeV-2-1.pdf-768x1086.png 768w, https:\/\/feuerwehr-vglambrecht.de\/cms\/wp-content\/uploads\/2024\/11\/Screenshot-2024-11-05-at-21-52-35-Antrag-FOeV-2-1.pdf-1086x1536.png 1086w, https:\/\/feuerwehr-vglambrecht.de\/cms\/wp-content\/uploads\/2024\/11\/Screenshot-2024-11-05-at-21-52-35-Antrag-FOeV-2-1.pdf-724x1024.png 724w, https:\/\/feuerwehr-vglambrecht.de\/cms\/wp-content\/uploads\/2024\/11\/Screenshot-2024-11-05-at-21-52-35-Antrag-FOeV-2-1.pdf.png 1096w\" sizes=\"auto, (max-width: 212px) 100vw, 212px\" \/><\/a><\/p>\n<p style=\"text-align: center;\"><a href=\"https:\/\/feuerwehr-vglambrecht.de\/cms\/wp-content\/uploads\/2024\/11\/Antrag-FOeV-2-1.pdf\" target=\"_blank\" rel=\"noopener\">Beitrittserkl\u00e4rung F\u00f6rderverein Elmstein<\/a><\/p>\n<h5 style=\"text-align: center;\">Bitte lassen Sie die ausgef\u00fcllte PDF dem Vorstand zukommen, danke!<\/h5>\n<p>&nbsp;<\/p>\n<h5 style=\"text-align: center;\">per E-Mail zum Vorstand <a href=\"mailto:FoerdervereinFFWElmstein@t-online.de\">hier<\/a> klicken.<\/h5>\n","protected":false},"excerpt":{"rendered":"<p>&nbsp; Wir freuen uns, dass Sie ein Mitglied im F\u00f6rderverein werden wollen. Hier finden Sie die Beitrittserkl\u00e4rung: &nbsp; Beitrittserkl\u00e4rung F\u00f6rderverein Elmstein Bitte lassen Sie die ausgef\u00fcllte PDF dem Vorstand zukommen, danke! &nbsp; per E-Mail zum Vorstand hier klicken.<\/p>\n","protected":false},"author":2,"featured_media":0,"parent":1729,"menu_order":1,"comment_status":"closed","ping_status":"closed","template":"","meta":{"footnotes":""},"class_list":["post-4377","page","type-page","status-publish","hentry"],"better_featured_image":null,"_links":{"self":[{"href":"https:\/\/feuerwehr-vglambrecht.de\/cms\/wp-json\/wp\/v2\/pages\/4377","targetHints":{"allow":["GET"]}}],"collection":[{"href":"https:\/\/feuerwehr-vglambrecht.de\/cms\/wp-json\/wp\/v2\/pages"}],"about":[{"href":"https:\/\/feuerwehr-vglambrecht.de\/cms\/wp-json\/wp\/v2\/types\/page"}],"author":[{"embeddable":true,"href":"https:\/\/feuerwehr-vglambrecht.de\/cms\/wp-json\/wp\/v2\/users\/2"}],"replies":[{"embeddable":true,"href":"https:\/\/feuerwehr-vglambrecht.de\/cms\/wp-json\/wp\/v2\/comments?post=4377"}],"version-history":[{"count":25,"href":"https:\/\/feuerwehr-vglambrecht.de\/cms\/wp-json\/wp\/v2\/pages\/4377\/revisions"}],"predecessor-version":[{"id":13274,"href":"https:\/\/feuerwehr-vglambrecht.de\/cms\/wp-json\/wp\/v2\/pages\/4377\/revisions\/13274"}],"up":[{"embeddable":true,"href":"https:\/\/feuerwehr-vglambrecht.de\/cms\/wp-json\/wp\/v2\/pages\/1729"}],"wp:attachment":[{"href":"https:\/\/feuerwehr-vglambrecht.de\/cms\/wp-json\/wp\/v2\/media?parent=4377"}],"curies":[{"name":"wp","href":"https:\/\/api.w.org\/{rel}","templated":true}]}}