{"id":9844,"date":"2021-10-21T06:00:00","date_gmt":"2021-10-21T04:00:00","guid":{"rendered":"https:\/\/feuerwehr-vglambrecht.de\/cms\/?post_type=einsatz&#038;p=9844"},"modified":"2021-10-22T20:50:01","modified_gmt":"2021-10-22T18:50:01","slug":"technische-hilfe-h1-07","status":"publish","type":"einsatz","link":"https:\/\/feuerwehr-vglambrecht.de\/cms\/einsatzberichte\/technische-hilfe-h1-07\/","title":{"rendered":"Technische Hilfe (H1.07)"},"content":{"rendered":"<p>Das Sturmtief Ignatz zog am 21.10.2021 \u00fcber die Verbandsgemeinde Lambrecht und sorgte f\u00fcr mehrere Feuerwehreins\u00e4tze.<!--more--><\/p>\n<p>In der Hauptstra\u00dfe in Lambrecht st\u00fcrzte am Donnerstagmorgen ein Baum auf drei parkende Fahrzeuge und besch\u00e4digte diese zum Teil stark. Der Baum wurde mittels Kettens\u00e4ge zerkleinert und zur Seite ger\u00e4umt. Verletzt wurde hierbei zum Gl\u00fcck niemand.<\/p>\n<p style=\"text-align: left;\">Ebenfalls sorgte Ignatz im Bereich Elmstein\/Iggelbach f\u00fcr mehrere Feuerwehreins\u00e4tzen. Auch hier handelte es sich um gr\u00f6\u00dfere umgest\u00fcrzte B\u00e4ume, bei denen es gl\u00fccklicherweise weder zu Personen- noch Sachsch\u00e4den kam.<\/p>\n\n<div class=\"ngg-galleryoverview\" id=\"ngg-gallery-335-9844\">\n\n\t<!-- Slideshow link -->\n\t<div class=\"slideshowlink\">\n\t\t<a class=\"slideshowlink\" href=\"https:\/\/feuerwehr-vglambrecht.de\/cms\/einsatzberichte\/technische-hilfe-h1-07\/nggallery\/slideshow\">\n\t\t\t[Show as slideshow]\t\t<\/a>\n\t<\/div>\n\n\t\n\t<!-- Thumbnails -->\n\t\t\n\t<div id=\"ngg-image-1963\" class=\"ngg-gallery-thumbnail-box\"  >\n\t\t<div class=\"ngg-gallery-thumbnail\" >\n\t\t\t<a href=\"https:\/\/feuerwehr-vglambrecht.de\/cms\/wp-content\/gallery\/sturm-ignatz\/20211021_073944.jpg\" title=\" \" class=\"shutterset_set_335\" >\n\t\t\t\t\t\t\t\t<img loading=\"lazy\" decoding=\"async\" title=\"20211021_073944\" alt=\"20211021_073944\" src=\"https:\/\/feuerwehr-vglambrecht.de\/cms\/wp-content\/gallery\/sturm-ignatz\/thumbs\/thumbs_20211021_073944.jpg\" width=\"100\" height=\"75\" \/>\n\t\t\t\t\t\t\t<\/a>\n\t\t<\/div>\n\t<\/div>\n\t\n\t\t\n \t\t\n\t<div id=\"ngg-image-1964\" class=\"ngg-gallery-thumbnail-box\"  >\n\t\t<div class=\"ngg-gallery-thumbnail\" >\n\t\t\t<a href=\"https:\/\/feuerwehr-vglambrecht.de\/cms\/wp-content\/gallery\/sturm-ignatz\/20211021_074006.jpg\" title=\" \" class=\"shutterset_set_335\" >\n\t\t\t\t\t\t\t\t<img loading=\"lazy\" decoding=\"async\" title=\"20211021_074006\" alt=\"20211021_074006\" src=\"https:\/\/feuerwehr-vglambrecht.de\/cms\/wp-content\/gallery\/sturm-ignatz\/thumbs\/thumbs_20211021_074006.jpg\" width=\"100\" height=\"75\" \/>\n\t\t\t\t\t\t\t<\/a>\n\t\t<\/div>\n\t<\/div>\n\t\n\t\t\n \t\t\n\t<div id=\"ngg-image-1965\" class=\"ngg-gallery-thumbnail-box\"  >\n\t\t<div class=\"ngg-gallery-thumbnail\" >\n\t\t\t<a href=\"https:\/\/feuerwehr-vglambrecht.de\/cms\/wp-content\/gallery\/sturm-ignatz\/20211021_074201.jpg\" title=\" \" class=\"shutterset_set_335\" >\n\t\t\t\t\t\t\t\t<img loading=\"lazy\" decoding=\"async\" title=\"20211021_074201\" alt=\"20211021_074201\" src=\"https:\/\/feuerwehr-vglambrecht.de\/cms\/wp-content\/gallery\/sturm-ignatz\/thumbs\/thumbs_20211021_074201.jpg\" width=\"100\" height=\"75\" \/>\n\t\t\t\t\t\t\t<\/a>\n\t\t<\/div>\n\t<\/div>\n\t\n\t\t\n \t\t\n\t<div id=\"ngg-image-1966\" class=\"ngg-gallery-thumbnail-box\"  >\n\t\t<div class=\"ngg-gallery-thumbnail\" >\n\t\t\t<a href=\"https:\/\/feuerwehr-vglambrecht.de\/cms\/wp-content\/gallery\/sturm-ignatz\/20211021_074222.jpg\" title=\" \" class=\"shutterset_set_335\" >\n\t\t\t\t\t\t\t\t<img loading=\"lazy\" decoding=\"async\" title=\"20211021_074222\" alt=\"20211021_074222\" src=\"https:\/\/feuerwehr-vglambrecht.de\/cms\/wp-content\/gallery\/sturm-ignatz\/thumbs\/thumbs_20211021_074222.jpg\" width=\"100\" height=\"75\" \/>\n\t\t\t\t\t\t\t<\/a>\n\t\t<\/div>\n\t<\/div>\n\t\n\t\t\n \t\t\n\t<div id=\"ngg-image-1967\" class=\"ngg-gallery-thumbnail-box\"  >\n\t\t<div class=\"ngg-gallery-thumbnail\" >\n\t\t\t<a href=\"https:\/\/feuerwehr-vglambrecht.de\/cms\/wp-content\/gallery\/sturm-ignatz\/20211021_074702.jpg\" title=\" \" class=\"shutterset_set_335\" >\n\t\t\t\t\t\t\t\t<img loading=\"lazy\" decoding=\"async\" title=\"20211021_074702\" alt=\"20211021_074702\" src=\"https:\/\/feuerwehr-vglambrecht.de\/cms\/wp-content\/gallery\/sturm-ignatz\/thumbs\/thumbs_20211021_074702.jpg\" width=\"100\" height=\"75\" \/>\n\t\t\t\t\t\t\t<\/a>\n\t\t<\/div>\n\t<\/div>\n\t\n\t\t\n \t\t\n\t<div id=\"ngg-image-1968\" class=\"ngg-gallery-thumbnail-box\"  >\n\t\t<div class=\"ngg-gallery-thumbnail\" >\n\t\t\t<a href=\"https:\/\/feuerwehr-vglambrecht.de\/cms\/wp-content\/gallery\/sturm-ignatz\/20211021_074714.jpg\" title=\" \" class=\"shutterset_set_335\" >\n\t\t\t\t\t\t\t\t<img loading=\"lazy\" decoding=\"async\" title=\"20211021_074714\" alt=\"20211021_074714\" src=\"https:\/\/feuerwehr-vglambrecht.de\/cms\/wp-content\/gallery\/sturm-ignatz\/thumbs\/thumbs_20211021_074714.jpg\" width=\"100\" height=\"75\" \/>\n\t\t\t\t\t\t\t<\/a>\n\t\t<\/div>\n\t<\/div>\n\t\n\t\t\n \t\t\n\t<div id=\"ngg-image-1969\" class=\"ngg-gallery-thumbnail-box\"  >\n\t\t<div class=\"ngg-gallery-thumbnail\" >\n\t\t\t<a href=\"https:\/\/feuerwehr-vglambrecht.de\/cms\/wp-content\/gallery\/sturm-ignatz\/20211021_074724.jpg\" title=\" \" class=\"shutterset_set_335\" >\n\t\t\t\t\t\t\t\t<img loading=\"lazy\" decoding=\"async\" title=\"20211021_074724\" alt=\"20211021_074724\" src=\"https:\/\/feuerwehr-vglambrecht.de\/cms\/wp-content\/gallery\/sturm-ignatz\/thumbs\/thumbs_20211021_074724.jpg\" width=\"100\" height=\"75\" \/>\n\t\t\t\t\t\t\t<\/a>\n\t\t<\/div>\n\t<\/div>\n\t\n\t\t\n \t\t\n\t<div id=\"ngg-image-1970\" class=\"ngg-gallery-thumbnail-box\"  >\n\t\t<div class=\"ngg-gallery-thumbnail\" >\n\t\t\t<a href=\"https:\/\/feuerwehr-vglambrecht.de\/cms\/wp-content\/gallery\/sturm-ignatz\/20211021_080130.jpg\" title=\" \" class=\"shutterset_set_335\" >\n\t\t\t\t\t\t\t\t<img loading=\"lazy\" decoding=\"async\" title=\"20211021_080130\" alt=\"20211021_080130\" src=\"https:\/\/feuerwehr-vglambrecht.de\/cms\/wp-content\/gallery\/sturm-ignatz\/thumbs\/thumbs_20211021_080130.jpg\" width=\"100\" height=\"75\" \/>\n\t\t\t\t\t\t\t<\/a>\n\t\t<\/div>\n\t<\/div>\n\t\n\t\t\n \t\t\n\t<div id=\"ngg-image-1971\" class=\"ngg-gallery-thumbnail-box\"  >\n\t\t<div class=\"ngg-gallery-thumbnail\" >\n\t\t\t<a href=\"https:\/\/feuerwehr-vglambrecht.de\/cms\/wp-content\/gallery\/sturm-ignatz\/20211021_080149.jpg\" title=\" \" class=\"shutterset_set_335\" >\n\t\t\t\t\t\t\t\t<img loading=\"lazy\" decoding=\"async\" title=\"20211021_080149\" alt=\"20211021_080149\" src=\"https:\/\/feuerwehr-vglambrecht.de\/cms\/wp-content\/gallery\/sturm-ignatz\/thumbs\/thumbs_20211021_080149.jpg\" width=\"100\" height=\"75\" \/>\n\t\t\t\t\t\t\t<\/a>\n\t\t<\/div>\n\t<\/div>\n\t\n\t\t\n \t\t\n\t<div id=\"ngg-image-1972\" class=\"ngg-gallery-thumbnail-box\"  >\n\t\t<div class=\"ngg-gallery-thumbnail\" >\n\t\t\t<a href=\"https:\/\/feuerwehr-vglambrecht.de\/cms\/wp-content\/gallery\/sturm-ignatz\/image0.jpg\" title=\" \" class=\"shutterset_set_335\" >\n\t\t\t\t\t\t\t\t<img loading=\"lazy\" decoding=\"async\" title=\"image0\" alt=\"image0\" src=\"https:\/\/feuerwehr-vglambrecht.de\/cms\/wp-content\/gallery\/sturm-ignatz\/thumbs\/thumbs_image0.jpg\" width=\"100\" height=\"75\" \/>\n\t\t\t\t\t\t\t<\/a>\n\t\t<\/div>\n\t<\/div>\n\t\n\t\t\n \t\t\n\t<div id=\"ngg-image-1973\" class=\"ngg-gallery-thumbnail-box\"  >\n\t\t<div class=\"ngg-gallery-thumbnail\" >\n\t\t\t<a href=\"https:\/\/feuerwehr-vglambrecht.de\/cms\/wp-content\/gallery\/sturm-ignatz\/image1.jpg\" title=\" \" class=\"shutterset_set_335\" >\n\t\t\t\t\t\t\t\t<img loading=\"lazy\" decoding=\"async\" title=\"image1\" alt=\"image1\" src=\"https:\/\/feuerwehr-vglambrecht.de\/cms\/wp-content\/gallery\/sturm-ignatz\/thumbs\/thumbs_image1.jpg\" width=\"100\" height=\"75\" \/>\n\t\t\t\t\t\t\t<\/a>\n\t\t<\/div>\n\t<\/div>\n\t\n\t\t\n \t\t\n\t<div id=\"ngg-image-1974\" class=\"ngg-gallery-thumbnail-box\"  >\n\t\t<div class=\"ngg-gallery-thumbnail\" >\n\t\t\t<a href=\"https:\/\/feuerwehr-vglambrecht.de\/cms\/wp-content\/gallery\/sturm-ignatz\/image2.jpg\" title=\" \" class=\"shutterset_set_335\" >\n\t\t\t\t\t\t\t\t<img loading=\"lazy\" decoding=\"async\" title=\"image2\" alt=\"image2\" src=\"https:\/\/feuerwehr-vglambrecht.de\/cms\/wp-content\/gallery\/sturm-ignatz\/thumbs\/thumbs_image2.jpg\" width=\"100\" height=\"75\" \/>\n\t\t\t\t\t\t\t<\/a>\n\t\t<\/div>\n\t<\/div>\n\t\n\t\t\n \t \t\n\t<!-- Pagination -->\n \t<div class='ngg-clear'><\/div>\n \t\n<\/div>\n\n\n<p>&nbsp;<\/p>\n","protected":false},"author":17,"featured_media":9845,"template":"","meta":{"einsatz_weight":4,"footnotes":""},"categories":[71],"tags":[191,176,395,388,139,383,143,373,268,142,386,189,190],"einsatzart":[33],"fahrzeug":[38,40,286,46,54,55],"exteinsatzmittel":[325,99,11,17,18,299,112],"alarmierungsart":[10],"evw_unit":[],"class_list":["post-9844","einsatz","type-einsatz","status-publish","has-post-thumbnail","hentry","category-fw_lambrecht","tag-baum-ueber-strasse","tag-baum-umgestuerzt","tag-blaulicht","tag-ehrenamt","tag-elmstein","tag-feuerwehrvglambrecht","tag-iggelbach","tag-immerda","tag-l499","tag-lambrecht","tag-retterherzen","tag-sturmschaden","tag-technische-hilfe","einsatzart-th","fahrzeug-elmstein-44","fahrzeug-elmstein-73","fahrzeug-lambrecht-4191","fahrzeug-iggelbach-47","fahrzeug-lambrecht-44","fahrzeug-lambrecht-51","exteinsatzmittel-bauhof-lambrecht","exteinsatzmittel-bundespolizei","exteinsatzmittel-fw_elm","exteinsatzmittel-fw_igg","exteinsatzmittel-fw_lam","exteinsatzmittel-fez-neustadt","exteinsatzmittel-landesbetrieb-mobilitaet","alarmierungsart-dme-digitaler-meldeempfaenger"],"better_featured_image":{"id":9845,"alt_text":"","caption":"","description":"","media_type":"image","media_details":{"width":2560,"height":1152,"file":"2021\/10\/20211021_074201-scaled.jpg","filesize":700607,"sizes":{"medium_large":{"file":"20211021_074201-768x346.jpg","width":768,"height":346,"mime-type":"image\/jpeg","filesize":83927,"source_url":"https:\/\/feuerwehr-vglambrecht.de\/cms\/wp-content\/uploads\/2021\/10\/20211021_074201-768x346.jpg"},"1536x1536":{"file":"20211021_074201-1536x691.jpg","width":1536,"height":691,"mime-type":"image\/jpeg","filesize":298946,"source_url":"https:\/\/feuerwehr-vglambrecht.de\/cms\/wp-content\/uploads\/2021\/10\/20211021_074201-1536x691.jpg"},"2048x2048":{"file":"20211021_074201-2048x922.jpg","width":2048,"height":922,"mime-type":"image\/jpeg","filesize":487555,"source_url":"https:\/\/feuerwehr-vglambrecht.de\/cms\/wp-content\/uploads\/2021\/10\/20211021_074201-2048x922.jpg"},"wptouch-new-thumbnail":{"file":"20211021_074201-144x144.jpg","width":144,"height":144,"mime-type":"image\/jpeg","filesize":6899,"source_url":"https:\/\/feuerwehr-vglambrecht.de\/cms\/wp-content\/uploads\/2021\/10\/20211021_074201-144x144.jpg"},"landing_image":{"file":"20211021_074201-1024x460.jpg","width":1024,"height":460,"mime-type":"image\/jpeg","filesize":143311,"source_url":"https:\/\/feuerwehr-vglambrecht.de\/cms\/wp-content\/uploads\/2021\/10\/20211021_074201-1024x460.jpg"},"foundation-featured-image":{"file":"20211021_074201-900x405.jpg","width":900,"height":405,"mime-type":"image\/jpeg","filesize":113032,"source_url":"https:\/\/feuerwehr-vglambrecht.de\/cms\/wp-content\/uploads\/2021\/10\/20211021_074201-900x405.jpg"},"thumbnail":{"file":"20211021_074201-150x150.jpg","width":150,"height":150,"source_url":"https:\/\/feuerwehr-vglambrecht.de\/cms\/wp-content\/uploads\/2021\/10\/20211021_074201-150x150.jpg"},"medium":{"file":"20211021_074201-300x135.jpg","width":300,"height":135,"source_url":"https:\/\/feuerwehr-vglambrecht.de\/cms\/wp-content\/uploads\/2021\/10\/20211021_074201-300x135.jpg"},"large":{"file":"20211021_074201-1024x461.jpg","width":1024,"height":461,"source_url":"https:\/\/feuerwehr-vglambrecht.de\/cms\/wp-content\/uploads\/2021\/10\/20211021_074201-1024x461.jpg"}},"image_meta":{"aperture":"0","credit":"","camera":"","caption":"","created_timestamp":"0","copyright":"","focal_length":"0","iso":"0","shutter_speed":"0","title":"","orientation":"0","keywords":[]},"original_image":"20211021_074201.jpg","image-converter":{"thumbnail":"IME","medium":"IME","large":"IME"}},"post":9844,"source_url":"https:\/\/feuerwehr-vglambrecht.de\/cms\/wp-content\/uploads\/2021\/10\/20211021_074201-scaled.jpg"},"einsatz_ort":"Hauptstra\u00dfe Lambrecht, L499, K20","einsatz_ende":"2021-10-21 16:00","einsatz_beginn":"","_links":{"self":[{"href":"https:\/\/feuerwehr-vglambrecht.de\/cms\/wp-json\/wp\/v2\/einsatz\/9844","targetHints":{"allow":["GET"]}}],"collection":[{"href":"https:\/\/feuerwehr-vglambrecht.de\/cms\/wp-json\/wp\/v2\/einsatz"}],"about":[{"href":"https:\/\/feuerwehr-vglambrecht.de\/cms\/wp-json\/wp\/v2\/types\/einsatz"}],"author":[{"embeddable":true,"href":"https:\/\/feuerwehr-vglambrecht.de\/cms\/wp-json\/wp\/v2\/users\/17"}],"version-history":[{"count":6,"href":"https:\/\/feuerwehr-vglambrecht.de\/cms\/wp-json\/wp\/v2\/einsatz\/9844\/revisions"}],"predecessor-version":[{"id":9858,"href":"https:\/\/feuerwehr-vglambrecht.de\/cms\/wp-json\/wp\/v2\/einsatz\/9844\/revisions\/9858"}],"wp:featuredmedia":[{"embeddable":true,"href":"https:\/\/feuerwehr-vglambrecht.de\/cms\/wp-json\/wp\/v2\/media\/9845"}],"wp:attachment":[{"href":"https:\/\/feuerwehr-vglambrecht.de\/cms\/wp-json\/wp\/v2\/media?parent=9844"}],"wp:term":[{"taxonomy":"category","embeddable":true,"href":"https:\/\/feuerwehr-vglambrecht.de\/cms\/wp-json\/wp\/v2\/categories?post=9844"},{"taxonomy":"post_tag","embeddable":true,"href":"https:\/\/feuerwehr-vglambrecht.de\/cms\/wp-json\/wp\/v2\/tags?post=9844"},{"taxonomy":"einsatzart","embeddable":true,"href":"https:\/\/feuerwehr-vglambrecht.de\/cms\/wp-json\/wp\/v2\/einsatzart?post=9844"},{"taxonomy":"fahrzeug","embeddable":true,"href":"https:\/\/feuerwehr-vglambrecht.de\/cms\/wp-json\/wp\/v2\/fahrzeug?post=9844"},{"taxonomy":"exteinsatzmittel","embeddable":true,"href":"https:\/\/feuerwehr-vglambrecht.de\/cms\/wp-json\/wp\/v2\/exteinsatzmittel?post=9844"},{"taxonomy":"alarmierungsart","embeddable":true,"href":"https:\/\/feuerwehr-vglambrecht.de\/cms\/wp-json\/wp\/v2\/alarmierungsart?post=9844"},{"taxonomy":"evw_unit","embeddable":true,"href":"https:\/\/feuerwehr-vglambrecht.de\/cms\/wp-json\/wp\/v2\/evw_unit?post=9844"}],"curies":[{"name":"wp","href":"https:\/\/api.w.org\/{rel}","templated":true}]}}