{"id":9717,"date":"2021-08-22T00:10:00","date_gmt":"2021-08-21T22:10:00","guid":{"rendered":"https:\/\/feuerwehr-vglambrecht.de\/cms\/?post_type=einsatz&#038;p=9717"},"modified":"2021-08-22T20:22:31","modified_gmt":"2021-08-22T18:22:31","slug":"h1-0-grundstufe-sicherstellung-notruf-ortsgemeinde-esthal","status":"publish","type":"einsatz","link":"https:\/\/feuerwehr-vglambrecht.de\/cms\/einsatzberichte\/h1-0-grundstufe-sicherstellung-notruf-ortsgemeinde-esthal\/","title":{"rendered":"H1.0 Grundstufe &#8211; Sicherstellung Notruf Ortsgemeinde Esthal"},"content":{"rendered":"<p>Aufgrund eines schweren Gewitters stand gegen 00:10 Uhr die Telekommunikation in einigen Teilen des Ortes nicht mehr zur Verf\u00fcgung. Das Feuerwehrhaus Esthal wurde besetzt, um im Notfall B\u00fcrgern Notrufe auch zu Rettungsdienst und Polizei zu erm\u00f6glichen. Auch bei Totalausfall der Telekommunikation hat die Feuerwehr die M\u00f6glichkeit \u00fcber Funk die Integrierte Leitstelle zu erreichen und wirksame Hilfe einzuleiten.<\/p>\n","protected":false},"author":3,"featured_media":9254,"template":"","meta":{"einsatz_weight":1,"footnotes":""},"categories":[],"tags":[388,138,373,190],"einsatzart":[33],"fahrzeug":[350,43],"exteinsatzmittel":[12],"alarmierungsart":[320],"evw_unit":[],"class_list":["post-9717","einsatz","type-einsatz","status-publish","has-post-thumbnail","hentry","tag-ehrenamt","tag-esthal","tag-immerda","tag-technische-hilfe","einsatzart-th","fahrzeug-esthal-19-2","fahrzeug-esthal19","exteinsatzmittel-fw_est","alarmierungsart-sonstige"],"better_featured_image":{"id":9254,"alt_text":"","caption":"","description":"","media_type":"image","media_details":{"width":1620,"height":1080,"file":"2018\/08\/2191.jpg","filesize":2723659,"sizes":{"medium_large":{"file":"2191-768x512.jpg","width":768,"height":512,"mime-type":"image\/jpeg","filesize":107190,"source_url":"https:\/\/feuerwehr-vglambrecht.de\/cms\/wp-content\/uploads\/2018\/08\/2191-768x512.jpg"},"1536x1536":{"file":"2191-1536x1024.jpg","width":1536,"height":1024,"mime-type":"image\/jpeg","filesize":386296,"source_url":"https:\/\/feuerwehr-vglambrecht.de\/cms\/wp-content\/uploads\/2018\/08\/2191-1536x1024.jpg"},"wptouch-new-thumbnail":{"file":"2191-144x144.jpg","width":144,"height":144,"mime-type":"image\/jpeg","filesize":12356,"source_url":"https:\/\/feuerwehr-vglambrecht.de\/cms\/wp-content\/uploads\/2018\/08\/2191-144x144.jpg"},"landing_image":{"file":"2191-1024x460.jpg","width":1024,"height":460,"mime-type":"image\/jpeg","filesize":124809,"source_url":"https:\/\/feuerwehr-vglambrecht.de\/cms\/wp-content\/uploads\/2018\/08\/2191-1024x460.jpg"},"foundation-featured-image":{"file":"2191-900x600.jpg","width":900,"height":600,"mime-type":"image\/jpeg","filesize":142504,"source_url":"https:\/\/feuerwehr-vglambrecht.de\/cms\/wp-content\/uploads\/2018\/08\/2191-900x600.jpg"},"thumbnail":{"file":"2191-150x150.jpg","width":150,"height":150,"source_url":"https:\/\/feuerwehr-vglambrecht.de\/cms\/wp-content\/uploads\/2018\/08\/2191-150x150.jpg"},"medium":{"file":"2191-300x200.jpg","width":300,"height":200,"source_url":"https:\/\/feuerwehr-vglambrecht.de\/cms\/wp-content\/uploads\/2018\/08\/2191-300x200.jpg"},"large":{"file":"2191-1024x683.jpg","width":1024,"height":683,"source_url":"https:\/\/feuerwehr-vglambrecht.de\/cms\/wp-content\/uploads\/2018\/08\/2191-1024x683.jpg"}},"image_meta":{"aperture":"7.1","credit":"","camera":"Canon EOS 2000D","caption":"","created_timestamp":"1582971020","copyright":"","focal_length":"20","iso":"100","shutter_speed":"0.004","title":"","orientation":"1","keywords":[]},"image-converter":{"thumbnail":"IME","medium":"IME","large":"IME"}},"post":6946,"source_url":"https:\/\/feuerwehr-vglambrecht.de\/cms\/wp-content\/uploads\/2018\/08\/2191.jpg"},"einsatz_ort":"Ortsgemeinde Esthal","einsatz_ende":"2021-08-22 00:45","einsatz_beginn":"","_links":{"self":[{"href":"https:\/\/feuerwehr-vglambrecht.de\/cms\/wp-json\/wp\/v2\/einsatz\/9717","targetHints":{"allow":["GET"]}}],"collection":[{"href":"https:\/\/feuerwehr-vglambrecht.de\/cms\/wp-json\/wp\/v2\/einsatz"}],"about":[{"href":"https:\/\/feuerwehr-vglambrecht.de\/cms\/wp-json\/wp\/v2\/types\/einsatz"}],"author":[{"embeddable":true,"href":"https:\/\/feuerwehr-vglambrecht.de\/cms\/wp-json\/wp\/v2\/users\/3"}],"version-history":[{"count":1,"href":"https:\/\/feuerwehr-vglambrecht.de\/cms\/wp-json\/wp\/v2\/einsatz\/9717\/revisions"}],"predecessor-version":[{"id":9718,"href":"https:\/\/feuerwehr-vglambrecht.de\/cms\/wp-json\/wp\/v2\/einsatz\/9717\/revisions\/9718"}],"wp:featuredmedia":[{"embeddable":true,"href":"https:\/\/feuerwehr-vglambrecht.de\/cms\/wp-json\/wp\/v2\/media\/9254"}],"wp:attachment":[{"href":"https:\/\/feuerwehr-vglambrecht.de\/cms\/wp-json\/wp\/v2\/media?parent=9717"}],"wp:term":[{"taxonomy":"category","embeddable":true,"href":"https:\/\/feuerwehr-vglambrecht.de\/cms\/wp-json\/wp\/v2\/categories?post=9717"},{"taxonomy":"post_tag","embeddable":true,"href":"https:\/\/feuerwehr-vglambrecht.de\/cms\/wp-json\/wp\/v2\/tags?post=9717"},{"taxonomy":"einsatzart","embeddable":true,"href":"https:\/\/feuerwehr-vglambrecht.de\/cms\/wp-json\/wp\/v2\/einsatzart?post=9717"},{"taxonomy":"fahrzeug","embeddable":true,"href":"https:\/\/feuerwehr-vglambrecht.de\/cms\/wp-json\/wp\/v2\/fahrzeug?post=9717"},{"taxonomy":"exteinsatzmittel","embeddable":true,"href":"https:\/\/feuerwehr-vglambrecht.de\/cms\/wp-json\/wp\/v2\/exteinsatzmittel?post=9717"},{"taxonomy":"alarmierungsart","embeddable":true,"href":"https:\/\/feuerwehr-vglambrecht.de\/cms\/wp-json\/wp\/v2\/alarmierungsart?post=9717"},{"taxonomy":"evw_unit","embeddable":true,"href":"https:\/\/feuerwehr-vglambrecht.de\/cms\/wp-json\/wp\/v2\/evw_unit?post=9717"}],"curies":[{"name":"wp","href":"https:\/\/api.w.org\/{rel}","templated":true}]}}