{"id":9709,"date":"2021-08-11T18:21:00","date_gmt":"2021-08-11T16:21:00","guid":{"rendered":"https:\/\/feuerwehr-vglambrecht.de\/cms\/?post_type=einsatz&#038;p=9709"},"modified":"2021-08-15T20:37:34","modified_gmt":"2021-08-15T18:37:34","slug":"wasserschaden-haeuslicher-bereich-h1-09","status":"publish","type":"einsatz","link":"https:\/\/feuerwehr-vglambrecht.de\/cms\/einsatzberichte\/wasserschaden-haeuslicher-bereich-h1-09\/","title":{"rendered":"Wasserschaden h\u00e4uslicher Bereich (H1.09)"},"content":{"rendered":"<p>Zu einem Wasserschaden im h\u00e4uslichen Bereich wurden die Einheiten Frankeneck und Esthal am Mittwochabend gegen 18:21 Uhr in die Talstra\u00dfe in Frankeneck alarmiert.<\/p>\n<p><!--more--><\/p>\n<p>Vor Ort trat das Wasser bereits aus der Hauseingangst\u00fcr aus. Die ersten Einsatzkr\u00e4fte konnten einen verstopften Gully hinter dem Haus als Ursache ausfindig machen. Das \u00fcberstehende Wasser wurde mittels Tauchpumpe abgepumt und die Einsatzstelle im Anschluss an den Hasubewohner \u00fcbergeben.<\/p>\n","protected":false},"author":17,"featured_media":9710,"template":"","meta":{"einsatz_weight":1,"footnotes":""},"categories":[],"tags":[138,141,196],"einsatzart":[33],"fahrzeug":[350,43,307,44],"exteinsatzmittel":[12,13,299],"alarmierungsart":[10],"evw_unit":[],"class_list":["post-9709","einsatz","type-einsatz","status-publish","has-post-thumbnail","hentry","tag-esthal","tag-frankeneck","tag-wasserschaden","einsatzart-th","fahrzeug-esthal-19-2","fahrzeug-esthal19","fahrzeug-307","fahrzeug-frankeneck-40","exteinsatzmittel-fw_est","exteinsatzmittel-fw_fra","exteinsatzmittel-fez-neustadt","alarmierungsart-dme-digitaler-meldeempfaenger"],"better_featured_image":{"id":9710,"alt_text":"","caption":"","description":"","media_type":"image","media_details":{"width":1440,"height":2560,"file":"2021\/08\/D6CD69FA-3F50-4DB6-95C7-3F58BC87798E-scaled.jpg","filesize":575109,"sizes":{"medium_large":{"file":"D6CD69FA-3F50-4DB6-95C7-3F58BC87798E-768x1365.jpg","width":768,"height":1365,"mime-type":"image\/jpeg","filesize":212803,"source_url":"https:\/\/feuerwehr-vglambrecht.de\/cms\/wp-content\/uploads\/2021\/08\/D6CD69FA-3F50-4DB6-95C7-3F58BC87798E-768x1365.jpg"},"1536x1536":{"file":"D6CD69FA-3F50-4DB6-95C7-3F58BC87798E-864x1536.jpg","width":864,"height":1536,"mime-type":"image\/jpeg","filesize":256540,"source_url":"https:\/\/feuerwehr-vglambrecht.de\/cms\/wp-content\/uploads\/2021\/08\/D6CD69FA-3F50-4DB6-95C7-3F58BC87798E-864x1536.jpg"},"2048x2048":{"file":"D6CD69FA-3F50-4DB6-95C7-3F58BC87798E-1152x2048.jpg","width":1152,"height":2048,"mime-type":"image\/jpeg","filesize":406803,"source_url":"https:\/\/feuerwehr-vglambrecht.de\/cms\/wp-content\/uploads\/2021\/08\/D6CD69FA-3F50-4DB6-95C7-3F58BC87798E-1152x2048.jpg"},"wptouch-new-thumbnail":{"file":"D6CD69FA-3F50-4DB6-95C7-3F58BC87798E-144x144.jpg","width":144,"height":144,"mime-type":"image\/jpeg","filesize":10707,"source_url":"https:\/\/feuerwehr-vglambrecht.de\/cms\/wp-content\/uploads\/2021\/08\/D6CD69FA-3F50-4DB6-95C7-3F58BC87798E-144x144.jpg"},"landing_image":{"file":"D6CD69FA-3F50-4DB6-95C7-3F58BC87798E-1024x460.jpg","width":1024,"height":460,"mime-type":"image\/jpeg","filesize":75396,"source_url":"https:\/\/feuerwehr-vglambrecht.de\/cms\/wp-content\/uploads\/2021\/08\/D6CD69FA-3F50-4DB6-95C7-3F58BC87798E-1024x460.jpg"},"foundation-featured-image":{"file":"D6CD69FA-3F50-4DB6-95C7-3F58BC87798E-900x1600.jpg","width":900,"height":1600,"mime-type":"image\/jpeg","filesize":275543,"source_url":"https:\/\/feuerwehr-vglambrecht.de\/cms\/wp-content\/uploads\/2021\/08\/D6CD69FA-3F50-4DB6-95C7-3F58BC87798E-900x1600.jpg"},"thumbnail":{"file":"D6CD69FA-3F50-4DB6-95C7-3F58BC87798E-150x150.jpg","width":150,"height":150,"source_url":"https:\/\/feuerwehr-vglambrecht.de\/cms\/wp-content\/uploads\/2021\/08\/D6CD69FA-3F50-4DB6-95C7-3F58BC87798E-150x150.jpg"},"medium":{"file":"D6CD69FA-3F50-4DB6-95C7-3F58BC87798E-300x169.jpg","width":300,"height":169,"source_url":"https:\/\/feuerwehr-vglambrecht.de\/cms\/wp-content\/uploads\/2021\/08\/D6CD69FA-3F50-4DB6-95C7-3F58BC87798E-300x169.jpg"},"large":{"file":"D6CD69FA-3F50-4DB6-95C7-3F58BC87798E-1024x576.jpg","width":1024,"height":576,"source_url":"https:\/\/feuerwehr-vglambrecht.de\/cms\/wp-content\/uploads\/2021\/08\/D6CD69FA-3F50-4DB6-95C7-3F58BC87798E-1024x576.jpg"}},"image_meta":{"aperture":"1.8","credit":"","camera":"iPhone 11","caption":"","created_timestamp":"1628707283","copyright":"","focal_length":"4.25","iso":"32","shutter_speed":"0.0035971223021583","title":"","orientation":1,"keywords":[]},"original_image":"D6CD69FA-3F50-4DB6-95C7-3F58BC87798E.jpg","image-converter":{"thumbnail":"IME","medium":"IME","large":"IME"}},"post":9709,"source_url":"https:\/\/feuerwehr-vglambrecht.de\/cms\/wp-content\/uploads\/2021\/08\/D6CD69FA-3F50-4DB6-95C7-3F58BC87798E-scaled.jpg"},"einsatz_ort":"","einsatz_ende":"2021-08-11 19:30","einsatz_beginn":"","_links":{"self":[{"href":"https:\/\/feuerwehr-vglambrecht.de\/cms\/wp-json\/wp\/v2\/einsatz\/9709","targetHints":{"allow":["GET"]}}],"collection":[{"href":"https:\/\/feuerwehr-vglambrecht.de\/cms\/wp-json\/wp\/v2\/einsatz"}],"about":[{"href":"https:\/\/feuerwehr-vglambrecht.de\/cms\/wp-json\/wp\/v2\/types\/einsatz"}],"author":[{"embeddable":true,"href":"https:\/\/feuerwehr-vglambrecht.de\/cms\/wp-json\/wp\/v2\/users\/17"}],"version-history":[{"count":1,"href":"https:\/\/feuerwehr-vglambrecht.de\/cms\/wp-json\/wp\/v2\/einsatz\/9709\/revisions"}],"predecessor-version":[{"id":9711,"href":"https:\/\/feuerwehr-vglambrecht.de\/cms\/wp-json\/wp\/v2\/einsatz\/9709\/revisions\/9711"}],"wp:featuredmedia":[{"embeddable":true,"href":"https:\/\/feuerwehr-vglambrecht.de\/cms\/wp-json\/wp\/v2\/media\/9710"}],"wp:attachment":[{"href":"https:\/\/feuerwehr-vglambrecht.de\/cms\/wp-json\/wp\/v2\/media?parent=9709"}],"wp:term":[{"taxonomy":"category","embeddable":true,"href":"https:\/\/feuerwehr-vglambrecht.de\/cms\/wp-json\/wp\/v2\/categories?post=9709"},{"taxonomy":"post_tag","embeddable":true,"href":"https:\/\/feuerwehr-vglambrecht.de\/cms\/wp-json\/wp\/v2\/tags?post=9709"},{"taxonomy":"einsatzart","embeddable":true,"href":"https:\/\/feuerwehr-vglambrecht.de\/cms\/wp-json\/wp\/v2\/einsatzart?post=9709"},{"taxonomy":"fahrzeug","embeddable":true,"href":"https:\/\/feuerwehr-vglambrecht.de\/cms\/wp-json\/wp\/v2\/fahrzeug?post=9709"},{"taxonomy":"exteinsatzmittel","embeddable":true,"href":"https:\/\/feuerwehr-vglambrecht.de\/cms\/wp-json\/wp\/v2\/exteinsatzmittel?post=9709"},{"taxonomy":"alarmierungsart","embeddable":true,"href":"https:\/\/feuerwehr-vglambrecht.de\/cms\/wp-json\/wp\/v2\/alarmierungsart?post=9709"},{"taxonomy":"evw_unit","embeddable":true,"href":"https:\/\/feuerwehr-vglambrecht.de\/cms\/wp-json\/wp\/v2\/evw_unit?post=9709"}],"curies":[{"name":"wp","href":"https:\/\/api.w.org\/{rel}","templated":true}]}}