{"id":9695,"date":"2021-07-22T05:00:00","date_gmt":"2021-07-22T03:00:00","guid":{"rendered":"https:\/\/feuerwehr-vglambrecht.de\/cms\/?post_type=einsatz&#038;p=9695"},"modified":"2021-07-29T12:01:44","modified_gmt":"2021-07-29T10:01:44","slug":"ueberlandhilfe-im-rahmen-des-katastropohenschutzes-grundstufe-h5","status":"publish","type":"einsatz","link":"https:\/\/feuerwehr-vglambrecht.de\/cms\/einsatzberichte\/ueberlandhilfe-im-rahmen-des-katastropohenschutzes-grundstufe-h5\/","title":{"rendered":"\u00dcberlandhilfe im Rahmen des Katastropohenschutzes (Grundstufe H5)"},"content":{"rendered":"<p>Am fr\u00fchen Donnerstagmorgen machten sich 9 Feuerwehrangeh\u00f6rige aus der VG Lambrecht zusammen mit weiteren Einsatzkr\u00e4ften aus dem Landkreis Bad D\u00fcrkheim auf den Weg ins schwer getroffene Hochwassergebiet in der Eifel. <!--more--><\/p>\n<p>Mit dabei dringend vor Ort ben\u00f6tigtes Equipment wie Stromaggregate, Tauchpumpen, Schl\u00e4uche und Kettens\u00e4gen, vor allem aber auch helfende H\u00e4nde.<\/p>\n<p>Nach einer ca. zweist\u00fcndigen Fahrt erreichte man geschlossen den Bereitstellungsraum an der Sommerrodelbahn in Altenahr, wo anschlie\u00dfend die eingesetzten Einsatzkr\u00e4fte ihre Auftr\u00e4ge erhielten.<\/p>\n<p>Die erste Amtshandlung die den Wehrm\u00e4nner aufgetragen wurde, war die Versorgung der Bev\u00f6lkerung mit Lebensmitteln in der Ortschaft Kreuzberg. Anschlie\u00dfend erhielten wir den Auftrag, zu Fu\u00df in das von der Au\u00dfenwelt abgeschnittene Reimerzhoven zu gelangen, um dort vor Ort die Bev\u00f6lkerung zu unterst\u00fctzen. Wir mussten die Fahrzeuge an einem provisorisch eingerichteten Parkplatz im Wald zur\u00fcck lassen und die Ger\u00e4tschaften tragen, da es f\u00fcr Fahrzeuge kein durchkommen gab. Nach einem ca. 40 min\u00fctigen Fu\u00dfmarsch erreichten wir den v\u00f6llig zerst\u00f6rten Ort.<\/p>\n<p>&#8222;Ein Bild der Verw\u00fcstung&#8220;. Wir kannten zwar die Bilder und Videos aus den Medien und Social Media Plattformen, aber das Ausma\u00df pers\u00f6nlich vor Ort zu sehen machte uns alle im ersten Moment sprachlos. Wo einst Br\u00fccken standen sind nun keine mehr, Stra\u00dfen abgerissen und weggesp\u00fclt, H\u00e4user eingest\u00fcrzt, Schutt und Ger\u00f6ll wohin man blickte.<\/p>\n<p>Wir sammelten uns kurz und besprachen die weitere Vorgehensweise. Wir teilten uns in mehrere Gruppen auf und halfen den Anwohnern beim R\u00e4umen ihrer H\u00e4user von besch\u00e4digten Hausratgegenst\u00e4nden und Schlamm. Bis 17 Uhr unterst\u00fctzten wir die Einheimischen vor Ort, ehe uns die Bundeswehr anschlie\u00dfend mit Gel\u00e4ndequad\u00b4s aus dem abgeschiedenen Ort transportierte und wir \u00fcber Nacht in einer nahegelegenen Jugendherberge zur Ruhe kamen.<\/p>\n<p>Am zweiten Tag wurden wir am Ort Altenahr eingesetzt, welcher von der Ahr fast ringsum umfasst ist. Entsprechend schwer wurde diese Ortschaft von der Flutwelle getroffen. In der Seilbahnstra\u00dfe unterst\u00fctzten wir ein Weingut beim Beseitigen des Schlammes im Kellergescho\u00df, ehe es anschlie\u00dfend in einem Privathaus zusammen mit etlichen weiteren freiwilligen Helfern ans ausr\u00e4umen eines weiteren Kellers ging. Mit Schaufeln, Besen und Schubkarren wurde der teilweise kontaminierte Schlamm samt Hausrat aus dem Haus geschafft.<\/p>\n<p>Gegen 17 Uhr machten wir uns nach zwei langen und harten Arbeitstagen wieder auf den R\u00fcckweg in die Heimat und brauchten erst einmal ein paar Tage das Erlebte zu verarbeiten.<\/p>\n<p>Ein unendlicher Dank gilt hier allen Einsatzkr\u00e4ften und freiwilligen Helfern, die unerm\u00fcdlich vor Ort beim Wiederaufbau der Region unterst\u00fctzen. Weiterhin gilt unser Dank der Firma Mersinger GmbH aus Esthal und der Raab Karcher GmbH (Niederlassung Neustadt\/Wstr.), die unseren Einsatz mit gro\u00dfz\u00fcgigen Sachspenden (Handschuhe, Masken, Besen, Schaufeln etc. unterst\u00fctzten.<\/p>\n\n<div class=\"ngg-galleryoverview\" id=\"ngg-gallery-328-9695\">\n\n\t<!-- Slideshow link -->\n\t<div class=\"slideshowlink\">\n\t\t<a class=\"slideshowlink\" href=\"https:\/\/feuerwehr-vglambrecht.de\/cms\/einsatzberichte\/ueberlandhilfe-im-rahmen-des-katastropohenschutzes-grundstufe-h5\/nggallery\/slideshow\">\n\t\t\t[Show as slideshow]\t\t<\/a>\n\t<\/div>\n\n\t\n\t<!-- Thumbnails -->\n\t\t\n\t<div id=\"ngg-image-1911\" class=\"ngg-gallery-thumbnail-box\"  >\n\t\t<div class=\"ngg-gallery-thumbnail\" >\n\t\t\t<a href=\"https:\/\/feuerwehr-vglambrecht.de\/cms\/wp-content\/gallery\/eifel\/20210722_125841.jpg\" title=\" \" class=\"shutterset_set_328\" >\n\t\t\t\t\t\t\t\t<img loading=\"lazy\" decoding=\"async\" title=\"20210722_125841\" alt=\"20210722_125841\" src=\"https:\/\/feuerwehr-vglambrecht.de\/cms\/wp-content\/gallery\/eifel\/thumbs\/thumbs_20210722_125841.jpg\" width=\"100\" height=\"75\" \/>\n\t\t\t\t\t\t\t<\/a>\n\t\t<\/div>\n\t<\/div>\n\t\n\t\t\n \t\t\n\t<div id=\"ngg-image-1912\" class=\"ngg-gallery-thumbnail-box\"  >\n\t\t<div class=\"ngg-gallery-thumbnail\" >\n\t\t\t<a href=\"https:\/\/feuerwehr-vglambrecht.de\/cms\/wp-content\/gallery\/eifel\/20210722_135421.jpg\" title=\" \" class=\"shutterset_set_328\" >\n\t\t\t\t\t\t\t\t<img loading=\"lazy\" decoding=\"async\" title=\"20210722_135421\" alt=\"20210722_135421\" src=\"https:\/\/feuerwehr-vglambrecht.de\/cms\/wp-content\/gallery\/eifel\/thumbs\/thumbs_20210722_135421.jpg\" width=\"100\" height=\"75\" \/>\n\t\t\t\t\t\t\t<\/a>\n\t\t<\/div>\n\t<\/div>\n\t\n\t\t\n \t\t\n\t<div id=\"ngg-image-1913\" class=\"ngg-gallery-thumbnail-box\"  >\n\t\t<div class=\"ngg-gallery-thumbnail\" >\n\t\t\t<a href=\"https:\/\/feuerwehr-vglambrecht.de\/cms\/wp-content\/gallery\/eifel\/20210722_145710.jpg\" title=\" \" class=\"shutterset_set_328\" >\n\t\t\t\t\t\t\t\t<img loading=\"lazy\" decoding=\"async\" title=\"20210722_145710\" alt=\"20210722_145710\" src=\"https:\/\/feuerwehr-vglambrecht.de\/cms\/wp-content\/gallery\/eifel\/thumbs\/thumbs_20210722_145710.jpg\" width=\"100\" height=\"75\" \/>\n\t\t\t\t\t\t\t<\/a>\n\t\t<\/div>\n\t<\/div>\n\t\n\t\t\n \t\t\n\t<div id=\"ngg-image-1914\" class=\"ngg-gallery-thumbnail-box\"  >\n\t\t<div class=\"ngg-gallery-thumbnail\" >\n\t\t\t<a href=\"https:\/\/feuerwehr-vglambrecht.de\/cms\/wp-content\/gallery\/eifel\/20210722_181716.jpg\" title=\" \" class=\"shutterset_set_328\" >\n\t\t\t\t\t\t\t\t<img loading=\"lazy\" decoding=\"async\" title=\"20210722_181716\" alt=\"20210722_181716\" src=\"https:\/\/feuerwehr-vglambrecht.de\/cms\/wp-content\/gallery\/eifel\/thumbs\/thumbs_20210722_181716.jpg\" width=\"100\" height=\"75\" \/>\n\t\t\t\t\t\t\t<\/a>\n\t\t<\/div>\n\t<\/div>\n\t\n\t\t\n \t\t\n\t<div id=\"ngg-image-1915\" class=\"ngg-gallery-thumbnail-box\"  >\n\t\t<div class=\"ngg-gallery-thumbnail\" >\n\t\t\t<a href=\"https:\/\/feuerwehr-vglambrecht.de\/cms\/wp-content\/gallery\/eifel\/img-20210722-wa0003.jpg\" title=\" \" class=\"shutterset_set_328\" >\n\t\t\t\t\t\t\t\t<img loading=\"lazy\" decoding=\"async\" title=\"img-20210722-wa0003\" alt=\"img-20210722-wa0003\" src=\"https:\/\/feuerwehr-vglambrecht.de\/cms\/wp-content\/gallery\/eifel\/thumbs\/thumbs_img-20210722-wa0003.jpg\" width=\"100\" height=\"75\" \/>\n\t\t\t\t\t\t\t<\/a>\n\t\t<\/div>\n\t<\/div>\n\t\n\t\t\n \t\t\n\t<div id=\"ngg-image-1916\" class=\"ngg-gallery-thumbnail-box\"  >\n\t\t<div class=\"ngg-gallery-thumbnail\" >\n\t\t\t<a href=\"https:\/\/feuerwehr-vglambrecht.de\/cms\/wp-content\/gallery\/eifel\/videocapture_20210727-154402.jpg\" title=\" \" class=\"shutterset_set_328\" >\n\t\t\t\t\t\t\t\t<img loading=\"lazy\" decoding=\"async\" title=\"videocapture_20210727-154402\" alt=\"videocapture_20210727-154402\" src=\"https:\/\/feuerwehr-vglambrecht.de\/cms\/wp-content\/gallery\/eifel\/thumbs\/thumbs_videocapture_20210727-154402.jpg\" width=\"100\" height=\"75\" \/>\n\t\t\t\t\t\t\t<\/a>\n\t\t<\/div>\n\t<\/div>\n\t\n\t\t\n \t\t\n\t<div id=\"ngg-image-1917\" class=\"ngg-gallery-thumbnail-box\"  >\n\t\t<div class=\"ngg-gallery-thumbnail\" >\n\t\t\t<a href=\"https:\/\/feuerwehr-vglambrecht.de\/cms\/wp-content\/gallery\/eifel\/0bb13130-b5e4-4067-a470-db1574cc90cc.jpg\" title=\" \" class=\"shutterset_set_328\" >\n\t\t\t\t\t\t\t\t<img loading=\"lazy\" decoding=\"async\" title=\"0bb13130-b5e4-4067-a470-db1574cc90cc\" alt=\"0bb13130-b5e4-4067-a470-db1574cc90cc\" src=\"https:\/\/feuerwehr-vglambrecht.de\/cms\/wp-content\/gallery\/eifel\/thumbs\/thumbs_0bb13130-b5e4-4067-a470-db1574cc90cc.jpg\" width=\"100\" height=\"75\" \/>\n\t\t\t\t\t\t\t<\/a>\n\t\t<\/div>\n\t<\/div>\n\t\n\t\t\n \t\t\n\t<div id=\"ngg-image-1918\" class=\"ngg-gallery-thumbnail-box\"  >\n\t\t<div class=\"ngg-gallery-thumbnail\" >\n\t\t\t<a href=\"https:\/\/feuerwehr-vglambrecht.de\/cms\/wp-content\/gallery\/eifel\/657d52e6-e357-462a-baca-619112439b89.jpg\" title=\" \" class=\"shutterset_set_328\" >\n\t\t\t\t\t\t\t\t<img loading=\"lazy\" decoding=\"async\" title=\"657d52e6-e357-462a-baca-619112439b89\" alt=\"657d52e6-e357-462a-baca-619112439b89\" src=\"https:\/\/feuerwehr-vglambrecht.de\/cms\/wp-content\/gallery\/eifel\/thumbs\/thumbs_657d52e6-e357-462a-baca-619112439b89.jpg\" width=\"100\" height=\"75\" \/>\n\t\t\t\t\t\t\t<\/a>\n\t\t<\/div>\n\t<\/div>\n\t\n\t\t\n \t\t\n\t<div id=\"ngg-image-1919\" class=\"ngg-gallery-thumbnail-box\"  >\n\t\t<div class=\"ngg-gallery-thumbnail\" >\n\t\t\t<a href=\"https:\/\/feuerwehr-vglambrecht.de\/cms\/wp-content\/gallery\/eifel\/6bcb5d26-d696-4ff8-a919-5832832f78ed.jpg\" title=\" \" class=\"shutterset_set_328\" >\n\t\t\t\t\t\t\t\t<img loading=\"lazy\" decoding=\"async\" title=\"6bcb5d26-d696-4ff8-a919-5832832f78ed\" alt=\"6bcb5d26-d696-4ff8-a919-5832832f78ed\" src=\"https:\/\/feuerwehr-vglambrecht.de\/cms\/wp-content\/gallery\/eifel\/thumbs\/thumbs_6bcb5d26-d696-4ff8-a919-5832832f78ed.jpg\" width=\"100\" height=\"75\" \/>\n\t\t\t\t\t\t\t<\/a>\n\t\t<\/div>\n\t<\/div>\n\t\n\t\t\n \t\t\n\t<div id=\"ngg-image-1920\" class=\"ngg-gallery-thumbnail-box\"  >\n\t\t<div class=\"ngg-gallery-thumbnail\" >\n\t\t\t<a href=\"https:\/\/feuerwehr-vglambrecht.de\/cms\/wp-content\/gallery\/eifel\/a8e823f4-3fcd-44c3-b461-30a104f0127b.jpg\" title=\" \" class=\"shutterset_set_328\" >\n\t\t\t\t\t\t\t\t<img loading=\"lazy\" decoding=\"async\" title=\"a8e823f4-3fcd-44c3-b461-30a104f0127b\" alt=\"a8e823f4-3fcd-44c3-b461-30a104f0127b\" src=\"https:\/\/feuerwehr-vglambrecht.de\/cms\/wp-content\/gallery\/eifel\/thumbs\/thumbs_a8e823f4-3fcd-44c3-b461-30a104f0127b.jpg\" width=\"100\" height=\"75\" \/>\n\t\t\t\t\t\t\t<\/a>\n\t\t<\/div>\n\t<\/div>\n\t\n\t\t\n \t\t\n\t<div id=\"ngg-image-1921\" class=\"ngg-gallery-thumbnail-box\"  >\n\t\t<div class=\"ngg-gallery-thumbnail\" >\n\t\t\t<a href=\"https:\/\/feuerwehr-vglambrecht.de\/cms\/wp-content\/gallery\/eifel\/c890f0ec-9712-4cc1-9945-81cd2de5783e.jpg\" title=\" \" class=\"shutterset_set_328\" >\n\t\t\t\t\t\t\t\t<img loading=\"lazy\" decoding=\"async\" title=\"c890f0ec-9712-4cc1-9945-81cd2de5783e\" alt=\"c890f0ec-9712-4cc1-9945-81cd2de5783e\" src=\"https:\/\/feuerwehr-vglambrecht.de\/cms\/wp-content\/gallery\/eifel\/thumbs\/thumbs_c890f0ec-9712-4cc1-9945-81cd2de5783e.jpg\" width=\"100\" height=\"75\" \/>\n\t\t\t\t\t\t\t<\/a>\n\t\t<\/div>\n\t<\/div>\n\t\n\t\t\n \t\t\n\t<div id=\"ngg-image-1922\" class=\"ngg-gallery-thumbnail-box\"  >\n\t\t<div class=\"ngg-gallery-thumbnail\" >\n\t\t\t<a href=\"https:\/\/feuerwehr-vglambrecht.de\/cms\/wp-content\/gallery\/eifel\/fcc5ee45-886f-414e-b8ba-f3cb0194e2fb.jpg\" title=\" \" class=\"shutterset_set_328\" >\n\t\t\t\t\t\t\t\t<img loading=\"lazy\" decoding=\"async\" title=\"fcc5ee45-886f-414e-b8ba-f3cb0194e2fb\" alt=\"fcc5ee45-886f-414e-b8ba-f3cb0194e2fb\" src=\"https:\/\/feuerwehr-vglambrecht.de\/cms\/wp-content\/gallery\/eifel\/thumbs\/thumbs_fcc5ee45-886f-414e-b8ba-f3cb0194e2fb.jpg\" width=\"100\" height=\"75\" \/>\n\t\t\t\t\t\t\t<\/a>\n\t\t<\/div>\n\t<\/div>\n\t\n\t\t\n \t\t\n\t<div id=\"ngg-image-1923\" class=\"ngg-gallery-thumbnail-box\"  >\n\t\t<div class=\"ngg-gallery-thumbnail\" >\n\t\t\t<a href=\"https:\/\/feuerwehr-vglambrecht.de\/cms\/wp-content\/gallery\/eifel\/img_2922.jpg\" title=\" \" class=\"shutterset_set_328\" >\n\t\t\t\t\t\t\t\t<img loading=\"lazy\" decoding=\"async\" title=\"img_2922\" alt=\"img_2922\" src=\"https:\/\/feuerwehr-vglambrecht.de\/cms\/wp-content\/gallery\/eifel\/thumbs\/thumbs_img_2922.jpg\" width=\"100\" height=\"75\" \/>\n\t\t\t\t\t\t\t<\/a>\n\t\t<\/div>\n\t<\/div>\n\t\n\t\t\n \t\t\n\t<div id=\"ngg-image-1924\" class=\"ngg-gallery-thumbnail-box\"  >\n\t\t<div class=\"ngg-gallery-thumbnail\" >\n\t\t\t<a href=\"https:\/\/feuerwehr-vglambrecht.de\/cms\/wp-content\/gallery\/eifel\/img_2923.jpg\" title=\" \" class=\"shutterset_set_328\" >\n\t\t\t\t\t\t\t\t<img loading=\"lazy\" decoding=\"async\" title=\"img_2923\" alt=\"img_2923\" src=\"https:\/\/feuerwehr-vglambrecht.de\/cms\/wp-content\/gallery\/eifel\/thumbs\/thumbs_img_2923.jpg\" width=\"100\" height=\"75\" \/>\n\t\t\t\t\t\t\t<\/a>\n\t\t<\/div>\n\t<\/div>\n\t\n\t\t\n \t\t\n\t<div id=\"ngg-image-1925\" class=\"ngg-gallery-thumbnail-box\"  >\n\t\t<div class=\"ngg-gallery-thumbnail\" >\n\t\t\t<a href=\"https:\/\/feuerwehr-vglambrecht.de\/cms\/wp-content\/gallery\/eifel\/img_2924.jpg\" title=\" \" class=\"shutterset_set_328\" >\n\t\t\t\t\t\t\t\t<img loading=\"lazy\" decoding=\"async\" title=\"img_2924\" alt=\"img_2924\" src=\"https:\/\/feuerwehr-vglambrecht.de\/cms\/wp-content\/gallery\/eifel\/thumbs\/thumbs_img_2924.jpg\" width=\"100\" height=\"75\" \/>\n\t\t\t\t\t\t\t<\/a>\n\t\t<\/div>\n\t<\/div>\n\t\n\t\t\n \t\t\n\t<div id=\"ngg-image-1926\" class=\"ngg-gallery-thumbnail-box\"  >\n\t\t<div class=\"ngg-gallery-thumbnail\" >\n\t\t\t<a href=\"https:\/\/feuerwehr-vglambrecht.de\/cms\/wp-content\/gallery\/eifel\/img_2925.jpg\" title=\" \" class=\"shutterset_set_328\" >\n\t\t\t\t\t\t\t\t<img loading=\"lazy\" decoding=\"async\" title=\"img_2925\" alt=\"img_2925\" src=\"https:\/\/feuerwehr-vglambrecht.de\/cms\/wp-content\/gallery\/eifel\/thumbs\/thumbs_img_2925.jpg\" width=\"100\" height=\"75\" \/>\n\t\t\t\t\t\t\t<\/a>\n\t\t<\/div>\n\t<\/div>\n\t\n\t\t\n \t\t\n\t<div id=\"ngg-image-1927\" class=\"ngg-gallery-thumbnail-box\"  >\n\t\t<div class=\"ngg-gallery-thumbnail\" >\n\t\t\t<a href=\"https:\/\/feuerwehr-vglambrecht.de\/cms\/wp-content\/gallery\/eifel\/img_2926.jpg\" title=\" \" class=\"shutterset_set_328\" >\n\t\t\t\t\t\t\t\t<img loading=\"lazy\" decoding=\"async\" title=\"img_2926\" alt=\"img_2926\" src=\"https:\/\/feuerwehr-vglambrecht.de\/cms\/wp-content\/gallery\/eifel\/thumbs\/thumbs_img_2926.jpg\" width=\"100\" height=\"75\" \/>\n\t\t\t\t\t\t\t<\/a>\n\t\t<\/div>\n\t<\/div>\n\t\n\t\t\n \t\t\n\t<div id=\"ngg-image-1928\" class=\"ngg-gallery-thumbnail-box\"  >\n\t\t<div class=\"ngg-gallery-thumbnail\" >\n\t\t\t<a href=\"https:\/\/feuerwehr-vglambrecht.de\/cms\/wp-content\/gallery\/eifel\/img_2927.jpg\" title=\" \" class=\"shutterset_set_328\" >\n\t\t\t\t\t\t\t\t<img loading=\"lazy\" decoding=\"async\" title=\"img_2927\" alt=\"img_2927\" src=\"https:\/\/feuerwehr-vglambrecht.de\/cms\/wp-content\/gallery\/eifel\/thumbs\/thumbs_img_2927.jpg\" width=\"100\" height=\"75\" \/>\n\t\t\t\t\t\t\t<\/a>\n\t\t<\/div>\n\t<\/div>\n\t\n\t\t\n \t\t\n\t<div id=\"ngg-image-1929\" class=\"ngg-gallery-thumbnail-box\"  >\n\t\t<div class=\"ngg-gallery-thumbnail\" >\n\t\t\t<a href=\"https:\/\/feuerwehr-vglambrecht.de\/cms\/wp-content\/gallery\/eifel\/img_2928.jpg\" title=\" \" class=\"shutterset_set_328\" >\n\t\t\t\t\t\t\t\t<img loading=\"lazy\" decoding=\"async\" title=\"img_2928\" alt=\"img_2928\" src=\"https:\/\/feuerwehr-vglambrecht.de\/cms\/wp-content\/gallery\/eifel\/thumbs\/thumbs_img_2928.jpg\" width=\"100\" height=\"75\" \/>\n\t\t\t\t\t\t\t<\/a>\n\t\t<\/div>\n\t<\/div>\n\t\n\t\t\n \t\t\n\t<div id=\"ngg-image-1930\" class=\"ngg-gallery-thumbnail-box\"  >\n\t\t<div class=\"ngg-gallery-thumbnail\" >\n\t\t\t<a href=\"https:\/\/feuerwehr-vglambrecht.de\/cms\/wp-content\/gallery\/eifel\/img_2929.jpg\" title=\" \" class=\"shutterset_set_328\" >\n\t\t\t\t\t\t\t\t<img loading=\"lazy\" decoding=\"async\" title=\"img_2929\" alt=\"img_2929\" src=\"https:\/\/feuerwehr-vglambrecht.de\/cms\/wp-content\/gallery\/eifel\/thumbs\/thumbs_img_2929.jpg\" width=\"100\" height=\"75\" \/>\n\t\t\t\t\t\t\t<\/a>\n\t\t<\/div>\n\t<\/div>\n\t\n\t\t\n \t\t\n\t<div id=\"ngg-image-1931\" class=\"ngg-gallery-thumbnail-box\" style=\"display: none;\" >\n\t\t<div class=\"ngg-gallery-thumbnail\" >\n\t\t\t<a href=\"https:\/\/feuerwehr-vglambrecht.de\/cms\/wp-content\/gallery\/eifel\/img_2930.jpg\" title=\" \" class=\"shutterset_set_328\" >\n\t\t\t\t\t\t\t<\/a>\n\t\t<\/div>\n\t<\/div>\n\t\n\t \t\n\t<!-- Pagination -->\n \t<div class='ngg-navigation'><span class=\"current\">1<\/span><a class=\"page-numbers\" href=\"https:\/\/feuerwehr-vglambrecht.de\/cms\/einsatzberichte\/ueberlandhilfe-im-rahmen-des-katastropohenschutzes-grundstufe-h5\/nggallery\/page-2\">2<\/a><a class=\"next\" id=\"ngg-next-2\" href=\"https:\/\/feuerwehr-vglambrecht.de\/cms\/einsatzberichte\/ueberlandhilfe-im-rahmen-des-katastropohenschutzes-grundstufe-h5\/nggallery\/page-2\">&#9658;<\/a><\/div> \t\n<\/div>\n\n\n","protected":false},"author":17,"featured_media":9697,"template":"","meta":{"einsatz_weight":1,"footnotes":""},"categories":[1,5,69,6,71,2,3,84,72],"tags":[],"einsatzart":[33],"fahrzeug":[40,43],"exteinsatzmittel":[11,12,18,368,451,21],"alarmierungsart":[320],"evw_unit":[],"class_list":["post-9695","einsatz","type-einsatz","status-publish","has-post-thumbnail","hentry","category-allgemein","category-hello","category-fw_elmstein","category-fw_esthal","category-fw_lambrecht","category-new","category-news","category-start","category-fw_weidenthal","einsatzart-th","fahrzeug-elmstein-73","fahrzeug-esthal19","exteinsatzmittel-fw_elm","exteinsatzmittel-fw_est","exteinsatzmittel-fw_lam","exteinsatzmittel-feuerwehr-vg-deidesheim","exteinsatzmittel-feuerwehr-vg-wachenheim","exteinsatzmittel-fw_wei","alarmierungsart-sonstige"],"better_featured_image":{"id":9697,"alt_text":"","caption":"","description":"","media_type":"image","media_details":{"width":1600,"height":1200,"file":"2021\/07\/IMG-20210722-WA0003.jpg","filesize":189864,"sizes":{"medium_large":{"file":"IMG-20210722-WA0003-768x576.jpg","width":768,"height":576,"mime-type":"image\/jpeg","filesize":69497,"source_url":"https:\/\/feuerwehr-vglambrecht.de\/cms\/wp-content\/uploads\/2021\/07\/IMG-20210722-WA0003-768x576.jpg"},"1536x1536":{"file":"IMG-20210722-WA0003-1536x1152.jpg","width":1536,"height":1152,"mime-type":"image\/jpeg","filesize":207971,"source_url":"https:\/\/feuerwehr-vglambrecht.de\/cms\/wp-content\/uploads\/2021\/07\/IMG-20210722-WA0003-1536x1152.jpg"},"wptouch-new-thumbnail":{"file":"IMG-20210722-WA0003-144x144.jpg","width":144,"height":144,"mime-type":"image\/jpeg","filesize":5205,"source_url":"https:\/\/feuerwehr-vglambrecht.de\/cms\/wp-content\/uploads\/2021\/07\/IMG-20210722-WA0003-144x144.jpg"},"landing_image":{"file":"IMG-20210722-WA0003-1024x460.jpg","width":1024,"height":460,"mime-type":"image\/jpeg","filesize":76789,"source_url":"https:\/\/feuerwehr-vglambrecht.de\/cms\/wp-content\/uploads\/2021\/07\/IMG-20210722-WA0003-1024x460.jpg"},"foundation-featured-image":{"file":"IMG-20210722-WA0003-900x675.jpg","width":900,"height":675,"mime-type":"image\/jpeg","filesize":91240,"source_url":"https:\/\/feuerwehr-vglambrecht.de\/cms\/wp-content\/uploads\/2021\/07\/IMG-20210722-WA0003-900x675.jpg"},"thumbnail":{"file":"IMG-20210722-WA0003-150x150.jpg","width":150,"height":150,"source_url":"https:\/\/feuerwehr-vglambrecht.de\/cms\/wp-content\/uploads\/2021\/07\/IMG-20210722-WA0003-150x150.jpg"},"medium":{"file":"IMG-20210722-WA0003-300x225.jpg","width":300,"height":225,"source_url":"https:\/\/feuerwehr-vglambrecht.de\/cms\/wp-content\/uploads\/2021\/07\/IMG-20210722-WA0003-300x225.jpg"},"large":{"file":"IMG-20210722-WA0003-1024x768.jpg","width":1024,"height":768,"source_url":"https:\/\/feuerwehr-vglambrecht.de\/cms\/wp-content\/uploads\/2021\/07\/IMG-20210722-WA0003-1024x768.jpg"}},"image_meta":{"aperture":"0","credit":"","camera":"","caption":"","created_timestamp":"0","copyright":"","focal_length":"0","iso":"0","shutter_speed":"0","title":"","orientation":"0","keywords":[]},"image-converter":{"thumbnail":"IME","medium":"IME","large":"IME"}},"post":9695,"source_url":"https:\/\/feuerwehr-vglambrecht.de\/cms\/wp-content\/uploads\/2021\/07\/IMG-20210722-WA0003.jpg"},"einsatz_ort":"Ahrtal, Eifel","einsatz_ende":"2021-07-23 22:00","einsatz_beginn":"","_links":{"self":[{"href":"https:\/\/feuerwehr-vglambrecht.de\/cms\/wp-json\/wp\/v2\/einsatz\/9695","targetHints":{"allow":["GET"]}}],"collection":[{"href":"https:\/\/feuerwehr-vglambrecht.de\/cms\/wp-json\/wp\/v2\/einsatz"}],"about":[{"href":"https:\/\/feuerwehr-vglambrecht.de\/cms\/wp-json\/wp\/v2\/types\/einsatz"}],"author":[{"embeddable":true,"href":"https:\/\/feuerwehr-vglambrecht.de\/cms\/wp-json\/wp\/v2\/users\/17"}],"version-history":[{"count":10,"href":"https:\/\/feuerwehr-vglambrecht.de\/cms\/wp-json\/wp\/v2\/einsatz\/9695\/revisions"}],"predecessor-version":[{"id":9706,"href":"https:\/\/feuerwehr-vglambrecht.de\/cms\/wp-json\/wp\/v2\/einsatz\/9695\/revisions\/9706"}],"wp:featuredmedia":[{"embeddable":true,"href":"https:\/\/feuerwehr-vglambrecht.de\/cms\/wp-json\/wp\/v2\/media\/9697"}],"wp:attachment":[{"href":"https:\/\/feuerwehr-vglambrecht.de\/cms\/wp-json\/wp\/v2\/media?parent=9695"}],"wp:term":[{"taxonomy":"category","embeddable":true,"href":"https:\/\/feuerwehr-vglambrecht.de\/cms\/wp-json\/wp\/v2\/categories?post=9695"},{"taxonomy":"post_tag","embeddable":true,"href":"https:\/\/feuerwehr-vglambrecht.de\/cms\/wp-json\/wp\/v2\/tags?post=9695"},{"taxonomy":"einsatzart","embeddable":true,"href":"https:\/\/feuerwehr-vglambrecht.de\/cms\/wp-json\/wp\/v2\/einsatzart?post=9695"},{"taxonomy":"fahrzeug","embeddable":true,"href":"https:\/\/feuerwehr-vglambrecht.de\/cms\/wp-json\/wp\/v2\/fahrzeug?post=9695"},{"taxonomy":"exteinsatzmittel","embeddable":true,"href":"https:\/\/feuerwehr-vglambrecht.de\/cms\/wp-json\/wp\/v2\/exteinsatzmittel?post=9695"},{"taxonomy":"alarmierungsart","embeddable":true,"href":"https:\/\/feuerwehr-vglambrecht.de\/cms\/wp-json\/wp\/v2\/alarmierungsart?post=9695"},{"taxonomy":"evw_unit","embeddable":true,"href":"https:\/\/feuerwehr-vglambrecht.de\/cms\/wp-json\/wp\/v2\/evw_unit?post=9695"}],"curies":[{"name":"wp","href":"https:\/\/api.w.org\/{rel}","templated":true}]}}