{"id":9405,"date":"2021-03-22T17:21:00","date_gmt":"2021-03-22T16:21:00","guid":{"rendered":"https:\/\/feuerwehr-vglambrecht.de\/cms\/?post_type=einsatz&#038;p=9405"},"modified":"2021-03-22T19:43:03","modified_gmt":"2021-03-22T18:43:03","slug":"tragehilfe-rettungsdienst-h1-08-7","status":"publish","type":"einsatz","link":"https:\/\/feuerwehr-vglambrecht.de\/cms\/einsatzberichte\/tragehilfe-rettungsdienst-h1-08-7\/","title":{"rendered":"Tragehilfe-Rettungsdienst (H1.08)"},"content":{"rendered":"<p><strong>Feuerwehr unterst\u00fctzt Rettungsdienst<\/strong><\/p>\n<p><strong>\u00a0<\/strong>Die Feuerwehren Frankeneck und Esthal wurden am 22. M\u00e4rz 2021 gegen \u00a017:21 Uhr zu einer Tragehilfe in die Talstra\u00dfe in Frankeneck alarmiert.<!--more--><\/p>\n<p>Durch die baulichen Begebenheiten war eine Rettung allein durch den Rettungsdienst nicht m\u00f6glich. Die Feuerwehren unterst\u00fctzten bei der Rettung einer gest\u00fcrzten Person durch ein enges Treppenhaus aus dem 2. Obergeschoss eines Mehrfamilienhauses bis zum Rettungswagen.<\/p>\n<p>Durch die ung\u00fcnstige Lage der Einsatzstelle im Kurvenbereich wurde der Verkehr durch die Feuerwehr geregelt.<\/p>\n<p>&nbsp;<\/p>\n","protected":false},"author":5,"featured_media":4687,"template":"","meta":{"einsatz_weight":1,"footnotes":""},"categories":[],"tags":[138,141,246,190,273],"einsatzart":[33],"fahrzeug":[350,307,44],"exteinsatzmittel":[12,13,299,31],"alarmierungsart":[10],"evw_unit":[],"class_list":["post-9405","einsatz","type-einsatz","status-publish","has-post-thumbnail","hentry","tag-esthal","tag-frankeneck","tag-personenrettung","tag-technische-hilfe","tag-tragehilfe","einsatzart-th","fahrzeug-esthal-19-2","fahrzeug-307","fahrzeug-frankeneck-40","exteinsatzmittel-fw_est","exteinsatzmittel-fw_fra","exteinsatzmittel-fez-neustadt","exteinsatzmittel-drk","alarmierungsart-dme-digitaler-meldeempfaenger"],"better_featured_image":{"id":4687,"alt_text":"","caption":"","description":"","media_type":"image","media_details":{"width":1024,"height":555,"file":"2016\/09\/img_1589.jpg","filesize":386712,"sizes":{"medium_large":{"file":"img_1589-768x416.jpg","width":768,"height":416,"mime-type":"image\/jpeg","filesize":102146,"source_url":"https:\/\/feuerwehr-vglambrecht.de\/cms\/wp-content\/uploads\/2016\/09\/img_1589-768x416.jpg"},"wptouch-new-thumbnail":{"file":"img_1589-144x144.jpg","width":144,"height":144,"mime-type":"image\/jpeg","filesize":29064,"source_url":"https:\/\/feuerwehr-vglambrecht.de\/cms\/wp-content\/uploads\/2016\/09\/img_1589-144x144.jpg"},"landing_image":{"file":"img_1589-1024x460.jpg","width":1024,"height":460,"mime-type":"image\/jpeg","filesize":158323,"source_url":"https:\/\/feuerwehr-vglambrecht.de\/cms\/wp-content\/uploads\/2016\/09\/img_1589-1024x460.jpg"},"foundation-featured-image":{"file":"img_1589-900x488.jpg","width":900,"height":488,"mime-type":"image\/jpeg","filesize":132230,"source_url":"https:\/\/feuerwehr-vglambrecht.de\/cms\/wp-content\/uploads\/2016\/09\/img_1589-900x488.jpg"},"thumbnail":{"file":"img_1589-150x150.jpg","width":150,"height":150,"source_url":"https:\/\/feuerwehr-vglambrecht.de\/cms\/wp-content\/uploads\/2016\/09\/img_1589-150x150.jpg"},"medium":{"file":"img_1589-300x163.jpg","width":300,"height":163,"source_url":"https:\/\/feuerwehr-vglambrecht.de\/cms\/wp-content\/uploads\/2016\/09\/img_1589-300x163.jpg"}},"image_meta":{"aperture":"5","credit":"","camera":"Canon EOS 1200D","caption":"","created_timestamp":"1450361853","copyright":"","focal_length":"20","iso":"100","shutter_speed":"0.016666666666667","title":"","orientation":"1","keywords":[]},"image-converter":{"thumbnail":"IME","medium":"IME"}},"post":4684,"source_url":"https:\/\/feuerwehr-vglambrecht.de\/cms\/wp-content\/uploads\/2016\/09\/img_1589.jpg"},"einsatz_ort":"Frankeneck","einsatz_ende":"2021-03-22 18:00","einsatz_beginn":"","_links":{"self":[{"href":"https:\/\/feuerwehr-vglambrecht.de\/cms\/wp-json\/wp\/v2\/einsatz\/9405","targetHints":{"allow":["GET"]}}],"collection":[{"href":"https:\/\/feuerwehr-vglambrecht.de\/cms\/wp-json\/wp\/v2\/einsatz"}],"about":[{"href":"https:\/\/feuerwehr-vglambrecht.de\/cms\/wp-json\/wp\/v2\/types\/einsatz"}],"author":[{"embeddable":true,"href":"https:\/\/feuerwehr-vglambrecht.de\/cms\/wp-json\/wp\/v2\/users\/5"}],"version-history":[{"count":3,"href":"https:\/\/feuerwehr-vglambrecht.de\/cms\/wp-json\/wp\/v2\/einsatz\/9405\/revisions"}],"predecessor-version":[{"id":9408,"href":"https:\/\/feuerwehr-vglambrecht.de\/cms\/wp-json\/wp\/v2\/einsatz\/9405\/revisions\/9408"}],"wp:featuredmedia":[{"embeddable":true,"href":"https:\/\/feuerwehr-vglambrecht.de\/cms\/wp-json\/wp\/v2\/media\/4687"}],"wp:attachment":[{"href":"https:\/\/feuerwehr-vglambrecht.de\/cms\/wp-json\/wp\/v2\/media?parent=9405"}],"wp:term":[{"taxonomy":"category","embeddable":true,"href":"https:\/\/feuerwehr-vglambrecht.de\/cms\/wp-json\/wp\/v2\/categories?post=9405"},{"taxonomy":"post_tag","embeddable":true,"href":"https:\/\/feuerwehr-vglambrecht.de\/cms\/wp-json\/wp\/v2\/tags?post=9405"},{"taxonomy":"einsatzart","embeddable":true,"href":"https:\/\/feuerwehr-vglambrecht.de\/cms\/wp-json\/wp\/v2\/einsatzart?post=9405"},{"taxonomy":"fahrzeug","embeddable":true,"href":"https:\/\/feuerwehr-vglambrecht.de\/cms\/wp-json\/wp\/v2\/fahrzeug?post=9405"},{"taxonomy":"exteinsatzmittel","embeddable":true,"href":"https:\/\/feuerwehr-vglambrecht.de\/cms\/wp-json\/wp\/v2\/exteinsatzmittel?post=9405"},{"taxonomy":"alarmierungsart","embeddable":true,"href":"https:\/\/feuerwehr-vglambrecht.de\/cms\/wp-json\/wp\/v2\/alarmierungsart?post=9405"},{"taxonomy":"evw_unit","embeddable":true,"href":"https:\/\/feuerwehr-vglambrecht.de\/cms\/wp-json\/wp\/v2\/evw_unit?post=9405"}],"curies":[{"name":"wp","href":"https:\/\/api.w.org\/{rel}","templated":true}]}}