{"id":9393,"date":"2021-03-14T11:45:00","date_gmt":"2021-03-14T10:45:00","guid":{"rendered":"https:\/\/feuerwehr-vglambrecht.de\/cms\/?post_type=einsatz&#038;p=9393"},"modified":"2021-03-14T15:53:26","modified_gmt":"2021-03-14T14:53:26","slug":"brandnachschau","status":"publish","type":"einsatz","link":"https:\/\/feuerwehr-vglambrecht.de\/cms\/einsatzberichte\/brandnachschau\/","title":{"rendered":"Brandnachschau"},"content":{"rendered":"<p>Die Wehrf\u00fchrung der FW Esthal wurde zu einer Brandnachschau an die Waldfesthalle Esthal alarmiert. Auf einem Privatgrundst\u00fcck gegen\u00fcber war ein kokelnder Holzhaufen gemeldet, der drohte auf Plastikplanen \u00fcberzugreifen. Die Planen wurden entfernt. Ansonsten war kein Einsatz f\u00fcr die Feuerwehr erforderlich. Der Sachverhalt wurde aufgrund sich wiederholender Vorf\u00e4lle an die zust\u00e4ndige Ordnungsbeh\u00f6rde \u00fcbergeben.<\/p>\n","protected":false},"author":3,"featured_media":9255,"template":"","meta":{"einsatz_weight":1,"footnotes":""},"categories":[],"tags":[138,373],"einsatzart":[7],"fahrzeug":[43],"exteinsatzmittel":[12],"alarmierungsart":[65],"evw_unit":[],"class_list":["post-9393","einsatz","type-einsatz","status-publish","has-post-thumbnail","hentry","tag-esthal","tag-immerda","einsatzart-brand","fahrzeug-esthal19","exteinsatzmittel-fw_est","alarmierungsart-telefon"],"better_featured_image":{"id":9255,"alt_text":"","caption":"","description":"","media_type":"image","media_details":{"width":1620,"height":1080,"file":"2016\/10\/2192.jpg","filesize":2471740,"sizes":{"medium_large":{"file":"2192-768x512.jpg","width":768,"height":512,"mime-type":"image\/jpeg","filesize":99382,"source_url":"https:\/\/feuerwehr-vglambrecht.de\/cms\/wp-content\/uploads\/2016\/10\/2192-768x512.jpg"},"1536x1536":{"file":"2192-1536x1024.jpg","width":1536,"height":1024,"mime-type":"image\/jpeg","filesize":342915,"source_url":"https:\/\/feuerwehr-vglambrecht.de\/cms\/wp-content\/uploads\/2016\/10\/2192-1536x1024.jpg"},"wptouch-new-thumbnail":{"file":"2192-144x144.jpg","width":144,"height":144,"mime-type":"image\/jpeg","filesize":11822,"source_url":"https:\/\/feuerwehr-vglambrecht.de\/cms\/wp-content\/uploads\/2016\/10\/2192-144x144.jpg"},"landing_image":{"file":"2192-1024x460.jpg","width":1024,"height":460,"mime-type":"image\/jpeg","filesize":112365,"source_url":"https:\/\/feuerwehr-vglambrecht.de\/cms\/wp-content\/uploads\/2016\/10\/2192-1024x460.jpg"},"foundation-featured-image":{"file":"2192-900x600.jpg","width":900,"height":600,"mime-type":"image\/jpeg","filesize":131918,"source_url":"https:\/\/feuerwehr-vglambrecht.de\/cms\/wp-content\/uploads\/2016\/10\/2192-900x600.jpg"},"thumbnail":{"file":"2192-150x150.jpg","width":150,"height":150,"source_url":"https:\/\/feuerwehr-vglambrecht.de\/cms\/wp-content\/uploads\/2016\/10\/2192-150x150.jpg"},"medium":{"file":"2192-300x200.jpg","width":300,"height":200,"source_url":"https:\/\/feuerwehr-vglambrecht.de\/cms\/wp-content\/uploads\/2016\/10\/2192-300x200.jpg"},"large":{"file":"2192-1024x683.jpg","width":1024,"height":683,"source_url":"https:\/\/feuerwehr-vglambrecht.de\/cms\/wp-content\/uploads\/2016\/10\/2192-1024x683.jpg"}},"image_meta":{"aperture":"5","credit":"","camera":"Canon EOS 2000D","caption":"","created_timestamp":"1582971257","copyright":"","focal_length":"24","iso":"100","shutter_speed":"0.0025","title":"","orientation":"1","keywords":[]},"image-converter":{"thumbnail":"IME","medium":"IME","large":"IME"}},"post":4762,"source_url":"https:\/\/feuerwehr-vglambrecht.de\/cms\/wp-content\/uploads\/2016\/10\/2192.jpg"},"einsatz_ort":"Waldfesthalle Esthal","einsatz_ende":"2021-03-14 12:00","einsatz_beginn":"","_links":{"self":[{"href":"https:\/\/feuerwehr-vglambrecht.de\/cms\/wp-json\/wp\/v2\/einsatz\/9393","targetHints":{"allow":["GET"]}}],"collection":[{"href":"https:\/\/feuerwehr-vglambrecht.de\/cms\/wp-json\/wp\/v2\/einsatz"}],"about":[{"href":"https:\/\/feuerwehr-vglambrecht.de\/cms\/wp-json\/wp\/v2\/types\/einsatz"}],"author":[{"embeddable":true,"href":"https:\/\/feuerwehr-vglambrecht.de\/cms\/wp-json\/wp\/v2\/users\/3"}],"version-history":[{"count":1,"href":"https:\/\/feuerwehr-vglambrecht.de\/cms\/wp-json\/wp\/v2\/einsatz\/9393\/revisions"}],"predecessor-version":[{"id":9394,"href":"https:\/\/feuerwehr-vglambrecht.de\/cms\/wp-json\/wp\/v2\/einsatz\/9393\/revisions\/9394"}],"wp:featuredmedia":[{"embeddable":true,"href":"https:\/\/feuerwehr-vglambrecht.de\/cms\/wp-json\/wp\/v2\/media\/9255"}],"wp:attachment":[{"href":"https:\/\/feuerwehr-vglambrecht.de\/cms\/wp-json\/wp\/v2\/media?parent=9393"}],"wp:term":[{"taxonomy":"category","embeddable":true,"href":"https:\/\/feuerwehr-vglambrecht.de\/cms\/wp-json\/wp\/v2\/categories?post=9393"},{"taxonomy":"post_tag","embeddable":true,"href":"https:\/\/feuerwehr-vglambrecht.de\/cms\/wp-json\/wp\/v2\/tags?post=9393"},{"taxonomy":"einsatzart","embeddable":true,"href":"https:\/\/feuerwehr-vglambrecht.de\/cms\/wp-json\/wp\/v2\/einsatzart?post=9393"},{"taxonomy":"fahrzeug","embeddable":true,"href":"https:\/\/feuerwehr-vglambrecht.de\/cms\/wp-json\/wp\/v2\/fahrzeug?post=9393"},{"taxonomy":"exteinsatzmittel","embeddable":true,"href":"https:\/\/feuerwehr-vglambrecht.de\/cms\/wp-json\/wp\/v2\/exteinsatzmittel?post=9393"},{"taxonomy":"alarmierungsart","embeddable":true,"href":"https:\/\/feuerwehr-vglambrecht.de\/cms\/wp-json\/wp\/v2\/alarmierungsart?post=9393"},{"taxonomy":"evw_unit","embeddable":true,"href":"https:\/\/feuerwehr-vglambrecht.de\/cms\/wp-json\/wp\/v2\/evw_unit?post=9393"}],"curies":[{"name":"wp","href":"https:\/\/api.w.org\/{rel}","templated":true}]}}