{"id":9102,"date":"2020-10-15T07:57:00","date_gmt":"2020-10-15T05:57:00","guid":{"rendered":"https:\/\/feuerwehr-vglambrecht.de\/cms\/?post_type=einsatz&#038;p=9102"},"modified":"2020-10-19T11:23:26","modified_gmt":"2020-10-19T09:23:26","slug":"brandmeldeanlage-b2-07-21","status":"publish","type":"einsatz","link":"https:\/\/feuerwehr-vglambrecht.de\/cms\/einsatzberichte\/brandmeldeanlage-b2-07-21\/","title":{"rendered":"Brandmeldeanlage (B2.07)"},"content":{"rendered":"<p>Aufgrund einer ausgel\u00f6sten Brandmeldeanlage wurden die Einheiten Neidenfels und Weidenthal am 15.10.2020 um 07:57 Uhr in die Staatsstra\u00dfe in Neidenfels alarmiert. Die Feuerwehr erkundete das Geb\u00e4ude und stellte fest, dass es sich um einen Fehlalarm handelte. Die Brandmeldeanlage wurde durch die Feuerwehr zur\u00fcckgesetzt und das Geb\u00e4ude an den Eigent\u00fcmer \u00fcbergeben.<\/p>\n","protected":false},"author":1,"featured_media":0,"template":"","meta":{"einsatz_weight":1,"footnotes":""},"categories":[],"tags":[163,135,136],"einsatzart":[8],"fahrzeug":[59,61],"exteinsatzmittel":[68,21,30,31],"alarmierungsart":[10],"evw_unit":[],"class_list":["post-9102","einsatz","type-einsatz","status-publish","hentry","tag-brandmeldeanlage","tag-neidenfels","tag-weidenthal","einsatzart-bma","fahrzeug-neidenfels-47","fahrzeug-neidenfels-73","exteinsatzmittel-fw_nei","exteinsatzmittel-fw_wei","exteinsatzmittel-pol","exteinsatzmittel-drk","alarmierungsart-dme-digitaler-meldeempfaenger"],"better_featured_image":null,"einsatz_ort":"","einsatz_ende":"2020-10-15 08:17","einsatz_beginn":"","_links":{"self":[{"href":"https:\/\/feuerwehr-vglambrecht.de\/cms\/wp-json\/wp\/v2\/einsatz\/9102","targetHints":{"allow":["GET"]}}],"collection":[{"href":"https:\/\/feuerwehr-vglambrecht.de\/cms\/wp-json\/wp\/v2\/einsatz"}],"about":[{"href":"https:\/\/feuerwehr-vglambrecht.de\/cms\/wp-json\/wp\/v2\/types\/einsatz"}],"author":[{"embeddable":true,"href":"https:\/\/feuerwehr-vglambrecht.de\/cms\/wp-json\/wp\/v2\/users\/1"}],"version-history":[{"count":1,"href":"https:\/\/feuerwehr-vglambrecht.de\/cms\/wp-json\/wp\/v2\/einsatz\/9102\/revisions"}],"predecessor-version":[{"id":9103,"href":"https:\/\/feuerwehr-vglambrecht.de\/cms\/wp-json\/wp\/v2\/einsatz\/9102\/revisions\/9103"}],"wp:attachment":[{"href":"https:\/\/feuerwehr-vglambrecht.de\/cms\/wp-json\/wp\/v2\/media?parent=9102"}],"wp:term":[{"taxonomy":"category","embeddable":true,"href":"https:\/\/feuerwehr-vglambrecht.de\/cms\/wp-json\/wp\/v2\/categories?post=9102"},{"taxonomy":"post_tag","embeddable":true,"href":"https:\/\/feuerwehr-vglambrecht.de\/cms\/wp-json\/wp\/v2\/tags?post=9102"},{"taxonomy":"einsatzart","embeddable":true,"href":"https:\/\/feuerwehr-vglambrecht.de\/cms\/wp-json\/wp\/v2\/einsatzart?post=9102"},{"taxonomy":"fahrzeug","embeddable":true,"href":"https:\/\/feuerwehr-vglambrecht.de\/cms\/wp-json\/wp\/v2\/fahrzeug?post=9102"},{"taxonomy":"exteinsatzmittel","embeddable":true,"href":"https:\/\/feuerwehr-vglambrecht.de\/cms\/wp-json\/wp\/v2\/exteinsatzmittel?post=9102"},{"taxonomy":"alarmierungsart","embeddable":true,"href":"https:\/\/feuerwehr-vglambrecht.de\/cms\/wp-json\/wp\/v2\/alarmierungsart?post=9102"},{"taxonomy":"evw_unit","embeddable":true,"href":"https:\/\/feuerwehr-vglambrecht.de\/cms\/wp-json\/wp\/v2\/evw_unit?post=9102"}],"curies":[{"name":"wp","href":"https:\/\/api.w.org\/{rel}","templated":true}]}}