{"id":9059,"date":"2020-09-23T15:22:00","date_gmt":"2020-09-23T13:22:00","guid":{"rendered":"https:\/\/feuerwehr-vglambrecht.de\/cms\/?post_type=einsatz&#038;p=9059"},"modified":"2020-09-23T20:16:36","modified_gmt":"2020-09-23T18:16:36","slug":"person-in-zwangslage-h2-04-6","status":"publish","type":"einsatz","link":"https:\/\/feuerwehr-vglambrecht.de\/cms\/einsatzberichte\/person-in-zwangslage-h2-04-6\/","title":{"rendered":"Person in Zwangslage (H2.04)"},"content":{"rendered":"<p>Am heutigen Nachmittag wurden die Feuerwehreinheiten Elmstein, Esthal, Iggelbach und Lambrecht ins Stille Tal alarmiert.<!--more--> Dort war ein Wanderer ca. 5 Meter am Wegesrand abgest\u00fcrzt. Die ebenfalls alarmierte First Responder Einheit \u00fcbernahm bis zum Eintreffen des Rettungsdienstes die Erstversorgung des Patienten. Die Feuerwehr k\u00fcmmerte sich um die Koordination der Rettungsmittel, den Notarzttransfer vom alarmierten Rettungshubschrauber \u201eChristoph 66\u201c, sowie die technische Rettung des Patienten. Der verunfallte Wanderer wurde durch die Feuerwehr mittels Schleifkorbtrage gerettet und zum Rettungswagen transportiert.<\/p>\n<p>Bildquelle: Christoph 66 &#8211; Fanpage (Facebook)<\/p>\n","protected":false},"author":10,"featured_media":9068,"template":"","meta":{"einsatz_weight":1,"footnotes":""},"categories":[],"tags":[388,139,138,383,143,373,246,386,190],"einsatzart":[33],"fahrzeug":[38,40,307,39,46,55],"exteinsatzmittel":[409,11,12,17,18,299,382,354,187,31,35],"alarmierungsart":[10],"evw_unit":[],"class_list":["post-9059","einsatz","type-einsatz","status-publish","has-post-thumbnail","hentry","tag-ehrenamt","tag-elmstein","tag-esthal","tag-feuerwehrvglambrecht","tag-iggelbach","tag-immerda","tag-personenrettung","tag-retterherzen","tag-technische-hilfe","einsatzart-th","fahrzeug-elmstein-44","fahrzeug-elmstein-73","fahrzeug-307","fahrzeug-lambrecht-17","fahrzeug-iggelbach-47","fahrzeug-lambrecht-51","exteinsatzmittel-christoph-66","exteinsatzmittel-fw_elm","exteinsatzmittel-fw_est","exteinsatzmittel-fw_igg","exteinsatzmittel-fw_lam","exteinsatzmittel-fez-neustadt","exteinsatzmittel-first-responder-feuerwehr-vg-lambrecht","exteinsatzmittel-integrierte-leitstelle-ludwigshafen","exteinsatzmittel-notarzt","exteinsatzmittel-drk","exteinsatzmittel-fw_weh","alarmierungsart-dme-digitaler-meldeempfaenger"],"better_featured_image":{"id":9068,"alt_text":"","caption":"","description":"","media_type":"image","media_details":{"width":1600,"height":1200,"file":"2020\/09\/CH66.jpg","filesize":427761,"sizes":{"medium_large":{"file":"CH66-768x576.jpg","width":768,"height":576,"mime-type":"image\/jpeg","filesize":128237,"source_url":"https:\/\/feuerwehr-vglambrecht.de\/cms\/wp-content\/uploads\/2020\/09\/CH66-768x576.jpg"},"1536x1536":{"file":"CH66-1536x1152.jpg","width":1536,"height":1152,"mime-type":"image\/jpeg","filesize":477656,"source_url":"https:\/\/feuerwehr-vglambrecht.de\/cms\/wp-content\/uploads\/2020\/09\/CH66-1536x1152.jpg"},"wptouch-new-thumbnail":{"file":"CH66-144x144.jpg","width":144,"height":144,"mime-type":"image\/jpeg","filesize":6918,"source_url":"https:\/\/feuerwehr-vglambrecht.de\/cms\/wp-content\/uploads\/2020\/09\/CH66-144x144.jpg"},"landing_image":{"file":"CH66-1024x460.jpg","width":1024,"height":460,"mime-type":"image\/jpeg","filesize":133728,"source_url":"https:\/\/feuerwehr-vglambrecht.de\/cms\/wp-content\/uploads\/2020\/09\/CH66-1024x460.jpg"},"foundation-featured-image":{"file":"CH66-900x675.jpg","width":900,"height":675,"mime-type":"image\/jpeg","filesize":178316,"source_url":"https:\/\/feuerwehr-vglambrecht.de\/cms\/wp-content\/uploads\/2020\/09\/CH66-900x675.jpg"},"thumbnail":{"file":"CH66-150x150.jpg","width":150,"height":150,"source_url":"https:\/\/feuerwehr-vglambrecht.de\/cms\/wp-content\/uploads\/2020\/09\/CH66-150x150.jpg"},"medium":{"file":"CH66-300x225.jpg","width":300,"height":225,"source_url":"https:\/\/feuerwehr-vglambrecht.de\/cms\/wp-content\/uploads\/2020\/09\/CH66-300x225.jpg"},"large":{"file":"CH66-1024x768.jpg","width":1024,"height":768,"source_url":"https:\/\/feuerwehr-vglambrecht.de\/cms\/wp-content\/uploads\/2020\/09\/CH66-1024x768.jpg"}},"image_meta":{"aperture":"0","credit":"","camera":"","caption":"","created_timestamp":"0","copyright":"","focal_length":"0","iso":"0","shutter_speed":"0","title":"","orientation":"0","keywords":[]},"image-converter":{"thumbnail":"IME","medium":"IME","large":"IME"}},"post":9059,"source_url":"https:\/\/feuerwehr-vglambrecht.de\/cms\/wp-content\/uploads\/2020\/09\/CH66.jpg"},"einsatz_ort":"Stilles Tal","einsatz_ende":"2020-09-23 16:45","einsatz_beginn":"","_links":{"self":[{"href":"https:\/\/feuerwehr-vglambrecht.de\/cms\/wp-json\/wp\/v2\/einsatz\/9059","targetHints":{"allow":["GET"]}}],"collection":[{"href":"https:\/\/feuerwehr-vglambrecht.de\/cms\/wp-json\/wp\/v2\/einsatz"}],"about":[{"href":"https:\/\/feuerwehr-vglambrecht.de\/cms\/wp-json\/wp\/v2\/types\/einsatz"}],"author":[{"embeddable":true,"href":"https:\/\/feuerwehr-vglambrecht.de\/cms\/wp-json\/wp\/v2\/users\/10"}],"version-history":[{"count":5,"href":"https:\/\/feuerwehr-vglambrecht.de\/cms\/wp-json\/wp\/v2\/einsatz\/9059\/revisions"}],"predecessor-version":[{"id":9070,"href":"https:\/\/feuerwehr-vglambrecht.de\/cms\/wp-json\/wp\/v2\/einsatz\/9059\/revisions\/9070"}],"wp:featuredmedia":[{"embeddable":true,"href":"https:\/\/feuerwehr-vglambrecht.de\/cms\/wp-json\/wp\/v2\/media\/9068"}],"wp:attachment":[{"href":"https:\/\/feuerwehr-vglambrecht.de\/cms\/wp-json\/wp\/v2\/media?parent=9059"}],"wp:term":[{"taxonomy":"category","embeddable":true,"href":"https:\/\/feuerwehr-vglambrecht.de\/cms\/wp-json\/wp\/v2\/categories?post=9059"},{"taxonomy":"post_tag","embeddable":true,"href":"https:\/\/feuerwehr-vglambrecht.de\/cms\/wp-json\/wp\/v2\/tags?post=9059"},{"taxonomy":"einsatzart","embeddable":true,"href":"https:\/\/feuerwehr-vglambrecht.de\/cms\/wp-json\/wp\/v2\/einsatzart?post=9059"},{"taxonomy":"fahrzeug","embeddable":true,"href":"https:\/\/feuerwehr-vglambrecht.de\/cms\/wp-json\/wp\/v2\/fahrzeug?post=9059"},{"taxonomy":"exteinsatzmittel","embeddable":true,"href":"https:\/\/feuerwehr-vglambrecht.de\/cms\/wp-json\/wp\/v2\/exteinsatzmittel?post=9059"},{"taxonomy":"alarmierungsart","embeddable":true,"href":"https:\/\/feuerwehr-vglambrecht.de\/cms\/wp-json\/wp\/v2\/alarmierungsart?post=9059"},{"taxonomy":"evw_unit","embeddable":true,"href":"https:\/\/feuerwehr-vglambrecht.de\/cms\/wp-json\/wp\/v2\/evw_unit?post=9059"}],"curies":[{"name":"wp","href":"https:\/\/api.w.org\/{rel}","templated":true}]}}