{"id":8931,"date":"2020-08-13T21:15:00","date_gmt":"2020-08-13T19:15:00","guid":{"rendered":"https:\/\/feuerwehr-vglambrecht.de\/cms\/?post_type=einsatz&#038;p=8931"},"modified":"2020-08-14T09:09:14","modified_gmt":"2020-08-14T07:09:14","slug":"tragehilfe-h1-08-3","status":"publish","type":"einsatz","link":"https:\/\/feuerwehr-vglambrecht.de\/cms\/einsatzberichte\/tragehilfe-h1-08-3\/","title":{"rendered":"Tragehilfe (H1.08)"},"content":{"rendered":"<p>Die Feuerwehr Lambrecht wurde am 13.08.2020 um 21:15 Uhr zu einer Tragehilfe einer reanimationspflichtigen Person f\u00fcr den Rettungsdienst in die Gartenstra\u00dfe in Lambrecht alarmiert. Die Feuerwehr unterst\u00fctzte hierbei die Kollegen vom Rettungsdienst und Notarzt beim Transport in den Rettungswagen sowie bei der Reanimation. Anschlie\u00dfend wurde die Person ins Krankenhaus verbracht.<\/p>\n","protected":false},"author":17,"featured_media":8895,"template":"","meta":{"einsatz_weight":1,"footnotes":""},"categories":[71],"tags":[],"einsatzart":[33],"fahrzeug":[286,53,54],"exteinsatzmittel":[18,299,187,31],"alarmierungsart":[10],"evw_unit":[],"class_list":["post-8931","einsatz","type-einsatz","status-publish","has-post-thumbnail","hentry","category-fw_lambrecht","einsatzart-th","fahrzeug-lambrecht-4191","fahrzeug-lambrecht-33","fahrzeug-lambrecht-44","exteinsatzmittel-fw_lam","exteinsatzmittel-fez-neustadt","exteinsatzmittel-notarzt","exteinsatzmittel-drk","alarmierungsart-dme-digitaler-meldeempfaenger"],"better_featured_image":{"id":8895,"alt_text":"","caption":"","description":"","media_type":"image","media_details":{"width":2560,"height":1707,"file":"2020\/08\/FB0A2C3F-9C5F-4035-AE65-ED38573F67A9-scaled.jpeg","filesize":621818,"sizes":{"medium_large":{"file":"FB0A2C3F-9C5F-4035-AE65-ED38573F67A9-768x512.jpeg","width":768,"height":512,"mime-type":"image\/jpeg","filesize":91713,"source_url":"https:\/\/feuerwehr-vglambrecht.de\/cms\/wp-content\/uploads\/2020\/08\/FB0A2C3F-9C5F-4035-AE65-ED38573F67A9-768x512.jpeg"},"1536x1536":{"file":"FB0A2C3F-9C5F-4035-AE65-ED38573F67A9-1536x1024.jpeg","width":1536,"height":1024,"mime-type":"image\/jpeg","filesize":272596,"source_url":"https:\/\/feuerwehr-vglambrecht.de\/cms\/wp-content\/uploads\/2020\/08\/FB0A2C3F-9C5F-4035-AE65-ED38573F67A9-1536x1024.jpeg"},"2048x2048":{"file":"FB0A2C3F-9C5F-4035-AE65-ED38573F67A9-2048x1365.jpeg","width":2048,"height":1365,"mime-type":"image\/jpeg","filesize":434445,"source_url":"https:\/\/feuerwehr-vglambrecht.de\/cms\/wp-content\/uploads\/2020\/08\/FB0A2C3F-9C5F-4035-AE65-ED38573F67A9-2048x1365.jpeg"},"wptouch-new-thumbnail":{"file":"FB0A2C3F-9C5F-4035-AE65-ED38573F67A9-144x144.jpeg","width":144,"height":144,"mime-type":"image\/jpeg","filesize":14900,"source_url":"https:\/\/feuerwehr-vglambrecht.de\/cms\/wp-content\/uploads\/2020\/08\/FB0A2C3F-9C5F-4035-AE65-ED38573F67A9-144x144.jpeg"},"landing_image":{"file":"FB0A2C3F-9C5F-4035-AE65-ED38573F67A9-1024x460.jpeg","width":1024,"height":460,"mime-type":"image\/jpeg","filesize":106037,"source_url":"https:\/\/feuerwehr-vglambrecht.de\/cms\/wp-content\/uploads\/2020\/08\/FB0A2C3F-9C5F-4035-AE65-ED38573F67A9-1024x460.jpeg"},"foundation-featured-image":{"file":"FB0A2C3F-9C5F-4035-AE65-ED38573F67A9-900x600.jpeg","width":900,"height":600,"mime-type":"image\/jpeg","filesize":118278,"source_url":"https:\/\/feuerwehr-vglambrecht.de\/cms\/wp-content\/uploads\/2020\/08\/FB0A2C3F-9C5F-4035-AE65-ED38573F67A9-900x600.jpeg"},"thumbnail":{"file":"FB0A2C3F-9C5F-4035-AE65-ED38573F67A9-150x150.jpeg","width":150,"height":150,"source_url":"https:\/\/feuerwehr-vglambrecht.de\/cms\/wp-content\/uploads\/2020\/08\/FB0A2C3F-9C5F-4035-AE65-ED38573F67A9-150x150.jpeg"},"medium":{"file":"FB0A2C3F-9C5F-4035-AE65-ED38573F67A9-300x200.jpeg","width":300,"height":200,"source_url":"https:\/\/feuerwehr-vglambrecht.de\/cms\/wp-content\/uploads\/2020\/08\/FB0A2C3F-9C5F-4035-AE65-ED38573F67A9-300x200.jpeg"},"large":{"file":"FB0A2C3F-9C5F-4035-AE65-ED38573F67A9-1024x683.jpeg","width":1024,"height":683,"source_url":"https:\/\/feuerwehr-vglambrecht.de\/cms\/wp-content\/uploads\/2020\/08\/FB0A2C3F-9C5F-4035-AE65-ED38573F67A9-1024x683.jpeg"}},"image_meta":{"aperture":"4.5","credit":"","camera":"Canon EOS 1300D","caption":"","created_timestamp":"1509461142","copyright":"","focal_length":"35","iso":"500","shutter_speed":"0.002","title":"","orientation":"0","keywords":[]},"original_image":"FB0A2C3F-9C5F-4035-AE65-ED38573F67A9.jpeg","image-converter":{"thumbnail":"IME","medium":"IME","large":"IME"}},"post":null,"source_url":"https:\/\/feuerwehr-vglambrecht.de\/cms\/wp-content\/uploads\/2020\/08\/FB0A2C3F-9C5F-4035-AE65-ED38573F67A9-scaled.jpeg"},"einsatz_ort":"Gartenstra\u00dfe, Lambrecht","einsatz_ende":"2020-08-13 22:18","einsatz_beginn":"","_links":{"self":[{"href":"https:\/\/feuerwehr-vglambrecht.de\/cms\/wp-json\/wp\/v2\/einsatz\/8931","targetHints":{"allow":["GET"]}}],"collection":[{"href":"https:\/\/feuerwehr-vglambrecht.de\/cms\/wp-json\/wp\/v2\/einsatz"}],"about":[{"href":"https:\/\/feuerwehr-vglambrecht.de\/cms\/wp-json\/wp\/v2\/types\/einsatz"}],"author":[{"embeddable":true,"href":"https:\/\/feuerwehr-vglambrecht.de\/cms\/wp-json\/wp\/v2\/users\/17"}],"version-history":[{"count":1,"href":"https:\/\/feuerwehr-vglambrecht.de\/cms\/wp-json\/wp\/v2\/einsatz\/8931\/revisions"}],"predecessor-version":[{"id":8932,"href":"https:\/\/feuerwehr-vglambrecht.de\/cms\/wp-json\/wp\/v2\/einsatz\/8931\/revisions\/8932"}],"wp:featuredmedia":[{"embeddable":true,"href":"https:\/\/feuerwehr-vglambrecht.de\/cms\/wp-json\/wp\/v2\/media\/8895"}],"wp:attachment":[{"href":"https:\/\/feuerwehr-vglambrecht.de\/cms\/wp-json\/wp\/v2\/media?parent=8931"}],"wp:term":[{"taxonomy":"category","embeddable":true,"href":"https:\/\/feuerwehr-vglambrecht.de\/cms\/wp-json\/wp\/v2\/categories?post=8931"},{"taxonomy":"post_tag","embeddable":true,"href":"https:\/\/feuerwehr-vglambrecht.de\/cms\/wp-json\/wp\/v2\/tags?post=8931"},{"taxonomy":"einsatzart","embeddable":true,"href":"https:\/\/feuerwehr-vglambrecht.de\/cms\/wp-json\/wp\/v2\/einsatzart?post=8931"},{"taxonomy":"fahrzeug","embeddable":true,"href":"https:\/\/feuerwehr-vglambrecht.de\/cms\/wp-json\/wp\/v2\/fahrzeug?post=8931"},{"taxonomy":"exteinsatzmittel","embeddable":true,"href":"https:\/\/feuerwehr-vglambrecht.de\/cms\/wp-json\/wp\/v2\/exteinsatzmittel?post=8931"},{"taxonomy":"alarmierungsart","embeddable":true,"href":"https:\/\/feuerwehr-vglambrecht.de\/cms\/wp-json\/wp\/v2\/alarmierungsart?post=8931"},{"taxonomy":"evw_unit","embeddable":true,"href":"https:\/\/feuerwehr-vglambrecht.de\/cms\/wp-json\/wp\/v2\/evw_unit?post=8931"}],"curies":[{"name":"wp","href":"https:\/\/api.w.org\/{rel}","templated":true}]}}