{"id":8929,"date":"2020-08-13T17:20:00","date_gmt":"2020-08-13T15:20:00","guid":{"rendered":"https:\/\/feuerwehr-vglambrecht.de\/cms\/?post_type=einsatz&#038;p=8929"},"modified":"2020-08-14T08:21:59","modified_gmt":"2020-08-14T06:21:59","slug":"tueroeffnung-dringend-h2-01-10","status":"publish","type":"einsatz","link":"https:\/\/feuerwehr-vglambrecht.de\/cms\/einsatzberichte\/tueroeffnung-dringend-h2-01-10\/","title":{"rendered":"T\u00fcr\u00f6ffnung dringend (H2.01)"},"content":{"rendered":"<p>Die Feuerwehr Lambrecht wurde am 13.08.2020 um 17:20 Uhr zu einer dringenden T\u00fcr\u00f6ffnung an den Friedrich-Ebert-Platz in Lambrecht alarmiert. <!--more--><\/p>\n<p>\u00dcber ein gekipptes Fenster konnte sich die Feuerwehr mit einem Kipp-Fenster-\u00d6ffnungsger\u00e4t Zugang zur Wohnung der Patientin verschaffen. Dem mit alarmierten Rettungsdienst wurde somit die Wohnungst\u00fcr ge\u00f6ffnet und die Person konnte medizinisch versorgt werden. Anschlie\u00dfend unterst\u00fctzte die Feuerwehr noch bei dem Transport der Patientin von ihrer Wohnung in den Rettungswagen.<\/p>\n","protected":false},"author":17,"featured_media":4811,"template":"","meta":{"einsatz_weight":1,"footnotes":""},"categories":[71],"tags":[],"einsatzart":[33],"fahrzeug":[286,54],"exteinsatzmittel":[18,299,30,31],"alarmierungsart":[10],"evw_unit":[],"class_list":["post-8929","einsatz","type-einsatz","status-publish","has-post-thumbnail","hentry","category-fw_lambrecht","einsatzart-th","fahrzeug-lambrecht-4191","fahrzeug-lambrecht-44","exteinsatzmittel-fw_lam","exteinsatzmittel-fez-neustadt","exteinsatzmittel-pol","exteinsatzmittel-drk","alarmierungsart-dme-digitaler-meldeempfaenger"],"better_featured_image":{"id":4811,"alt_text":"","caption":"","description":"","media_type":"image","media_details":{"width":1024,"height":616,"file":"2016\/10\/img_1622.jpg","filesize":405525,"sizes":{"medium_large":{"file":"img_1622-768x462.jpg","width":768,"height":462,"mime-type":"image\/jpeg","filesize":107172,"source_url":"https:\/\/feuerwehr-vglambrecht.de\/cms\/wp-content\/uploads\/2016\/10\/img_1622-768x462.jpg"},"wptouch-new-thumbnail":{"file":"img_1622-144x144.jpg","width":144,"height":144,"mime-type":"image\/jpeg","filesize":28861,"source_url":"https:\/\/feuerwehr-vglambrecht.de\/cms\/wp-content\/uploads\/2016\/10\/img_1622-144x144.jpg"},"landing_image":{"file":"img_1622-1024x460.jpg","width":1024,"height":460,"mime-type":"image\/jpeg","filesize":145536,"source_url":"https:\/\/feuerwehr-vglambrecht.de\/cms\/wp-content\/uploads\/2016\/10\/img_1622-1024x460.jpg"},"foundation-featured-image":{"file":"img_1622-900x541.jpg","width":900,"height":541,"mime-type":"image\/jpeg","filesize":137732,"source_url":"https:\/\/feuerwehr-vglambrecht.de\/cms\/wp-content\/uploads\/2016\/10\/img_1622-900x541.jpg"},"thumbnail":{"file":"img_1622-150x150.jpg","width":150,"height":150,"source_url":"https:\/\/feuerwehr-vglambrecht.de\/cms\/wp-content\/uploads\/2016\/10\/img_1622-150x150.jpg"},"medium":{"file":"img_1622-300x180.jpg","width":300,"height":180,"source_url":"https:\/\/feuerwehr-vglambrecht.de\/cms\/wp-content\/uploads\/2016\/10\/img_1622-300x180.jpg"}},"image_meta":{"aperture":"5.6","credit":"","camera":"Canon EOS 1200D","caption":"","created_timestamp":"1450884236","copyright":"","focal_length":"23","iso":"800","shutter_speed":"0.0125","title":"","orientation":"1","keywords":[]},"image-converter":{"thumbnail":"IME","medium":"IME"}},"post":4810,"source_url":"https:\/\/feuerwehr-vglambrecht.de\/cms\/wp-content\/uploads\/2016\/10\/img_1622.jpg"},"einsatz_ort":"Friedrich-Ebert-Platz, Lambrecht","einsatz_ende":"2020-08-13 18:02","einsatz_beginn":"","_links":{"self":[{"href":"https:\/\/feuerwehr-vglambrecht.de\/cms\/wp-json\/wp\/v2\/einsatz\/8929","targetHints":{"allow":["GET"]}}],"collection":[{"href":"https:\/\/feuerwehr-vglambrecht.de\/cms\/wp-json\/wp\/v2\/einsatz"}],"about":[{"href":"https:\/\/feuerwehr-vglambrecht.de\/cms\/wp-json\/wp\/v2\/types\/einsatz"}],"author":[{"embeddable":true,"href":"https:\/\/feuerwehr-vglambrecht.de\/cms\/wp-json\/wp\/v2\/users\/17"}],"version-history":[{"count":1,"href":"https:\/\/feuerwehr-vglambrecht.de\/cms\/wp-json\/wp\/v2\/einsatz\/8929\/revisions"}],"predecessor-version":[{"id":8930,"href":"https:\/\/feuerwehr-vglambrecht.de\/cms\/wp-json\/wp\/v2\/einsatz\/8929\/revisions\/8930"}],"wp:featuredmedia":[{"embeddable":true,"href":"https:\/\/feuerwehr-vglambrecht.de\/cms\/wp-json\/wp\/v2\/media\/4811"}],"wp:attachment":[{"href":"https:\/\/feuerwehr-vglambrecht.de\/cms\/wp-json\/wp\/v2\/media?parent=8929"}],"wp:term":[{"taxonomy":"category","embeddable":true,"href":"https:\/\/feuerwehr-vglambrecht.de\/cms\/wp-json\/wp\/v2\/categories?post=8929"},{"taxonomy":"post_tag","embeddable":true,"href":"https:\/\/feuerwehr-vglambrecht.de\/cms\/wp-json\/wp\/v2\/tags?post=8929"},{"taxonomy":"einsatzart","embeddable":true,"href":"https:\/\/feuerwehr-vglambrecht.de\/cms\/wp-json\/wp\/v2\/einsatzart?post=8929"},{"taxonomy":"fahrzeug","embeddable":true,"href":"https:\/\/feuerwehr-vglambrecht.de\/cms\/wp-json\/wp\/v2\/fahrzeug?post=8929"},{"taxonomy":"exteinsatzmittel","embeddable":true,"href":"https:\/\/feuerwehr-vglambrecht.de\/cms\/wp-json\/wp\/v2\/exteinsatzmittel?post=8929"},{"taxonomy":"alarmierungsart","embeddable":true,"href":"https:\/\/feuerwehr-vglambrecht.de\/cms\/wp-json\/wp\/v2\/alarmierungsart?post=8929"},{"taxonomy":"evw_unit","embeddable":true,"href":"https:\/\/feuerwehr-vglambrecht.de\/cms\/wp-json\/wp\/v2\/evw_unit?post=8929"}],"curies":[{"name":"wp","href":"https:\/\/api.w.org\/{rel}","templated":true}]}}