{"id":8647,"date":"2020-04-27T12:14:00","date_gmt":"2020-04-27T10:14:00","guid":{"rendered":"https:\/\/feuerwehr-vglambrecht.de\/cms\/?post_type=einsatz&#038;p=8647"},"modified":"2020-04-27T15:46:36","modified_gmt":"2020-04-27T13:46:36","slug":"tueroeffnung-dringend-h2-01-9","status":"publish","type":"einsatz","link":"https:\/\/feuerwehr-vglambrecht.de\/cms\/einsatzberichte\/tueroeffnung-dringend-h2-01-9\/","title":{"rendered":"T\u00fcr\u00f6ffnung dringend (H2.01)"},"content":{"rendered":"<p>Die Feuerwehr Lambrecht wurde am 27.04.2020 um 12:14 Uhr zu einer dringenden T\u00fcr\u00f6ffnung in die Johann-Casimir-Stra\u00dfe in Lambrecht alarmiert.<!--more--><\/p>\n<p>Aufgrund eines medizinischen Notfalls konnte die betroffene Person nicht mehr eigenst\u00e4ndig dem alarmierten Rettungsdienst die Hauseingangst\u00fcr \u00f6ffnen, weshalb die T\u00fcr durch die Feuerwehr ge\u00f6ffnet werden musste. Die Feuerwehr verschaffte sich Zugang mittels Steckleiter \u00fcber ein ge\u00f6ffnetes Balkonfenster und konnte somit die Wohnungseingangst\u00fcr f\u00fcr den Rettungsdienst \u00f6ffnen. Die Person wurde anschlie\u00dfend zur weiteren Behandlung dem Rettungsdienst \u00fcbergeben.<\/p>\n<p>&nbsp;<\/p>\n","protected":false},"author":17,"featured_media":8054,"template":"","meta":{"einsatz_weight":1,"footnotes":""},"categories":[71],"tags":[],"einsatzart":[33],"fahrzeug":[286,54],"exteinsatzmittel":[18,31],"alarmierungsart":[10],"evw_unit":[],"class_list":["post-8647","einsatz","type-einsatz","status-publish","has-post-thumbnail","hentry","category-fw_lambrecht","einsatzart-th","fahrzeug-lambrecht-4191","fahrzeug-lambrecht-44","exteinsatzmittel-fw_lam","exteinsatzmittel-drk","alarmierungsart-dme-digitaler-meldeempfaenger"],"better_featured_image":{"id":8054,"alt_text":"","caption":"","description":"","media_type":"image","media_details":{"width":465,"height":600,"file":"2019\/08\/82FA3EEA-234E-4A9B-A49A-BA7085CB0BC4.png","filesize":546397,"sizes":{"wptouch-new-thumbnail":{"file":"82FA3EEA-234E-4A9B-A49A-BA7085CB0BC4-144x144.png","width":144,"height":144,"mime-type":"image\/png","filesize":31843,"source_url":"https:\/\/feuerwehr-vglambrecht.de\/cms\/wp-content\/uploads\/2019\/08\/82FA3EEA-234E-4A9B-A49A-BA7085CB0BC4-144x144.png"},"landing_image":{"file":"82FA3EEA-234E-4A9B-A49A-BA7085CB0BC4-465x460.png","width":465,"height":460,"mime-type":"image\/png","filesize":370535,"source_url":"https:\/\/feuerwehr-vglambrecht.de\/cms\/wp-content\/uploads\/2019\/08\/82FA3EEA-234E-4A9B-A49A-BA7085CB0BC4-465x460.png"},"thumbnail":{"file":"82FA3EEA-234E-4A9B-A49A-BA7085CB0BC4-150x150.png","width":150,"height":150,"source_url":"https:\/\/feuerwehr-vglambrecht.de\/cms\/wp-content\/uploads\/2019\/08\/82FA3EEA-234E-4A9B-A49A-BA7085CB0BC4-150x150.png"},"medium":{"file":"82FA3EEA-234E-4A9B-A49A-BA7085CB0BC4-233x300.png","width":233,"height":300,"source_url":"https:\/\/feuerwehr-vglambrecht.de\/cms\/wp-content\/uploads\/2019\/08\/82FA3EEA-234E-4A9B-A49A-BA7085CB0BC4-233x300.png"}},"image_meta":{"aperture":"0","credit":"","camera":"","caption":"","created_timestamp":"0","copyright":"","focal_length":"0","iso":"0","shutter_speed":"0","title":"","orientation":"0","keywords":[]},"image-converter":{"thumbnail":"IME","medium":"IME"}},"post":8052,"source_url":"https:\/\/feuerwehr-vglambrecht.de\/cms\/wp-content\/uploads\/2019\/08\/82FA3EEA-234E-4A9B-A49A-BA7085CB0BC4.png"},"einsatz_ort":"Johann-Casimir-Stra\u00dfe, Lambrecht","einsatz_ende":"2020-04-27 12:36","einsatz_beginn":"","_links":{"self":[{"href":"https:\/\/feuerwehr-vglambrecht.de\/cms\/wp-json\/wp\/v2\/einsatz\/8647","targetHints":{"allow":["GET"]}}],"collection":[{"href":"https:\/\/feuerwehr-vglambrecht.de\/cms\/wp-json\/wp\/v2\/einsatz"}],"about":[{"href":"https:\/\/feuerwehr-vglambrecht.de\/cms\/wp-json\/wp\/v2\/types\/einsatz"}],"author":[{"embeddable":true,"href":"https:\/\/feuerwehr-vglambrecht.de\/cms\/wp-json\/wp\/v2\/users\/17"}],"version-history":[{"count":1,"href":"https:\/\/feuerwehr-vglambrecht.de\/cms\/wp-json\/wp\/v2\/einsatz\/8647\/revisions"}],"predecessor-version":[{"id":8648,"href":"https:\/\/feuerwehr-vglambrecht.de\/cms\/wp-json\/wp\/v2\/einsatz\/8647\/revisions\/8648"}],"wp:featuredmedia":[{"embeddable":true,"href":"https:\/\/feuerwehr-vglambrecht.de\/cms\/wp-json\/wp\/v2\/media\/8054"}],"wp:attachment":[{"href":"https:\/\/feuerwehr-vglambrecht.de\/cms\/wp-json\/wp\/v2\/media?parent=8647"}],"wp:term":[{"taxonomy":"category","embeddable":true,"href":"https:\/\/feuerwehr-vglambrecht.de\/cms\/wp-json\/wp\/v2\/categories?post=8647"},{"taxonomy":"post_tag","embeddable":true,"href":"https:\/\/feuerwehr-vglambrecht.de\/cms\/wp-json\/wp\/v2\/tags?post=8647"},{"taxonomy":"einsatzart","embeddable":true,"href":"https:\/\/feuerwehr-vglambrecht.de\/cms\/wp-json\/wp\/v2\/einsatzart?post=8647"},{"taxonomy":"fahrzeug","embeddable":true,"href":"https:\/\/feuerwehr-vglambrecht.de\/cms\/wp-json\/wp\/v2\/fahrzeug?post=8647"},{"taxonomy":"exteinsatzmittel","embeddable":true,"href":"https:\/\/feuerwehr-vglambrecht.de\/cms\/wp-json\/wp\/v2\/exteinsatzmittel?post=8647"},{"taxonomy":"alarmierungsart","embeddable":true,"href":"https:\/\/feuerwehr-vglambrecht.de\/cms\/wp-json\/wp\/v2\/alarmierungsart?post=8647"},{"taxonomy":"evw_unit","embeddable":true,"href":"https:\/\/feuerwehr-vglambrecht.de\/cms\/wp-json\/wp\/v2\/evw_unit?post=8647"}],"curies":[{"name":"wp","href":"https:\/\/api.w.org\/{rel}","templated":true}]}}