{"id":8502,"date":"2020-02-17T00:29:00","date_gmt":"2020-02-16T23:29:00","guid":{"rendered":"https:\/\/feuerwehr-vglambrecht.de\/cms\/?post_type=einsatz&#038;p=8502"},"modified":"2020-02-17T12:28:34","modified_gmt":"2020-02-17T11:28:34","slug":"einfache-hilfeleistung-h1-07-8","status":"publish","type":"einsatz","link":"https:\/\/feuerwehr-vglambrecht.de\/cms\/einsatzberichte\/einfache-hilfeleistung-h1-07-8\/","title":{"rendered":"Einfache Hilfeleistung (H1.07)"},"content":{"rendered":"<p><strong>Feuerwehr wegen Orkantief \u201eVictoria\u201c im Einsatz<\/strong><\/p>\n<p>Die Feuerwehren Esthal und Frankeneck wurden am 17. Februar 2020 gegen 00:30 Uhr zu einem Baum auf der Fahrbahn der K 23 alarmiert.<!--more--><\/p>\n<p>Durch die Ausl\u00e4ufer des Orkantiefs \u201eVictoria\u201c war ein Baum kurz unterhalb des Sportheim Esthal umgest\u00fcrzt und blockierte die gesamte Fahrbahn. Der Baum wurde mittels Motorkettens\u00e4ge zerkleinert und die Stra\u00dfen wieder passierbar gemacht.<\/p>\n<p>Es gab keine weiteren Feuerwehreins\u00e4tze und gr\u00f6\u00dferen Sch\u00e4den in der Verbandsgemeinde Lambrecht.<\/p>\n\n<div class=\"ngg-galleryoverview\" id=\"ngg-gallery-288-8502\">\n\n\t<!-- Slideshow link -->\n\t<div class=\"slideshowlink\">\n\t\t<a class=\"slideshowlink\" href=\"https:\/\/feuerwehr-vglambrecht.de\/cms\/einsatzberichte\/einfache-hilfeleistung-h1-07-8\/nggallery\/slideshow\">\n\t\t\t[Show as slideshow]\t\t<\/a>\n\t<\/div>\n\n\t\n\t<!-- Thumbnails -->\n\t\t\n\t<div id=\"ngg-image-1729\" class=\"ngg-gallery-thumbnail-box\"  >\n\t\t<div class=\"ngg-gallery-thumbnail\" >\n\t\t\t<a href=\"https:\/\/feuerwehr-vglambrecht.de\/cms\/wp-content\/gallery\/baum-k23\/dsc09919.jpg\" title=\" \" class=\"shutterset_set_288\" >\n\t\t\t\t\t\t\t\t<img loading=\"lazy\" decoding=\"async\" title=\"SONY DSC\" alt=\"SONY DSC\" src=\"https:\/\/feuerwehr-vglambrecht.de\/cms\/wp-content\/gallery\/baum-k23\/thumbs\/thumbs_dsc09919.jpg\" width=\"100\" height=\"75\" \/>\n\t\t\t\t\t\t\t<\/a>\n\t\t<\/div>\n\t<\/div>\n\t\n\t\t\n \t\t\n\t<div id=\"ngg-image-1730\" class=\"ngg-gallery-thumbnail-box\"  >\n\t\t<div class=\"ngg-gallery-thumbnail\" >\n\t\t\t<a href=\"https:\/\/feuerwehr-vglambrecht.de\/cms\/wp-content\/gallery\/baum-k23\/dsc09921.jpg\" title=\" \" class=\"shutterset_set_288\" >\n\t\t\t\t\t\t\t\t<img loading=\"lazy\" decoding=\"async\" title=\"SONY DSC\" alt=\"SONY DSC\" src=\"https:\/\/feuerwehr-vglambrecht.de\/cms\/wp-content\/gallery\/baum-k23\/thumbs\/thumbs_dsc09921.jpg\" width=\"100\" height=\"75\" \/>\n\t\t\t\t\t\t\t<\/a>\n\t\t<\/div>\n\t<\/div>\n\t\n\t\t\n \t\t\n\t<div id=\"ngg-image-1731\" class=\"ngg-gallery-thumbnail-box\"  >\n\t\t<div class=\"ngg-gallery-thumbnail\" >\n\t\t\t<a href=\"https:\/\/feuerwehr-vglambrecht.de\/cms\/wp-content\/gallery\/baum-k23\/dsc09930.jpg\" title=\" \" class=\"shutterset_set_288\" >\n\t\t\t\t\t\t\t\t<img loading=\"lazy\" decoding=\"async\" title=\"SONY DSC\" alt=\"SONY DSC\" src=\"https:\/\/feuerwehr-vglambrecht.de\/cms\/wp-content\/gallery\/baum-k23\/thumbs\/thumbs_dsc09930.jpg\" width=\"100\" height=\"75\" \/>\n\t\t\t\t\t\t\t<\/a>\n\t\t<\/div>\n\t<\/div>\n\t\n\t\t\n \t\t\n\t<div id=\"ngg-image-1732\" class=\"ngg-gallery-thumbnail-box\"  >\n\t\t<div class=\"ngg-gallery-thumbnail\" >\n\t\t\t<a href=\"https:\/\/feuerwehr-vglambrecht.de\/cms\/wp-content\/gallery\/baum-k23\/dsc09931.jpg\" title=\" \" class=\"shutterset_set_288\" >\n\t\t\t\t\t\t\t\t<img loading=\"lazy\" decoding=\"async\" title=\"SONY DSC\" alt=\"SONY DSC\" src=\"https:\/\/feuerwehr-vglambrecht.de\/cms\/wp-content\/gallery\/baum-k23\/thumbs\/thumbs_dsc09931.jpg\" width=\"100\" height=\"75\" \/>\n\t\t\t\t\t\t\t<\/a>\n\t\t<\/div>\n\t<\/div>\n\t\n\t\t\n \t \t\n\t<!-- Pagination -->\n \t<div class='ngg-clear'><\/div>\n \t\n<\/div>\n\n\n","protected":false},"author":5,"featured_media":8504,"template":"","meta":{"einsatz_weight":1,"footnotes":""},"categories":[1,3],"tags":[388,138,383,141,373,189],"einsatzart":[33],"fahrzeug":[350,307,44,45],"exteinsatzmittel":[12,13,299],"alarmierungsart":[10],"evw_unit":[],"class_list":["post-8502","einsatz","type-einsatz","status-publish","has-post-thumbnail","hentry","category-allgemein","category-news","tag-ehrenamt","tag-esthal","tag-feuerwehrvglambrecht","tag-frankeneck","tag-immerda","tag-sturmschaden","einsatzart-th","fahrzeug-esthal-19-2","fahrzeug-307","fahrzeug-frankeneck-40","fahrzeug-frankeneck-73","exteinsatzmittel-fw_est","exteinsatzmittel-fw_fra","exteinsatzmittel-fez-neustadt","alarmierungsart-dme-digitaler-meldeempfaenger"],"better_featured_image":{"id":8504,"alt_text":"","caption":"SONY DSC","description":"","media_type":"image","media_details":{"width":2005,"height":1317,"file":"2020\/02\/DSC09921-e1581937641558.jpg","filesize":506744,"sizes":{"medium_large":{"file":"DSC09921-e1581937641558-768x504.jpg","width":768,"height":504,"mime-type":"image\/jpeg","filesize":99953,"source_url":"https:\/\/feuerwehr-vglambrecht.de\/cms\/wp-content\/uploads\/2020\/02\/DSC09921-e1581937641558-768x504.jpg"},"1536x1536":{"file":"DSC09921-e1581937641558-1536x1009.jpg","width":1536,"height":1009,"mime-type":"image\/jpeg","filesize":292698,"source_url":"https:\/\/feuerwehr-vglambrecht.de\/cms\/wp-content\/uploads\/2020\/02\/DSC09921-e1581937641558-1536x1009.jpg"},"wptouch-new-thumbnail":{"file":"DSC09921-e1581937641558-144x144.jpg","width":144,"height":144,"mime-type":"image\/jpeg","filesize":35454,"source_url":"https:\/\/feuerwehr-vglambrecht.de\/cms\/wp-content\/uploads\/2020\/02\/DSC09921-e1581937641558-144x144.jpg"},"landing_image":{"file":"DSC09921-e1581937641558-1024x460.jpg","width":1024,"height":460,"mime-type":"image\/jpeg","filesize":117689,"source_url":"https:\/\/feuerwehr-vglambrecht.de\/cms\/wp-content\/uploads\/2020\/02\/DSC09921-e1581937641558-1024x460.jpg"},"foundation-featured-image":{"file":"DSC09921-e1581937641558-900x591.jpg","width":900,"height":591,"mime-type":"image\/jpeg","filesize":125472,"source_url":"https:\/\/feuerwehr-vglambrecht.de\/cms\/wp-content\/uploads\/2020\/02\/DSC09921-e1581937641558-900x591.jpg"},"thumbnail":{"file":"DSC09921-e1581937641558-150x150.jpg","width":150,"height":150,"source_url":"https:\/\/feuerwehr-vglambrecht.de\/cms\/wp-content\/uploads\/2020\/02\/DSC09921-e1581937641558-150x150.jpg"},"medium":{"file":"DSC09921-e1581937641558-300x197.jpg","width":300,"height":197,"source_url":"https:\/\/feuerwehr-vglambrecht.de\/cms\/wp-content\/uploads\/2020\/02\/DSC09921-e1581937641558-300x197.jpg"},"large":{"file":"DSC09921-e1581937641558-1024x673.jpg","width":1024,"height":673,"source_url":"https:\/\/feuerwehr-vglambrecht.de\/cms\/wp-content\/uploads\/2020\/02\/DSC09921-e1581937641558-1024x673.jpg"}},"image_meta":{"aperture":"5.6","credit":"","camera":"DSLR-A200","caption":"SONY DSC","created_timestamp":"1581905507","copyright":"","focal_length":"55","iso":"400","shutter_speed":"0.0125","title":"SONY DSC","orientation":"0","keywords":[]},"image-converter":{"thumbnail":"IME","medium":"IME","large":"IME"}},"post":8502,"source_url":"https:\/\/feuerwehr-vglambrecht.de\/cms\/wp-content\/uploads\/2020\/02\/DSC09921-e1581937641558.jpg"},"einsatz_ort":"Kreisstra\u00dfe 23","einsatz_ende":"2020-02-17 00:57","einsatz_beginn":"","_links":{"self":[{"href":"https:\/\/feuerwehr-vglambrecht.de\/cms\/wp-json\/wp\/v2\/einsatz\/8502","targetHints":{"allow":["GET"]}}],"collection":[{"href":"https:\/\/feuerwehr-vglambrecht.de\/cms\/wp-json\/wp\/v2\/einsatz"}],"about":[{"href":"https:\/\/feuerwehr-vglambrecht.de\/cms\/wp-json\/wp\/v2\/types\/einsatz"}],"author":[{"embeddable":true,"href":"https:\/\/feuerwehr-vglambrecht.de\/cms\/wp-json\/wp\/v2\/users\/5"}],"version-history":[{"count":3,"href":"https:\/\/feuerwehr-vglambrecht.de\/cms\/wp-json\/wp\/v2\/einsatz\/8502\/revisions"}],"predecessor-version":[{"id":8506,"href":"https:\/\/feuerwehr-vglambrecht.de\/cms\/wp-json\/wp\/v2\/einsatz\/8502\/revisions\/8506"}],"wp:featuredmedia":[{"embeddable":true,"href":"https:\/\/feuerwehr-vglambrecht.de\/cms\/wp-json\/wp\/v2\/media\/8504"}],"wp:attachment":[{"href":"https:\/\/feuerwehr-vglambrecht.de\/cms\/wp-json\/wp\/v2\/media?parent=8502"}],"wp:term":[{"taxonomy":"category","embeddable":true,"href":"https:\/\/feuerwehr-vglambrecht.de\/cms\/wp-json\/wp\/v2\/categories?post=8502"},{"taxonomy":"post_tag","embeddable":true,"href":"https:\/\/feuerwehr-vglambrecht.de\/cms\/wp-json\/wp\/v2\/tags?post=8502"},{"taxonomy":"einsatzart","embeddable":true,"href":"https:\/\/feuerwehr-vglambrecht.de\/cms\/wp-json\/wp\/v2\/einsatzart?post=8502"},{"taxonomy":"fahrzeug","embeddable":true,"href":"https:\/\/feuerwehr-vglambrecht.de\/cms\/wp-json\/wp\/v2\/fahrzeug?post=8502"},{"taxonomy":"exteinsatzmittel","embeddable":true,"href":"https:\/\/feuerwehr-vglambrecht.de\/cms\/wp-json\/wp\/v2\/exteinsatzmittel?post=8502"},{"taxonomy":"alarmierungsart","embeddable":true,"href":"https:\/\/feuerwehr-vglambrecht.de\/cms\/wp-json\/wp\/v2\/alarmierungsart?post=8502"},{"taxonomy":"evw_unit","embeddable":true,"href":"https:\/\/feuerwehr-vglambrecht.de\/cms\/wp-json\/wp\/v2\/evw_unit?post=8502"}],"curies":[{"name":"wp","href":"https:\/\/api.w.org\/{rel}","templated":true}]}}