{"id":8383,"date":"2020-01-19T10:22:00","date_gmt":"2020-01-19T09:22:00","guid":{"rendered":"https:\/\/feuerwehr-vglambrecht.de\/cms\/?post_type=einsatz&#038;p=8383"},"modified":"2020-01-19T16:34:16","modified_gmt":"2020-01-19T15:34:16","slug":"kaminbrand-b2-04-3","status":"publish","type":"einsatz","link":"https:\/\/feuerwehr-vglambrecht.de\/cms\/einsatzberichte\/kaminbrand-b2-04-3\/","title":{"rendered":"Kaminbrand (B2.04)"},"content":{"rendered":"<p>Am Sonntagmorgen den 19. Januar 2020 um 10:22 Uhr wurden die Feuerwehren Iggelbach und Elmstein sowie die First Responder zu einem Kaminbrand nach Iggelbach alarmiert.<!--more--> Beim Eintreffen der Einsatzkr\u00e4fte schlugen bereits die Flammen aus dem Kamin. W\u00e4hrend im Freien ein L\u00f6schangriff vorbereitet wurde, ging ein Trupp unter schwerem Atemschutz in das Geb\u00e4ude vor. Dieser verschaffte sich \u00fcber eine Revisionst\u00fcr Zugang zum Kamin. Mit einem Pulverfeuerl\u00f6scher wurde der Brand abgel\u00f6scht, jedoch befanden sich im Kamin noch gl\u00fchende R\u00fcckst\u00e4nde. Diese wurden mit einem Kehrwerkzeug gel\u00f6st, ins Freie gebracht und dort abgel\u00f6scht. Die Einsatzstelle wurde dem Besitzer zum weiteren Vorgehen \u00fcbergeben. Die First Responder stellten w\u00e4hrend des gesamten Einsatzes eine Bereitschaft.<\/p>\n\n<div class=\"ngg-galleryoverview\" id=\"ngg-gallery-285-8383\">\n\n\t<!-- Slideshow link -->\n\t<div class=\"slideshowlink\">\n\t\t<a class=\"slideshowlink\" href=\"https:\/\/feuerwehr-vglambrecht.de\/cms\/einsatzberichte\/kaminbrand-b2-04-3\/nggallery\/slideshow\">\n\t\t\t[Show as slideshow]\t\t<\/a>\n\t<\/div>\n\n\t\n\t<!-- Thumbnails -->\n\t\t\n\t<div id=\"ngg-image-1716\" class=\"ngg-gallery-thumbnail-box\"  >\n\t\t<div class=\"ngg-gallery-thumbnail\" >\n\t\t\t<a href=\"https:\/\/feuerwehr-vglambrecht.de\/cms\/wp-content\/gallery\/kaminbrand_iggelbach_19012020\/img_20200119_110330.jpg\" title=\" \" class=\"shutterset_set_285\" >\n\t\t\t\t\t\t\t\t<img loading=\"lazy\" decoding=\"async\" title=\"img_20200119_110330\" alt=\"img_20200119_110330\" src=\"https:\/\/feuerwehr-vglambrecht.de\/cms\/wp-content\/gallery\/kaminbrand_iggelbach_19012020\/thumbs\/thumbs_img_20200119_110330.jpg\" width=\"100\" height=\"75\" \/>\n\t\t\t\t\t\t\t<\/a>\n\t\t<\/div>\n\t<\/div>\n\t\n\t\t\n \t\t\n\t<div id=\"ngg-image-1717\" class=\"ngg-gallery-thumbnail-box\"  >\n\t\t<div class=\"ngg-gallery-thumbnail\" >\n\t\t\t<a href=\"https:\/\/feuerwehr-vglambrecht.de\/cms\/wp-content\/gallery\/kaminbrand_iggelbach_19012020\/img_20200119_110525.jpg\" title=\" \" class=\"shutterset_set_285\" >\n\t\t\t\t\t\t\t\t<img loading=\"lazy\" decoding=\"async\" title=\"img_20200119_110525\" alt=\"img_20200119_110525\" src=\"https:\/\/feuerwehr-vglambrecht.de\/cms\/wp-content\/gallery\/kaminbrand_iggelbach_19012020\/thumbs\/thumbs_img_20200119_110525.jpg\" width=\"100\" height=\"75\" \/>\n\t\t\t\t\t\t\t<\/a>\n\t\t<\/div>\n\t<\/div>\n\t\n\t\t\n \t\t\n\t<div id=\"ngg-image-1718\" class=\"ngg-gallery-thumbnail-box\"  >\n\t\t<div class=\"ngg-gallery-thumbnail\" >\n\t\t\t<a href=\"https:\/\/feuerwehr-vglambrecht.de\/cms\/wp-content\/gallery\/kaminbrand_iggelbach_19012020\/img_20200119_110534.jpg\" title=\" \" class=\"shutterset_set_285\" >\n\t\t\t\t\t\t\t\t<img loading=\"lazy\" decoding=\"async\" title=\"img_20200119_110534\" alt=\"img_20200119_110534\" src=\"https:\/\/feuerwehr-vglambrecht.de\/cms\/wp-content\/gallery\/kaminbrand_iggelbach_19012020\/thumbs\/thumbs_img_20200119_110534.jpg\" width=\"100\" height=\"75\" \/>\n\t\t\t\t\t\t\t<\/a>\n\t\t<\/div>\n\t<\/div>\n\t\n\t\t\n \t\t\n\t<div id=\"ngg-image-1719\" class=\"ngg-gallery-thumbnail-box\"  >\n\t\t<div class=\"ngg-gallery-thumbnail\" >\n\t\t\t<a href=\"https:\/\/feuerwehr-vglambrecht.de\/cms\/wp-content\/gallery\/kaminbrand_iggelbach_19012020\/img_20200119_110814.jpg\" title=\" \" class=\"shutterset_set_285\" >\n\t\t\t\t\t\t\t\t<img loading=\"lazy\" decoding=\"async\" title=\"img_20200119_110814\" alt=\"img_20200119_110814\" src=\"https:\/\/feuerwehr-vglambrecht.de\/cms\/wp-content\/gallery\/kaminbrand_iggelbach_19012020\/thumbs\/thumbs_img_20200119_110814.jpg\" width=\"100\" height=\"75\" \/>\n\t\t\t\t\t\t\t<\/a>\n\t\t<\/div>\n\t<\/div>\n\t\n\t\t\n \t \t\n\t<!-- Pagination -->\n \t<div class='ngg-clear'><\/div>\n \t\n<\/div>\n\n\n","protected":false},"author":1,"featured_media":8390,"template":"","meta":{"einsatz_weight":1,"footnotes":""},"categories":[],"tags":[139,143,216],"einsatzart":[7],"fahrzeug":[41,39,46,47],"exteinsatzmittel":[11,17,413,30,37,31],"alarmierungsart":[10],"evw_unit":[],"class_list":["post-8383","einsatz","type-einsatz","status-publish","has-post-thumbnail","hentry","tag-elmstein","tag-iggelbach","tag-kaminbrand","einsatzart-brand","fahrzeug-elmstein-21","fahrzeug-lambrecht-17","fahrzeug-iggelbach-47","fahrzeug-iggelbach-19","exteinsatzmittel-fw_elm","exteinsatzmittel-fw_igg","exteinsatzmittel-first-responder","exteinsatzmittel-pol","exteinsatzmittel-fw_pre","exteinsatzmittel-drk","alarmierungsart-dme-digitaler-meldeempfaenger"],"better_featured_image":{"id":8390,"alt_text":"","caption":"","description":"","media_type":"image","media_details":{"width":2560,"height":1468,"file":"2020\/01\/IMG_20200119_110330-e1579446901571-scaled.jpg","filesize":94741,"sizes":{"medium_large":{"file":"IMG_20200119_110330-e1579446901571-768x440.jpg","width":768,"height":440,"mime-type":"image\/jpeg","filesize":15787,"source_url":"https:\/\/feuerwehr-vglambrecht.de\/cms\/wp-content\/uploads\/2020\/01\/IMG_20200119_110330-e1579446901571-768x440.jpg"},"1536x1536":{"file":"IMG_20200119_110330-e1579446901571-1536x881.jpg","width":1536,"height":881,"mime-type":"image\/jpeg","filesize":44381,"source_url":"https:\/\/feuerwehr-vglambrecht.de\/cms\/wp-content\/uploads\/2020\/01\/IMG_20200119_110330-e1579446901571-1536x881.jpg"},"2048x2048":{"file":"IMG_20200119_110330-e1579446901571-2048x1174.jpg","width":2048,"height":1174,"mime-type":"image\/jpeg","filesize":68358,"source_url":"https:\/\/feuerwehr-vglambrecht.de\/cms\/wp-content\/uploads\/2020\/01\/IMG_20200119_110330-e1579446901571-2048x1174.jpg"},"wptouch-new-thumbnail":{"file":"IMG_20200119_110330-e1579446901571-144x144.jpg","width":144,"height":144,"mime-type":"image\/jpeg","filesize":2235,"source_url":"https:\/\/feuerwehr-vglambrecht.de\/cms\/wp-content\/uploads\/2020\/01\/IMG_20200119_110330-e1579446901571-144x144.jpg"},"landing_image":{"file":"IMG_20200119_110330-e1579446901571-1024x460.jpg","width":1024,"height":460,"mime-type":"image\/jpeg","filesize":20321,"source_url":"https:\/\/feuerwehr-vglambrecht.de\/cms\/wp-content\/uploads\/2020\/01\/IMG_20200119_110330-e1579446901571-1024x460.jpg"},"foundation-featured-image":{"file":"IMG_20200119_110330-e1579446901571-900x516.jpg","width":900,"height":516,"mime-type":"image\/jpeg","filesize":20144,"source_url":"https:\/\/feuerwehr-vglambrecht.de\/cms\/wp-content\/uploads\/2020\/01\/IMG_20200119_110330-e1579446901571-900x516.jpg"},"thumbnail":{"file":"IMG_20200119_110330-e1579446901571-150x150.jpg","width":150,"height":150,"source_url":"https:\/\/feuerwehr-vglambrecht.de\/cms\/wp-content\/uploads\/2020\/01\/IMG_20200119_110330-e1579446901571-150x150.jpg"},"medium":{"file":"IMG_20200119_110330-e1579446901571-300x172.jpg","width":300,"height":172,"source_url":"https:\/\/feuerwehr-vglambrecht.de\/cms\/wp-content\/uploads\/2020\/01\/IMG_20200119_110330-e1579446901571-300x172.jpg"},"large":{"file":"IMG_20200119_110330-e1579446901571-1024x587.jpg","width":1024,"height":587,"source_url":"https:\/\/feuerwehr-vglambrecht.de\/cms\/wp-content\/uploads\/2020\/01\/IMG_20200119_110330-e1579446901571-1024x587.jpg"}},"image_meta":{"aperture":"0","credit":"","camera":"","caption":"","created_timestamp":"0","copyright":"","focal_length":"0","iso":"0","shutter_speed":"0","title":"","orientation":"0","keywords":[]},"original_image":"IMG_20200119_110330-e1579446901571.jpg","image-converter":{"thumbnail":"IME","medium":"IME","large":"IME"}},"post":8383,"source_url":"https:\/\/feuerwehr-vglambrecht.de\/cms\/wp-content\/uploads\/2020\/01\/IMG_20200119_110330-e1579446901571-scaled.jpg"},"einsatz_ort":"Iggelbach","einsatz_ende":"2020-01-19 11:40","einsatz_beginn":"","_links":{"self":[{"href":"https:\/\/feuerwehr-vglambrecht.de\/cms\/wp-json\/wp\/v2\/einsatz\/8383","targetHints":{"allow":["GET"]}}],"collection":[{"href":"https:\/\/feuerwehr-vglambrecht.de\/cms\/wp-json\/wp\/v2\/einsatz"}],"about":[{"href":"https:\/\/feuerwehr-vglambrecht.de\/cms\/wp-json\/wp\/v2\/types\/einsatz"}],"author":[{"embeddable":true,"href":"https:\/\/feuerwehr-vglambrecht.de\/cms\/wp-json\/wp\/v2\/users\/1"}],"version-history":[{"count":5,"href":"https:\/\/feuerwehr-vglambrecht.de\/cms\/wp-json\/wp\/v2\/einsatz\/8383\/revisions"}],"predecessor-version":[{"id":8391,"href":"https:\/\/feuerwehr-vglambrecht.de\/cms\/wp-json\/wp\/v2\/einsatz\/8383\/revisions\/8391"}],"wp:featuredmedia":[{"embeddable":true,"href":"https:\/\/feuerwehr-vglambrecht.de\/cms\/wp-json\/wp\/v2\/media\/8390"}],"wp:attachment":[{"href":"https:\/\/feuerwehr-vglambrecht.de\/cms\/wp-json\/wp\/v2\/media?parent=8383"}],"wp:term":[{"taxonomy":"category","embeddable":true,"href":"https:\/\/feuerwehr-vglambrecht.de\/cms\/wp-json\/wp\/v2\/categories?post=8383"},{"taxonomy":"post_tag","embeddable":true,"href":"https:\/\/feuerwehr-vglambrecht.de\/cms\/wp-json\/wp\/v2\/tags?post=8383"},{"taxonomy":"einsatzart","embeddable":true,"href":"https:\/\/feuerwehr-vglambrecht.de\/cms\/wp-json\/wp\/v2\/einsatzart?post=8383"},{"taxonomy":"fahrzeug","embeddable":true,"href":"https:\/\/feuerwehr-vglambrecht.de\/cms\/wp-json\/wp\/v2\/fahrzeug?post=8383"},{"taxonomy":"exteinsatzmittel","embeddable":true,"href":"https:\/\/feuerwehr-vglambrecht.de\/cms\/wp-json\/wp\/v2\/exteinsatzmittel?post=8383"},{"taxonomy":"alarmierungsart","embeddable":true,"href":"https:\/\/feuerwehr-vglambrecht.de\/cms\/wp-json\/wp\/v2\/alarmierungsart?post=8383"},{"taxonomy":"evw_unit","embeddable":true,"href":"https:\/\/feuerwehr-vglambrecht.de\/cms\/wp-json\/wp\/v2\/evw_unit?post=8383"}],"curies":[{"name":"wp","href":"https:\/\/api.w.org\/{rel}","templated":true}]}}