{"id":8377,"date":"2020-01-18T14:25:00","date_gmt":"2020-01-18T13:25:00","guid":{"rendered":"https:\/\/feuerwehr-vglambrecht.de\/cms\/?post_type=einsatz&#038;p=8377"},"modified":"2020-01-18T16:49:42","modified_gmt":"2020-01-18T15:49:42","slug":"rauchentwickelung-im-freien-b1-05","status":"publish","type":"einsatz","link":"https:\/\/feuerwehr-vglambrecht.de\/cms\/einsatzberichte\/rauchentwickelung-im-freien-b1-05\/","title":{"rendered":"Rauchentwickelung im Freien (B1.05)"},"content":{"rendered":"<p>Aufgrund einer Rauchentwicklung im Freien wurden die Feuerwehren Neidenfels und Weidenthal am 18.01.2020 um 14:25 Uhr in die Staatsstra\u00dfe nach Neidenfels alarmiert.<\/p>\n<p><!--more--><br \/>\nIm Vorhof eines Hauses war eine starke Rauchentwicklung sichtbar, welche sich als Abraumbrand herausstellte. Die Einsatzkr\u00e4fte l\u00f6schten das Feuer mittels Schnellangriff ab. Die Brandstelle wurde auseinandergezogen und einzelne Glutnester abgel\u00f6scht. Die Einsatzstelle wurde der Polizei \u00fcbergeben.<\/p>\n<p>Symbolbild<\/p>\n","protected":false},"author":1,"featured_media":8244,"template":"","meta":{"einsatz_weight":1,"footnotes":""},"categories":[],"tags":[135,235,136],"einsatzart":[7],"fahrzeug":[59,62],"exteinsatzmittel":[68,21,30],"alarmierungsart":[10],"evw_unit":[],"class_list":["post-8377","einsatz","type-einsatz","status-publish","has-post-thumbnail","hentry","tag-neidenfels","tag-rauchentwicklung","tag-weidenthal","einsatzart-brand","fahrzeug-neidenfels-47","fahrzeug-weidenthal-42","exteinsatzmittel-fw_nei","exteinsatzmittel-fw_wei","exteinsatzmittel-pol","alarmierungsart-dme-digitaler-meldeempfaenger"],"better_featured_image":{"id":8244,"alt_text":"","caption":"","description":"","media_type":"image","media_details":{"width":2560,"height":1920,"file":"2019\/11\/20191106_173605-scaled.jpg","filesize":746083,"sizes":{"medium_large":{"file":"20191106_173605-768x576.jpg","width":768,"height":576,"mime-type":"image\/jpeg","filesize":139679,"source_url":"https:\/\/feuerwehr-vglambrecht.de\/cms\/wp-content\/uploads\/2019\/11\/20191106_173605-768x576.jpg"},"1536x1536":{"file":"20191106_173605-1536x1152.jpg","width":1536,"height":1152,"mime-type":"image\/jpeg","filesize":354610,"source_url":"https:\/\/feuerwehr-vglambrecht.de\/cms\/wp-content\/uploads\/2019\/11\/20191106_173605-1536x1152.jpg"},"2048x2048":{"file":"20191106_173605-2048x1536.jpg","width":2048,"height":1536,"mime-type":"image\/jpeg","filesize":540032,"source_url":"https:\/\/feuerwehr-vglambrecht.de\/cms\/wp-content\/uploads\/2019\/11\/20191106_173605-2048x1536.jpg"},"wptouch-new-thumbnail":{"file":"20191106_173605-144x144.jpg","width":144,"height":144,"mime-type":"image\/jpeg","filesize":57504,"source_url":"https:\/\/feuerwehr-vglambrecht.de\/cms\/wp-content\/uploads\/2019\/11\/20191106_173605-144x144.jpg"},"landing_image":{"file":"20191106_173605-1024x460.jpg","width":1024,"height":460,"mime-type":"image\/jpeg","filesize":137141,"source_url":"https:\/\/feuerwehr-vglambrecht.de\/cms\/wp-content\/uploads\/2019\/11\/20191106_173605-1024x460.jpg"},"foundation-featured-image":{"file":"20191106_173605-900x675.jpg","width":900,"height":675,"mime-type":"image\/jpeg","filesize":170834,"source_url":"https:\/\/feuerwehr-vglambrecht.de\/cms\/wp-content\/uploads\/2019\/11\/20191106_173605-900x675.jpg"},"thumbnail":{"file":"20191106_173605-150x150.jpg","width":150,"height":150,"source_url":"https:\/\/feuerwehr-vglambrecht.de\/cms\/wp-content\/uploads\/2019\/11\/20191106_173605-150x150.jpg"},"medium":{"file":"20191106_173605-300x225.jpg","width":300,"height":225,"source_url":"https:\/\/feuerwehr-vglambrecht.de\/cms\/wp-content\/uploads\/2019\/11\/20191106_173605-300x225.jpg"},"large":{"file":"20191106_173605-1024x768.jpg","width":1024,"height":768,"source_url":"https:\/\/feuerwehr-vglambrecht.de\/cms\/wp-content\/uploads\/2019\/11\/20191106_173605-1024x768.jpg"}},"image_meta":{"aperture":"2.4","credit":"","camera":"SM-G973F","caption":"","created_timestamp":"1573061764","copyright":"","focal_length":"4.32","iso":"250","shutter_speed":"0.02","title":"","orientation":"1","keywords":[]},"original_image":"20191106_173605.jpg","image-converter":{"thumbnail":"IME","medium":"IME","large":"IME"}},"post":8241,"source_url":"https:\/\/feuerwehr-vglambrecht.de\/cms\/wp-content\/uploads\/2019\/11\/20191106_173605-scaled.jpg"},"einsatz_ort":"","einsatz_ende":"2020-01-18 15:03","einsatz_beginn":"","_links":{"self":[{"href":"https:\/\/feuerwehr-vglambrecht.de\/cms\/wp-json\/wp\/v2\/einsatz\/8377","targetHints":{"allow":["GET"]}}],"collection":[{"href":"https:\/\/feuerwehr-vglambrecht.de\/cms\/wp-json\/wp\/v2\/einsatz"}],"about":[{"href":"https:\/\/feuerwehr-vglambrecht.de\/cms\/wp-json\/wp\/v2\/types\/einsatz"}],"author":[{"embeddable":true,"href":"https:\/\/feuerwehr-vglambrecht.de\/cms\/wp-json\/wp\/v2\/users\/1"}],"version-history":[{"count":3,"href":"https:\/\/feuerwehr-vglambrecht.de\/cms\/wp-json\/wp\/v2\/einsatz\/8377\/revisions"}],"predecessor-version":[{"id":8380,"href":"https:\/\/feuerwehr-vglambrecht.de\/cms\/wp-json\/wp\/v2\/einsatz\/8377\/revisions\/8380"}],"wp:featuredmedia":[{"embeddable":true,"href":"https:\/\/feuerwehr-vglambrecht.de\/cms\/wp-json\/wp\/v2\/media\/8244"}],"wp:attachment":[{"href":"https:\/\/feuerwehr-vglambrecht.de\/cms\/wp-json\/wp\/v2\/media?parent=8377"}],"wp:term":[{"taxonomy":"category","embeddable":true,"href":"https:\/\/feuerwehr-vglambrecht.de\/cms\/wp-json\/wp\/v2\/categories?post=8377"},{"taxonomy":"post_tag","embeddable":true,"href":"https:\/\/feuerwehr-vglambrecht.de\/cms\/wp-json\/wp\/v2\/tags?post=8377"},{"taxonomy":"einsatzart","embeddable":true,"href":"https:\/\/feuerwehr-vglambrecht.de\/cms\/wp-json\/wp\/v2\/einsatzart?post=8377"},{"taxonomy":"fahrzeug","embeddable":true,"href":"https:\/\/feuerwehr-vglambrecht.de\/cms\/wp-json\/wp\/v2\/fahrzeug?post=8377"},{"taxonomy":"exteinsatzmittel","embeddable":true,"href":"https:\/\/feuerwehr-vglambrecht.de\/cms\/wp-json\/wp\/v2\/exteinsatzmittel?post=8377"},{"taxonomy":"alarmierungsart","embeddable":true,"href":"https:\/\/feuerwehr-vglambrecht.de\/cms\/wp-json\/wp\/v2\/alarmierungsart?post=8377"},{"taxonomy":"evw_unit","embeddable":true,"href":"https:\/\/feuerwehr-vglambrecht.de\/cms\/wp-json\/wp\/v2\/evw_unit?post=8377"}],"curies":[{"name":"wp","href":"https:\/\/api.w.org\/{rel}","templated":true}]}}