{"id":8158,"date":"2019-09-28T19:30:00","date_gmt":"2019-09-28T17:30:00","guid":{"rendered":"https:\/\/feuerwehr-vglambrecht.de\/cms\/?post_type=einsatz&#038;p=8158"},"modified":"2019-10-10T11:13:36","modified_gmt":"2019-10-10T09:13:36","slug":"brandsicherheitswache-48","status":"publish","type":"einsatz","link":"https:\/\/feuerwehr-vglambrecht.de\/cms\/einsatzberichte\/brandsicherheitswache-48\/","title":{"rendered":"Brandsicherheitswache"},"content":{"rendered":"<p>Die Feuerwehr Esthal wurde im Rahmen einer \u00f6ffentlichen Veranstaltung in die Mehrzweckhalle Esthal zu einer Brandsicherheitswache angefordert. Die Rettungswege wurden auf Freihaltung \u00fcberpr\u00fcft und die Brandschutzeinrichtungen wurden auf Vollst\u00e4ndigkeit und aktuelle Pr\u00fcffrist gesichtet. W\u00e4hrend der Veranstaltung wurde die Brandsicherheitswache gestellt.<\/p>\n","protected":false},"author":5,"featured_media":0,"template":"","meta":{"einsatz_weight":1,"footnotes":""},"categories":[1],"tags":[138],"einsatzart":[9],"fahrzeug":[43],"exteinsatzmittel":[12],"alarmierungsart":[65],"evw_unit":[],"class_list":["post-8158","einsatz","type-einsatz","status-publish","hentry","category-allgemein","tag-esthal","einsatzart-bsw","fahrzeug-esthal19","exteinsatzmittel-fw_est","alarmierungsart-telefon"],"better_featured_image":null,"einsatz_ort":"Mehrzweckhalle Esthal","einsatz_ende":"2019-09-28 23:30","einsatz_beginn":"","_links":{"self":[{"href":"https:\/\/feuerwehr-vglambrecht.de\/cms\/wp-json\/wp\/v2\/einsatz\/8158","targetHints":{"allow":["GET"]}}],"collection":[{"href":"https:\/\/feuerwehr-vglambrecht.de\/cms\/wp-json\/wp\/v2\/einsatz"}],"about":[{"href":"https:\/\/feuerwehr-vglambrecht.de\/cms\/wp-json\/wp\/v2\/types\/einsatz"}],"author":[{"embeddable":true,"href":"https:\/\/feuerwehr-vglambrecht.de\/cms\/wp-json\/wp\/v2\/users\/5"}],"version-history":[{"count":1,"href":"https:\/\/feuerwehr-vglambrecht.de\/cms\/wp-json\/wp\/v2\/einsatz\/8158\/revisions"}],"predecessor-version":[{"id":8159,"href":"https:\/\/feuerwehr-vglambrecht.de\/cms\/wp-json\/wp\/v2\/einsatz\/8158\/revisions\/8159"}],"wp:attachment":[{"href":"https:\/\/feuerwehr-vglambrecht.de\/cms\/wp-json\/wp\/v2\/media?parent=8158"}],"wp:term":[{"taxonomy":"category","embeddable":true,"href":"https:\/\/feuerwehr-vglambrecht.de\/cms\/wp-json\/wp\/v2\/categories?post=8158"},{"taxonomy":"post_tag","embeddable":true,"href":"https:\/\/feuerwehr-vglambrecht.de\/cms\/wp-json\/wp\/v2\/tags?post=8158"},{"taxonomy":"einsatzart","embeddable":true,"href":"https:\/\/feuerwehr-vglambrecht.de\/cms\/wp-json\/wp\/v2\/einsatzart?post=8158"},{"taxonomy":"fahrzeug","embeddable":true,"href":"https:\/\/feuerwehr-vglambrecht.de\/cms\/wp-json\/wp\/v2\/fahrzeug?post=8158"},{"taxonomy":"exteinsatzmittel","embeddable":true,"href":"https:\/\/feuerwehr-vglambrecht.de\/cms\/wp-json\/wp\/v2\/exteinsatzmittel?post=8158"},{"taxonomy":"alarmierungsart","embeddable":true,"href":"https:\/\/feuerwehr-vglambrecht.de\/cms\/wp-json\/wp\/v2\/alarmierungsart?post=8158"},{"taxonomy":"evw_unit","embeddable":true,"href":"https:\/\/feuerwehr-vglambrecht.de\/cms\/wp-json\/wp\/v2\/evw_unit?post=8158"}],"curies":[{"name":"wp","href":"https:\/\/api.w.org\/{rel}","templated":true}]}}