{"id":8123,"date":"2019-09-28T13:40:00","date_gmt":"2019-09-28T11:40:00","guid":{"rendered":"https:\/\/feuerwehr-vglambrecht.de\/cms\/?post_type=einsatz&#038;p=8123"},"modified":"2019-09-28T14:52:11","modified_gmt":"2019-09-28T12:52:11","slug":"tierrettung-h1-05-schafherde-auf-fahrbahn","status":"publish","type":"einsatz","link":"https:\/\/feuerwehr-vglambrecht.de\/cms\/einsatzberichte\/tierrettung-h1-05-schafherde-auf-fahrbahn\/","title":{"rendered":"Tierrettung (H1.05) Schafherde auf Fahrbahn"},"content":{"rendered":"<p>Die Feuerwehren Esthal und Frankeneck wurden zur Unterst\u00fctzung der Polizei aufgrund einer ausgebrochenen Schafherde in die Hauptstra\u00dfe nach Esthal alarmiert.<!--more--> Vor Ort wurden ca. 25 freilaufende Schafe aufgefunden. Die Tiere wurden zur\u00fcck in das durch Wildschweine besch\u00e4digte Gehege getrieben. Der Eigent\u00fcmer wurde verst\u00e4ndigt, um das Gehege wieder in Stand zu setzen.<\/p>\n","protected":false},"author":3,"featured_media":5097,"template":"","meta":{"einsatz_weight":1,"footnotes":""},"categories":[],"tags":[138,181],"einsatzart":[33],"fahrzeug":[350,307,44],"exteinsatzmittel":[12,13,30],"alarmierungsart":[10],"evw_unit":[],"class_list":["post-8123","einsatz","type-einsatz","status-publish","has-post-thumbnail","hentry","tag-esthal","tag-tierrettung","einsatzart-th","fahrzeug-esthal-19-2","fahrzeug-307","fahrzeug-frankeneck-40","exteinsatzmittel-fw_est","exteinsatzmittel-fw_fra","exteinsatzmittel-pol","alarmierungsart-dme-digitaler-meldeempfaenger"],"better_featured_image":{"id":5097,"alt_text":"","caption":"","description":"","media_type":"image","media_details":{"width":2560,"height":1245,"file":"2017\/01\/008-1-Umbau-Ger\u00e4tehaus-e1485122653178-scaled.jpg","filesize":394198,"sizes":{"medium_large":{"file":"008-1-Umbau-Ger\u00e4tehaus-e1485122653178-768x373.jpg","width":768,"height":373,"mime-type":"image\/jpeg","filesize":53203,"source_url":"https:\/\/feuerwehr-vglambrecht.de\/cms\/wp-content\/uploads\/2017\/01\/008-1-Umbau-Ger\u00e4tehaus-e1485122653178-768x373.jpg"},"1536x1536":{"file":"008-1-Umbau-Ger\u00e4tehaus-e1485122653178-1536x747.jpg","width":1536,"height":747,"mime-type":"image\/jpeg","filesize":172139,"source_url":"https:\/\/feuerwehr-vglambrecht.de\/cms\/wp-content\/uploads\/2017\/01\/008-1-Umbau-Ger\u00e4tehaus-e1485122653178-1536x747.jpg"},"2048x2048":{"file":"008-1-Umbau-Ger\u00e4tehaus-e1485122653178-2048x996.jpg","width":2048,"height":996,"mime-type":"image\/jpeg","filesize":276655,"source_url":"https:\/\/feuerwehr-vglambrecht.de\/cms\/wp-content\/uploads\/2017\/01\/008-1-Umbau-Ger\u00e4tehaus-e1485122653178-2048x996.jpg"},"wptouch-new-thumbnail":{"file":"008-1-Umbau-Ger\u00e4tehaus-e1485122653178-144x144.jpg","width":144,"height":144,"mime-type":"image\/jpeg","filesize":5073,"source_url":"https:\/\/feuerwehr-vglambrecht.de\/cms\/wp-content\/uploads\/2017\/01\/008-1-Umbau-Ger\u00e4tehaus-e1485122653178-144x144.jpg"},"landing_image":{"file":"008-1-Umbau-Ger\u00e4tehaus-e1485122653178-1024x460.jpg","width":1024,"height":460,"mime-type":"image\/jpeg","filesize":83065,"source_url":"https:\/\/feuerwehr-vglambrecht.de\/cms\/wp-content\/uploads\/2017\/01\/008-1-Umbau-Ger\u00e4tehaus-e1485122653178-1024x460.jpg"},"foundation-featured-image":{"file":"008-1-Umbau-Ger\u00e4tehaus-e1485122653178-900x438.jpg","width":900,"height":438,"mime-type":"image\/jpeg","filesize":70539,"source_url":"https:\/\/feuerwehr-vglambrecht.de\/cms\/wp-content\/uploads\/2017\/01\/008-1-Umbau-Ger\u00e4tehaus-e1485122653178-900x438.jpg"},"thumbnail":{"file":"008-1-Umbau-Ger\u00e4tehaus-e1485122653178-150x150.jpg","width":150,"height":150,"source_url":"https:\/\/feuerwehr-vglambrecht.de\/cms\/wp-content\/uploads\/2017\/01\/008-1-Umbau-Ger\u00e4tehaus-e1485122653178-150x150.jpg"},"medium":{"file":"008-1-Umbau-Ger\u00e4tehaus-e1485122653178-300x146.jpg","width":300,"height":146,"source_url":"https:\/\/feuerwehr-vglambrecht.de\/cms\/wp-content\/uploads\/2017\/01\/008-1-Umbau-Ger\u00e4tehaus-e1485122653178-300x146.jpg"},"large":{"file":"008-1-Umbau-Ger\u00e4tehaus-e1485122653178-1024x498.jpg","width":1024,"height":498,"source_url":"https:\/\/feuerwehr-vglambrecht.de\/cms\/wp-content\/uploads\/2017\/01\/008-1-Umbau-Ger\u00e4tehaus-e1485122653178-1024x498.jpg"}},"image_meta":{"aperture":"0","credit":"","camera":"","caption":"","created_timestamp":"0","copyright":"","focal_length":"0","iso":"0","shutter_speed":"0","title":"","orientation":"0","keywords":[]},"original_image":"008-1-Umbau-Ger\u00e4tehaus-e1485122653178.jpg","image-converter":{"thumbnail":"IME","medium":"IME","large":"IME"}},"post":5096,"source_url":"https:\/\/feuerwehr-vglambrecht.de\/cms\/wp-content\/uploads\/2017\/01\/008-1-Umbau-Ger\u00e4tehaus-e1485122653178-scaled.jpg"},"einsatz_ort":"Hauptstra\u00dfe Esthal","einsatz_ende":"2019-09-28 14:20","einsatz_beginn":"","_links":{"self":[{"href":"https:\/\/feuerwehr-vglambrecht.de\/cms\/wp-json\/wp\/v2\/einsatz\/8123","targetHints":{"allow":["GET"]}}],"collection":[{"href":"https:\/\/feuerwehr-vglambrecht.de\/cms\/wp-json\/wp\/v2\/einsatz"}],"about":[{"href":"https:\/\/feuerwehr-vglambrecht.de\/cms\/wp-json\/wp\/v2\/types\/einsatz"}],"author":[{"embeddable":true,"href":"https:\/\/feuerwehr-vglambrecht.de\/cms\/wp-json\/wp\/v2\/users\/3"}],"version-history":[{"count":3,"href":"https:\/\/feuerwehr-vglambrecht.de\/cms\/wp-json\/wp\/v2\/einsatz\/8123\/revisions"}],"predecessor-version":[{"id":8126,"href":"https:\/\/feuerwehr-vglambrecht.de\/cms\/wp-json\/wp\/v2\/einsatz\/8123\/revisions\/8126"}],"wp:featuredmedia":[{"embeddable":true,"href":"https:\/\/feuerwehr-vglambrecht.de\/cms\/wp-json\/wp\/v2\/media\/5097"}],"wp:attachment":[{"href":"https:\/\/feuerwehr-vglambrecht.de\/cms\/wp-json\/wp\/v2\/media?parent=8123"}],"wp:term":[{"taxonomy":"category","embeddable":true,"href":"https:\/\/feuerwehr-vglambrecht.de\/cms\/wp-json\/wp\/v2\/categories?post=8123"},{"taxonomy":"post_tag","embeddable":true,"href":"https:\/\/feuerwehr-vglambrecht.de\/cms\/wp-json\/wp\/v2\/tags?post=8123"},{"taxonomy":"einsatzart","embeddable":true,"href":"https:\/\/feuerwehr-vglambrecht.de\/cms\/wp-json\/wp\/v2\/einsatzart?post=8123"},{"taxonomy":"fahrzeug","embeddable":true,"href":"https:\/\/feuerwehr-vglambrecht.de\/cms\/wp-json\/wp\/v2\/fahrzeug?post=8123"},{"taxonomy":"exteinsatzmittel","embeddable":true,"href":"https:\/\/feuerwehr-vglambrecht.de\/cms\/wp-json\/wp\/v2\/exteinsatzmittel?post=8123"},{"taxonomy":"alarmierungsart","embeddable":true,"href":"https:\/\/feuerwehr-vglambrecht.de\/cms\/wp-json\/wp\/v2\/alarmierungsart?post=8123"},{"taxonomy":"evw_unit","embeddable":true,"href":"https:\/\/feuerwehr-vglambrecht.de\/cms\/wp-json\/wp\/v2\/evw_unit?post=8123"}],"curies":[{"name":"wp","href":"https:\/\/api.w.org\/{rel}","templated":true}]}}