{"id":8052,"date":"2019-08-30T09:40:00","date_gmt":"2019-08-30T07:40:00","guid":{"rendered":"https:\/\/feuerwehr-vglambrecht.de\/cms\/?post_type=einsatz&#038;p=8052"},"modified":"2019-08-31T16:02:30","modified_gmt":"2019-08-31T14:02:30","slug":"tuer-oeffnen-dringend-h2-01-11","status":"publish","type":"einsatz","link":"https:\/\/feuerwehr-vglambrecht.de\/cms\/einsatzberichte\/tuer-oeffnen-dringend-h2-01-11\/","title":{"rendered":"T\u00fcr \u00f6ffnen dringend (H2.01)"},"content":{"rendered":"<p>Die Feuerwehren Esthal und Frankeneck wurden zu einer Notfallt\u00fcr\u00f6ffnung aufgrund eines medizinischen Notfalls alarmiert, bei der die betroffene Person nicht mehr allein dem Rettungsdienst die T\u00fcr \u00f6ffnen konnte. Noch vor Eintreffen an der Einsatzstelle konnte der Einsatz abgebrochen werden. Ein Eingreifen der Feuerwehr war nicht mehr erforderlich.<\/p>\n","protected":false},"author":3,"featured_media":8054,"template":"","meta":{"einsatz_weight":1,"footnotes":""},"categories":[],"tags":[138],"einsatzart":[33],"fahrzeug":[307,44],"exteinsatzmittel":[12,13,30,31],"alarmierungsart":[10],"evw_unit":[],"class_list":["post-8052","einsatz","type-einsatz","status-publish","has-post-thumbnail","hentry","tag-esthal","einsatzart-th","fahrzeug-307","fahrzeug-frankeneck-40","exteinsatzmittel-fw_est","exteinsatzmittel-fw_fra","exteinsatzmittel-pol","exteinsatzmittel-drk","alarmierungsart-dme-digitaler-meldeempfaenger"],"better_featured_image":{"id":8054,"alt_text":"","caption":"","description":"","media_type":"image","media_details":{"width":465,"height":600,"file":"2019\/08\/82FA3EEA-234E-4A9B-A49A-BA7085CB0BC4.png","filesize":546397,"sizes":{"wptouch-new-thumbnail":{"file":"82FA3EEA-234E-4A9B-A49A-BA7085CB0BC4-144x144.png","width":144,"height":144,"mime-type":"image\/png","filesize":31843,"source_url":"https:\/\/feuerwehr-vglambrecht.de\/cms\/wp-content\/uploads\/2019\/08\/82FA3EEA-234E-4A9B-A49A-BA7085CB0BC4-144x144.png"},"landing_image":{"file":"82FA3EEA-234E-4A9B-A49A-BA7085CB0BC4-465x460.png","width":465,"height":460,"mime-type":"image\/png","filesize":370535,"source_url":"https:\/\/feuerwehr-vglambrecht.de\/cms\/wp-content\/uploads\/2019\/08\/82FA3EEA-234E-4A9B-A49A-BA7085CB0BC4-465x460.png"},"thumbnail":{"file":"82FA3EEA-234E-4A9B-A49A-BA7085CB0BC4-150x150.png","width":150,"height":150,"source_url":"https:\/\/feuerwehr-vglambrecht.de\/cms\/wp-content\/uploads\/2019\/08\/82FA3EEA-234E-4A9B-A49A-BA7085CB0BC4-150x150.png"},"medium":{"file":"82FA3EEA-234E-4A9B-A49A-BA7085CB0BC4-233x300.png","width":233,"height":300,"source_url":"https:\/\/feuerwehr-vglambrecht.de\/cms\/wp-content\/uploads\/2019\/08\/82FA3EEA-234E-4A9B-A49A-BA7085CB0BC4-233x300.png"}},"image_meta":{"aperture":"0","credit":"","camera":"","caption":"","created_timestamp":"0","copyright":"","focal_length":"0","iso":"0","shutter_speed":"0","title":"","orientation":"0","keywords":[]},"image-converter":{"thumbnail":"IME","medium":"IME"}},"post":8052,"source_url":"https:\/\/feuerwehr-vglambrecht.de\/cms\/wp-content\/uploads\/2019\/08\/82FA3EEA-234E-4A9B-A49A-BA7085CB0BC4.png"},"einsatz_ort":"Hauptstra\u00dfe Esthal","einsatz_ende":"2019-08-30 09:50","einsatz_beginn":"","_links":{"self":[{"href":"https:\/\/feuerwehr-vglambrecht.de\/cms\/wp-json\/wp\/v2\/einsatz\/8052","targetHints":{"allow":["GET"]}}],"collection":[{"href":"https:\/\/feuerwehr-vglambrecht.de\/cms\/wp-json\/wp\/v2\/einsatz"}],"about":[{"href":"https:\/\/feuerwehr-vglambrecht.de\/cms\/wp-json\/wp\/v2\/types\/einsatz"}],"author":[{"embeddable":true,"href":"https:\/\/feuerwehr-vglambrecht.de\/cms\/wp-json\/wp\/v2\/users\/3"}],"version-history":[{"count":1,"href":"https:\/\/feuerwehr-vglambrecht.de\/cms\/wp-json\/wp\/v2\/einsatz\/8052\/revisions"}],"predecessor-version":[{"id":8053,"href":"https:\/\/feuerwehr-vglambrecht.de\/cms\/wp-json\/wp\/v2\/einsatz\/8052\/revisions\/8053"}],"wp:featuredmedia":[{"embeddable":true,"href":"https:\/\/feuerwehr-vglambrecht.de\/cms\/wp-json\/wp\/v2\/media\/8054"}],"wp:attachment":[{"href":"https:\/\/feuerwehr-vglambrecht.de\/cms\/wp-json\/wp\/v2\/media?parent=8052"}],"wp:term":[{"taxonomy":"category","embeddable":true,"href":"https:\/\/feuerwehr-vglambrecht.de\/cms\/wp-json\/wp\/v2\/categories?post=8052"},{"taxonomy":"post_tag","embeddable":true,"href":"https:\/\/feuerwehr-vglambrecht.de\/cms\/wp-json\/wp\/v2\/tags?post=8052"},{"taxonomy":"einsatzart","embeddable":true,"href":"https:\/\/feuerwehr-vglambrecht.de\/cms\/wp-json\/wp\/v2\/einsatzart?post=8052"},{"taxonomy":"fahrzeug","embeddable":true,"href":"https:\/\/feuerwehr-vglambrecht.de\/cms\/wp-json\/wp\/v2\/fahrzeug?post=8052"},{"taxonomy":"exteinsatzmittel","embeddable":true,"href":"https:\/\/feuerwehr-vglambrecht.de\/cms\/wp-json\/wp\/v2\/exteinsatzmittel?post=8052"},{"taxonomy":"alarmierungsart","embeddable":true,"href":"https:\/\/feuerwehr-vglambrecht.de\/cms\/wp-json\/wp\/v2\/alarmierungsart?post=8052"},{"taxonomy":"evw_unit","embeddable":true,"href":"https:\/\/feuerwehr-vglambrecht.de\/cms\/wp-json\/wp\/v2\/evw_unit?post=8052"}],"curies":[{"name":"wp","href":"https:\/\/api.w.org\/{rel}","templated":true}]}}