{"id":7989,"date":"2019-08-02T13:37:00","date_gmt":"2019-08-02T11:37:00","guid":{"rendered":"https:\/\/feuerwehr-vglambrecht.de\/cms\/?post_type=einsatz&#038;p=7989"},"modified":"2019-09-24T00:32:25","modified_gmt":"2019-09-23T22:32:25","slug":"rauchentwicklung-gebaeude-b2-01","status":"publish","type":"einsatz","link":"https:\/\/feuerwehr-vglambrecht.de\/cms\/einsatzberichte\/rauchentwicklung-gebaeude-b2-01\/","title":{"rendered":"Rauchentwicklung Geb\u00e4ude (B2.01)"},"content":{"rendered":"<p>Die Feuerwehr Lambrecht wurde am 02.08.2019 um 13:37 Uhr zu einer Rauchentwicklung in die Fabrikstra\u00dfe in Lambrecht alarmiert. Im Vorgarten eines Hauses war die Rauchentwicklung beim Eintreffen der Rettungskr\u00e4fte sichtbar. Die Feuerwehr \u00f6ffnete die verschlossene Gartent\u00fcr um anschlie\u00dfend den Brand mittels Schnellangriff abzul\u00f6schen. Durch das schnelle Eingreifen der Feuerwehr konnte eine weitere Ausbreitung verhindert werden. Die Brandstelle wurde auseinander gezogen und vereinzelte Glutnester mit Wasser abgel\u00f6scht. W\u00e4hrend dem Einsatz war die Fabrikstra\u00dfe gesperrt. Die Polizei hat die Ermittlungen zur Brandursache aufgenommen.<\/p>\n","protected":false},"author":1,"featured_media":7991,"template":"","meta":{"einsatz_weight":1,"footnotes":""},"categories":[71],"tags":[180,407,235],"einsatzart":[7],"fahrzeug":[51,53,54],"exteinsatzmittel":[18,30,31],"alarmierungsart":[10],"evw_unit":[],"class_list":["post-7989","einsatz","type-einsatz","status-publish","has-post-thumbnail","hentry","category-fw_lambrecht","tag-brand","tag-helfen","tag-rauchentwicklung","einsatzart-brand","fahrzeug-lambrecht-241","fahrzeug-lambrecht-33","fahrzeug-lambrecht-44","exteinsatzmittel-fw_lam","exteinsatzmittel-pol","exteinsatzmittel-drk","alarmierungsart-dme-digitaler-meldeempfaenger"],"better_featured_image":{"id":7991,"alt_text":"","caption":"","description":"","media_type":"image","media_details":{"width":2560,"height":1920,"file":"2019\/08\/20190802_134341-scaled.jpg","filesize":1108335,"sizes":{"medium_large":{"file":"20190802_134341-768x576.jpg","width":768,"height":576,"mime-type":"image\/jpeg","filesize":157031,"source_url":"https:\/\/feuerwehr-vglambrecht.de\/cms\/wp-content\/uploads\/2019\/08\/20190802_134341-768x576.jpg"},"1536x1536":{"file":"20190802_134341-1536x1152.jpg","width":1536,"height":1152,"mime-type":"image\/jpeg","filesize":471733,"source_url":"https:\/\/feuerwehr-vglambrecht.de\/cms\/wp-content\/uploads\/2019\/08\/20190802_134341-1536x1152.jpg"},"2048x2048":{"file":"20190802_134341-2048x1536.jpg","width":2048,"height":1536,"mime-type":"image\/jpeg","filesize":765184,"source_url":"https:\/\/feuerwehr-vglambrecht.de\/cms\/wp-content\/uploads\/2019\/08\/20190802_134341-2048x1536.jpg"},"wptouch-new-thumbnail":{"file":"20190802_134341-144x144.jpg","width":144,"height":144,"mime-type":"image\/jpeg","filesize":44345,"source_url":"https:\/\/feuerwehr-vglambrecht.de\/cms\/wp-content\/uploads\/2019\/08\/20190802_134341-144x144.jpg"},"landing_image":{"file":"20190802_134341-1024x460.jpg","width":1024,"height":460,"mime-type":"image\/jpeg","filesize":153436,"source_url":"https:\/\/feuerwehr-vglambrecht.de\/cms\/wp-content\/uploads\/2019\/08\/20190802_134341-1024x460.jpg"},"foundation-featured-image":{"file":"20190802_134341-900x675.jpg","width":900,"height":675,"mime-type":"image\/jpeg","filesize":199870,"source_url":"https:\/\/feuerwehr-vglambrecht.de\/cms\/wp-content\/uploads\/2019\/08\/20190802_134341-900x675.jpg"},"thumbnail":{"file":"20190802_134341-150x150.jpg","width":150,"height":150,"source_url":"https:\/\/feuerwehr-vglambrecht.de\/cms\/wp-content\/uploads\/2019\/08\/20190802_134341-150x150.jpg"},"medium":{"file":"20190802_134341-300x225.jpg","width":300,"height":225,"source_url":"https:\/\/feuerwehr-vglambrecht.de\/cms\/wp-content\/uploads\/2019\/08\/20190802_134341-300x225.jpg"},"large":{"file":"20190802_134341-1024x768.jpg","width":1024,"height":768,"source_url":"https:\/\/feuerwehr-vglambrecht.de\/cms\/wp-content\/uploads\/2019\/08\/20190802_134341-1024x768.jpg"}},"image_meta":{"aperture":"1.7","credit":"","camera":"SM-G950F","caption":"","created_timestamp":"1564753421","copyright":"","focal_length":"4.2","iso":"64","shutter_speed":"0.02","title":"","orientation":"1","keywords":[]},"original_image":"20190802_134341.jpg","image-converter":{"thumbnail":"IME","medium":"IME","large":"IME"}},"post":7989,"source_url":"https:\/\/feuerwehr-vglambrecht.de\/cms\/wp-content\/uploads\/2019\/08\/20190802_134341-scaled.jpg"},"einsatz_ort":"Fabrikstra\u00dfe, Lambrecht","einsatz_ende":"2019-08-02 14:00","einsatz_beginn":"","_links":{"self":[{"href":"https:\/\/feuerwehr-vglambrecht.de\/cms\/wp-json\/wp\/v2\/einsatz\/7989","targetHints":{"allow":["GET"]}}],"collection":[{"href":"https:\/\/feuerwehr-vglambrecht.de\/cms\/wp-json\/wp\/v2\/einsatz"}],"about":[{"href":"https:\/\/feuerwehr-vglambrecht.de\/cms\/wp-json\/wp\/v2\/types\/einsatz"}],"author":[{"embeddable":true,"href":"https:\/\/feuerwehr-vglambrecht.de\/cms\/wp-json\/wp\/v2\/users\/1"}],"version-history":[{"count":2,"href":"https:\/\/feuerwehr-vglambrecht.de\/cms\/wp-json\/wp\/v2\/einsatz\/7989\/revisions"}],"predecessor-version":[{"id":7992,"href":"https:\/\/feuerwehr-vglambrecht.de\/cms\/wp-json\/wp\/v2\/einsatz\/7989\/revisions\/7992"}],"wp:featuredmedia":[{"embeddable":true,"href":"https:\/\/feuerwehr-vglambrecht.de\/cms\/wp-json\/wp\/v2\/media\/7991"}],"wp:attachment":[{"href":"https:\/\/feuerwehr-vglambrecht.de\/cms\/wp-json\/wp\/v2\/media?parent=7989"}],"wp:term":[{"taxonomy":"category","embeddable":true,"href":"https:\/\/feuerwehr-vglambrecht.de\/cms\/wp-json\/wp\/v2\/categories?post=7989"},{"taxonomy":"post_tag","embeddable":true,"href":"https:\/\/feuerwehr-vglambrecht.de\/cms\/wp-json\/wp\/v2\/tags?post=7989"},{"taxonomy":"einsatzart","embeddable":true,"href":"https:\/\/feuerwehr-vglambrecht.de\/cms\/wp-json\/wp\/v2\/einsatzart?post=7989"},{"taxonomy":"fahrzeug","embeddable":true,"href":"https:\/\/feuerwehr-vglambrecht.de\/cms\/wp-json\/wp\/v2\/fahrzeug?post=7989"},{"taxonomy":"exteinsatzmittel","embeddable":true,"href":"https:\/\/feuerwehr-vglambrecht.de\/cms\/wp-json\/wp\/v2\/exteinsatzmittel?post=7989"},{"taxonomy":"alarmierungsart","embeddable":true,"href":"https:\/\/feuerwehr-vglambrecht.de\/cms\/wp-json\/wp\/v2\/alarmierungsart?post=7989"},{"taxonomy":"evw_unit","embeddable":true,"href":"https:\/\/feuerwehr-vglambrecht.de\/cms\/wp-json\/wp\/v2\/evw_unit?post=7989"}],"curies":[{"name":"wp","href":"https:\/\/api.w.org\/{rel}","templated":true}]}}