{"id":7832,"date":"2019-06-21T18:50:00","date_gmt":"2019-06-21T16:50:00","guid":{"rendered":"https:\/\/feuerwehr-vglambrecht.de\/cms\/?post_type=einsatz&#038;p=7832"},"modified":"2019-06-21T20:39:41","modified_gmt":"2019-06-21T18:39:41","slug":"tierrettung-h1-05-8","status":"publish","type":"einsatz","link":"https:\/\/feuerwehr-vglambrecht.de\/cms\/einsatzberichte\/tierrettung-h1-05-8\/","title":{"rendered":"Tierrettung (H1.05)"},"content":{"rendered":"<p>Die Wehrf\u00fchrung der Feuerwehr Esthal wurde telefonisch \u00fcber die Notlage eines Mauerseglers an der Grundschule Esthal informiert. <!--more-->Der Mauersegler hatte sich unterhalb einer Fensterbank im 2.OG in einer Dekoschnur verfangen und konnte sich nicht mehr eingenst\u00e4ndig aus seiner misslichen Lage befreien. Die Feuerwehr verschaffte sich Zugang zum Geb\u00e4ude und rettete den verletzten Vogel. Im Anschluss wurde er der Tiernotinsel in Neidenfels zur weiteren Behandlung zugef\u00fchrt.<\/p>\n<p>***Symbolbild***<\/p>\n<p>Bildquelle: n-tv<\/p>\n<p>&nbsp;<\/p>\n","protected":false},"author":2,"featured_media":7833,"template":"","meta":{"einsatz_weight":1,"footnotes":""},"categories":[],"tags":[395,138,181,398],"einsatzart":[33],"fahrzeug":[],"exteinsatzmittel":[12],"alarmierungsart":[65],"evw_unit":[],"class_list":["post-7832","einsatz","type-einsatz","status-publish","has-post-thumbnail","hentry","tag-blaulicht","tag-esthal","tag-tierrettung","tag-wirfuereuch","einsatzart-th","exteinsatzmittel-fw_est","alarmierungsart-telefon"],"better_featured_image":{"id":7833,"alt_text":"","caption":"","description":"","media_type":"image","media_details":{"width":639,"height":960,"file":"2019\/06\/18507966.jpg","filesize":260987,"sizes":{"wptouch-new-thumbnail":{"file":"18507966-144x144.jpg","width":144,"height":144,"mime-type":"image\/jpeg","filesize":7200,"source_url":"https:\/\/feuerwehr-vglambrecht.de\/cms\/wp-content\/uploads\/2019\/06\/18507966-144x144.jpg"},"landing_image":{"file":"18507966-639x460.jpg","width":639,"height":460,"mime-type":"image\/jpeg","filesize":112959,"source_url":"https:\/\/feuerwehr-vglambrecht.de\/cms\/wp-content\/uploads\/2019\/06\/18507966-639x460.jpg"},"thumbnail":{"file":"18507966-150x150.jpg","width":150,"height":150,"source_url":"https:\/\/feuerwehr-vglambrecht.de\/cms\/wp-content\/uploads\/2019\/06\/18507966-150x150.jpg"},"medium":{"file":"18507966-200x300.jpg","width":200,"height":300,"source_url":"https:\/\/feuerwehr-vglambrecht.de\/cms\/wp-content\/uploads\/2019\/06\/18507966-200x300.jpg"}},"image_meta":{"aperture":"0","credit":"","camera":"","caption":"","created_timestamp":"0","copyright":"","focal_length":"0","iso":"0","shutter_speed":"0","title":"","orientation":"0","keywords":[]},"image-converter":{"thumbnail":"IME","medium":"IME"}},"post":7832,"source_url":"https:\/\/feuerwehr-vglambrecht.de\/cms\/wp-content\/uploads\/2019\/06\/18507966.jpg"},"einsatz_ort":"Esthal","einsatz_ende":"2019-06-21 19:15","einsatz_beginn":"","_links":{"self":[{"href":"https:\/\/feuerwehr-vglambrecht.de\/cms\/wp-json\/wp\/v2\/einsatz\/7832","targetHints":{"allow":["GET"]}}],"collection":[{"href":"https:\/\/feuerwehr-vglambrecht.de\/cms\/wp-json\/wp\/v2\/einsatz"}],"about":[{"href":"https:\/\/feuerwehr-vglambrecht.de\/cms\/wp-json\/wp\/v2\/types\/einsatz"}],"author":[{"embeddable":true,"href":"https:\/\/feuerwehr-vglambrecht.de\/cms\/wp-json\/wp\/v2\/users\/2"}],"version-history":[{"count":1,"href":"https:\/\/feuerwehr-vglambrecht.de\/cms\/wp-json\/wp\/v2\/einsatz\/7832\/revisions"}],"predecessor-version":[{"id":7834,"href":"https:\/\/feuerwehr-vglambrecht.de\/cms\/wp-json\/wp\/v2\/einsatz\/7832\/revisions\/7834"}],"wp:featuredmedia":[{"embeddable":true,"href":"https:\/\/feuerwehr-vglambrecht.de\/cms\/wp-json\/wp\/v2\/media\/7833"}],"wp:attachment":[{"href":"https:\/\/feuerwehr-vglambrecht.de\/cms\/wp-json\/wp\/v2\/media?parent=7832"}],"wp:term":[{"taxonomy":"category","embeddable":true,"href":"https:\/\/feuerwehr-vglambrecht.de\/cms\/wp-json\/wp\/v2\/categories?post=7832"},{"taxonomy":"post_tag","embeddable":true,"href":"https:\/\/feuerwehr-vglambrecht.de\/cms\/wp-json\/wp\/v2\/tags?post=7832"},{"taxonomy":"einsatzart","embeddable":true,"href":"https:\/\/feuerwehr-vglambrecht.de\/cms\/wp-json\/wp\/v2\/einsatzart?post=7832"},{"taxonomy":"fahrzeug","embeddable":true,"href":"https:\/\/feuerwehr-vglambrecht.de\/cms\/wp-json\/wp\/v2\/fahrzeug?post=7832"},{"taxonomy":"exteinsatzmittel","embeddable":true,"href":"https:\/\/feuerwehr-vglambrecht.de\/cms\/wp-json\/wp\/v2\/exteinsatzmittel?post=7832"},{"taxonomy":"alarmierungsart","embeddable":true,"href":"https:\/\/feuerwehr-vglambrecht.de\/cms\/wp-json\/wp\/v2\/alarmierungsart?post=7832"},{"taxonomy":"evw_unit","embeddable":true,"href":"https:\/\/feuerwehr-vglambrecht.de\/cms\/wp-json\/wp\/v2\/evw_unit?post=7832"}],"curies":[{"name":"wp","href":"https:\/\/api.w.org\/{rel}","templated":true}]}}