{"id":7580,"date":"2019-05-05T12:51:00","date_gmt":"2019-05-05T10:51:00","guid":{"rendered":"https:\/\/feuerwehr-vglambrecht.de\/cms\/?post_type=einsatz&#038;p=7580"},"modified":"2019-05-06T07:32:15","modified_gmt":"2019-05-06T05:32:15","slug":"tuer-oeffnen-dringend-h2-01-8","status":"publish","type":"einsatz","link":"https:\/\/feuerwehr-vglambrecht.de\/cms\/einsatzberichte\/tuer-oeffnen-dringend-h2-01-8\/","title":{"rendered":"T\u00fcr \u00f6ffnen dringend (H2.01)"},"content":{"rendered":"<p>Am 05.05.2019 wurde um 12:51 Uhr die Feuerwehr Lambrecht zu einer T\u00fcr\u00f6ffnung in die Gartenstra\u00dfe in Lambrecht alarmiert.<!--more--><span id=\"more-7420\"><\/span><span id=\"more-7051\"><\/span><\/p>\n<p>Nach der Ersten Erkundung stellte sich heraus, dass die Wohnungst\u00fcr\u00a0 im 3. Obergeschoss verschlossen ist und sich\u00a0 eine hilferufende Person in der Wohnung befand. Durch ein gekipptes Dachfenster konnte ein Feuerwehrangeh\u00f6riger \u00fcber die Drehleiter in die Wohnung einsteigen. Die T\u00fcr wurde ge\u00f6ffnet und der mitalarmierte Rettungsdienst k\u00fcmmerte sich um die Person, die anschlie\u00dfend ins Krankenhaus gebracht wurde.<\/p>\n<p>&nbsp;<\/p>\n<p>(Symbolbild)<\/p>\n","protected":false},"author":1,"featured_media":7581,"template":"","meta":{"einsatz_weight":1,"footnotes":""},"categories":[],"tags":[],"einsatzart":[33],"fahrzeug":[53,54],"exteinsatzmittel":[30,31],"alarmierungsart":[],"evw_unit":[],"class_list":["post-7580","einsatz","type-einsatz","status-publish","has-post-thumbnail","hentry","einsatzart-th","fahrzeug-lambrecht-33","fahrzeug-lambrecht-44","exteinsatzmittel-pol","exteinsatzmittel-drk"],"better_featured_image":{"id":7581,"alt_text":"","caption":"","description":"","media_type":"image","media_details":{"width":2560,"height":1707,"file":"2019\/05\/DLK-Einsatz-symbolbild-scaled.jpg","filesize":621818,"sizes":{"medium_large":{"file":"DLK-Einsatz-symbolbild-768x512.jpg","width":768,"height":512,"mime-type":"image\/jpeg","filesize":91713,"source_url":"https:\/\/feuerwehr-vglambrecht.de\/cms\/wp-content\/uploads\/2019\/05\/DLK-Einsatz-symbolbild-768x512.jpg"},"1536x1536":{"file":"DLK-Einsatz-symbolbild-1536x1024.jpg","width":1536,"height":1024,"mime-type":"image\/jpeg","filesize":272596,"source_url":"https:\/\/feuerwehr-vglambrecht.de\/cms\/wp-content\/uploads\/2019\/05\/DLK-Einsatz-symbolbild-1536x1024.jpg"},"2048x2048":{"file":"DLK-Einsatz-symbolbild-2048x1365.jpg","width":2048,"height":1365,"mime-type":"image\/jpeg","filesize":434445,"source_url":"https:\/\/feuerwehr-vglambrecht.de\/cms\/wp-content\/uploads\/2019\/05\/DLK-Einsatz-symbolbild-2048x1365.jpg"},"wptouch-new-thumbnail":{"file":"DLK-Einsatz-symbolbild-144x144.jpg","width":144,"height":144,"mime-type":"image\/jpeg","filesize":14900,"source_url":"https:\/\/feuerwehr-vglambrecht.de\/cms\/wp-content\/uploads\/2019\/05\/DLK-Einsatz-symbolbild-144x144.jpg"},"landing_image":{"file":"DLK-Einsatz-symbolbild-1024x460.jpg","width":1024,"height":460,"mime-type":"image\/jpeg","filesize":106037,"source_url":"https:\/\/feuerwehr-vglambrecht.de\/cms\/wp-content\/uploads\/2019\/05\/DLK-Einsatz-symbolbild-1024x460.jpg"},"foundation-featured-image":{"file":"DLK-Einsatz-symbolbild-900x600.jpg","width":900,"height":600,"mime-type":"image\/jpeg","filesize":118278,"source_url":"https:\/\/feuerwehr-vglambrecht.de\/cms\/wp-content\/uploads\/2019\/05\/DLK-Einsatz-symbolbild-900x600.jpg"},"thumbnail":{"file":"DLK-Einsatz-symbolbild-150x150.jpg","width":150,"height":150,"source_url":"https:\/\/feuerwehr-vglambrecht.de\/cms\/wp-content\/uploads\/2019\/05\/DLK-Einsatz-symbolbild-150x150.jpg"},"medium":{"file":"DLK-Einsatz-symbolbild-300x200.jpg","width":300,"height":200,"source_url":"https:\/\/feuerwehr-vglambrecht.de\/cms\/wp-content\/uploads\/2019\/05\/DLK-Einsatz-symbolbild-300x200.jpg"},"large":{"file":"DLK-Einsatz-symbolbild-1024x683.jpg","width":1024,"height":683,"source_url":"https:\/\/feuerwehr-vglambrecht.de\/cms\/wp-content\/uploads\/2019\/05\/DLK-Einsatz-symbolbild-1024x683.jpg"}},"image_meta":{"aperture":"4.5","credit":"","camera":"Canon EOS 1300D","caption":"","created_timestamp":"1509461142","copyright":"","focal_length":"35","iso":"500","shutter_speed":"0.002","title":"","orientation":"0","keywords":[]},"original_image":"DLK-Einsatz-symbolbild.jpg","image-converter":{"thumbnail":"IME","medium":"IME","large":"IME"}},"post":7580,"source_url":"https:\/\/feuerwehr-vglambrecht.de\/cms\/wp-content\/uploads\/2019\/05\/DLK-Einsatz-symbolbild-scaled.jpg"},"einsatz_ort":"Gartenstra\u00dfe, Lambrecht","einsatz_ende":"2019-05-05 13:30","einsatz_beginn":"","_links":{"self":[{"href":"https:\/\/feuerwehr-vglambrecht.de\/cms\/wp-json\/wp\/v2\/einsatz\/7580","targetHints":{"allow":["GET"]}}],"collection":[{"href":"https:\/\/feuerwehr-vglambrecht.de\/cms\/wp-json\/wp\/v2\/einsatz"}],"about":[{"href":"https:\/\/feuerwehr-vglambrecht.de\/cms\/wp-json\/wp\/v2\/types\/einsatz"}],"author":[{"embeddable":true,"href":"https:\/\/feuerwehr-vglambrecht.de\/cms\/wp-json\/wp\/v2\/users\/1"}],"version-history":[{"count":1,"href":"https:\/\/feuerwehr-vglambrecht.de\/cms\/wp-json\/wp\/v2\/einsatz\/7580\/revisions"}],"predecessor-version":[{"id":7582,"href":"https:\/\/feuerwehr-vglambrecht.de\/cms\/wp-json\/wp\/v2\/einsatz\/7580\/revisions\/7582"}],"wp:featuredmedia":[{"embeddable":true,"href":"https:\/\/feuerwehr-vglambrecht.de\/cms\/wp-json\/wp\/v2\/media\/7581"}],"wp:attachment":[{"href":"https:\/\/feuerwehr-vglambrecht.de\/cms\/wp-json\/wp\/v2\/media?parent=7580"}],"wp:term":[{"taxonomy":"category","embeddable":true,"href":"https:\/\/feuerwehr-vglambrecht.de\/cms\/wp-json\/wp\/v2\/categories?post=7580"},{"taxonomy":"post_tag","embeddable":true,"href":"https:\/\/feuerwehr-vglambrecht.de\/cms\/wp-json\/wp\/v2\/tags?post=7580"},{"taxonomy":"einsatzart","embeddable":true,"href":"https:\/\/feuerwehr-vglambrecht.de\/cms\/wp-json\/wp\/v2\/einsatzart?post=7580"},{"taxonomy":"fahrzeug","embeddable":true,"href":"https:\/\/feuerwehr-vglambrecht.de\/cms\/wp-json\/wp\/v2\/fahrzeug?post=7580"},{"taxonomy":"exteinsatzmittel","embeddable":true,"href":"https:\/\/feuerwehr-vglambrecht.de\/cms\/wp-json\/wp\/v2\/exteinsatzmittel?post=7580"},{"taxonomy":"alarmierungsart","embeddable":true,"href":"https:\/\/feuerwehr-vglambrecht.de\/cms\/wp-json\/wp\/v2\/alarmierungsart?post=7580"},{"taxonomy":"evw_unit","embeddable":true,"href":"https:\/\/feuerwehr-vglambrecht.de\/cms\/wp-json\/wp\/v2\/evw_unit?post=7580"}],"curies":[{"name":"wp","href":"https:\/\/api.w.org\/{rel}","templated":true}]}}