{"id":7439,"date":"2019-03-10T13:10:00","date_gmt":"2019-03-10T12:10:00","guid":{"rendered":"https:\/\/feuerwehr-vglambrecht.de\/cms\/?post_type=einsatz&#038;p=7439"},"modified":"2019-03-10T15:19:08","modified_gmt":"2019-03-10T14:19:08","slug":"absicherung-h1-02-2","status":"publish","type":"einsatz","link":"https:\/\/feuerwehr-vglambrecht.de\/cms\/einsatzberichte\/absicherung-h1-02-2\/","title":{"rendered":"Absicherung (H1.02)"},"content":{"rendered":"<p><strong>Sturmtief l\u00f6st Dachteile eines Wohnhauses<\/strong><\/p>\n<p>Am 10. M\u00e4rz 2019 gegen 13:10 Uhr wurden die Feuerwehren Esthal und Frankeneck wegen einer Absicherung in die Hauptstra\u00dfe in Esthal alarmiert.<!--more--> Durch schwere Sturmb\u00f6en die \u00fcber Esthal hinwegzogen, l\u00f6sten sich Dachteile eines Wohnhauses und drohten herabzufallen. Mittels Steckleiter wurde das lose Blechteil entfernt. Die Einsatzstelle wurde dem Besitzer zur weiteren Vorgehensweise wieder \u00fcbergeben.\n<div class=\"ngg-galleryoverview\" id=\"ngg-gallery-242-7439\">\n\n\t<!-- Slideshow link -->\n\t<div class=\"slideshowlink\">\n\t\t<a class=\"slideshowlink\" href=\"https:\/\/feuerwehr-vglambrecht.de\/cms\/einsatzberichte\/absicherung-h1-02-2\/nggallery\/slideshow\">\n\t\t\t[Show as slideshow]\t\t<\/a>\n\t<\/div>\n\n\t\n\t<!-- Thumbnails -->\n\t\t\n\t<div id=\"ngg-image-1536\" class=\"ngg-gallery-thumbnail-box\"  >\n\t\t<div class=\"ngg-gallery-thumbnail\" >\n\t\t\t<a href=\"https:\/\/feuerwehr-vglambrecht.de\/cms\/wp-content\/gallery\/sturmschaden-esthal\/dsc09789.jpg\" title=\" \" class=\"shutterset_set_242\" >\n\t\t\t\t\t\t\t\t<img loading=\"lazy\" decoding=\"async\" title=\"SONY DSC\" alt=\"SONY DSC\" src=\"https:\/\/feuerwehr-vglambrecht.de\/cms\/wp-content\/gallery\/sturmschaden-esthal\/thumbs\/thumbs_dsc09789.jpg\" width=\"100\" height=\"75\" \/>\n\t\t\t\t\t\t\t<\/a>\n\t\t<\/div>\n\t<\/div>\n\t\n\t\t\n \t\t\n\t<div id=\"ngg-image-1537\" class=\"ngg-gallery-thumbnail-box\"  >\n\t\t<div class=\"ngg-gallery-thumbnail\" >\n\t\t\t<a href=\"https:\/\/feuerwehr-vglambrecht.de\/cms\/wp-content\/gallery\/sturmschaden-esthal\/dsc09790.jpg\" title=\" \" class=\"shutterset_set_242\" >\n\t\t\t\t\t\t\t\t<img loading=\"lazy\" decoding=\"async\" title=\"SONY DSC\" alt=\"SONY DSC\" src=\"https:\/\/feuerwehr-vglambrecht.de\/cms\/wp-content\/gallery\/sturmschaden-esthal\/thumbs\/thumbs_dsc09790.jpg\" width=\"100\" height=\"75\" \/>\n\t\t\t\t\t\t\t<\/a>\n\t\t<\/div>\n\t<\/div>\n\t\n\t\t\n \t \t\n\t<!-- Pagination -->\n \t<div class='ngg-clear'><\/div>\n \t\n<\/div>\n\n<\/p>\n<p>&nbsp;<\/p>\n","protected":false},"author":5,"featured_media":7441,"template":"","meta":{"einsatz_weight":1,"footnotes":""},"categories":[],"tags":[192],"einsatzart":[33],"fahrzeug":[350,43,307,44,45],"exteinsatzmittel":[12,13,299],"alarmierungsart":[10],"evw_unit":[],"class_list":["post-7439","einsatz","type-einsatz","status-publish","has-post-thumbnail","hentry","tag-abstuerzende_teile","einsatzart-th","fahrzeug-esthal-19-2","fahrzeug-esthal19","fahrzeug-307","fahrzeug-frankeneck-40","fahrzeug-frankeneck-73","exteinsatzmittel-fw_est","exteinsatzmittel-fw_fra","exteinsatzmittel-fez-neustadt","alarmierungsart-dme-digitaler-meldeempfaenger"],"better_featured_image":{"id":7441,"alt_text":"","caption":"SONY DSC","description":"","media_type":"image","media_details":{"width":2560,"height":834,"file":"2019\/03\/DSC09789-e1552226060695-scaled.jpg","filesize":321000,"sizes":{"medium_large":{"file":"DSC09789-e1552226060695-768x250.jpg","width":768,"height":250,"mime-type":"image\/jpeg","filesize":95794,"source_url":"https:\/\/feuerwehr-vglambrecht.de\/cms\/wp-content\/uploads\/2019\/03\/DSC09789-e1552226060695-768x250.jpg"},"1536x1536":{"file":"DSC09789-e1552226060695-1536x500.jpg","width":1536,"height":500,"mime-type":"image\/jpeg","filesize":177357,"source_url":"https:\/\/feuerwehr-vglambrecht.de\/cms\/wp-content\/uploads\/2019\/03\/DSC09789-e1552226060695-1536x500.jpg"},"2048x2048":{"file":"DSC09789-e1552226060695-2048x667.jpg","width":2048,"height":667,"mime-type":"image\/jpeg","filesize":245106,"source_url":"https:\/\/feuerwehr-vglambrecht.de\/cms\/wp-content\/uploads\/2019\/03\/DSC09789-e1552226060695-2048x667.jpg"},"wptouch-new-thumbnail":{"file":"DSC09789-e1552226060695-144x144.jpg","width":144,"height":144,"mime-type":"image\/jpeg","filesize":61471,"source_url":"https:\/\/feuerwehr-vglambrecht.de\/cms\/wp-content\/uploads\/2019\/03\/DSC09789-e1552226060695-144x144.jpg"},"landing_image":{"file":"DSC09789-e1552226060695-1024x460.jpg","width":1024,"height":460,"mime-type":"image\/jpeg","filesize":140738,"source_url":"https:\/\/feuerwehr-vglambrecht.de\/cms\/wp-content\/uploads\/2019\/03\/DSC09789-e1552226060695-1024x460.jpg"},"foundation-featured-image":{"file":"DSC09789-e1552226060695-900x293.jpg","width":900,"height":293,"mime-type":"image\/jpeg","filesize":107709,"source_url":"https:\/\/feuerwehr-vglambrecht.de\/cms\/wp-content\/uploads\/2019\/03\/DSC09789-e1552226060695-900x293.jpg"},"thumbnail":{"file":"DSC09789-e1552226060695-150x150.jpg","width":150,"height":150,"source_url":"https:\/\/feuerwehr-vglambrecht.de\/cms\/wp-content\/uploads\/2019\/03\/DSC09789-e1552226060695-150x150.jpg"},"medium":{"file":"DSC09789-e1552226060695-300x98.jpg","width":300,"height":98,"source_url":"https:\/\/feuerwehr-vglambrecht.de\/cms\/wp-content\/uploads\/2019\/03\/DSC09789-e1552226060695-300x98.jpg"},"large":{"file":"DSC09789-e1552226060695-1024x334.jpg","width":1024,"height":334,"source_url":"https:\/\/feuerwehr-vglambrecht.de\/cms\/wp-content\/uploads\/2019\/03\/DSC09789-e1552226060695-1024x334.jpg"}},"image_meta":{"aperture":"8","credit":"","camera":"DSLR-A200","caption":"SONY DSC","created_timestamp":"1552229470","copyright":"","focal_length":"70","iso":"100","shutter_speed":"0.004","title":"SONY DSC","orientation":"1","keywords":[]},"original_image":"DSC09789-e1552226060695.jpg","image-converter":{"thumbnail":"IME","medium":"IME","large":"IME"}},"post":7439,"source_url":"https:\/\/feuerwehr-vglambrecht.de\/cms\/wp-content\/uploads\/2019\/03\/DSC09789-e1552226060695-scaled.jpg"},"einsatz_ort":"Esthal","einsatz_ende":"2019-03-10 13:40","einsatz_beginn":"","_links":{"self":[{"href":"https:\/\/feuerwehr-vglambrecht.de\/cms\/wp-json\/wp\/v2\/einsatz\/7439","targetHints":{"allow":["GET"]}}],"collection":[{"href":"https:\/\/feuerwehr-vglambrecht.de\/cms\/wp-json\/wp\/v2\/einsatz"}],"about":[{"href":"https:\/\/feuerwehr-vglambrecht.de\/cms\/wp-json\/wp\/v2\/types\/einsatz"}],"author":[{"embeddable":true,"href":"https:\/\/feuerwehr-vglambrecht.de\/cms\/wp-json\/wp\/v2\/users\/5"}],"version-history":[{"count":2,"href":"https:\/\/feuerwehr-vglambrecht.de\/cms\/wp-json\/wp\/v2\/einsatz\/7439\/revisions"}],"predecessor-version":[{"id":7443,"href":"https:\/\/feuerwehr-vglambrecht.de\/cms\/wp-json\/wp\/v2\/einsatz\/7439\/revisions\/7443"}],"wp:featuredmedia":[{"embeddable":true,"href":"https:\/\/feuerwehr-vglambrecht.de\/cms\/wp-json\/wp\/v2\/media\/7441"}],"wp:attachment":[{"href":"https:\/\/feuerwehr-vglambrecht.de\/cms\/wp-json\/wp\/v2\/media?parent=7439"}],"wp:term":[{"taxonomy":"category","embeddable":true,"href":"https:\/\/feuerwehr-vglambrecht.de\/cms\/wp-json\/wp\/v2\/categories?post=7439"},{"taxonomy":"post_tag","embeddable":true,"href":"https:\/\/feuerwehr-vglambrecht.de\/cms\/wp-json\/wp\/v2\/tags?post=7439"},{"taxonomy":"einsatzart","embeddable":true,"href":"https:\/\/feuerwehr-vglambrecht.de\/cms\/wp-json\/wp\/v2\/einsatzart?post=7439"},{"taxonomy":"fahrzeug","embeddable":true,"href":"https:\/\/feuerwehr-vglambrecht.de\/cms\/wp-json\/wp\/v2\/fahrzeug?post=7439"},{"taxonomy":"exteinsatzmittel","embeddable":true,"href":"https:\/\/feuerwehr-vglambrecht.de\/cms\/wp-json\/wp\/v2\/exteinsatzmittel?post=7439"},{"taxonomy":"alarmierungsart","embeddable":true,"href":"https:\/\/feuerwehr-vglambrecht.de\/cms\/wp-json\/wp\/v2\/alarmierungsart?post=7439"},{"taxonomy":"evw_unit","embeddable":true,"href":"https:\/\/feuerwehr-vglambrecht.de\/cms\/wp-json\/wp\/v2\/evw_unit?post=7439"}],"curies":[{"name":"wp","href":"https:\/\/api.w.org\/{rel}","templated":true}]}}