{"id":7420,"date":"2019-03-02T14:32:00","date_gmt":"2019-03-02T13:32:00","guid":{"rendered":"https:\/\/feuerwehr-vglambrecht.de\/cms\/?post_type=einsatz&#038;p=7420"},"modified":"2019-03-02T16:51:21","modified_gmt":"2019-03-02T15:51:21","slug":"tuer-oeffnen-dringend-h2-01-7","status":"publish","type":"einsatz","link":"https:\/\/feuerwehr-vglambrecht.de\/cms\/einsatzberichte\/tuer-oeffnen-dringend-h2-01-7\/","title":{"rendered":"T\u00fcr \u00f6ffnen dringend( H2.01)"},"content":{"rendered":"<p>Am fr\u00fchen Nachmittag des 02.03.2019 wurde um 14:32 Uhr die Feuerwehr Lambrecht zu einer T\u00fcr\u00f6ffnung zum Friedrich-Ebert-Platz in Lambrecht alarmiert.<!--more--><span id=\"more-7051\"><\/span><\/p>\n<p>Nach der Ersten Erkundung stellte sich heraus, dass die Wohnungst\u00fcr\u00a0 im 3. Obergeschoss verschlossen ist und sich\u00a0 eine hilferufende Person in der Wohnung befand. Die T\u00fcr wurde durch die Feuerwehr ge\u00f6ffnet und der mitalarmierte Rettungsdienst k\u00fcmmerte sich um die Person, die anschlie\u00dfend ins Krankenhaus gebracht wurde.<\/p>\n","protected":false},"author":1,"featured_media":0,"template":"","meta":{"einsatz_weight":1,"footnotes":""},"categories":[],"tags":[],"einsatzart":[33],"fahrzeug":[49,53,54],"exteinsatzmittel":[30,31],"alarmierungsart":[10],"evw_unit":[],"class_list":["post-7420","einsatz","type-einsatz","status-publish","hentry","einsatzart-th","fahrzeug-lambrecht-11","fahrzeug-lambrecht-33","fahrzeug-lambrecht-44","exteinsatzmittel-pol","exteinsatzmittel-drk","alarmierungsart-dme-digitaler-meldeempfaenger"],"better_featured_image":null,"einsatz_ort":"Friedrich-Ebert-Platz, Lambrecht","einsatz_ende":"2019-03-02 15:15","einsatz_beginn":"","_links":{"self":[{"href":"https:\/\/feuerwehr-vglambrecht.de\/cms\/wp-json\/wp\/v2\/einsatz\/7420","targetHints":{"allow":["GET"]}}],"collection":[{"href":"https:\/\/feuerwehr-vglambrecht.de\/cms\/wp-json\/wp\/v2\/einsatz"}],"about":[{"href":"https:\/\/feuerwehr-vglambrecht.de\/cms\/wp-json\/wp\/v2\/types\/einsatz"}],"author":[{"embeddable":true,"href":"https:\/\/feuerwehr-vglambrecht.de\/cms\/wp-json\/wp\/v2\/users\/1"}],"version-history":[{"count":1,"href":"https:\/\/feuerwehr-vglambrecht.de\/cms\/wp-json\/wp\/v2\/einsatz\/7420\/revisions"}],"predecessor-version":[{"id":7421,"href":"https:\/\/feuerwehr-vglambrecht.de\/cms\/wp-json\/wp\/v2\/einsatz\/7420\/revisions\/7421"}],"wp:attachment":[{"href":"https:\/\/feuerwehr-vglambrecht.de\/cms\/wp-json\/wp\/v2\/media?parent=7420"}],"wp:term":[{"taxonomy":"category","embeddable":true,"href":"https:\/\/feuerwehr-vglambrecht.de\/cms\/wp-json\/wp\/v2\/categories?post=7420"},{"taxonomy":"post_tag","embeddable":true,"href":"https:\/\/feuerwehr-vglambrecht.de\/cms\/wp-json\/wp\/v2\/tags?post=7420"},{"taxonomy":"einsatzart","embeddable":true,"href":"https:\/\/feuerwehr-vglambrecht.de\/cms\/wp-json\/wp\/v2\/einsatzart?post=7420"},{"taxonomy":"fahrzeug","embeddable":true,"href":"https:\/\/feuerwehr-vglambrecht.de\/cms\/wp-json\/wp\/v2\/fahrzeug?post=7420"},{"taxonomy":"exteinsatzmittel","embeddable":true,"href":"https:\/\/feuerwehr-vglambrecht.de\/cms\/wp-json\/wp\/v2\/exteinsatzmittel?post=7420"},{"taxonomy":"alarmierungsart","embeddable":true,"href":"https:\/\/feuerwehr-vglambrecht.de\/cms\/wp-json\/wp\/v2\/alarmierungsart?post=7420"},{"taxonomy":"evw_unit","embeddable":true,"href":"https:\/\/feuerwehr-vglambrecht.de\/cms\/wp-json\/wp\/v2\/evw_unit?post=7420"}],"curies":[{"name":"wp","href":"https:\/\/api.w.org\/{rel}","templated":true}]}}