{"id":7371,"date":"2019-01-31T11:28:00","date_gmt":"2019-01-31T10:28:00","guid":{"rendered":"https:\/\/feuerwehr-vglambrecht.de\/cms\/?post_type=einsatz&#038;p=7371"},"modified":"2019-01-31T13:09:00","modified_gmt":"2019-01-31T12:09:00","slug":"unterstuetzung-rettungsdienst-mittels-drehleiter-h2-08-2","status":"publish","type":"einsatz","link":"https:\/\/feuerwehr-vglambrecht.de\/cms\/einsatzberichte\/unterstuetzung-rettungsdienst-mittels-drehleiter-h2-08-2\/","title":{"rendered":"Unterst\u00fctzung Rettungsdienst mittels Drehleiter (H2.08)"},"content":{"rendered":"<p>Die Feuerwehreinheiten Esthal und Lambrecht wurden am 31.01.2019 um 11:28 Uhr zu einer Tragehilfe f\u00fcr den Rettungsdienst in die Hauptstra\u00dfe in Esthal alarmiert.<!--more--><span id=\"more-6684\"><\/span><\/p>\n<p>Aufgrund der baulichen Situation war eine Rettung \u00fcber das Treppenhaus vor Ort\u00a0nicht m\u00f6glich, so dass die Person mittels Drehleiter aus dem 1. Obergeschoss gerettet werden musste. Diese wurde anschlie\u00dfend dem Rettungsdienst zur weiteren Behandlung \u00fcbergeben.\u00a0 Aufgrund des Einsatzes war die Hauptstra\u00dfe\u00a0f\u00fcr\u00a0ca.\u00a030 min. komplett gesperrt.<\/p>\n","protected":false},"author":17,"featured_media":0,"template":"","meta":{"einsatz_weight":1,"footnotes":""},"categories":[],"tags":[],"einsatzart":[33],"fahrzeug":[307,286,53],"exteinsatzmittel":[12,18,187,31],"alarmierungsart":[10],"evw_unit":[],"class_list":["post-7371","einsatz","type-einsatz","status-publish","hentry","einsatzart-th","fahrzeug-307","fahrzeug-lambrecht-4191","fahrzeug-lambrecht-33","exteinsatzmittel-fw_est","exteinsatzmittel-fw_lam","exteinsatzmittel-notarzt","exteinsatzmittel-drk","alarmierungsart-dme-digitaler-meldeempfaenger"],"better_featured_image":null,"einsatz_ort":"Hauptstra\u00dfe, Esthal","einsatz_ende":"2019-01-31 12:24","einsatz_beginn":"","_links":{"self":[{"href":"https:\/\/feuerwehr-vglambrecht.de\/cms\/wp-json\/wp\/v2\/einsatz\/7371","targetHints":{"allow":["GET"]}}],"collection":[{"href":"https:\/\/feuerwehr-vglambrecht.de\/cms\/wp-json\/wp\/v2\/einsatz"}],"about":[{"href":"https:\/\/feuerwehr-vglambrecht.de\/cms\/wp-json\/wp\/v2\/types\/einsatz"}],"author":[{"embeddable":true,"href":"https:\/\/feuerwehr-vglambrecht.de\/cms\/wp-json\/wp\/v2\/users\/17"}],"version-history":[{"count":1,"href":"https:\/\/feuerwehr-vglambrecht.de\/cms\/wp-json\/wp\/v2\/einsatz\/7371\/revisions"}],"predecessor-version":[{"id":7372,"href":"https:\/\/feuerwehr-vglambrecht.de\/cms\/wp-json\/wp\/v2\/einsatz\/7371\/revisions\/7372"}],"wp:attachment":[{"href":"https:\/\/feuerwehr-vglambrecht.de\/cms\/wp-json\/wp\/v2\/media?parent=7371"}],"wp:term":[{"taxonomy":"category","embeddable":true,"href":"https:\/\/feuerwehr-vglambrecht.de\/cms\/wp-json\/wp\/v2\/categories?post=7371"},{"taxonomy":"post_tag","embeddable":true,"href":"https:\/\/feuerwehr-vglambrecht.de\/cms\/wp-json\/wp\/v2\/tags?post=7371"},{"taxonomy":"einsatzart","embeddable":true,"href":"https:\/\/feuerwehr-vglambrecht.de\/cms\/wp-json\/wp\/v2\/einsatzart?post=7371"},{"taxonomy":"fahrzeug","embeddable":true,"href":"https:\/\/feuerwehr-vglambrecht.de\/cms\/wp-json\/wp\/v2\/fahrzeug?post=7371"},{"taxonomy":"exteinsatzmittel","embeddable":true,"href":"https:\/\/feuerwehr-vglambrecht.de\/cms\/wp-json\/wp\/v2\/exteinsatzmittel?post=7371"},{"taxonomy":"alarmierungsart","embeddable":true,"href":"https:\/\/feuerwehr-vglambrecht.de\/cms\/wp-json\/wp\/v2\/alarmierungsart?post=7371"},{"taxonomy":"evw_unit","embeddable":true,"href":"https:\/\/feuerwehr-vglambrecht.de\/cms\/wp-json\/wp\/v2\/evw_unit?post=7371"}],"curies":[{"name":"wp","href":"https:\/\/api.w.org\/{rel}","templated":true}]}}