{"id":7264,"date":"2018-12-24T05:31:00","date_gmt":"2018-12-24T04:31:00","guid":{"rendered":"https:\/\/feuerwehr-vglambrecht.de\/cms\/?post_type=einsatz&#038;p=7264"},"modified":"2018-12-30T18:45:50","modified_gmt":"2018-12-30T17:45:50","slug":"einfache-hilfeleistung-baum-auf-fahrbahn-h1-07","status":"publish","type":"einsatz","link":"https:\/\/feuerwehr-vglambrecht.de\/cms\/einsatzberichte\/einfache-hilfeleistung-baum-auf-fahrbahn-h1-07\/","title":{"rendered":"Einfache Hilfeleistung &#8211; Baum auf Fahrbahn (H1.07)"},"content":{"rendered":"<p>An Heiligabend um 03:18 Uhr wurden die Feuerwehren aus Esthal und Frankeneck auf die Kreisstra\u00dfe 23 zwischen Esthal und Sattelm\u00fchle alarmiert.<!--more--> Beim Eintreffen an der Einsatzstelle waren beide Fahrbahnh\u00e4lften durch einen umgest\u00fcrzten Baum komplett blockiert. Au\u00dferdem ergab die Erkundung durch den Einsatzleiter, dass durch die herabgest\u00fcrzte Baumkrone ein Weidezaun besch\u00e4digt wurde. Die Feuerwehr entfernte das Hindernis mittels Motorkettens\u00e4ge. Der Zaun konnte ebenfalls durch die Einsatzkr\u00e4fte wieder gerichtet werden.<\/p>\n","protected":false},"author":2,"featured_media":0,"template":"","meta":{"einsatz_weight":1,"footnotes":""},"categories":[],"tags":[],"einsatzart":[33],"fahrzeug":[350,43,307,44,45],"exteinsatzmittel":[12,13],"alarmierungsart":[10],"evw_unit":[],"class_list":["post-7264","einsatz","type-einsatz","status-publish","hentry","einsatzart-th","fahrzeug-esthal-19-2","fahrzeug-esthal19","fahrzeug-307","fahrzeug-frankeneck-40","fahrzeug-frankeneck-73","exteinsatzmittel-fw_est","exteinsatzmittel-fw_fra","alarmierungsart-dme-digitaler-meldeempfaenger"],"better_featured_image":null,"einsatz_ort":"K23, Esthal","einsatz_ende":"2018-12-24 03:50","einsatz_beginn":"","_links":{"self":[{"href":"https:\/\/feuerwehr-vglambrecht.de\/cms\/wp-json\/wp\/v2\/einsatz\/7264","targetHints":{"allow":["GET"]}}],"collection":[{"href":"https:\/\/feuerwehr-vglambrecht.de\/cms\/wp-json\/wp\/v2\/einsatz"}],"about":[{"href":"https:\/\/feuerwehr-vglambrecht.de\/cms\/wp-json\/wp\/v2\/types\/einsatz"}],"author":[{"embeddable":true,"href":"https:\/\/feuerwehr-vglambrecht.de\/cms\/wp-json\/wp\/v2\/users\/2"}],"version-history":[{"count":1,"href":"https:\/\/feuerwehr-vglambrecht.de\/cms\/wp-json\/wp\/v2\/einsatz\/7264\/revisions"}],"predecessor-version":[{"id":7265,"href":"https:\/\/feuerwehr-vglambrecht.de\/cms\/wp-json\/wp\/v2\/einsatz\/7264\/revisions\/7265"}],"wp:attachment":[{"href":"https:\/\/feuerwehr-vglambrecht.de\/cms\/wp-json\/wp\/v2\/media?parent=7264"}],"wp:term":[{"taxonomy":"category","embeddable":true,"href":"https:\/\/feuerwehr-vglambrecht.de\/cms\/wp-json\/wp\/v2\/categories?post=7264"},{"taxonomy":"post_tag","embeddable":true,"href":"https:\/\/feuerwehr-vglambrecht.de\/cms\/wp-json\/wp\/v2\/tags?post=7264"},{"taxonomy":"einsatzart","embeddable":true,"href":"https:\/\/feuerwehr-vglambrecht.de\/cms\/wp-json\/wp\/v2\/einsatzart?post=7264"},{"taxonomy":"fahrzeug","embeddable":true,"href":"https:\/\/feuerwehr-vglambrecht.de\/cms\/wp-json\/wp\/v2\/fahrzeug?post=7264"},{"taxonomy":"exteinsatzmittel","embeddable":true,"href":"https:\/\/feuerwehr-vglambrecht.de\/cms\/wp-json\/wp\/v2\/exteinsatzmittel?post=7264"},{"taxonomy":"alarmierungsart","embeddable":true,"href":"https:\/\/feuerwehr-vglambrecht.de\/cms\/wp-json\/wp\/v2\/alarmierungsart?post=7264"},{"taxonomy":"evw_unit","embeddable":true,"href":"https:\/\/feuerwehr-vglambrecht.de\/cms\/wp-json\/wp\/v2\/evw_unit?post=7264"}],"curies":[{"name":"wp","href":"https:\/\/api.w.org\/{rel}","templated":true}]}}