{"id":7213,"date":"2018-12-02T14:02:00","date_gmt":"2018-12-02T13:02:00","guid":{"rendered":"https:\/\/feuerwehr-vglambrecht.de\/cms\/?post_type=einsatz&#038;p=7213"},"modified":"2018-12-02T15:14:05","modified_gmt":"2018-12-02T14:14:05","slug":"wohnungsbrand-b2-08","status":"publish","type":"einsatz","link":"https:\/\/feuerwehr-vglambrecht.de\/cms\/einsatzberichte\/wohnungsbrand-b2-08\/","title":{"rendered":"Wohnungsbrand (B2.08)"},"content":{"rendered":"<p>Zu einem vermeintlichen Wohnungsbrand, wurden am Sonntagmittag die Einheiten Lambrecht und Lindenberg an den Friedrich-Ebert-Platz in Lambrecht alarmiert.\u00a0<!--more--><\/p>\n<p>Nach einer ersten Erkundung, konnte durch den ersteintreffenden Gruppenf\u00fchrer schnell Entwarnung gegeben werden. In einer B\u00e4ckerei heizte sich ein Backofen auf und schaltete nicht \u00fcber den Thermostat ab. Daraufhin kam es zu einem Schmorbrand, welchen die Feuerwehr z\u00fcgig im Griff hatte. Das Geb\u00e4ude wurde im Anschluss an den Besitzer \u00fcbergeben.<\/p>\n","protected":false},"author":2,"featured_media":0,"template":"","meta":{"einsatz_weight":1,"footnotes":""},"categories":[],"tags":[],"einsatzart":[7],"fahrzeug":[49,53,54,58,57],"exteinsatzmittel":[18,19,299,37,35],"alarmierungsart":[10],"evw_unit":[],"class_list":["post-7213","einsatz","type-einsatz","status-publish","hentry","einsatzart-brand","fahrzeug-lambrecht-11","fahrzeug-lambrecht-33","fahrzeug-lambrecht-44","fahrzeug-lindenberg-19","fahrzeug-lindenberg-47","exteinsatzmittel-fw_lam","exteinsatzmittel-fw_lin","exteinsatzmittel-fez-neustadt","exteinsatzmittel-fw_pre","exteinsatzmittel-fw_weh","alarmierungsart-dme-digitaler-meldeempfaenger"],"better_featured_image":null,"einsatz_ort":"Friedrich-Ebert-Platz, Lambrecht","einsatz_ende":"2018-12-02 14:40","einsatz_beginn":"","_links":{"self":[{"href":"https:\/\/feuerwehr-vglambrecht.de\/cms\/wp-json\/wp\/v2\/einsatz\/7213","targetHints":{"allow":["GET"]}}],"collection":[{"href":"https:\/\/feuerwehr-vglambrecht.de\/cms\/wp-json\/wp\/v2\/einsatz"}],"about":[{"href":"https:\/\/feuerwehr-vglambrecht.de\/cms\/wp-json\/wp\/v2\/types\/einsatz"}],"author":[{"embeddable":true,"href":"https:\/\/feuerwehr-vglambrecht.de\/cms\/wp-json\/wp\/v2\/users\/2"}],"version-history":[{"count":1,"href":"https:\/\/feuerwehr-vglambrecht.de\/cms\/wp-json\/wp\/v2\/einsatz\/7213\/revisions"}],"predecessor-version":[{"id":7214,"href":"https:\/\/feuerwehr-vglambrecht.de\/cms\/wp-json\/wp\/v2\/einsatz\/7213\/revisions\/7214"}],"wp:attachment":[{"href":"https:\/\/feuerwehr-vglambrecht.de\/cms\/wp-json\/wp\/v2\/media?parent=7213"}],"wp:term":[{"taxonomy":"category","embeddable":true,"href":"https:\/\/feuerwehr-vglambrecht.de\/cms\/wp-json\/wp\/v2\/categories?post=7213"},{"taxonomy":"post_tag","embeddable":true,"href":"https:\/\/feuerwehr-vglambrecht.de\/cms\/wp-json\/wp\/v2\/tags?post=7213"},{"taxonomy":"einsatzart","embeddable":true,"href":"https:\/\/feuerwehr-vglambrecht.de\/cms\/wp-json\/wp\/v2\/einsatzart?post=7213"},{"taxonomy":"fahrzeug","embeddable":true,"href":"https:\/\/feuerwehr-vglambrecht.de\/cms\/wp-json\/wp\/v2\/fahrzeug?post=7213"},{"taxonomy":"exteinsatzmittel","embeddable":true,"href":"https:\/\/feuerwehr-vglambrecht.de\/cms\/wp-json\/wp\/v2\/exteinsatzmittel?post=7213"},{"taxonomy":"alarmierungsart","embeddable":true,"href":"https:\/\/feuerwehr-vglambrecht.de\/cms\/wp-json\/wp\/v2\/alarmierungsart?post=7213"},{"taxonomy":"evw_unit","embeddable":true,"href":"https:\/\/feuerwehr-vglambrecht.de\/cms\/wp-json\/wp\/v2\/evw_unit?post=7213"}],"curies":[{"name":"wp","href":"https:\/\/api.w.org\/{rel}","templated":true}]}}