{"id":7147,"date":"2018-11-10T01:14:00","date_gmt":"2018-11-10T00:14:00","guid":{"rendered":"https:\/\/feuerwehr-vglambrecht.de\/cms\/?post_type=einsatz&#038;p=7147"},"modified":"2018-11-10T20:48:21","modified_gmt":"2018-11-10T19:48:21","slug":"technische-hilfe-absicherung-h1-02","status":"publish","type":"einsatz","link":"https:\/\/feuerwehr-vglambrecht.de\/cms\/einsatzberichte\/technische-hilfe-absicherung-h1-02\/","title":{"rendered":"Technische Hilfe \/ Absicherung (H1.02)"},"content":{"rendered":"<p>In der Nacht vom 09.11. auf den 10.11.2018\u00a0 wurden um 01:14 Uhr die Feuerwehren Frankeneck und Esthal zur Unterst\u00fctzung der Polizei nach Frankeneck in die Talstra\u00dfe alarmiert. <!--more-->In der Talstra\u00dfe war die Stra\u00dfe auf ca. 20qm Fl\u00e4che mit Hausm\u00fcll verschmutzt. Da die Stra\u00dfe na\u00df war, bestand Rutsch- und Unfallgefahr. Die Feuerwehr reinigte die Fahrbahn, so dass diese wieder gefahrlos befahren werden konnte. W\u00e4hrend der Reinigungsarbeiten musste die Talstrasse f\u00fcr ca. 20min f\u00fcr den Verkehr voll gesperrt werden. Der Verursacher wurde von der Polizei ermittelt.<\/p>\n","protected":false},"author":9,"featured_media":0,"template":"","meta":{"einsatz_weight":1,"footnotes":""},"categories":[],"tags":[],"einsatzart":[33],"fahrzeug":[350,307,44,45],"exteinsatzmittel":[12,13,30],"alarmierungsart":[10],"evw_unit":[],"class_list":["post-7147","einsatz","type-einsatz","status-publish","hentry","einsatzart-th","fahrzeug-esthal-19-2","fahrzeug-307","fahrzeug-frankeneck-40","fahrzeug-frankeneck-73","exteinsatzmittel-fw_est","exteinsatzmittel-fw_fra","exteinsatzmittel-pol","alarmierungsart-dme-digitaler-meldeempfaenger"],"better_featured_image":null,"einsatz_ort":"Frankeneck","einsatz_ende":"2018-11-10 01:55","einsatz_beginn":"","_links":{"self":[{"href":"https:\/\/feuerwehr-vglambrecht.de\/cms\/wp-json\/wp\/v2\/einsatz\/7147","targetHints":{"allow":["GET"]}}],"collection":[{"href":"https:\/\/feuerwehr-vglambrecht.de\/cms\/wp-json\/wp\/v2\/einsatz"}],"about":[{"href":"https:\/\/feuerwehr-vglambrecht.de\/cms\/wp-json\/wp\/v2\/types\/einsatz"}],"author":[{"embeddable":true,"href":"https:\/\/feuerwehr-vglambrecht.de\/cms\/wp-json\/wp\/v2\/users\/9"}],"version-history":[{"count":4,"href":"https:\/\/feuerwehr-vglambrecht.de\/cms\/wp-json\/wp\/v2\/einsatz\/7147\/revisions"}],"predecessor-version":[{"id":7151,"href":"https:\/\/feuerwehr-vglambrecht.de\/cms\/wp-json\/wp\/v2\/einsatz\/7147\/revisions\/7151"}],"wp:attachment":[{"href":"https:\/\/feuerwehr-vglambrecht.de\/cms\/wp-json\/wp\/v2\/media?parent=7147"}],"wp:term":[{"taxonomy":"category","embeddable":true,"href":"https:\/\/feuerwehr-vglambrecht.de\/cms\/wp-json\/wp\/v2\/categories?post=7147"},{"taxonomy":"post_tag","embeddable":true,"href":"https:\/\/feuerwehr-vglambrecht.de\/cms\/wp-json\/wp\/v2\/tags?post=7147"},{"taxonomy":"einsatzart","embeddable":true,"href":"https:\/\/feuerwehr-vglambrecht.de\/cms\/wp-json\/wp\/v2\/einsatzart?post=7147"},{"taxonomy":"fahrzeug","embeddable":true,"href":"https:\/\/feuerwehr-vglambrecht.de\/cms\/wp-json\/wp\/v2\/fahrzeug?post=7147"},{"taxonomy":"exteinsatzmittel","embeddable":true,"href":"https:\/\/feuerwehr-vglambrecht.de\/cms\/wp-json\/wp\/v2\/exteinsatzmittel?post=7147"},{"taxonomy":"alarmierungsart","embeddable":true,"href":"https:\/\/feuerwehr-vglambrecht.de\/cms\/wp-json\/wp\/v2\/alarmierungsart?post=7147"},{"taxonomy":"evw_unit","embeddable":true,"href":"https:\/\/feuerwehr-vglambrecht.de\/cms\/wp-json\/wp\/v2\/evw_unit?post=7147"}],"curies":[{"name":"wp","href":"https:\/\/api.w.org\/{rel}","templated":true}]}}