{"id":7051,"date":"2018-09-15T18:52:00","date_gmt":"2018-09-15T16:52:00","guid":{"rendered":"https:\/\/feuerwehr-vglambrecht.de\/cms\/?post_type=einsatz&#038;p=7051"},"modified":"2018-09-16T15:55:16","modified_gmt":"2018-09-16T13:55:16","slug":"tuer-oeffnen-dringend-h2-01-2","status":"publish","type":"einsatz","link":"https:\/\/feuerwehr-vglambrecht.de\/cms\/einsatzberichte\/tuer-oeffnen-dringend-h2-01-2\/","title":{"rendered":"T\u00fcr \u00f6ffnen dringend (H2.01)"},"content":{"rendered":"<p>Am fr\u00fchen Abend des 15.09.2018 wurden um 18:52 Uhr die Einheiten Elmstein und Iggelbach zu einer T\u00fcr\u00f6ffnung nach Appenthal alarmiert.<!--more--> Nach der ersten Erkundung stellte sich heraus, dass die T\u00fcr bereits durch Nachbarn ge\u00f6ffnet war und die Bewohnerin des Hauses durch diese betreut wurde. Bis zum Eintreffen des Rettungsdienstes, wurde die Person von einem Rettungssanit\u00e4ter, der ebenfalls bei der Feuerwehr t\u00e4tig ist, erstversorgt und weiter betreut. Anschlie\u00dfend wurde der Rettungsdienst beim Transport zum Rettungswagen der Person mittels Tragestuhl unterst\u00fctzt.<\/p>\n","protected":false},"author":10,"featured_media":0,"template":"","meta":{"einsatz_weight":1,"footnotes":""},"categories":[],"tags":[],"einsatzart":[33],"fahrzeug":[38,46,47],"exteinsatzmittel":[11,17,299,323],"alarmierungsart":[10],"evw_unit":[],"class_list":["post-7051","einsatz","type-einsatz","status-publish","hentry","einsatzart-th","fahrzeug-elmstein-44","fahrzeug-iggelbach-47","fahrzeug-iggelbach-19","exteinsatzmittel-fw_elm","exteinsatzmittel-fw_igg","exteinsatzmittel-fez-neustadt","exteinsatzmittel-rettungdienst","alarmierungsart-dme-digitaler-meldeempfaenger"],"better_featured_image":null,"einsatz_ort":"Elmstein","einsatz_ende":"2018-09-15 19:30","einsatz_beginn":"","_links":{"self":[{"href":"https:\/\/feuerwehr-vglambrecht.de\/cms\/wp-json\/wp\/v2\/einsatz\/7051","targetHints":{"allow":["GET"]}}],"collection":[{"href":"https:\/\/feuerwehr-vglambrecht.de\/cms\/wp-json\/wp\/v2\/einsatz"}],"about":[{"href":"https:\/\/feuerwehr-vglambrecht.de\/cms\/wp-json\/wp\/v2\/types\/einsatz"}],"author":[{"embeddable":true,"href":"https:\/\/feuerwehr-vglambrecht.de\/cms\/wp-json\/wp\/v2\/users\/10"}],"version-history":[{"count":2,"href":"https:\/\/feuerwehr-vglambrecht.de\/cms\/wp-json\/wp\/v2\/einsatz\/7051\/revisions"}],"predecessor-version":[{"id":7053,"href":"https:\/\/feuerwehr-vglambrecht.de\/cms\/wp-json\/wp\/v2\/einsatz\/7051\/revisions\/7053"}],"wp:attachment":[{"href":"https:\/\/feuerwehr-vglambrecht.de\/cms\/wp-json\/wp\/v2\/media?parent=7051"}],"wp:term":[{"taxonomy":"category","embeddable":true,"href":"https:\/\/feuerwehr-vglambrecht.de\/cms\/wp-json\/wp\/v2\/categories?post=7051"},{"taxonomy":"post_tag","embeddable":true,"href":"https:\/\/feuerwehr-vglambrecht.de\/cms\/wp-json\/wp\/v2\/tags?post=7051"},{"taxonomy":"einsatzart","embeddable":true,"href":"https:\/\/feuerwehr-vglambrecht.de\/cms\/wp-json\/wp\/v2\/einsatzart?post=7051"},{"taxonomy":"fahrzeug","embeddable":true,"href":"https:\/\/feuerwehr-vglambrecht.de\/cms\/wp-json\/wp\/v2\/fahrzeug?post=7051"},{"taxonomy":"exteinsatzmittel","embeddable":true,"href":"https:\/\/feuerwehr-vglambrecht.de\/cms\/wp-json\/wp\/v2\/exteinsatzmittel?post=7051"},{"taxonomy":"alarmierungsart","embeddable":true,"href":"https:\/\/feuerwehr-vglambrecht.de\/cms\/wp-json\/wp\/v2\/alarmierungsart?post=7051"},{"taxonomy":"evw_unit","embeddable":true,"href":"https:\/\/feuerwehr-vglambrecht.de\/cms\/wp-json\/wp\/v2\/evw_unit?post=7051"}],"curies":[{"name":"wp","href":"https:\/\/api.w.org\/{rel}","templated":true}]}}