{"id":6645,"date":"2018-04-24T15:09:00","date_gmt":"2018-04-24T13:09:00","guid":{"rendered":"https:\/\/feuerwehr-vglambrecht.de\/cms\/?post_type=einsatz&#038;p=6645"},"modified":"2018-04-26T23:30:36","modified_gmt":"2018-04-26T21:30:36","slug":"baum-ueber-strasse","status":"publish","type":"einsatz","link":"https:\/\/feuerwehr-vglambrecht.de\/cms\/einsatzberichte\/baum-ueber-strasse\/","title":{"rendered":"Baum \u00fcber Stra\u00dfe"},"content":{"rendered":"<p>Zu einem umgest\u00fcrzten Baum auf der B39 zwischen Weidenthal und Frankenstein wurden die Feuerwehr Weidenthal und Neidenfels am Dienstag, den 24.04.2018 um 15:09 alarmiert.<\/p>\n<p>Ein umgest\u00fcrzter Baum blockierte die Stra\u00dfe und den Fahrradweg. Der Baum wurde mittels\u00a0Motorkettens\u00e4ge zerkleinert und beseitigt. Die Stra\u00dfe wurde durch die Feuerwehr gereinigt. Ebenso wurde der Forst \u00fcber weitere B\u00e4ume informiert, welche auf die Stra\u00dfe zu fallen drohten.<\/p>\n<p>Die Stra\u00dfe war etwa nach 20 Minuten wieder passierbar.<\/p>\n<p>&nbsp;<\/p>\n","protected":false},"author":1,"featured_media":0,"template":"","meta":{"einsatz_weight":1,"footnotes":""},"categories":[],"tags":[191,135,136],"einsatzart":[33],"fahrzeug":[59,62],"exteinsatzmittel":[68,21],"alarmierungsart":[10],"evw_unit":[],"class_list":["post-6645","einsatz","type-einsatz","status-publish","hentry","tag-baum-ueber-strasse","tag-neidenfels","tag-weidenthal","einsatzart-th","fahrzeug-neidenfels-47","fahrzeug-weidenthal-42","exteinsatzmittel-fw_nei","exteinsatzmittel-fw_wei","alarmierungsart-dme-digitaler-meldeempfaenger"],"better_featured_image":null,"einsatz_ort":"","einsatz_ende":"2018-04-24 16:00","einsatz_beginn":"","_links":{"self":[{"href":"https:\/\/feuerwehr-vglambrecht.de\/cms\/wp-json\/wp\/v2\/einsatz\/6645","targetHints":{"allow":["GET"]}}],"collection":[{"href":"https:\/\/feuerwehr-vglambrecht.de\/cms\/wp-json\/wp\/v2\/einsatz"}],"about":[{"href":"https:\/\/feuerwehr-vglambrecht.de\/cms\/wp-json\/wp\/v2\/types\/einsatz"}],"author":[{"embeddable":true,"href":"https:\/\/feuerwehr-vglambrecht.de\/cms\/wp-json\/wp\/v2\/users\/1"}],"version-history":[{"count":3,"href":"https:\/\/feuerwehr-vglambrecht.de\/cms\/wp-json\/wp\/v2\/einsatz\/6645\/revisions"}],"predecessor-version":[{"id":6648,"href":"https:\/\/feuerwehr-vglambrecht.de\/cms\/wp-json\/wp\/v2\/einsatz\/6645\/revisions\/6648"}],"wp:attachment":[{"href":"https:\/\/feuerwehr-vglambrecht.de\/cms\/wp-json\/wp\/v2\/media?parent=6645"}],"wp:term":[{"taxonomy":"category","embeddable":true,"href":"https:\/\/feuerwehr-vglambrecht.de\/cms\/wp-json\/wp\/v2\/categories?post=6645"},{"taxonomy":"post_tag","embeddable":true,"href":"https:\/\/feuerwehr-vglambrecht.de\/cms\/wp-json\/wp\/v2\/tags?post=6645"},{"taxonomy":"einsatzart","embeddable":true,"href":"https:\/\/feuerwehr-vglambrecht.de\/cms\/wp-json\/wp\/v2\/einsatzart?post=6645"},{"taxonomy":"fahrzeug","embeddable":true,"href":"https:\/\/feuerwehr-vglambrecht.de\/cms\/wp-json\/wp\/v2\/fahrzeug?post=6645"},{"taxonomy":"exteinsatzmittel","embeddable":true,"href":"https:\/\/feuerwehr-vglambrecht.de\/cms\/wp-json\/wp\/v2\/exteinsatzmittel?post=6645"},{"taxonomy":"alarmierungsart","embeddable":true,"href":"https:\/\/feuerwehr-vglambrecht.de\/cms\/wp-json\/wp\/v2\/alarmierungsart?post=6645"},{"taxonomy":"evw_unit","embeddable":true,"href":"https:\/\/feuerwehr-vglambrecht.de\/cms\/wp-json\/wp\/v2\/evw_unit?post=6645"}],"curies":[{"name":"wp","href":"https:\/\/api.w.org\/{rel}","templated":true}]}}