{"id":6347,"date":"2018-01-22T19:51:00","date_gmt":"2018-01-22T18:51:00","guid":{"rendered":"https:\/\/feuerwehr-vglambrecht.de\/cms\/?post_type=einsatz&#038;p=6347"},"modified":"2018-01-24T13:06:06","modified_gmt":"2018-01-24T12:06:06","slug":"verkehrsunfall-t1-2","status":"publish","type":"einsatz","link":"https:\/\/feuerwehr-vglambrecht.de\/cms\/einsatzberichte\/verkehrsunfall-t1-2\/","title":{"rendered":"Verkehrsunfall (T1)"},"content":{"rendered":"<p>Die Feuerwehren Neidenfels und Weidenthal wurden am Montagabend gegen 19:51 Uhr zu einem Verkehrsunfall auf die B39 zwischen Neidenfels und Weidenthal alarmiert.<\/p>\n<p><!--more--><\/p>\n<p>Eine Fahrerin kam mit ihrem PKW von der Fahrbahn ab und \u00fcberschlug sich. Der PKW kam kurz vor dem Hochspeyerbach an B\u00e4umen zum Stehen. Die Fahrerin konnte das Fahrzeug eigenst\u00e4ndig verlassen und wurde leichtverletzt vor Ort durch einen Notarzt behandelt.<\/p>\n<p>Die Feuerwehr sicherte die Einsatzstelle, die direkt hinter einer Kurve lag und leuchtete die Unfallstelle aus. Ebenso wurde der Abschleppdienst bei den Bergungsma\u00dfnahmen unterst\u00fctzt.<\/p>\n\n<div class=\"ngg-galleryoverview\" id=\"ngg-gallery-192-6347\">\n\n\t<!-- Slideshow link -->\n\t<div class=\"slideshowlink\">\n\t\t<a class=\"slideshowlink\" href=\"https:\/\/feuerwehr-vglambrecht.de\/cms\/einsatzberichte\/verkehrsunfall-t1-2\/nggallery\/slideshow\">\n\t\t\t[Show as slideshow]\t\t<\/a>\n\t<\/div>\n\n\t\n\t<!-- Thumbnails -->\n\t\t\n\t<div id=\"ngg-image-1360\" class=\"ngg-gallery-thumbnail-box\"  >\n\t\t<div class=\"ngg-gallery-thumbnail\" >\n\t\t\t<a href=\"https:\/\/feuerwehr-vglambrecht.de\/cms\/wp-content\/gallery\/vu-weidenthal-neidenfels-22012018\/img_20180122_200503.jpg\" title=\" \" class=\"shutterset_set_192\" >\n\t\t\t\t\t\t\t\t<img loading=\"lazy\" decoding=\"async\" title=\"mde\" alt=\"mde\" src=\"https:\/\/feuerwehr-vglambrecht.de\/cms\/wp-content\/gallery\/vu-weidenthal-neidenfels-22012018\/thumbs\/thumbs_img_20180122_200503.jpg\" width=\"100\" height=\"75\" \/>\n\t\t\t\t\t\t\t<\/a>\n\t\t<\/div>\n\t<\/div>\n\t\n\t\t\n \t\t\n\t<div id=\"ngg-image-1361\" class=\"ngg-gallery-thumbnail-box\"  >\n\t\t<div class=\"ngg-gallery-thumbnail\" >\n\t\t\t<a href=\"https:\/\/feuerwehr-vglambrecht.de\/cms\/wp-content\/gallery\/vu-weidenthal-neidenfels-22012018\/img_20180122_201046.jpg\" title=\" \" class=\"shutterset_set_192\" >\n\t\t\t\t\t\t\t\t<img loading=\"lazy\" decoding=\"async\" title=\"mde\" alt=\"mde\" src=\"https:\/\/feuerwehr-vglambrecht.de\/cms\/wp-content\/gallery\/vu-weidenthal-neidenfels-22012018\/thumbs\/thumbs_img_20180122_201046.jpg\" width=\"100\" height=\"75\" \/>\n\t\t\t\t\t\t\t<\/a>\n\t\t<\/div>\n\t<\/div>\n\t\n\t\t\n \t\t\n\t<div id=\"ngg-image-1362\" class=\"ngg-gallery-thumbnail-box\"  >\n\t\t<div class=\"ngg-gallery-thumbnail\" >\n\t\t\t<a href=\"https:\/\/feuerwehr-vglambrecht.de\/cms\/wp-content\/gallery\/vu-weidenthal-neidenfels-22012018\/img_20180122_211509.jpg\" title=\" \" class=\"shutterset_set_192\" >\n\t\t\t\t\t\t\t\t<img loading=\"lazy\" decoding=\"async\" title=\"dav\" alt=\"dav\" src=\"https:\/\/feuerwehr-vglambrecht.de\/cms\/wp-content\/gallery\/vu-weidenthal-neidenfels-22012018\/thumbs\/thumbs_img_20180122_211509.jpg\" width=\"100\" height=\"75\" \/>\n\t\t\t\t\t\t\t<\/a>\n\t\t<\/div>\n\t<\/div>\n\t\n\t\t\n \t \t\n\t<!-- Pagination -->\n \t<div class='ngg-clear'><\/div>\n \t\n<\/div>\n\n\n","protected":false},"author":1,"featured_media":6350,"template":"","meta":{"einsatz_weight":1,"footnotes":""},"categories":[],"tags":[135,161,136],"einsatzart":[33],"fahrzeug":[59,61,62,63],"exteinsatzmittel":[68,21,187,30,31],"alarmierungsart":[10],"evw_unit":[],"class_list":["post-6347","einsatz","type-einsatz","status-publish","has-post-thumbnail","hentry","tag-neidenfels","tag-verkehrsunfall","tag-weidenthal","einsatzart-th","fahrzeug-neidenfels-47","fahrzeug-neidenfels-73","fahrzeug-weidenthal-42","fahrzeug-weidenthal-73","exteinsatzmittel-fw_nei","exteinsatzmittel-fw_wei","exteinsatzmittel-notarzt","exteinsatzmittel-pol","exteinsatzmittel-drk","alarmierungsart-dme-digitaler-meldeempfaenger"],"better_featured_image":{"id":6350,"alt_text":"","caption":"dav","description":"","media_type":"image","media_details":{"width":2527,"height":1162,"file":"2018\/01\/IMG_20180122_211509-e1516747257369.jpg","filesize":246846,"sizes":{"medium_large":{"file":"IMG_20180122_211509-e1516747257369-768x353.jpg","width":768,"height":353,"mime-type":"image\/jpeg","filesize":32353,"source_url":"https:\/\/feuerwehr-vglambrecht.de\/cms\/wp-content\/uploads\/2018\/01\/IMG_20180122_211509-e1516747257369-768x353.jpg"},"1536x1536":{"file":"IMG_20180122_211509-e1516747257369-1536x706.jpg","width":1536,"height":706,"mime-type":"image\/jpeg","filesize":96960,"source_url":"https:\/\/feuerwehr-vglambrecht.de\/cms\/wp-content\/uploads\/2018\/01\/IMG_20180122_211509-e1516747257369-1536x706.jpg"},"2048x2048":{"file":"IMG_20180122_211509-e1516747257369-2048x942.jpg","width":2048,"height":942,"mime-type":"image\/jpeg","filesize":154390,"source_url":"https:\/\/feuerwehr-vglambrecht.de\/cms\/wp-content\/uploads\/2018\/01\/IMG_20180122_211509-e1516747257369-2048x942.jpg"},"wptouch-new-thumbnail":{"file":"IMG_20180122_211509-e1516747257369-144x144.jpg","width":144,"height":144,"mime-type":"image\/jpeg","filesize":3269,"source_url":"https:\/\/feuerwehr-vglambrecht.de\/cms\/wp-content\/uploads\/2018\/01\/IMG_20180122_211509-e1516747257369-144x144.jpg"},"landing_image":{"file":"IMG_20180122_211509-e1516747257369-1024x460.jpg","width":1024,"height":460,"mime-type":"image\/jpeg","filesize":49469,"source_url":"https:\/\/feuerwehr-vglambrecht.de\/cms\/wp-content\/uploads\/2018\/01\/IMG_20180122_211509-e1516747257369-1024x460.jpg"},"foundation-featured-image":{"file":"IMG_20180122_211509-e1516747257369-900x414.jpg","width":900,"height":414,"mime-type":"image\/jpeg","filesize":41244,"source_url":"https:\/\/feuerwehr-vglambrecht.de\/cms\/wp-content\/uploads\/2018\/01\/IMG_20180122_211509-e1516747257369-900x414.jpg"},"thumbnail":{"file":"IMG_20180122_211509-e1516747257369-150x150.jpg","width":150,"height":150,"source_url":"https:\/\/feuerwehr-vglambrecht.de\/cms\/wp-content\/uploads\/2018\/01\/IMG_20180122_211509-e1516747257369-150x150.jpg"},"medium":{"file":"IMG_20180122_211509-e1516747257369-300x138.jpg","width":300,"height":138,"source_url":"https:\/\/feuerwehr-vglambrecht.de\/cms\/wp-content\/uploads\/2018\/01\/IMG_20180122_211509-e1516747257369-300x138.jpg"},"large":{"file":"IMG_20180122_211509-e1516747257369-1024x471.jpg","width":1024,"height":471,"source_url":"https:\/\/feuerwehr-vglambrecht.de\/cms\/wp-content\/uploads\/2018\/01\/IMG_20180122_211509-e1516747257369-1024x471.jpg"}},"image_meta":{"aperture":"0","credit":"","camera":"","caption":"","created_timestamp":"0","copyright":"","focal_length":"0","iso":"0","shutter_speed":"0","title":"","orientation":"0","keywords":[]},"image-converter":{"thumbnail":"IME","medium":"IME","large":"IME"}},"post":6347,"source_url":"https:\/\/feuerwehr-vglambrecht.de\/cms\/wp-content\/uploads\/2018\/01\/IMG_20180122_211509-e1516747257369.jpg"},"einsatz_ort":"B39 Weidental Neidenfels","einsatz_ende":"2018-01-22 21:46","einsatz_beginn":"","_links":{"self":[{"href":"https:\/\/feuerwehr-vglambrecht.de\/cms\/wp-json\/wp\/v2\/einsatz\/6347","targetHints":{"allow":["GET"]}}],"collection":[{"href":"https:\/\/feuerwehr-vglambrecht.de\/cms\/wp-json\/wp\/v2\/einsatz"}],"about":[{"href":"https:\/\/feuerwehr-vglambrecht.de\/cms\/wp-json\/wp\/v2\/types\/einsatz"}],"author":[{"embeddable":true,"href":"https:\/\/feuerwehr-vglambrecht.de\/cms\/wp-json\/wp\/v2\/users\/1"}],"version-history":[{"count":6,"href":"https:\/\/feuerwehr-vglambrecht.de\/cms\/wp-json\/wp\/v2\/einsatz\/6347\/revisions"}],"predecessor-version":[{"id":6354,"href":"https:\/\/feuerwehr-vglambrecht.de\/cms\/wp-json\/wp\/v2\/einsatz\/6347\/revisions\/6354"}],"wp:featuredmedia":[{"embeddable":true,"href":"https:\/\/feuerwehr-vglambrecht.de\/cms\/wp-json\/wp\/v2\/media\/6350"}],"wp:attachment":[{"href":"https:\/\/feuerwehr-vglambrecht.de\/cms\/wp-json\/wp\/v2\/media?parent=6347"}],"wp:term":[{"taxonomy":"category","embeddable":true,"href":"https:\/\/feuerwehr-vglambrecht.de\/cms\/wp-json\/wp\/v2\/categories?post=6347"},{"taxonomy":"post_tag","embeddable":true,"href":"https:\/\/feuerwehr-vglambrecht.de\/cms\/wp-json\/wp\/v2\/tags?post=6347"},{"taxonomy":"einsatzart","embeddable":true,"href":"https:\/\/feuerwehr-vglambrecht.de\/cms\/wp-json\/wp\/v2\/einsatzart?post=6347"},{"taxonomy":"fahrzeug","embeddable":true,"href":"https:\/\/feuerwehr-vglambrecht.de\/cms\/wp-json\/wp\/v2\/fahrzeug?post=6347"},{"taxonomy":"exteinsatzmittel","embeddable":true,"href":"https:\/\/feuerwehr-vglambrecht.de\/cms\/wp-json\/wp\/v2\/exteinsatzmittel?post=6347"},{"taxonomy":"alarmierungsart","embeddable":true,"href":"https:\/\/feuerwehr-vglambrecht.de\/cms\/wp-json\/wp\/v2\/alarmierungsart?post=6347"},{"taxonomy":"evw_unit","embeddable":true,"href":"https:\/\/feuerwehr-vglambrecht.de\/cms\/wp-json\/wp\/v2\/evw_unit?post=6347"}],"curies":[{"name":"wp","href":"https:\/\/api.w.org\/{rel}","templated":true}]}}