{"id":6184,"date":"2017-12-14T09:39:00","date_gmt":"2017-12-14T08:39:00","guid":{"rendered":"https:\/\/feuerwehr-vglambrecht.de\/cms\/?post_type=einsatz&#038;p=6184"},"modified":"2017-12-14T23:28:20","modified_gmt":"2017-12-14T22:28:20","slug":"baum-ueber-strasse-t1-4","status":"publish","type":"einsatz","link":"https:\/\/feuerwehr-vglambrecht.de\/cms\/einsatzberichte\/baum-ueber-strasse-t1-4\/","title":{"rendered":"Baum \u00fcber Stra\u00dfe (T1)"},"content":{"rendered":"<p>Die Feuerwehr Neidenfels und Weidenthal wurden am 14.12.2017 um 9:39 Uhr zu einem umgest\u00fcrzten Baum auf die Staatsstra\u00dfe\/B39 nach Neidenfels alarmiert.<\/p>\n<p>Vor Ort wurde ein Baum vorgefunden, welcher auf einen PKW gest\u00fcrzt war und die Stromleitung der Stra\u00dfenbeleuchtung mit sich gerissen hatte. Der PKW wurde an der Front besch\u00e4digt, der Fahrer blieb jedoch unverletzt.<!--more--><\/p>\n<p>Der Baum wurde mittels Motorkettens\u00e4ge beseitigt und die Fahrbahn gereinigt. \u00a0Der Stromversorger wurde \u00fcber die besch\u00e4digte Stromleitung informiert und das Kabel gesichert. Die B39 war w\u00e4hrend der Arbeiten f\u00fcr den Verkehr vollgesperrt.<\/p>\n\n<div class=\"ngg-galleryoverview\" id=\"ngg-gallery-181-6184\">\n\n\t<!-- Slideshow link -->\n\t<div class=\"slideshowlink\">\n\t\t<a class=\"slideshowlink\" href=\"https:\/\/feuerwehr-vglambrecht.de\/cms\/einsatzberichte\/baum-ueber-strasse-t1-4\/nggallery\/slideshow\">\n\t\t\t[Show as slideshow]\t\t<\/a>\n\t<\/div>\n\n\t\n\t<!-- Thumbnails -->\n\t\t\n\t<div id=\"ngg-image-1320\" class=\"ngg-gallery-thumbnail-box\"  >\n\t\t<div class=\"ngg-gallery-thumbnail\" >\n\t\t\t<a href=\"https:\/\/feuerwehr-vglambrecht.de\/cms\/wp-content\/gallery\/baum-auf-pkw-baum-ueber-strasse-14-12-17\/dsc_0018-1.jpg\" title=\" \" class=\"shutterset_set_181\" >\n\t\t\t\t\t\t\t\t<img loading=\"lazy\" decoding=\"async\" title=\"dsc_0018-1\" alt=\"dsc_0018-1\" src=\"https:\/\/feuerwehr-vglambrecht.de\/cms\/wp-content\/gallery\/baum-auf-pkw-baum-ueber-strasse-14-12-17\/thumbs\/thumbs_dsc_0018-1.jpg\" width=\"100\" height=\"75\" \/>\n\t\t\t\t\t\t\t<\/a>\n\t\t<\/div>\n\t<\/div>\n\t\n\t\t\n \t \t\n\t<!-- Pagination -->\n \t<div class='ngg-clear'><\/div>\n \t\n<\/div>\n\n\n","protected":false},"author":1,"featured_media":6188,"template":"","meta":{"einsatz_weight":1,"footnotes":""},"categories":[],"tags":[191,135,190,136],"einsatzart":[33],"fahrzeug":[60,59,61,62],"exteinsatzmittel":[68,21,165,93,30],"alarmierungsart":[10],"evw_unit":[],"class_list":["post-6184","einsatz","type-einsatz","status-publish","has-post-thumbnail","hentry","tag-baum-ueber-strasse","tag-neidenfels","tag-technische-hilfe","tag-weidenthal","einsatzart-th","fahrzeug-neidenfels-19","fahrzeug-neidenfels-47","fahrzeug-neidenfels-73","fahrzeug-weidenthal-42","exteinsatzmittel-fw_nei","exteinsatzmittel-fw_wei","exteinsatzmittel-ordnungsamt-vg-lambrecht","exteinsatzmittel-pfalzw","exteinsatzmittel-pol","alarmierungsart-dme-digitaler-meldeempfaenger"],"better_featured_image":{"id":6188,"alt_text":"","caption":"","description":"","media_type":"image","media_details":{"width":2560,"height":1101,"file":"2017\/12\/DSC_0018-1-e1513290043233-scaled.jpg","filesize":673171,"sizes":{"medium_large":{"file":"DSC_0018-1-e1513290043233-768x330.jpg","width":768,"height":330,"mime-type":"image\/jpeg","filesize":81012,"source_url":"https:\/\/feuerwehr-vglambrecht.de\/cms\/wp-content\/uploads\/2017\/12\/DSC_0018-1-e1513290043233-768x330.jpg"},"1536x1536":{"file":"DSC_0018-1-e1513290043233-1536x660.jpg","width":1536,"height":660,"mime-type":"image\/jpeg","filesize":274043,"source_url":"https:\/\/feuerwehr-vglambrecht.de\/cms\/wp-content\/uploads\/2017\/12\/DSC_0018-1-e1513290043233-1536x660.jpg"},"2048x2048":{"file":"DSC_0018-1-e1513290043233-2048x881.jpg","width":2048,"height":881,"mime-type":"image\/jpeg","filesize":453238,"source_url":"https:\/\/feuerwehr-vglambrecht.de\/cms\/wp-content\/uploads\/2017\/12\/DSC_0018-1-e1513290043233-2048x881.jpg"},"wptouch-new-thumbnail":{"file":"DSC_0018-1-e1513290043233-144x144.jpg","width":144,"height":144,"mime-type":"image\/jpeg","filesize":7818,"source_url":"https:\/\/feuerwehr-vglambrecht.de\/cms\/wp-content\/uploads\/2017\/12\/DSC_0018-1-e1513290043233-144x144.jpg"},"landing_image":{"file":"DSC_0018-1-e1513290043233-1024x460.jpg","width":1024,"height":460,"mime-type":"image\/jpeg","filesize":139818,"source_url":"https:\/\/feuerwehr-vglambrecht.de\/cms\/wp-content\/uploads\/2017\/12\/DSC_0018-1-e1513290043233-1024x460.jpg"},"foundation-featured-image":{"file":"DSC_0018-1-e1513290043233-900x387.jpg","width":900,"height":387,"mime-type":"image\/jpeg","filesize":108096,"source_url":"https:\/\/feuerwehr-vglambrecht.de\/cms\/wp-content\/uploads\/2017\/12\/DSC_0018-1-e1513290043233-900x387.jpg"},"thumbnail":{"file":"DSC_0018-1-e1513290043233-150x150.jpg","width":150,"height":150,"source_url":"https:\/\/feuerwehr-vglambrecht.de\/cms\/wp-content\/uploads\/2017\/12\/DSC_0018-1-e1513290043233-150x150.jpg"},"medium":{"file":"DSC_0018-1-e1513290043233-300x129.jpg","width":300,"height":129,"source_url":"https:\/\/feuerwehr-vglambrecht.de\/cms\/wp-content\/uploads\/2017\/12\/DSC_0018-1-e1513290043233-300x129.jpg"},"large":{"file":"DSC_0018-1-e1513290043233-1024x440.jpg","width":1024,"height":440,"source_url":"https:\/\/feuerwehr-vglambrecht.de\/cms\/wp-content\/uploads\/2017\/12\/DSC_0018-1-e1513290043233-1024x440.jpg"}},"image_meta":{"aperture":"0","credit":"","camera":"","caption":"","created_timestamp":"0","copyright":"","focal_length":"0","iso":"0","shutter_speed":"0","title":"","orientation":"0","keywords":[]},"original_image":"DSC_0018-1-e1513290043233.jpg","image-converter":{"thumbnail":"IME","medium":"IME","large":"IME"}},"post":6184,"source_url":"https:\/\/feuerwehr-vglambrecht.de\/cms\/wp-content\/uploads\/2017\/12\/DSC_0018-1-e1513290043233-scaled.jpg"},"einsatz_ort":"B39 \/ Staatsstra\u00dfe Neidenfels","einsatz_ende":"2017-12-14 10:39","einsatz_beginn":"","_links":{"self":[{"href":"https:\/\/feuerwehr-vglambrecht.de\/cms\/wp-json\/wp\/v2\/einsatz\/6184","targetHints":{"allow":["GET"]}}],"collection":[{"href":"https:\/\/feuerwehr-vglambrecht.de\/cms\/wp-json\/wp\/v2\/einsatz"}],"about":[{"href":"https:\/\/feuerwehr-vglambrecht.de\/cms\/wp-json\/wp\/v2\/types\/einsatz"}],"author":[{"embeddable":true,"href":"https:\/\/feuerwehr-vglambrecht.de\/cms\/wp-json\/wp\/v2\/users\/1"}],"version-history":[{"count":3,"href":"https:\/\/feuerwehr-vglambrecht.de\/cms\/wp-json\/wp\/v2\/einsatz\/6184\/revisions"}],"predecessor-version":[{"id":6189,"href":"https:\/\/feuerwehr-vglambrecht.de\/cms\/wp-json\/wp\/v2\/einsatz\/6184\/revisions\/6189"}],"wp:featuredmedia":[{"embeddable":true,"href":"https:\/\/feuerwehr-vglambrecht.de\/cms\/wp-json\/wp\/v2\/media\/6188"}],"wp:attachment":[{"href":"https:\/\/feuerwehr-vglambrecht.de\/cms\/wp-json\/wp\/v2\/media?parent=6184"}],"wp:term":[{"taxonomy":"category","embeddable":true,"href":"https:\/\/feuerwehr-vglambrecht.de\/cms\/wp-json\/wp\/v2\/categories?post=6184"},{"taxonomy":"post_tag","embeddable":true,"href":"https:\/\/feuerwehr-vglambrecht.de\/cms\/wp-json\/wp\/v2\/tags?post=6184"},{"taxonomy":"einsatzart","embeddable":true,"href":"https:\/\/feuerwehr-vglambrecht.de\/cms\/wp-json\/wp\/v2\/einsatzart?post=6184"},{"taxonomy":"fahrzeug","embeddable":true,"href":"https:\/\/feuerwehr-vglambrecht.de\/cms\/wp-json\/wp\/v2\/fahrzeug?post=6184"},{"taxonomy":"exteinsatzmittel","embeddable":true,"href":"https:\/\/feuerwehr-vglambrecht.de\/cms\/wp-json\/wp\/v2\/exteinsatzmittel?post=6184"},{"taxonomy":"alarmierungsart","embeddable":true,"href":"https:\/\/feuerwehr-vglambrecht.de\/cms\/wp-json\/wp\/v2\/alarmierungsart?post=6184"},{"taxonomy":"evw_unit","embeddable":true,"href":"https:\/\/feuerwehr-vglambrecht.de\/cms\/wp-json\/wp\/v2\/evw_unit?post=6184"}],"curies":[{"name":"wp","href":"https:\/\/api.w.org\/{rel}","templated":true}]}}