{"id":5802,"date":"2017-07-14T06:34:00","date_gmt":"2017-07-14T04:34:00","guid":{"rendered":"https:\/\/feuerwehr-vglambrecht.de\/cms\/?post_type=einsatz&#038;p=5802"},"modified":"2017-07-15T09:04:42","modified_gmt":"2017-07-15T07:04:42","slug":"nachbarschaftshilfe-brand-limburg-duew","status":"publish","type":"einsatz","link":"https:\/\/feuerwehr-vglambrecht.de\/cms\/einsatzberichte\/nachbarschaftshilfe-brand-limburg-duew\/","title":{"rendered":"Nachbarschaftshilfe &#8211; Brand Limburg D\u00dcW"},"content":{"rendered":"<p>Die Wehren der Verbandsgemeinde Lambrecht, wurden am 14.07.2017 um 06:34 Uhr zur Nachbarschaftshilfe nach Bad D\u00fcrkheim alarmiert. Dort brannte seit den fr\u00fchen Morgenstunden die Klosterruine Limburg.\u00a0<!--more--><\/p>\n<p>Mit zwei Tankl\u00f6schfahrzeugen, zwei Mannschaftstransportfahrzeugen und 24 Kameraden, unterst\u00fctze die VG Feuerwehr die Kr\u00e4fte bei den Nachl\u00f6scharbeiten und l\u00f6sten somit die seit Stunden im Einsatz befindlichen Einsatzkr\u00e4fte ab.<\/p>\n\n<div class=\"ngg-galleryoverview\" id=\"ngg-gallery-161-5802\">\n\n\t<!-- Slideshow link -->\n\t<div class=\"slideshowlink\">\n\t\t<a class=\"slideshowlink\" href=\"https:\/\/feuerwehr-vglambrecht.de\/cms\/einsatzberichte\/nachbarschaftshilfe-brand-limburg-duew\/nggallery\/slideshow\">\n\t\t\t[Show as slideshow]\t\t<\/a>\n\t<\/div>\n\n\t\n\t<!-- Thumbnails -->\n\t\t\n\t<div id=\"ngg-image-1225\" class=\"ngg-gallery-thumbnail-box\"  >\n\t\t<div class=\"ngg-gallery-thumbnail\" >\n\t\t\t<a href=\"https:\/\/feuerwehr-vglambrecht.de\/cms\/wp-content\/gallery\/brand_limburg\/img_1245.jpg\" title=\" \" class=\"shutterset_set_161\" >\n\t\t\t\t\t\t\t\t<img loading=\"lazy\" decoding=\"async\" title=\"img_1245\" alt=\"img_1245\" src=\"https:\/\/feuerwehr-vglambrecht.de\/cms\/wp-content\/gallery\/brand_limburg\/thumbs\/thumbs_img_1245.jpg\" width=\"100\" height=\"75\" \/>\n\t\t\t\t\t\t\t<\/a>\n\t\t<\/div>\n\t<\/div>\n\t\n\t\t\n \t\t\n\t<div id=\"ngg-image-1227\" class=\"ngg-gallery-thumbnail-box\"  >\n\t\t<div class=\"ngg-gallery-thumbnail\" >\n\t\t\t<a href=\"https:\/\/feuerwehr-vglambrecht.de\/cms\/wp-content\/gallery\/brand_limburg\/img_1247.jpg\" title=\" \" class=\"shutterset_set_161\" >\n\t\t\t\t\t\t\t\t<img loading=\"lazy\" decoding=\"async\" title=\"img_1247\" alt=\"img_1247\" src=\"https:\/\/feuerwehr-vglambrecht.de\/cms\/wp-content\/gallery\/brand_limburg\/thumbs\/thumbs_img_1247.jpg\" width=\"100\" height=\"75\" \/>\n\t\t\t\t\t\t\t<\/a>\n\t\t<\/div>\n\t<\/div>\n\t\n\t\t\n \t \t\n\t<!-- Pagination -->\n \t<div class='ngg-clear'><\/div>\n \t\n<\/div>\n\n\n<p>&nbsp;<\/p>\n","protected":false},"author":2,"featured_media":5803,"template":"","meta":{"einsatz_weight":1,"footnotes":""},"categories":[],"tags":[271,272],"einsatzart":[7],"fahrzeug":[43,51,60],"exteinsatzmittel":[11,12,13,18,68,21],"alarmierungsart":[10],"evw_unit":[],"class_list":["post-5802","einsatz","type-einsatz","status-publish","has-post-thumbnail","hentry","tag-brand-limburg","tag-duew","einsatzart-brand","fahrzeug-esthal19","fahrzeug-lambrecht-241","fahrzeug-neidenfels-19","exteinsatzmittel-fw_elm","exteinsatzmittel-fw_est","exteinsatzmittel-fw_fra","exteinsatzmittel-fw_lam","exteinsatzmittel-fw_nei","exteinsatzmittel-fw_wei","alarmierungsart-dme-digitaler-meldeempfaenger"],"better_featured_image":{"id":5803,"alt_text":"","caption":"","description":"","media_type":"image","media_details":{"width":1280,"height":960,"file":"2017\/07\/IMG_1245.jpg","filesize":500018,"sizes":{"medium_large":{"file":"IMG_1245-768x576.jpg","width":768,"height":576,"mime-type":"image\/jpeg","filesize":144305,"source_url":"https:\/\/feuerwehr-vglambrecht.de\/cms\/wp-content\/uploads\/2017\/07\/IMG_1245-768x576.jpg"},"wptouch-new-thumbnail":{"file":"IMG_1245-144x144.jpg","width":144,"height":144,"mime-type":"image\/jpeg","filesize":22254,"source_url":"https:\/\/feuerwehr-vglambrecht.de\/cms\/wp-content\/uploads\/2017\/07\/IMG_1245-144x144.jpg"},"landing_image":{"file":"IMG_1245-1024x460.jpg","width":1024,"height":460,"mime-type":"image\/jpeg","filesize":134209,"source_url":"https:\/\/feuerwehr-vglambrecht.de\/cms\/wp-content\/uploads\/2017\/07\/IMG_1245-1024x460.jpg"},"foundation-featured-image":{"file":"IMG_1245-900x675.jpg","width":900,"height":675,"mime-type":"image\/jpeg","filesize":190302,"source_url":"https:\/\/feuerwehr-vglambrecht.de\/cms\/wp-content\/uploads\/2017\/07\/IMG_1245-900x675.jpg"},"thumbnail":{"file":"IMG_1245-150x150.jpg","width":150,"height":150,"source_url":"https:\/\/feuerwehr-vglambrecht.de\/cms\/wp-content\/uploads\/2017\/07\/IMG_1245-150x150.jpg"},"medium":{"file":"IMG_1245-300x225.jpg","width":300,"height":225,"source_url":"https:\/\/feuerwehr-vglambrecht.de\/cms\/wp-content\/uploads\/2017\/07\/IMG_1245-300x225.jpg"},"large":{"file":"IMG_1245-1024x768.jpg","width":1024,"height":768,"source_url":"https:\/\/feuerwehr-vglambrecht.de\/cms\/wp-content\/uploads\/2017\/07\/IMG_1245-1024x768.jpg"}},"image_meta":{"aperture":"0","credit":"","camera":"","caption":"","created_timestamp":"0","copyright":"","focal_length":"0","iso":"0","shutter_speed":"0","title":"","orientation":"1","keywords":[]},"image-converter":{"thumbnail":"IME","medium":"IME","large":"IME"}},"post":5802,"source_url":"https:\/\/feuerwehr-vglambrecht.de\/cms\/wp-content\/uploads\/2017\/07\/IMG_1245.jpg"},"einsatz_ort":"Bad D\u00fcrkheim","einsatz_ende":"2017-07-14 15:46","einsatz_beginn":"","_links":{"self":[{"href":"https:\/\/feuerwehr-vglambrecht.de\/cms\/wp-json\/wp\/v2\/einsatz\/5802","targetHints":{"allow":["GET"]}}],"collection":[{"href":"https:\/\/feuerwehr-vglambrecht.de\/cms\/wp-json\/wp\/v2\/einsatz"}],"about":[{"href":"https:\/\/feuerwehr-vglambrecht.de\/cms\/wp-json\/wp\/v2\/types\/einsatz"}],"author":[{"embeddable":true,"href":"https:\/\/feuerwehr-vglambrecht.de\/cms\/wp-json\/wp\/v2\/users\/2"}],"version-history":[{"count":4,"href":"https:\/\/feuerwehr-vglambrecht.de\/cms\/wp-json\/wp\/v2\/einsatz\/5802\/revisions"}],"predecessor-version":[{"id":5808,"href":"https:\/\/feuerwehr-vglambrecht.de\/cms\/wp-json\/wp\/v2\/einsatz\/5802\/revisions\/5808"}],"wp:featuredmedia":[{"embeddable":true,"href":"https:\/\/feuerwehr-vglambrecht.de\/cms\/wp-json\/wp\/v2\/media\/5803"}],"wp:attachment":[{"href":"https:\/\/feuerwehr-vglambrecht.de\/cms\/wp-json\/wp\/v2\/media?parent=5802"}],"wp:term":[{"taxonomy":"category","embeddable":true,"href":"https:\/\/feuerwehr-vglambrecht.de\/cms\/wp-json\/wp\/v2\/categories?post=5802"},{"taxonomy":"post_tag","embeddable":true,"href":"https:\/\/feuerwehr-vglambrecht.de\/cms\/wp-json\/wp\/v2\/tags?post=5802"},{"taxonomy":"einsatzart","embeddable":true,"href":"https:\/\/feuerwehr-vglambrecht.de\/cms\/wp-json\/wp\/v2\/einsatzart?post=5802"},{"taxonomy":"fahrzeug","embeddable":true,"href":"https:\/\/feuerwehr-vglambrecht.de\/cms\/wp-json\/wp\/v2\/fahrzeug?post=5802"},{"taxonomy":"exteinsatzmittel","embeddable":true,"href":"https:\/\/feuerwehr-vglambrecht.de\/cms\/wp-json\/wp\/v2\/exteinsatzmittel?post=5802"},{"taxonomy":"alarmierungsart","embeddable":true,"href":"https:\/\/feuerwehr-vglambrecht.de\/cms\/wp-json\/wp\/v2\/alarmierungsart?post=5802"},{"taxonomy":"evw_unit","embeddable":true,"href":"https:\/\/feuerwehr-vglambrecht.de\/cms\/wp-json\/wp\/v2\/evw_unit?post=5802"}],"curies":[{"name":"wp","href":"https:\/\/api.w.org\/{rel}","templated":true}]}}