{"id":4592,"date":"2016-09-18T09:51:00","date_gmt":"2016-09-18T07:51:00","guid":{"rendered":"https:\/\/feuerwehr-vglambrecht.de\/cms\/?post_type=einsatz&#038;p=4592"},"modified":"2017-04-20T21:14:00","modified_gmt":"2017-04-20T19:14:00","slug":"baum-umgestuerzt-t1","status":"publish","type":"einsatz","link":"https:\/\/feuerwehr-vglambrecht.de\/cms\/einsatzberichte\/baum-umgestuerzt-t1\/","title":{"rendered":"Baum umgest\u00fcrzt (T1)"},"content":{"rendered":"<p style=\"text-align: left;\">Die Feuerwehr wurde aufgrund eines umgest\u00fcrzten Baums auf die K23 zwischen Frankeneck und Esthal alarmiert. Das Verkehrshindernis in H\u00f6he des Sportheims Esthal wurde beseitigt. W\u00e4hrend der Arbeiten musste die Strecke kurzzeitig voll gesperrt werden.<\/p>\n","protected":false},"author":3,"featured_media":0,"template":"","meta":{"einsatz_weight":1,"footnotes":""},"categories":[],"tags":[138,141],"einsatzart":[33],"fahrzeug":[42],"exteinsatzmittel":[12,13],"alarmierungsart":[10],"evw_unit":[],"class_list":["post-4592","einsatz","type-einsatz","status-publish","hentry","tag-esthal","tag-frankeneck","einsatzart-th","fahrzeug-esthal-47","exteinsatzmittel-fw_est","exteinsatzmittel-fw_fra","alarmierungsart-dme-digitaler-meldeempfaenger"],"better_featured_image":null,"einsatz_ort":"Kreisstra\u00dfe 23","einsatz_ende":"2016-09-18 10:15","einsatz_beginn":"","_links":{"self":[{"href":"https:\/\/feuerwehr-vglambrecht.de\/cms\/wp-json\/wp\/v2\/einsatz\/4592","targetHints":{"allow":["GET"]}}],"collection":[{"href":"https:\/\/feuerwehr-vglambrecht.de\/cms\/wp-json\/wp\/v2\/einsatz"}],"about":[{"href":"https:\/\/feuerwehr-vglambrecht.de\/cms\/wp-json\/wp\/v2\/types\/einsatz"}],"author":[{"embeddable":true,"href":"https:\/\/feuerwehr-vglambrecht.de\/cms\/wp-json\/wp\/v2\/users\/3"}],"version-history":[{"count":2,"href":"https:\/\/feuerwehr-vglambrecht.de\/cms\/wp-json\/wp\/v2\/einsatz\/4592\/revisions"}],"predecessor-version":[{"id":4594,"href":"https:\/\/feuerwehr-vglambrecht.de\/cms\/wp-json\/wp\/v2\/einsatz\/4592\/revisions\/4594"}],"wp:attachment":[{"href":"https:\/\/feuerwehr-vglambrecht.de\/cms\/wp-json\/wp\/v2\/media?parent=4592"}],"wp:term":[{"taxonomy":"category","embeddable":true,"href":"https:\/\/feuerwehr-vglambrecht.de\/cms\/wp-json\/wp\/v2\/categories?post=4592"},{"taxonomy":"post_tag","embeddable":true,"href":"https:\/\/feuerwehr-vglambrecht.de\/cms\/wp-json\/wp\/v2\/tags?post=4592"},{"taxonomy":"einsatzart","embeddable":true,"href":"https:\/\/feuerwehr-vglambrecht.de\/cms\/wp-json\/wp\/v2\/einsatzart?post=4592"},{"taxonomy":"fahrzeug","embeddable":true,"href":"https:\/\/feuerwehr-vglambrecht.de\/cms\/wp-json\/wp\/v2\/fahrzeug?post=4592"},{"taxonomy":"exteinsatzmittel","embeddable":true,"href":"https:\/\/feuerwehr-vglambrecht.de\/cms\/wp-json\/wp\/v2\/exteinsatzmittel?post=4592"},{"taxonomy":"alarmierungsart","embeddable":true,"href":"https:\/\/feuerwehr-vglambrecht.de\/cms\/wp-json\/wp\/v2\/alarmierungsart?post=4592"},{"taxonomy":"evw_unit","embeddable":true,"href":"https:\/\/feuerwehr-vglambrecht.de\/cms\/wp-json\/wp\/v2\/evw_unit?post=4592"}],"curies":[{"name":"wp","href":"https:\/\/api.w.org\/{rel}","templated":true}]}}