{"id":4061,"date":"2016-07-01T23:18:00","date_gmt":"2016-07-01T21:18:00","guid":{"rendered":"https:\/\/feuerwehr-vglambrecht.de\/cms\/?post_type=einsatz&#038;p=4061"},"modified":"2017-04-20T21:13:55","modified_gmt":"2017-04-20T19:13:55","slug":"brand-wald-b2","status":"publish","type":"einsatz","link":"https:\/\/feuerwehr-vglambrecht.de\/cms\/einsatzberichte\/brand-wald-b2\/","title":{"rendered":"Brand Wald (B2)"},"content":{"rendered":"<p>Die Feuerwehr wurde aufgrund starken Brandgeruchs, Rauchentwicklung und Feuerschein durch Anwohner in die Kirchstra\u00dfe in Esthal alarmiert. Vor Ort wurde ein Abraumbrand im privaten Bereich festgestellt. Das Feuer wurde gel\u00f6scht und die Einsatzstelle der Polizei \u00fcbergeben.<\/p>\n","protected":false},"author":3,"featured_media":0,"template":"","meta":{"einsatz_weight":1,"footnotes":""},"categories":[],"tags":[],"einsatzart":[7],"fahrzeug":[43,42,44,45,50],"exteinsatzmittel":[12,13,18,30,37,35],"alarmierungsart":[10],"evw_unit":[],"class_list":["post-4061","einsatz","type-einsatz","status-publish","hentry","einsatzart-brand","fahrzeug-esthal19","fahrzeug-esthal-47","fahrzeug-frankeneck-40","fahrzeug-frankeneck-73","fahrzeug-lambrecht-21","exteinsatzmittel-fw_est","exteinsatzmittel-fw_fra","exteinsatzmittel-fw_lam","exteinsatzmittel-pol","exteinsatzmittel-fw_pre","exteinsatzmittel-fw_weh","alarmierungsart-dme-digitaler-meldeempfaenger"],"better_featured_image":null,"einsatz_ort":"Kirchstra\u00dfe Esthal","einsatz_ende":"2016-07-01 23:46","einsatz_beginn":"","_links":{"self":[{"href":"https:\/\/feuerwehr-vglambrecht.de\/cms\/wp-json\/wp\/v2\/einsatz\/4061","targetHints":{"allow":["GET"]}}],"collection":[{"href":"https:\/\/feuerwehr-vglambrecht.de\/cms\/wp-json\/wp\/v2\/einsatz"}],"about":[{"href":"https:\/\/feuerwehr-vglambrecht.de\/cms\/wp-json\/wp\/v2\/types\/einsatz"}],"author":[{"embeddable":true,"href":"https:\/\/feuerwehr-vglambrecht.de\/cms\/wp-json\/wp\/v2\/users\/3"}],"version-history":[{"count":1,"href":"https:\/\/feuerwehr-vglambrecht.de\/cms\/wp-json\/wp\/v2\/einsatz\/4061\/revisions"}],"predecessor-version":[{"id":4062,"href":"https:\/\/feuerwehr-vglambrecht.de\/cms\/wp-json\/wp\/v2\/einsatz\/4061\/revisions\/4062"}],"wp:attachment":[{"href":"https:\/\/feuerwehr-vglambrecht.de\/cms\/wp-json\/wp\/v2\/media?parent=4061"}],"wp:term":[{"taxonomy":"category","embeddable":true,"href":"https:\/\/feuerwehr-vglambrecht.de\/cms\/wp-json\/wp\/v2\/categories?post=4061"},{"taxonomy":"post_tag","embeddable":true,"href":"https:\/\/feuerwehr-vglambrecht.de\/cms\/wp-json\/wp\/v2\/tags?post=4061"},{"taxonomy":"einsatzart","embeddable":true,"href":"https:\/\/feuerwehr-vglambrecht.de\/cms\/wp-json\/wp\/v2\/einsatzart?post=4061"},{"taxonomy":"fahrzeug","embeddable":true,"href":"https:\/\/feuerwehr-vglambrecht.de\/cms\/wp-json\/wp\/v2\/fahrzeug?post=4061"},{"taxonomy":"exteinsatzmittel","embeddable":true,"href":"https:\/\/feuerwehr-vglambrecht.de\/cms\/wp-json\/wp\/v2\/exteinsatzmittel?post=4061"},{"taxonomy":"alarmierungsart","embeddable":true,"href":"https:\/\/feuerwehr-vglambrecht.de\/cms\/wp-json\/wp\/v2\/alarmierungsart?post=4061"},{"taxonomy":"evw_unit","embeddable":true,"href":"https:\/\/feuerwehr-vglambrecht.de\/cms\/wp-json\/wp\/v2\/evw_unit?post=4061"}],"curies":[{"name":"wp","href":"https:\/\/api.w.org\/{rel}","templated":true}]}}