{"id":2860,"date":"2016-04-19T07:15:00","date_gmt":"2016-04-19T05:15:00","guid":{"rendered":"http:\/\/feuerwehr-vglambrecht.de\/cms\/?post_type=einsatz&#038;p=2860"},"modified":"2017-04-20T21:13:47","modified_gmt":"2017-04-20T19:13:47","slug":"oelspur-g0-2","status":"publish","type":"einsatz","link":"https:\/\/feuerwehr-vglambrecht.de\/cms\/einsatzberichte\/oelspur-g0-2\/","title":{"rendered":"\u00d6lspur (G0)"},"content":{"rendered":"<p style=\"text-align: justify;\">Die Feuerwehr Elmstein wurde am 19.04.2016 um 07:15 Uhr zu einer \u00d6lspur in die Talstra\u00dfe alarmiert. Durch den Einsatzleiter wurde der \u00f6rtliche Bauhof und der Landesbetrieb Mobilit\u00e4t \u00fcber die \u00d6lspur informiert. Bei \u00d6lspuren ist jeweils der Stra\u00dfenbaulasttr\u00e4ger f\u00fcr die Beseitigung zust\u00e4ndig. Die Einsatzstelle wurde somit dem Bauhof und dem LBM \u00fcbergeben. Ma\u00dfnahmen seitens der Feuerwehr waren nicht erforderlich.<\/p>\n","protected":false},"author":2,"featured_media":0,"template":"","meta":{"einsatz_weight":1,"footnotes":""},"categories":[],"tags":[],"einsatzart":[23],"fahrzeug":[38,40],"exteinsatzmittel":[94,11,112],"alarmierungsart":[10],"evw_unit":[],"class_list":["post-2860","einsatz","type-einsatz","status-publish","hentry","einsatzart-gff","fahrzeug-elmstein-44","fahrzeug-elmstein-73","exteinsatzmittel-bauhof","exteinsatzmittel-fw_elm","exteinsatzmittel-landesbetrieb-mobilitaet","alarmierungsart-dme-digitaler-meldeempfaenger"],"better_featured_image":null,"einsatz_ort":"Elmstein, Talstrasse L499","einsatz_ende":"2016-04-19 08:40","einsatz_beginn":"","_links":{"self":[{"href":"https:\/\/feuerwehr-vglambrecht.de\/cms\/wp-json\/wp\/v2\/einsatz\/2860","targetHints":{"allow":["GET"]}}],"collection":[{"href":"https:\/\/feuerwehr-vglambrecht.de\/cms\/wp-json\/wp\/v2\/einsatz"}],"about":[{"href":"https:\/\/feuerwehr-vglambrecht.de\/cms\/wp-json\/wp\/v2\/types\/einsatz"}],"author":[{"embeddable":true,"href":"https:\/\/feuerwehr-vglambrecht.de\/cms\/wp-json\/wp\/v2\/users\/2"}],"version-history":[{"count":3,"href":"https:\/\/feuerwehr-vglambrecht.de\/cms\/wp-json\/wp\/v2\/einsatz\/2860\/revisions"}],"predecessor-version":[{"id":2875,"href":"https:\/\/feuerwehr-vglambrecht.de\/cms\/wp-json\/wp\/v2\/einsatz\/2860\/revisions\/2875"}],"wp:attachment":[{"href":"https:\/\/feuerwehr-vglambrecht.de\/cms\/wp-json\/wp\/v2\/media?parent=2860"}],"wp:term":[{"taxonomy":"category","embeddable":true,"href":"https:\/\/feuerwehr-vglambrecht.de\/cms\/wp-json\/wp\/v2\/categories?post=2860"},{"taxonomy":"post_tag","embeddable":true,"href":"https:\/\/feuerwehr-vglambrecht.de\/cms\/wp-json\/wp\/v2\/tags?post=2860"},{"taxonomy":"einsatzart","embeddable":true,"href":"https:\/\/feuerwehr-vglambrecht.de\/cms\/wp-json\/wp\/v2\/einsatzart?post=2860"},{"taxonomy":"fahrzeug","embeddable":true,"href":"https:\/\/feuerwehr-vglambrecht.de\/cms\/wp-json\/wp\/v2\/fahrzeug?post=2860"},{"taxonomy":"exteinsatzmittel","embeddable":true,"href":"https:\/\/feuerwehr-vglambrecht.de\/cms\/wp-json\/wp\/v2\/exteinsatzmittel?post=2860"},{"taxonomy":"alarmierungsart","embeddable":true,"href":"https:\/\/feuerwehr-vglambrecht.de\/cms\/wp-json\/wp\/v2\/alarmierungsart?post=2860"},{"taxonomy":"evw_unit","embeddable":true,"href":"https:\/\/feuerwehr-vglambrecht.de\/cms\/wp-json\/wp\/v2\/evw_unit?post=2860"}],"curies":[{"name":"wp","href":"https:\/\/api.w.org\/{rel}","templated":true}]}}