{"id":2497,"date":"2016-02-20T21:51:00","date_gmt":"2016-02-20T20:51:00","guid":{"rendered":"http:\/\/feuerwehr-vglambrecht.de\/cms\/?post_type=einsatz&#038;p=2497"},"modified":"2017-04-20T21:13:42","modified_gmt":"2017-04-20T19:13:42","slug":"baum-auf-strasse-t1-2","status":"publish","type":"einsatz","link":"https:\/\/feuerwehr-vglambrecht.de\/cms\/einsatzberichte\/baum-auf-strasse-t1-2\/","title":{"rendered":"Baum auf Stra\u00dfe (T1)"},"content":{"rendered":"<p>Die Feuerwehren Esthal und Frankeneck wurden am 20.02.2016 um 21:51 Uhr aufgrund eines umgest\u00fcrzten Baums auf die Kreisstra\u00dfe 23 zum Sportheim Esthal alarmiert. Der Baum wurde mittels Motorkettens\u00e4ge zerkleinert, zur Seite ger\u00e4umt und die Fahrbahn gereinigt. W\u00e4hrend der Arbeiten musste die K23 kurzzeitig voll gesperrt werden.<\/p>\n","protected":false},"author":3,"featured_media":0,"template":"","meta":{"einsatz_weight":1,"footnotes":""},"categories":[],"tags":[],"einsatzart":[33],"fahrzeug":[43,42,44,45],"exteinsatzmittel":[12,13],"alarmierungsart":[10],"evw_unit":[],"class_list":["post-2497","einsatz","type-einsatz","status-publish","hentry","einsatzart-th","fahrzeug-esthal19","fahrzeug-esthal-47","fahrzeug-frankeneck-40","fahrzeug-frankeneck-73","exteinsatzmittel-fw_est","exteinsatzmittel-fw_fra","alarmierungsart-dme-digitaler-meldeempfaenger"],"better_featured_image":null,"einsatz_ort":"Kreisstra\u00dfe 23","einsatz_ende":"2016-02-20 22:09","einsatz_beginn":"","_links":{"self":[{"href":"https:\/\/feuerwehr-vglambrecht.de\/cms\/wp-json\/wp\/v2\/einsatz\/2497","targetHints":{"allow":["GET"]}}],"collection":[{"href":"https:\/\/feuerwehr-vglambrecht.de\/cms\/wp-json\/wp\/v2\/einsatz"}],"about":[{"href":"https:\/\/feuerwehr-vglambrecht.de\/cms\/wp-json\/wp\/v2\/types\/einsatz"}],"author":[{"embeddable":true,"href":"https:\/\/feuerwehr-vglambrecht.de\/cms\/wp-json\/wp\/v2\/users\/3"}],"version-history":[{"count":3,"href":"https:\/\/feuerwehr-vglambrecht.de\/cms\/wp-json\/wp\/v2\/einsatz\/2497\/revisions"}],"predecessor-version":[{"id":2500,"href":"https:\/\/feuerwehr-vglambrecht.de\/cms\/wp-json\/wp\/v2\/einsatz\/2497\/revisions\/2500"}],"wp:attachment":[{"href":"https:\/\/feuerwehr-vglambrecht.de\/cms\/wp-json\/wp\/v2\/media?parent=2497"}],"wp:term":[{"taxonomy":"category","embeddable":true,"href":"https:\/\/feuerwehr-vglambrecht.de\/cms\/wp-json\/wp\/v2\/categories?post=2497"},{"taxonomy":"post_tag","embeddable":true,"href":"https:\/\/feuerwehr-vglambrecht.de\/cms\/wp-json\/wp\/v2\/tags?post=2497"},{"taxonomy":"einsatzart","embeddable":true,"href":"https:\/\/feuerwehr-vglambrecht.de\/cms\/wp-json\/wp\/v2\/einsatzart?post=2497"},{"taxonomy":"fahrzeug","embeddable":true,"href":"https:\/\/feuerwehr-vglambrecht.de\/cms\/wp-json\/wp\/v2\/fahrzeug?post=2497"},{"taxonomy":"exteinsatzmittel","embeddable":true,"href":"https:\/\/feuerwehr-vglambrecht.de\/cms\/wp-json\/wp\/v2\/exteinsatzmittel?post=2497"},{"taxonomy":"alarmierungsart","embeddable":true,"href":"https:\/\/feuerwehr-vglambrecht.de\/cms\/wp-json\/wp\/v2\/alarmierungsart?post=2497"},{"taxonomy":"evw_unit","embeddable":true,"href":"https:\/\/feuerwehr-vglambrecht.de\/cms\/wp-json\/wp\/v2\/evw_unit?post=2497"}],"curies":[{"name":"wp","href":"https:\/\/api.w.org\/{rel}","templated":true}]}}