{"id":2450,"date":"2016-02-09T17:22:00","date_gmt":"2016-02-09T16:22:00","guid":{"rendered":"http:\/\/feuerwehr-vglambrecht.de\/cms\/?post_type=einsatz&#038;p=2450"},"modified":"2017-04-20T21:13:41","modified_gmt":"2017-04-20T19:13:41","slug":"technische-hilfe-t1","status":"publish","type":"einsatz","link":"https:\/\/feuerwehr-vglambrecht.de\/cms\/einsatzberichte\/technische-hilfe-t1\/","title":{"rendered":"Technische Hilfe (T1)"},"content":{"rendered":"<p><u><\/u>Am Dienstag gegen 17:22 wurden die Feuerwehren Esthal und Frankeneck wegen eines umgest\u00fcrzten J\u00e4gerstandes neben der K23 alarmiert. Das Hindernis wurde aus dem Gefahrenbereich ger\u00e4umt und das zust\u00e4ndige Forstamt wurde verst\u00e4ndigt. W\u00e4hrend der Arbeiten war die K23 zeitweise halbseitig gesperrt.<\/p>\n<p>&nbsp;<\/p>\n","protected":false},"author":2,"featured_media":0,"template":"","meta":{"einsatz_weight":1,"footnotes":""},"categories":[],"tags":[],"einsatzart":[33],"fahrzeug":[43,42,44,45],"exteinsatzmittel":[12,13],"alarmierungsart":[10],"evw_unit":[],"class_list":["post-2450","einsatz","type-einsatz","status-publish","hentry","einsatzart-th","fahrzeug-esthal19","fahrzeug-esthal-47","fahrzeug-frankeneck-40","fahrzeug-frankeneck-73","exteinsatzmittel-fw_est","exteinsatzmittel-fw_fra","alarmierungsart-dme-digitaler-meldeempfaenger"],"better_featured_image":null,"einsatz_ort":"K23","einsatz_ende":"2016-02-09 17:50","einsatz_beginn":"","_links":{"self":[{"href":"https:\/\/feuerwehr-vglambrecht.de\/cms\/wp-json\/wp\/v2\/einsatz\/2450","targetHints":{"allow":["GET"]}}],"collection":[{"href":"https:\/\/feuerwehr-vglambrecht.de\/cms\/wp-json\/wp\/v2\/einsatz"}],"about":[{"href":"https:\/\/feuerwehr-vglambrecht.de\/cms\/wp-json\/wp\/v2\/types\/einsatz"}],"author":[{"embeddable":true,"href":"https:\/\/feuerwehr-vglambrecht.de\/cms\/wp-json\/wp\/v2\/users\/2"}],"version-history":[{"count":4,"href":"https:\/\/feuerwehr-vglambrecht.de\/cms\/wp-json\/wp\/v2\/einsatz\/2450\/revisions"}],"predecessor-version":[{"id":2460,"href":"https:\/\/feuerwehr-vglambrecht.de\/cms\/wp-json\/wp\/v2\/einsatz\/2450\/revisions\/2460"}],"wp:attachment":[{"href":"https:\/\/feuerwehr-vglambrecht.de\/cms\/wp-json\/wp\/v2\/media?parent=2450"}],"wp:term":[{"taxonomy":"category","embeddable":true,"href":"https:\/\/feuerwehr-vglambrecht.de\/cms\/wp-json\/wp\/v2\/categories?post=2450"},{"taxonomy":"post_tag","embeddable":true,"href":"https:\/\/feuerwehr-vglambrecht.de\/cms\/wp-json\/wp\/v2\/tags?post=2450"},{"taxonomy":"einsatzart","embeddable":true,"href":"https:\/\/feuerwehr-vglambrecht.de\/cms\/wp-json\/wp\/v2\/einsatzart?post=2450"},{"taxonomy":"fahrzeug","embeddable":true,"href":"https:\/\/feuerwehr-vglambrecht.de\/cms\/wp-json\/wp\/v2\/fahrzeug?post=2450"},{"taxonomy":"exteinsatzmittel","embeddable":true,"href":"https:\/\/feuerwehr-vglambrecht.de\/cms\/wp-json\/wp\/v2\/exteinsatzmittel?post=2450"},{"taxonomy":"alarmierungsart","embeddable":true,"href":"https:\/\/feuerwehr-vglambrecht.de\/cms\/wp-json\/wp\/v2\/alarmierungsart?post=2450"},{"taxonomy":"evw_unit","embeddable":true,"href":"https:\/\/feuerwehr-vglambrecht.de\/cms\/wp-json\/wp\/v2\/evw_unit?post=2450"}],"curies":[{"name":"wp","href":"https:\/\/api.w.org\/{rel}","templated":true}]}}