{"id":15264,"date":"2026-09-02T13:51:00","date_gmt":"2026-09-02T11:51:00","guid":{"rendered":"https:\/\/feuerwehr-vglambrecht.de\/cms\/?post_type=einsatz&#038;p=15264"},"modified":"2026-09-02T22:40:44","modified_gmt":"2026-09-02T20:40:44","slug":"flaechenbrand-klein-b1-02-25","status":"publish","type":"einsatz","link":"https:\/\/feuerwehr-vglambrecht.de\/cms\/einsatzberichte\/flaechenbrand-klein-b1-02-25\/","title":{"rendered":"Fl\u00e4chenbrand klein (B1.02)"},"content":{"rendered":"<p>Am 2. September 2026 wurden die Feuerwehren Neidenfels und Weidenthal um 13:51 Uhr zu einem B\u00f6schungsbrand an der B39 alarmiert. Die Einsatzstelle befand sich in Fahrtrichtung Weidenthal auf H\u00f6he des Bahnsignals vor dem Tunnel.<\/p>\n<p>Vor Ort brannte eine B\u00f6schungsfl\u00e4che von etwa 5 m\u00b2. Die Einsatzkr\u00e4fte leiteten umgehend einen L\u00f6schangriff ein und brachten das Feuer z\u00fcgig unter Kontrolle. Zum Schutz der Einsatzkr\u00e4fte mussten sowohl die Bundesstra\u00dfe 39 als auch die angrenzende Bahnstrecke f\u00fcr die Dauer der L\u00f6scharbeiten voll gesperrt werden. Nach Abschluss der Nachl\u00f6scharbeiten und dem R\u00fcckbau der Ma\u00dfnahmen wurden beide Verkehrswege wieder f\u00fcr den Verkehr freigegeben.<\/p>\n<p>Symbolbild<\/p>\n","protected":false},"author":1,"featured_media":14884,"template":"","meta":{"einsatz_weight":1,"footnotes":""},"categories":[],"tags":[],"einsatzart":[7],"fahrzeug":[60,59,498,63],"exteinsatzmittel":[68,21,30],"alarmierungsart":[10],"evw_unit":[574,569],"class_list":["post-15264","einsatz","type-einsatz","status-publish","has-post-thumbnail","hentry","einsatzart-brand","fahrzeug-neidenfels-19","fahrzeug-neidenfels-47","fahrzeug-7-44-1","fahrzeug-weidenthal-73","exteinsatzmittel-fw_nei","exteinsatzmittel-fw_wei","exteinsatzmittel-pol","alarmierungsart-dme-digitaler-meldeempfaenger","evw_unit-neidenfels","evw_unit-weidenthal"],"better_featured_image":{"id":14884,"alt_text":"","caption":"","description":"","media_type":"image","media_details":{"width":1920,"height":2560,"file":"2026\/04\/IMG_4978-1-scaled.webp","filesize":260436,"sizes":{"medium_large":{"file":"IMG_4978-1-768x1024.webp","width":768,"height":1024,"mime-type":"image\/webp","filesize":65832,"source_url":"https:\/\/feuerwehr-vglambrecht.de\/cms\/wp-content\/uploads\/2026\/04\/IMG_4978-1-768x1024.webp"},"1536x1536":{"file":"IMG_4978-1-1152x1536.webp","width":1152,"height":1536,"mime-type":"image\/webp","filesize":119160,"source_url":"https:\/\/feuerwehr-vglambrecht.de\/cms\/wp-content\/uploads\/2026\/04\/IMG_4978-1-1152x1536.webp"},"2048x2048":{"file":"IMG_4978-1-1536x2048.webp","width":1536,"height":2048,"mime-type":"image\/webp","filesize":187146,"source_url":"https:\/\/feuerwehr-vglambrecht.de\/cms\/wp-content\/uploads\/2026\/04\/IMG_4978-1-1536x2048.webp"},"landing_image":{"file":"IMG_4978-1-1024x460.webp","width":1024,"height":460,"mime-type":"image\/webp","filesize":66546,"source_url":"https:\/\/feuerwehr-vglambrecht.de\/cms\/wp-content\/uploads\/2026\/04\/IMG_4978-1-1024x460.webp"},"card-image":{"file":"IMG_4978-1-700x350.webp","width":700,"height":350,"mime-type":"image\/webp","filesize":41290,"source_url":"https:\/\/feuerwehr-vglambrecht.de\/cms\/wp-content\/uploads\/2026\/04\/IMG_4978-1-700x350.webp"},"mobile-header":{"file":"IMG_4978-1-480x240.webp","width":480,"height":240,"mime-type":"image\/webp","filesize":23780,"source_url":"https:\/\/feuerwehr-vglambrecht.de\/cms\/wp-content\/uploads\/2026\/04\/IMG_4978-1-480x240.webp"},"tablet-header":{"file":"IMG_4978-1-768x384.webp","width":768,"height":384,"mime-type":"image\/webp","filesize":46978,"source_url":"https:\/\/feuerwehr-vglambrecht.de\/cms\/wp-content\/uploads\/2026\/04\/IMG_4978-1-768x384.webp"},"thumbnail":{"file":"IMG_4978-1-150x150.webp","width":150,"height":150,"source_url":"https:\/\/feuerwehr-vglambrecht.de\/cms\/wp-content\/uploads\/2026\/04\/IMG_4978-1-150x150.webp"},"medium":{"file":"IMG_4978-1-225x300.webp","width":225,"height":300,"source_url":"https:\/\/feuerwehr-vglambrecht.de\/cms\/wp-content\/uploads\/2026\/04\/IMG_4978-1-225x300.webp"},"large":{"file":"IMG_4978-1-768x1024.webp","width":768,"height":1024,"source_url":"https:\/\/feuerwehr-vglambrecht.de\/cms\/wp-content\/uploads\/2026\/04\/IMG_4978-1-768x1024.webp"}},"image_meta":{"aperture":"0","credit":"","camera":"","caption":"","created_timestamp":"0","copyright":"","focal_length":"0","iso":"0","shutter_speed":"0","title":"","orientation":"0","keywords":[]},"original_image":"IMG_4978-1.webp","image-converter":{"thumbnail":"IME","medium":"IME","large":"IME"}},"post":null,"source_url":"https:\/\/feuerwehr-vglambrecht.de\/cms\/wp-content\/uploads\/2026\/04\/IMG_4978-1-scaled.webp"},"einsatz_ort":"Neidenfels","einsatz_ende":"2026-09-02 14:43","einsatz_beginn":"","_links":{"self":[{"href":"https:\/\/feuerwehr-vglambrecht.de\/cms\/wp-json\/wp\/v2\/einsatz\/15264","targetHints":{"allow":["GET"]}}],"collection":[{"href":"https:\/\/feuerwehr-vglambrecht.de\/cms\/wp-json\/wp\/v2\/einsatz"}],"about":[{"href":"https:\/\/feuerwehr-vglambrecht.de\/cms\/wp-json\/wp\/v2\/types\/einsatz"}],"author":[{"embeddable":true,"href":"https:\/\/feuerwehr-vglambrecht.de\/cms\/wp-json\/wp\/v2\/users\/1"}],"version-history":[{"count":2,"href":"https:\/\/feuerwehr-vglambrecht.de\/cms\/wp-json\/wp\/v2\/einsatz\/15264\/revisions"}],"predecessor-version":[{"id":15267,"href":"https:\/\/feuerwehr-vglambrecht.de\/cms\/wp-json\/wp\/v2\/einsatz\/15264\/revisions\/15267"}],"wp:featuredmedia":[{"embeddable":true,"href":"https:\/\/feuerwehr-vglambrecht.de\/cms\/wp-json\/wp\/v2\/media\/14884"}],"wp:attachment":[{"href":"https:\/\/feuerwehr-vglambrecht.de\/cms\/wp-json\/wp\/v2\/media?parent=15264"}],"wp:term":[{"taxonomy":"category","embeddable":true,"href":"https:\/\/feuerwehr-vglambrecht.de\/cms\/wp-json\/wp\/v2\/categories?post=15264"},{"taxonomy":"post_tag","embeddable":true,"href":"https:\/\/feuerwehr-vglambrecht.de\/cms\/wp-json\/wp\/v2\/tags?post=15264"},{"taxonomy":"einsatzart","embeddable":true,"href":"https:\/\/feuerwehr-vglambrecht.de\/cms\/wp-json\/wp\/v2\/einsatzart?post=15264"},{"taxonomy":"fahrzeug","embeddable":true,"href":"https:\/\/feuerwehr-vglambrecht.de\/cms\/wp-json\/wp\/v2\/fahrzeug?post=15264"},{"taxonomy":"exteinsatzmittel","embeddable":true,"href":"https:\/\/feuerwehr-vglambrecht.de\/cms\/wp-json\/wp\/v2\/exteinsatzmittel?post=15264"},{"taxonomy":"alarmierungsart","embeddable":true,"href":"https:\/\/feuerwehr-vglambrecht.de\/cms\/wp-json\/wp\/v2\/alarmierungsart?post=15264"},{"taxonomy":"evw_unit","embeddable":true,"href":"https:\/\/feuerwehr-vglambrecht.de\/cms\/wp-json\/wp\/v2\/evw_unit?post=15264"}],"curies":[{"name":"wp","href":"https:\/\/api.w.org\/{rel}","templated":true}]}}