{"id":15253,"date":"2026-08-30T20:14:00","date_gmt":"2026-08-30T18:14:00","guid":{"rendered":"https:\/\/feuerwehr-vglambrecht.de\/cms\/?post_type=einsatz&#038;p=15253"},"modified":"2026-08-31T20:56:32","modified_gmt":"2026-08-31T18:56:32","slug":"hilfeleistung-umgestuerzter-baum-h1-07","status":"publish","type":"einsatz","link":"https:\/\/feuerwehr-vglambrecht.de\/cms\/einsatzberichte\/hilfeleistung-umgestuerzter-baum-h1-07\/","title":{"rendered":"Hilfeleistung &#8211; Umgest\u00fcrzter Baum (H1.07)"},"content":{"rendered":"<p>Umgest\u00fcrzter Baum besch\u00e4digt Wohnhaus und Br\u00fcckengel\u00e4nder<\/p>\n<p>Am Sonntag, den 30.08.2026 wurden die Einheiten Lindenberg und Lambrecht der Feuerwehr VG Lambrecht zu einem umgest\u00fcrzten Baum in Lindenberg alarmiert. Vor Ort stellte sich heraus, dass durch den Baum eine Br\u00fccke blockiert und neben dem Br\u00fcckengel\u00e4nder auch das dahinter liegende Wohnhaus besch\u00e4digt worden war. Durch den Einsatz von zwei Trupps mit Kettens\u00e4gen und weiterer Kr\u00e4fte zum Entfernen des Baums konnte die Zufahrt wiederhergestellt werden. Unter Verweis auf die Gefahrenbereiche wurde die Einsatzstelle zur weiteren Absicherung an den Hauseigent\u00fcmer bzw. die Gemeinde zur Absicherung des stark besch\u00e4digten Br\u00fcckengel\u00e4nders \u00fcbergeben. Nach knapp einer Stunde endete der Einsatz f\u00fcr die Kr\u00e4fte der Feuerwehr.<\/p>\n\n<div class=\"ngg-galleryoverview\" id=\"ngg-gallery-619-15253\">\n\n\t<!-- Slideshow link -->\n\t<div class=\"slideshowlink\">\n\t\t<a class=\"slideshowlink\" href=\"https:\/\/feuerwehr-vglambrecht.de\/cms\/einsatzberichte\/hilfeleistung-umgestuerzter-baum-h1-07\/nggallery\/slideshow\">\n\t\t\t[Show as slideshow]\t\t<\/a>\n\t<\/div>\n\n\t\n\t<!-- Thumbnails -->\n\t\t\n\t<div id=\"ngg-image-3634\" class=\"ngg-gallery-thumbnail-box\"  >\n\t\t<div class=\"ngg-gallery-thumbnail\" >\n\t\t\t<a href=\"https:\/\/feuerwehr-vglambrecht.de\/cms\/wp-content\/gallery\/baum-lindenberg-staatsstreich\/img_2558.jpg\" title=\" \" class=\"shutterset_set_619\" >\n\t\t\t\t\t\t\t\t<img loading=\"lazy\" decoding=\"async\" title=\"img_2558\" alt=\"img_2558\" src=\"https:\/\/feuerwehr-vglambrecht.de\/cms\/wp-content\/gallery\/baum-lindenberg-staatsstreich\/thumbs\/thumbs_img_2558.jpg\" width=\"100\" height=\"75\" \/>\n\t\t\t\t\t\t\t<\/a>\n\t\t<\/div>\n\t<\/div>\n\t\n\t\t\n \t\t\n\t<div id=\"ngg-image-3635\" class=\"ngg-gallery-thumbnail-box\"  >\n\t\t<div class=\"ngg-gallery-thumbnail\" >\n\t\t\t<a href=\"https:\/\/feuerwehr-vglambrecht.de\/cms\/wp-content\/gallery\/baum-lindenberg-staatsstreich\/img_2559.jpg\" title=\" \" class=\"shutterset_set_619\" >\n\t\t\t\t\t\t\t\t<img loading=\"lazy\" decoding=\"async\" title=\"img_2559\" alt=\"img_2559\" src=\"https:\/\/feuerwehr-vglambrecht.de\/cms\/wp-content\/gallery\/baum-lindenberg-staatsstreich\/thumbs\/thumbs_img_2559.jpg\" width=\"100\" height=\"75\" \/>\n\t\t\t\t\t\t\t<\/a>\n\t\t<\/div>\n\t<\/div>\n\t\n\t\t\n \t\t\n\t<div id=\"ngg-image-3636\" class=\"ngg-gallery-thumbnail-box\"  >\n\t\t<div class=\"ngg-gallery-thumbnail\" >\n\t\t\t<a href=\"https:\/\/feuerwehr-vglambrecht.de\/cms\/wp-content\/gallery\/baum-lindenberg-staatsstreich\/img_2560.jpg\" title=\" \" class=\"shutterset_set_619\" >\n\t\t\t\t\t\t\t\t<img loading=\"lazy\" decoding=\"async\" title=\"img_2560\" alt=\"img_2560\" src=\"https:\/\/feuerwehr-vglambrecht.de\/cms\/wp-content\/gallery\/baum-lindenberg-staatsstreich\/thumbs\/thumbs_img_2560.jpg\" width=\"100\" height=\"75\" \/>\n\t\t\t\t\t\t\t<\/a>\n\t\t<\/div>\n\t<\/div>\n\t\n\t\t\n \t\t\n\t<div id=\"ngg-image-3637\" class=\"ngg-gallery-thumbnail-box\"  >\n\t\t<div class=\"ngg-gallery-thumbnail\" >\n\t\t\t<a href=\"https:\/\/feuerwehr-vglambrecht.de\/cms\/wp-content\/gallery\/baum-lindenberg-staatsstreich\/img_2561.jpg\" title=\" \" class=\"shutterset_set_619\" >\n\t\t\t\t\t\t\t\t<img loading=\"lazy\" decoding=\"async\" title=\"img_2561\" alt=\"img_2561\" src=\"https:\/\/feuerwehr-vglambrecht.de\/cms\/wp-content\/gallery\/baum-lindenberg-staatsstreich\/thumbs\/thumbs_img_2561.jpg\" width=\"100\" height=\"75\" \/>\n\t\t\t\t\t\t\t<\/a>\n\t\t<\/div>\n\t<\/div>\n\t\n\t\t\n \t \t\n\t<!-- Pagination -->\n \t<div class='ngg-clear'><\/div>\n \t\n<\/div>\n\n\n","protected":false},"author":22,"featured_media":15254,"template":"","meta":{"einsatz_weight":1,"footnotes":""},"categories":[],"tags":[176,383,373,137,398],"einsatzart":[33],"fahrzeug":[53,54,550,58,57],"exteinsatzmittel":[430,18,19,299],"alarmierungsart":[10],"evw_unit":[571,572],"class_list":["post-15253","einsatz","type-einsatz","status-publish","has-post-thumbnail","hentry","tag-baum-umgestuerzt","tag-feuerwehrvglambrecht","tag-immerda","tag-lindenberg","tag-wirfuereuch","einsatzart-th","fahrzeug-lambrecht-33","fahrzeug-lambrecht-44","fahrzeug-4-71-1","fahrzeug-lindenberg-19","fahrzeug-lindenberg-47","exteinsatzmittel-bauhof-lindenberg","exteinsatzmittel-fw_lam","exteinsatzmittel-fw_lin","exteinsatzmittel-fez-neustadt","alarmierungsart-dme-digitaler-meldeempfaenger","evw_unit-lambrecht","evw_unit-lindenberg"],"better_featured_image":{"id":15254,"alt_text":"","caption":"","description":"","media_type":"image","media_details":{"width":1920,"height":2560,"file":"2026\/08\/IMG_2558-scaled.jpeg","filesize":1207985,"sizes":{"medium_large":{"file":"IMG_2558-768x1024.jpeg","width":768,"height":1024,"mime-type":"image\/jpeg","filesize":258506,"source_url":"https:\/\/feuerwehr-vglambrecht.de\/cms\/wp-content\/uploads\/2026\/08\/IMG_2558-768x1024.jpeg"},"1536x1536":{"file":"IMG_2558-1152x1536.jpeg","width":1152,"height":1536,"mime-type":"image\/jpeg","filesize":517373,"source_url":"https:\/\/feuerwehr-vglambrecht.de\/cms\/wp-content\/uploads\/2026\/08\/IMG_2558-1152x1536.jpeg"},"2048x2048":{"file":"IMG_2558-1536x2048.jpeg","width":1536,"height":2048,"mime-type":"image\/jpeg","filesize":839354,"source_url":"https:\/\/feuerwehr-vglambrecht.de\/cms\/wp-content\/uploads\/2026\/08\/IMG_2558-1536x2048.jpeg"},"landing_image":{"file":"IMG_2558-1024x460.jpeg","width":1024,"height":460,"mime-type":"image\/jpeg","filesize":185045,"source_url":"https:\/\/feuerwehr-vglambrecht.de\/cms\/wp-content\/uploads\/2026\/08\/IMG_2558-1024x460.jpeg"},"card-image":{"file":"IMG_2558-700x350.jpeg","width":700,"height":350,"mime-type":"image\/jpeg","filesize":109121,"source_url":"https:\/\/feuerwehr-vglambrecht.de\/cms\/wp-content\/uploads\/2026\/08\/IMG_2558-700x350.jpeg"},"mobile-header":{"file":"IMG_2558-480x240.jpeg","width":480,"height":240,"mime-type":"image\/jpeg","filesize":61168,"source_url":"https:\/\/feuerwehr-vglambrecht.de\/cms\/wp-content\/uploads\/2026\/08\/IMG_2558-480x240.jpeg"},"tablet-header":{"file":"IMG_2558-768x384.jpeg","width":768,"height":384,"mime-type":"image\/jpeg","filesize":125748,"source_url":"https:\/\/feuerwehr-vglambrecht.de\/cms\/wp-content\/uploads\/2026\/08\/IMG_2558-768x384.jpeg"},"thumbnail":{"file":"IMG_2558-150x150.jpeg","width":150,"height":150,"source_url":"https:\/\/feuerwehr-vglambrecht.de\/cms\/wp-content\/uploads\/2026\/08\/IMG_2558-150x150.jpeg"},"medium":{"file":"IMG_2558-300x225.jpeg","width":300,"height":225,"source_url":"https:\/\/feuerwehr-vglambrecht.de\/cms\/wp-content\/uploads\/2026\/08\/IMG_2558-300x225.jpeg"},"large":{"file":"IMG_2558-1024x768.jpeg","width":1024,"height":768,"source_url":"https:\/\/feuerwehr-vglambrecht.de\/cms\/wp-content\/uploads\/2026\/08\/IMG_2558-1024x768.jpeg"}},"image_meta":{"aperture":"1.6","credit":"","camera":"iPhone 12 Pro","caption":"","created_timestamp":"1788121889","copyright":"","focal_length":"4.2","iso":"640","shutter_speed":"0.03030303030303","title":"","orientation":1,"keywords":[]},"original_image":"IMG_2558.jpeg","image-converter":{"thumbnail":"IME","medium":"IME","large":"IME"}},"post":15253,"source_url":"https:\/\/feuerwehr-vglambrecht.de\/cms\/wp-content\/uploads\/2026\/08\/IMG_2558-scaled.jpeg"},"einsatz_ort":"Lindenberg","einsatz_ende":"2026-08-30 21:11","einsatz_beginn":"","_links":{"self":[{"href":"https:\/\/feuerwehr-vglambrecht.de\/cms\/wp-json\/wp\/v2\/einsatz\/15253","targetHints":{"allow":["GET"]}}],"collection":[{"href":"https:\/\/feuerwehr-vglambrecht.de\/cms\/wp-json\/wp\/v2\/einsatz"}],"about":[{"href":"https:\/\/feuerwehr-vglambrecht.de\/cms\/wp-json\/wp\/v2\/types\/einsatz"}],"author":[{"embeddable":true,"href":"https:\/\/feuerwehr-vglambrecht.de\/cms\/wp-json\/wp\/v2\/users\/22"}],"version-history":[{"count":3,"href":"https:\/\/feuerwehr-vglambrecht.de\/cms\/wp-json\/wp\/v2\/einsatz\/15253\/revisions"}],"predecessor-version":[{"id":15259,"href":"https:\/\/feuerwehr-vglambrecht.de\/cms\/wp-json\/wp\/v2\/einsatz\/15253\/revisions\/15259"}],"wp:featuredmedia":[{"embeddable":true,"href":"https:\/\/feuerwehr-vglambrecht.de\/cms\/wp-json\/wp\/v2\/media\/15254"}],"wp:attachment":[{"href":"https:\/\/feuerwehr-vglambrecht.de\/cms\/wp-json\/wp\/v2\/media?parent=15253"}],"wp:term":[{"taxonomy":"category","embeddable":true,"href":"https:\/\/feuerwehr-vglambrecht.de\/cms\/wp-json\/wp\/v2\/categories?post=15253"},{"taxonomy":"post_tag","embeddable":true,"href":"https:\/\/feuerwehr-vglambrecht.de\/cms\/wp-json\/wp\/v2\/tags?post=15253"},{"taxonomy":"einsatzart","embeddable":true,"href":"https:\/\/feuerwehr-vglambrecht.de\/cms\/wp-json\/wp\/v2\/einsatzart?post=15253"},{"taxonomy":"fahrzeug","embeddable":true,"href":"https:\/\/feuerwehr-vglambrecht.de\/cms\/wp-json\/wp\/v2\/fahrzeug?post=15253"},{"taxonomy":"exteinsatzmittel","embeddable":true,"href":"https:\/\/feuerwehr-vglambrecht.de\/cms\/wp-json\/wp\/v2\/exteinsatzmittel?post=15253"},{"taxonomy":"alarmierungsart","embeddable":true,"href":"https:\/\/feuerwehr-vglambrecht.de\/cms\/wp-json\/wp\/v2\/alarmierungsart?post=15253"},{"taxonomy":"evw_unit","embeddable":true,"href":"https:\/\/feuerwehr-vglambrecht.de\/cms\/wp-json\/wp\/v2\/evw_unit?post=15253"}],"curies":[{"name":"wp","href":"https:\/\/api.w.org\/{rel}","templated":true}]}}