{"id":15248,"date":"2026-08-30T12:05:00","date_gmt":"2026-08-30T10:05:00","guid":{"rendered":"https:\/\/feuerwehr-vglambrecht.de\/cms\/?post_type=einsatz&#038;p=15248"},"modified":"2026-08-31T07:23:24","modified_gmt":"2026-08-31T05:23:24","slug":"flaechenbrand-klein-b1-02-24","status":"publish","type":"einsatz","link":"https:\/\/feuerwehr-vglambrecht.de\/cms\/einsatzberichte\/flaechenbrand-klein-b1-02-24\/","title":{"rendered":"Fl\u00e4chenbrand klein (B1.02)"},"content":{"rendered":"<p>Ein kleinerer Fl\u00e4chenbrand rief am vergangenen Sonntagmittag die Einheiten Elmstein und Iggelbach auf den Plan. Gegen 12:05 Uhr wurden die Einheiten\u00a0 zu einem Brand in Helmbach neben den Gleisen alarmiert. Die Fl\u00e4che wurde abgel\u00f6scht und im Anschluss aufgearbeitet, sowie Glutnester nachgel\u00f6scht. Durch das schnelle Eingreifen konnte eine Ausbreitung verhindert werden. \u00dcber die Entstehung des Brandes k\u00f6nnen aus Feuerwehrsicht keine Angaben gemacht werden.<\/p>\n\n<div class=\"ngg-galleryoverview\" id=\"ngg-gallery-618-15248\">\n\n\t<!-- Slideshow link -->\n\t<div class=\"slideshowlink\">\n\t\t<a class=\"slideshowlink\" href=\"https:\/\/feuerwehr-vglambrecht.de\/cms\/einsatzberichte\/flaechenbrand-klein-b1-02-24\/nggallery\/slideshow\">\n\t\t\t[Show as slideshow]\t\t<\/a>\n\t<\/div>\n\n\t\n\t<!-- Thumbnails -->\n\t\t\n\t<div id=\"ngg-image-3631\" class=\"ngg-gallery-thumbnail-box\"  >\n\t\t<div class=\"ngg-gallery-thumbnail\" >\n\t\t\t<a href=\"https:\/\/feuerwehr-vglambrecht.de\/cms\/wp-content\/gallery\/flaechenbrand-helmbach\/img_20260830_121200.jpg\" title=\" \" class=\"shutterset_set_618\" >\n\t\t\t\t\t\t\t\t<img loading=\"lazy\" decoding=\"async\" title=\"img_20260830_121200\" alt=\"img_20260830_121200\" src=\"https:\/\/feuerwehr-vglambrecht.de\/cms\/wp-content\/gallery\/flaechenbrand-helmbach\/thumbs\/thumbs_img_20260830_121200.jpg\" width=\"100\" height=\"75\" \/>\n\t\t\t\t\t\t\t<\/a>\n\t\t<\/div>\n\t<\/div>\n\t\n\t\t\n \t\t\n\t<div id=\"ngg-image-3632\" class=\"ngg-gallery-thumbnail-box\"  >\n\t\t<div class=\"ngg-gallery-thumbnail\" >\n\t\t\t<a href=\"https:\/\/feuerwehr-vglambrecht.de\/cms\/wp-content\/gallery\/flaechenbrand-helmbach\/img_20260830_121900.jpg\" title=\" \" class=\"shutterset_set_618\" >\n\t\t\t\t\t\t\t\t<img loading=\"lazy\" decoding=\"async\" title=\"img_20260830_121900\" alt=\"img_20260830_121900\" src=\"https:\/\/feuerwehr-vglambrecht.de\/cms\/wp-content\/gallery\/flaechenbrand-helmbach\/thumbs\/thumbs_img_20260830_121900.jpg\" width=\"100\" height=\"75\" \/>\n\t\t\t\t\t\t\t<\/a>\n\t\t<\/div>\n\t<\/div>\n\t\n\t\t\n \t\t\n\t<div id=\"ngg-image-3633\" class=\"ngg-gallery-thumbnail-box\"  >\n\t\t<div class=\"ngg-gallery-thumbnail\" >\n\t\t\t<a href=\"https:\/\/feuerwehr-vglambrecht.de\/cms\/wp-content\/gallery\/flaechenbrand-helmbach\/img_20260830_122128.jpg\" title=\" \" class=\"shutterset_set_618\" >\n\t\t\t\t\t\t\t\t<img loading=\"lazy\" decoding=\"async\" title=\"img_20260830_122128\" alt=\"img_20260830_122128\" src=\"https:\/\/feuerwehr-vglambrecht.de\/cms\/wp-content\/gallery\/flaechenbrand-helmbach\/thumbs\/thumbs_img_20260830_122128.jpg\" width=\"100\" height=\"75\" \/>\n\t\t\t\t\t\t\t<\/a>\n\t\t<\/div>\n\t<\/div>\n\t\n\t\t\n \t \t\n\t<!-- Pagination -->\n \t<div class='ngg-clear'><\/div>\n \t\n<\/div>\n\n\n","protected":false},"author":17,"featured_media":15249,"template":"","meta":{"einsatz_weight":1,"footnotes":""},"categories":[],"tags":[],"einsatzart":[7],"fahrzeug":[41,630,513],"exteinsatzmittel":[11,17,299],"alarmierungsart":[10],"evw_unit":[575,576],"class_list":["post-15248","einsatz","type-einsatz","status-publish","has-post-thumbnail","hentry","einsatzart-brand","fahrzeug-elmstein-21","fahrzeug-iggelbach-10","fahrzeug-513","exteinsatzmittel-fw_elm","exteinsatzmittel-fw_igg","exteinsatzmittel-fez-neustadt","alarmierungsart-dme-digitaler-meldeempfaenger","evw_unit-elmstein","evw_unit-iggelbach"],"better_featured_image":{"id":15249,"alt_text":"","caption":"","description":"","media_type":"image","media_details":{"width":2560,"height":1920,"file":"2026\/08\/IMG_20260830_122128-scaled.jpg","filesize":1758105,"sizes":{"medium_large":{"file":"IMG_20260830_122128-768x576.jpg","width":768,"height":576,"mime-type":"image\/jpeg","filesize":198574,"source_url":"https:\/\/feuerwehr-vglambrecht.de\/cms\/wp-content\/uploads\/2026\/08\/IMG_20260830_122128-768x576.jpg"},"1536x1536":{"file":"IMG_20260830_122128-1536x1152.jpg","width":1536,"height":1152,"mime-type":"image\/jpeg","filesize":727757,"source_url":"https:\/\/feuerwehr-vglambrecht.de\/cms\/wp-content\/uploads\/2026\/08\/IMG_20260830_122128-1536x1152.jpg"},"2048x2048":{"file":"IMG_20260830_122128-2048x1536.jpg","width":2048,"height":1536,"mime-type":"image\/jpeg","filesize":1202133,"source_url":"https:\/\/feuerwehr-vglambrecht.de\/cms\/wp-content\/uploads\/2026\/08\/IMG_20260830_122128-2048x1536.jpg"},"landing_image":{"file":"IMG_20260830_122128-1024x460.jpg","width":1024,"height":460,"mime-type":"image\/jpeg","filesize":229540,"source_url":"https:\/\/feuerwehr-vglambrecht.de\/cms\/wp-content\/uploads\/2026\/08\/IMG_20260830_122128-1024x460.jpg"},"card-image":{"file":"IMG_20260830_122128-700x350.jpg","width":700,"height":350,"mime-type":"image\/jpeg","filesize":119750,"source_url":"https:\/\/feuerwehr-vglambrecht.de\/cms\/wp-content\/uploads\/2026\/08\/IMG_20260830_122128-700x350.jpg"},"mobile-header":{"file":"IMG_20260830_122128-480x240.jpg","width":480,"height":240,"mime-type":"image\/jpeg","filesize":55319,"source_url":"https:\/\/feuerwehr-vglambrecht.de\/cms\/wp-content\/uploads\/2026\/08\/IMG_20260830_122128-480x240.jpg"},"tablet-header":{"file":"IMG_20260830_122128-768x384.jpg","width":768,"height":384,"mime-type":"image\/jpeg","filesize":142969,"source_url":"https:\/\/feuerwehr-vglambrecht.de\/cms\/wp-content\/uploads\/2026\/08\/IMG_20260830_122128-768x384.jpg"},"thumbnail":{"file":"IMG_20260830_122128-150x150.jpg","width":150,"height":150,"source_url":"https:\/\/feuerwehr-vglambrecht.de\/cms\/wp-content\/uploads\/2026\/08\/IMG_20260830_122128-150x150.jpg"},"medium":{"file":"IMG_20260830_122128-300x225.jpg","width":300,"height":225,"source_url":"https:\/\/feuerwehr-vglambrecht.de\/cms\/wp-content\/uploads\/2026\/08\/IMG_20260830_122128-300x225.jpg"},"large":{"file":"IMG_20260830_122128-1024x768.jpg","width":1024,"height":768,"source_url":"https:\/\/feuerwehr-vglambrecht.de\/cms\/wp-content\/uploads\/2026\/08\/IMG_20260830_122128-1024x768.jpg"}},"image_meta":{"aperture":"0","credit":"","camera":"","caption":"","created_timestamp":"0","copyright":"","focal_length":"0","iso":"0","shutter_speed":"0","title":"","orientation":"1","keywords":[]},"original_image":"IMG_20260830_122128.jpg","image-converter":{"thumbnail":"IME","medium":"IME","large":"IME"}},"post":15248,"source_url":"https:\/\/feuerwehr-vglambrecht.de\/cms\/wp-content\/uploads\/2026\/08\/IMG_20260830_122128-scaled.jpg"},"einsatz_ort":"Helmbach","einsatz_ende":"2026-08-30 12:47","einsatz_beginn":"","_links":{"self":[{"href":"https:\/\/feuerwehr-vglambrecht.de\/cms\/wp-json\/wp\/v2\/einsatz\/15248","targetHints":{"allow":["GET"]}}],"collection":[{"href":"https:\/\/feuerwehr-vglambrecht.de\/cms\/wp-json\/wp\/v2\/einsatz"}],"about":[{"href":"https:\/\/feuerwehr-vglambrecht.de\/cms\/wp-json\/wp\/v2\/types\/einsatz"}],"author":[{"embeddable":true,"href":"https:\/\/feuerwehr-vglambrecht.de\/cms\/wp-json\/wp\/v2\/users\/17"}],"version-history":[{"count":2,"href":"https:\/\/feuerwehr-vglambrecht.de\/cms\/wp-json\/wp\/v2\/einsatz\/15248\/revisions"}],"predecessor-version":[{"id":15251,"href":"https:\/\/feuerwehr-vglambrecht.de\/cms\/wp-json\/wp\/v2\/einsatz\/15248\/revisions\/15251"}],"wp:featuredmedia":[{"embeddable":true,"href":"https:\/\/feuerwehr-vglambrecht.de\/cms\/wp-json\/wp\/v2\/media\/15249"}],"wp:attachment":[{"href":"https:\/\/feuerwehr-vglambrecht.de\/cms\/wp-json\/wp\/v2\/media?parent=15248"}],"wp:term":[{"taxonomy":"category","embeddable":true,"href":"https:\/\/feuerwehr-vglambrecht.de\/cms\/wp-json\/wp\/v2\/categories?post=15248"},{"taxonomy":"post_tag","embeddable":true,"href":"https:\/\/feuerwehr-vglambrecht.de\/cms\/wp-json\/wp\/v2\/tags?post=15248"},{"taxonomy":"einsatzart","embeddable":true,"href":"https:\/\/feuerwehr-vglambrecht.de\/cms\/wp-json\/wp\/v2\/einsatzart?post=15248"},{"taxonomy":"fahrzeug","embeddable":true,"href":"https:\/\/feuerwehr-vglambrecht.de\/cms\/wp-json\/wp\/v2\/fahrzeug?post=15248"},{"taxonomy":"exteinsatzmittel","embeddable":true,"href":"https:\/\/feuerwehr-vglambrecht.de\/cms\/wp-json\/wp\/v2\/exteinsatzmittel?post=15248"},{"taxonomy":"alarmierungsart","embeddable":true,"href":"https:\/\/feuerwehr-vglambrecht.de\/cms\/wp-json\/wp\/v2\/alarmierungsart?post=15248"},{"taxonomy":"evw_unit","embeddable":true,"href":"https:\/\/feuerwehr-vglambrecht.de\/cms\/wp-json\/wp\/v2\/evw_unit?post=15248"}],"curies":[{"name":"wp","href":"https:\/\/api.w.org\/{rel}","templated":true}]}}