{"id":14899,"date":"2026-04-24T18:23:00","date_gmt":"2026-04-24T16:23:00","guid":{"rendered":"https:\/\/feuerwehr-vglambrecht.de\/cms\/?post_type=einsatz&#038;p=14899"},"modified":"2026-04-25T07:28:51","modified_gmt":"2026-04-25T05:28:51","slug":"absicherung-h1-02-20","status":"publish","type":"einsatz","link":"https:\/\/feuerwehr-vglambrecht.de\/cms\/einsatzberichte\/absicherung-h1-02-20\/","title":{"rendered":"Absicherung H1.02"},"content":{"rendered":"<p>Die Feuerwehren Elmstein und Iggelbach wurden am 24.04.2026 um 18:23 Uhr zur Absicherung einer Einsatzstelle in die Hauptstra\u00dfe nach Elmstein alarmiert.<\/p>\n<p>Vor Ort kam es zu einem Notarzteinsatz aufgrund eines Motorradunfalls. Bis zum Eintreffen des Rettungsdienstes unterst\u00fctze die Feuerwehr die First Responder Einheit bei der Reanimation des Patienten. Dieser wurde im Verlauf in ein nahegelegenes Krankenhaus verbracht.<\/p>\n<p>Die Hauptstra\u00dfe in Elmstein war w\u00e4hrend der Einsatzma\u00dfnahmen vollgesperrt.<\/p>\n","protected":false},"author":20,"featured_media":14900,"template":"","meta":{"einsatz_weight":1,"footnotes":""},"categories":[],"tags":[642],"einsatzart":[33],"fahrzeug":[39,630,513],"exteinsatzmittel":[11,17,635,187,636,30,387],"alarmierungsart":[568],"evw_unit":[576,571],"class_list":["post-14899","einsatz","type-einsatz","status-publish","has-post-thumbnail","hentry","tag-vu-motorrad","einsatzart-th","fahrzeug-lambrecht-17","fahrzeug-iggelbach-10","fahrzeug-513","exteinsatzmittel-fw_elm","exteinsatzmittel-fw_igg","exteinsatzmittel-first-responder-elmstein","exteinsatzmittel-notarzt","exteinsatzmittel-notarzt-ch-5","exteinsatzmittel-pol","exteinsatzmittel-rettungsdienst-hochspeyer","alarmierungsart-dme","evw_unit-iggelbach","evw_unit-lambrecht"],"better_featured_image":{"id":14900,"alt_text":"","caption":"","description":"","media_type":"image","media_details":{"width":1177,"height":2560,"file":"2026\/04\/VU-Rea-scaled.png","filesize":3379910,"sizes":{"medium_large":{"file":"VU-Rea-768x1670.png","width":768,"height":1670,"mime-type":"image\/png","filesize":1762511,"source_url":"https:\/\/feuerwehr-vglambrecht.de\/cms\/wp-content\/uploads\/2026\/04\/VU-Rea-768x1670.png"},"1536x1536":{"file":"VU-Rea-706x1536.png","width":706,"height":1536,"mime-type":"image\/png","filesize":1545058,"source_url":"https:\/\/feuerwehr-vglambrecht.de\/cms\/wp-content\/uploads\/2026\/04\/VU-Rea-706x1536.png"},"2048x2048":{"file":"VU-Rea-942x2048.png","width":942,"height":2048,"mime-type":"image\/png","filesize":2417062,"source_url":"https:\/\/feuerwehr-vglambrecht.de\/cms\/wp-content\/uploads\/2026\/04\/VU-Rea-942x2048.png"},"landing_image":{"file":"VU-Rea-1024x460.png","width":1024,"height":460,"mime-type":"image\/png","filesize":599289,"source_url":"https:\/\/feuerwehr-vglambrecht.de\/cms\/wp-content\/uploads\/2026\/04\/VU-Rea-1024x460.png"},"card-image":{"file":"VU-Rea-700x350.png","width":700,"height":350,"mime-type":"image\/png","filesize":358795,"source_url":"https:\/\/feuerwehr-vglambrecht.de\/cms\/wp-content\/uploads\/2026\/04\/VU-Rea-700x350.png"},"mobile-header":{"file":"VU-Rea-480x240.png","width":480,"height":240,"mime-type":"image\/png","filesize":190976,"source_url":"https:\/\/feuerwehr-vglambrecht.de\/cms\/wp-content\/uploads\/2026\/04\/VU-Rea-480x240.png"},"tablet-header":{"file":"VU-Rea-768x384.png","width":768,"height":384,"mime-type":"image\/png","filesize":415898,"source_url":"https:\/\/feuerwehr-vglambrecht.de\/cms\/wp-content\/uploads\/2026\/04\/VU-Rea-768x384.png"},"thumbnail":{"file":"VU-Rea-150x150.png","width":150,"height":150,"source_url":"https:\/\/feuerwehr-vglambrecht.de\/cms\/wp-content\/uploads\/2026\/04\/VU-Rea-150x150.png"},"medium":{"file":"VU-Rea-138x300.png","width":138,"height":300,"source_url":"https:\/\/feuerwehr-vglambrecht.de\/cms\/wp-content\/uploads\/2026\/04\/VU-Rea-138x300.png"},"large":{"file":"VU-Rea-471x1024.png","width":471,"height":1024,"source_url":"https:\/\/feuerwehr-vglambrecht.de\/cms\/wp-content\/uploads\/2026\/04\/VU-Rea-471x1024.png"}},"image_meta":{"aperture":"0","credit":"","camera":"","caption":"","created_timestamp":"0","copyright":"","focal_length":"0","iso":"0","shutter_speed":"0","title":"","orientation":"0","keywords":[]},"original_image":"VU-Rea.png","image-converter":{"thumbnail":"IME","medium":"IME","large":"IME"}},"post":14899,"source_url":"https:\/\/feuerwehr-vglambrecht.de\/cms\/wp-content\/uploads\/2026\/04\/VU-Rea-scaled.png"},"einsatz_ort":"Hauptstra\u00dfe Elmstein","einsatz_ende":"2026-04-24 19:28","einsatz_beginn":"","_links":{"self":[{"href":"https:\/\/feuerwehr-vglambrecht.de\/cms\/wp-json\/wp\/v2\/einsatz\/14899","targetHints":{"allow":["GET"]}}],"collection":[{"href":"https:\/\/feuerwehr-vglambrecht.de\/cms\/wp-json\/wp\/v2\/einsatz"}],"about":[{"href":"https:\/\/feuerwehr-vglambrecht.de\/cms\/wp-json\/wp\/v2\/types\/einsatz"}],"author":[{"embeddable":true,"href":"https:\/\/feuerwehr-vglambrecht.de\/cms\/wp-json\/wp\/v2\/users\/20"}],"version-history":[{"count":1,"href":"https:\/\/feuerwehr-vglambrecht.de\/cms\/wp-json\/wp\/v2\/einsatz\/14899\/revisions"}],"predecessor-version":[{"id":14901,"href":"https:\/\/feuerwehr-vglambrecht.de\/cms\/wp-json\/wp\/v2\/einsatz\/14899\/revisions\/14901"}],"wp:featuredmedia":[{"embeddable":true,"href":"https:\/\/feuerwehr-vglambrecht.de\/cms\/wp-json\/wp\/v2\/media\/14900"}],"wp:attachment":[{"href":"https:\/\/feuerwehr-vglambrecht.de\/cms\/wp-json\/wp\/v2\/media?parent=14899"}],"wp:term":[{"taxonomy":"category","embeddable":true,"href":"https:\/\/feuerwehr-vglambrecht.de\/cms\/wp-json\/wp\/v2\/categories?post=14899"},{"taxonomy":"post_tag","embeddable":true,"href":"https:\/\/feuerwehr-vglambrecht.de\/cms\/wp-json\/wp\/v2\/tags?post=14899"},{"taxonomy":"einsatzart","embeddable":true,"href":"https:\/\/feuerwehr-vglambrecht.de\/cms\/wp-json\/wp\/v2\/einsatzart?post=14899"},{"taxonomy":"fahrzeug","embeddable":true,"href":"https:\/\/feuerwehr-vglambrecht.de\/cms\/wp-json\/wp\/v2\/fahrzeug?post=14899"},{"taxonomy":"exteinsatzmittel","embeddable":true,"href":"https:\/\/feuerwehr-vglambrecht.de\/cms\/wp-json\/wp\/v2\/exteinsatzmittel?post=14899"},{"taxonomy":"alarmierungsart","embeddable":true,"href":"https:\/\/feuerwehr-vglambrecht.de\/cms\/wp-json\/wp\/v2\/alarmierungsart?post=14899"},{"taxonomy":"evw_unit","embeddable":true,"href":"https:\/\/feuerwehr-vglambrecht.de\/cms\/wp-json\/wp\/v2\/evw_unit?post=14899"}],"curies":[{"name":"wp","href":"https:\/\/api.w.org\/{rel}","templated":true}]}}