{"id":14585,"date":"2026-01-25T13:35:00","date_gmt":"2026-01-25T12:35:00","guid":{"rendered":"https:\/\/feuerwehr-vglambrecht.de\/cms\/?post_type=einsatz&#038;p=14585"},"modified":"2026-02-01T09:52:16","modified_gmt":"2026-02-01T08:52:16","slug":"hilfeleistung-tragehilfe-rettungsdienst-gelaende-h2-09","status":"publish","type":"einsatz","link":"https:\/\/feuerwehr-vglambrecht.de\/cms\/einsatzberichte\/hilfeleistung-tragehilfe-rettungsdienst-gelaende-h2-09\/","title":{"rendered":"Hilfeleistung &#8211; Tragehilfe Rettungsdienst Gel\u00e4nde (H2.09)"},"content":{"rendered":"<p>Aufgrund eines medizinischen Notfalls im Wald, am Sonntag, den 25.01.2026 wurde die Einheit Lambrecht um 13:35 Uhr zur Unterst\u00fctzung des Rettungsdienstes alarmiert. Aufgrund unklarer Lage konnte nicht ausgeschlossen werden, dass die betroffene Person schwierig zu erreichen beziehungsweise \u00fcber eine l\u00e4ngere Strecke aus unwegsamen Gel\u00e4nde zum Rettungsmittel transportiert werden musste. Da der parallel alarmierte Rettungsdienst die Person mit dem Rettungswagen erreichen konnte, war seitens der Feuerwehr kein Eingreifen mehr erforderlich. Der Einsatz war nach etwas mehr als zehn Minuten beendet.<\/p>\n","protected":false},"author":22,"featured_media":12929,"template":"","meta":{"einsatz_weight":1,"footnotes":""},"categories":[],"tags":[383,373,142,246,504,398],"einsatzart":[33],"fahrzeug":[55,550],"exteinsatzmittel":[18,299,31],"alarmierungsart":[10],"evw_unit":[571],"class_list":["post-14585","einsatz","type-einsatz","status-publish","has-post-thumbnail","hentry","tag-feuerwehrvglambrecht","tag-immerda","tag-lambrecht","tag-personenrettung","tag-unterstuetzung-rettungsdienst","tag-wirfuereuch","einsatzart-th","fahrzeug-lambrecht-51","fahrzeug-4-71-1","exteinsatzmittel-fw_lam","exteinsatzmittel-fez-neustadt","exteinsatzmittel-drk","alarmierungsart-dme-digitaler-meldeempfaenger","evw_unit-lambrecht"],"better_featured_image":{"id":12929,"alt_text":"","caption":"","description":"","media_type":"image","media_details":{"width":2560,"height":1707,"file":"2024\/08\/DSC02286-scaled.jpg","filesize":1166996,"sizes":{"medium_large":{"file":"DSC02286-768x512.jpg","width":768,"height":512,"mime-type":"image\/jpeg","filesize":233575,"source_url":"https:\/\/feuerwehr-vglambrecht.de\/cms\/wp-content\/uploads\/2024\/08\/DSC02286-768x512.jpg"},"1536x1536":{"file":"DSC02286-1536x1024.jpg","width":1536,"height":1024,"mime-type":"image\/jpeg","filesize":547325,"source_url":"https:\/\/feuerwehr-vglambrecht.de\/cms\/wp-content\/uploads\/2024\/08\/DSC02286-1536x1024.jpg"},"2048x2048":{"file":"DSC02286-2048x1365.jpg","width":2048,"height":1365,"mime-type":"image\/jpeg","filesize":832273,"source_url":"https:\/\/feuerwehr-vglambrecht.de\/cms\/wp-content\/uploads\/2024\/08\/DSC02286-2048x1365.jpg"},"wptouch-new-thumbnail":{"file":"DSC02286-144x144.jpg","width":144,"height":144,"mime-type":"image\/jpeg","filesize":117391,"source_url":"https:\/\/feuerwehr-vglambrecht.de\/cms\/wp-content\/uploads\/2024\/08\/DSC02286-144x144.jpg"},"landing_image":{"file":"DSC02286-1024x460.jpg","width":1024,"height":460,"mime-type":"image\/jpeg","filesize":253988,"source_url":"https:\/\/feuerwehr-vglambrecht.de\/cms\/wp-content\/uploads\/2024\/08\/DSC02286-1024x460.jpg"},"thumbnail":{"file":"DSC02286-150x150.jpg","width":150,"height":150,"source_url":"https:\/\/feuerwehr-vglambrecht.de\/cms\/wp-content\/uploads\/2024\/08\/DSC02286-150x150.jpg"},"medium":{"file":"DSC02286-300x200.jpg","width":300,"height":200,"source_url":"https:\/\/feuerwehr-vglambrecht.de\/cms\/wp-content\/uploads\/2024\/08\/DSC02286-300x200.jpg"},"large":{"file":"DSC02286-1024x683.jpg","width":1024,"height":683,"source_url":"https:\/\/feuerwehr-vglambrecht.de\/cms\/wp-content\/uploads\/2024\/08\/DSC02286-1024x683.jpg"}},"image_meta":{"aperture":"5.6","credit":"","camera":"ILCE-6600","caption":"","created_timestamp":"1719657215","copyright":"","focal_length":"50","iso":"100","shutter_speed":"0.01","title":"","orientation":"1","keywords":[]},"original_image":"DSC02286.jpg","image-converter":{"thumbnail":"IME","medium":"IME","large":"IME"}},"post":12926,"source_url":"https:\/\/feuerwehr-vglambrecht.de\/cms\/wp-content\/uploads\/2024\/08\/DSC02286-scaled.jpg"},"einsatz_ort":"Lambrecht","einsatz_ende":"2026-01-25 13:47","einsatz_beginn":"","_links":{"self":[{"href":"https:\/\/feuerwehr-vglambrecht.de\/cms\/wp-json\/wp\/v2\/einsatz\/14585","targetHints":{"allow":["GET"]}}],"collection":[{"href":"https:\/\/feuerwehr-vglambrecht.de\/cms\/wp-json\/wp\/v2\/einsatz"}],"about":[{"href":"https:\/\/feuerwehr-vglambrecht.de\/cms\/wp-json\/wp\/v2\/types\/einsatz"}],"author":[{"embeddable":true,"href":"https:\/\/feuerwehr-vglambrecht.de\/cms\/wp-json\/wp\/v2\/users\/22"}],"version-history":[{"count":1,"href":"https:\/\/feuerwehr-vglambrecht.de\/cms\/wp-json\/wp\/v2\/einsatz\/14585\/revisions"}],"predecessor-version":[{"id":14586,"href":"https:\/\/feuerwehr-vglambrecht.de\/cms\/wp-json\/wp\/v2\/einsatz\/14585\/revisions\/14586"}],"wp:featuredmedia":[{"embeddable":true,"href":"https:\/\/feuerwehr-vglambrecht.de\/cms\/wp-json\/wp\/v2\/media\/12929"}],"wp:attachment":[{"href":"https:\/\/feuerwehr-vglambrecht.de\/cms\/wp-json\/wp\/v2\/media?parent=14585"}],"wp:term":[{"taxonomy":"category","embeddable":true,"href":"https:\/\/feuerwehr-vglambrecht.de\/cms\/wp-json\/wp\/v2\/categories?post=14585"},{"taxonomy":"post_tag","embeddable":true,"href":"https:\/\/feuerwehr-vglambrecht.de\/cms\/wp-json\/wp\/v2\/tags?post=14585"},{"taxonomy":"einsatzart","embeddable":true,"href":"https:\/\/feuerwehr-vglambrecht.de\/cms\/wp-json\/wp\/v2\/einsatzart?post=14585"},{"taxonomy":"fahrzeug","embeddable":true,"href":"https:\/\/feuerwehr-vglambrecht.de\/cms\/wp-json\/wp\/v2\/fahrzeug?post=14585"},{"taxonomy":"exteinsatzmittel","embeddable":true,"href":"https:\/\/feuerwehr-vglambrecht.de\/cms\/wp-json\/wp\/v2\/exteinsatzmittel?post=14585"},{"taxonomy":"alarmierungsart","embeddable":true,"href":"https:\/\/feuerwehr-vglambrecht.de\/cms\/wp-json\/wp\/v2\/alarmierungsart?post=14585"},{"taxonomy":"evw_unit","embeddable":true,"href":"https:\/\/feuerwehr-vglambrecht.de\/cms\/wp-json\/wp\/v2\/evw_unit?post=14585"}],"curies":[{"name":"wp","href":"https:\/\/api.w.org\/{rel}","templated":true}]}}