{"id":14576,"date":"2026-01-20T07:32:00","date_gmt":"2026-01-20T06:32:00","guid":{"rendered":"https:\/\/feuerwehr-vglambrecht.de\/cms\/?post_type=einsatz&#038;p=14576"},"modified":"2026-01-21T10:26:36","modified_gmt":"2026-01-21T09:26:36","slug":"brandeinsatz-rauchwarnmelder-b2-06","status":"publish","type":"einsatz","link":"https:\/\/feuerwehr-vglambrecht.de\/cms\/einsatzberichte\/brandeinsatz-rauchwarnmelder-b2-06\/","title":{"rendered":"Brandeinsatz &#8211; Rauchwarnmelder (B2.06)"},"content":{"rendered":"<p>Ein unsachgem\u00e4\u00df entsorgter Rauchwarnmelder verursachte am Dienstag, den 20.01.2026, um 07:32 Uhr, einen Einsatz der Einheiten Lindenberg und Lambrecht. Das deutlich wahrnehmbar piepsende Ger\u00e4t war einem Mitb\u00fcrger aufgefallen, der dessen Ursprung aber nicht genauer lokalisieren konnte und folgerichtig einen Notruf absetzte.<\/p>\n<p>Vor Ort eingetroffen, konnte nach ausgiebiger Erkundung der Rauchwarnmelder in einer Papiertonne aufgefunden werden, in die er, nach Austausch, unsachgem\u00e4\u00df entsorgt wurde. Die Feuerwehr weist in diesem Zusammenhang auf die zwingend korrekte Entsorgung dieser Ger\u00e4te hin, da m\u00f6gliche Br\u00e4nde in M\u00fcllfahrzeugen oder Entsorgungsbetrieben und erh\u00f6hte Umweltbelastung die Folge einer Nichtbeachtung \u00a0darstellen. Der Einsatz war nach rund 20 Minuten beendet.<\/p>\n","protected":false},"author":22,"featured_media":12470,"template":"","meta":{"einsatz_weight":1,"footnotes":""},"categories":[],"tags":[180,383,373,142,137,398],"einsatzart":[7],"fahrzeug":[53,54,58],"exteinsatzmittel":[18,19,299,30,31],"alarmierungsart":[10],"evw_unit":[571,572],"class_list":["post-14576","einsatz","type-einsatz","status-publish","has-post-thumbnail","hentry","tag-brand","tag-feuerwehrvglambrecht","tag-immerda","tag-lambrecht","tag-lindenberg","tag-wirfuereuch","einsatzart-brand","fahrzeug-lambrecht-33","fahrzeug-lambrecht-44","fahrzeug-lindenberg-19","exteinsatzmittel-fw_lam","exteinsatzmittel-fw_lin","exteinsatzmittel-fez-neustadt","exteinsatzmittel-pol","exteinsatzmittel-drk","alarmierungsart-dme-digitaler-meldeempfaenger","evw_unit-lambrecht","evw_unit-lindenberg"],"better_featured_image":{"id":12470,"alt_text":"","caption":"","description":"","media_type":"image","media_details":{"width":1200,"height":600,"file":"2024\/03\/rauchmeldertag-16-1200x600-1.jpeg","filesize":270043,"sizes":{"medium_large":{"file":"rauchmeldertag-16-1200x600-1-768x384.jpeg","width":768,"height":384,"mime-type":"image\/jpeg","filesize":91515,"source_url":"https:\/\/feuerwehr-vglambrecht.de\/cms\/wp-content\/uploads\/2024\/03\/rauchmeldertag-16-1200x600-1-768x384.jpeg"},"wptouch-new-thumbnail":{"file":"rauchmeldertag-16-1200x600-1-144x144.jpeg","width":144,"height":144,"mime-type":"image\/jpeg","filesize":13710,"source_url":"https:\/\/feuerwehr-vglambrecht.de\/cms\/wp-content\/uploads\/2024\/03\/rauchmeldertag-16-1200x600-1-144x144.jpeg"},"landing_image":{"file":"rauchmeldertag-16-1200x600-1-1024x460.jpeg","width":1024,"height":460,"mime-type":"image\/jpeg","filesize":126557,"source_url":"https:\/\/feuerwehr-vglambrecht.de\/cms\/wp-content\/uploads\/2024\/03\/rauchmeldertag-16-1200x600-1-1024x460.jpeg"},"thumbnail":{"file":"rauchmeldertag-16-1200x600-1-150x150.jpeg","width":150,"height":150,"source_url":"https:\/\/feuerwehr-vglambrecht.de\/cms\/wp-content\/uploads\/2024\/03\/rauchmeldertag-16-1200x600-1-150x150.jpeg"},"medium":{"file":"rauchmeldertag-16-1200x600-1-300x150.jpeg","width":300,"height":150,"source_url":"https:\/\/feuerwehr-vglambrecht.de\/cms\/wp-content\/uploads\/2024\/03\/rauchmeldertag-16-1200x600-1-300x150.jpeg"},"large":{"file":"rauchmeldertag-16-1200x600-1-1024x512.jpeg","width":1024,"height":512,"source_url":"https:\/\/feuerwehr-vglambrecht.de\/cms\/wp-content\/uploads\/2024\/03\/rauchmeldertag-16-1200x600-1-1024x512.jpeg"}},"image_meta":{"aperture":"0","credit":"Pat Scheidemann","camera":"","caption":"","created_timestamp":"1710591130","copyright":"pat scheidemann","focal_length":"0","iso":"0","shutter_speed":"0","title":"","orientation":"0","keywords":[]},"image-converter":{"thumbnail":"IME","medium":"IME","large":"IME"}},"post":12469,"source_url":"https:\/\/feuerwehr-vglambrecht.de\/cms\/wp-content\/uploads\/2024\/03\/rauchmeldertag-16-1200x600-1.jpeg"},"einsatz_ort":"Lindenberg","einsatz_ende":"2026-01-20 07:52","einsatz_beginn":"","_links":{"self":[{"href":"https:\/\/feuerwehr-vglambrecht.de\/cms\/wp-json\/wp\/v2\/einsatz\/14576","targetHints":{"allow":["GET"]}}],"collection":[{"href":"https:\/\/feuerwehr-vglambrecht.de\/cms\/wp-json\/wp\/v2\/einsatz"}],"about":[{"href":"https:\/\/feuerwehr-vglambrecht.de\/cms\/wp-json\/wp\/v2\/types\/einsatz"}],"author":[{"embeddable":true,"href":"https:\/\/feuerwehr-vglambrecht.de\/cms\/wp-json\/wp\/v2\/users\/22"}],"version-history":[{"count":1,"href":"https:\/\/feuerwehr-vglambrecht.de\/cms\/wp-json\/wp\/v2\/einsatz\/14576\/revisions"}],"predecessor-version":[{"id":14577,"href":"https:\/\/feuerwehr-vglambrecht.de\/cms\/wp-json\/wp\/v2\/einsatz\/14576\/revisions\/14577"}],"wp:featuredmedia":[{"embeddable":true,"href":"https:\/\/feuerwehr-vglambrecht.de\/cms\/wp-json\/wp\/v2\/media\/12470"}],"wp:attachment":[{"href":"https:\/\/feuerwehr-vglambrecht.de\/cms\/wp-json\/wp\/v2\/media?parent=14576"}],"wp:term":[{"taxonomy":"category","embeddable":true,"href":"https:\/\/feuerwehr-vglambrecht.de\/cms\/wp-json\/wp\/v2\/categories?post=14576"},{"taxonomy":"post_tag","embeddable":true,"href":"https:\/\/feuerwehr-vglambrecht.de\/cms\/wp-json\/wp\/v2\/tags?post=14576"},{"taxonomy":"einsatzart","embeddable":true,"href":"https:\/\/feuerwehr-vglambrecht.de\/cms\/wp-json\/wp\/v2\/einsatzart?post=14576"},{"taxonomy":"fahrzeug","embeddable":true,"href":"https:\/\/feuerwehr-vglambrecht.de\/cms\/wp-json\/wp\/v2\/fahrzeug?post=14576"},{"taxonomy":"exteinsatzmittel","embeddable":true,"href":"https:\/\/feuerwehr-vglambrecht.de\/cms\/wp-json\/wp\/v2\/exteinsatzmittel?post=14576"},{"taxonomy":"alarmierungsart","embeddable":true,"href":"https:\/\/feuerwehr-vglambrecht.de\/cms\/wp-json\/wp\/v2\/alarmierungsart?post=14576"},{"taxonomy":"evw_unit","embeddable":true,"href":"https:\/\/feuerwehr-vglambrecht.de\/cms\/wp-json\/wp\/v2\/evw_unit?post=14576"}],"curies":[{"name":"wp","href":"https:\/\/api.w.org\/{rel}","templated":true}]}}