{"id":14453,"date":"2025-12-01T15:32:00","date_gmt":"2025-12-01T14:32:00","guid":{"rendered":"https:\/\/feuerwehr-vglambrecht.de\/cms\/?post_type=einsatz&#038;p=14453"},"modified":"2025-12-03T08:10:00","modified_gmt":"2025-12-03T07:10:00","slug":"hilfeleistung-tuer-oeffnen-dringend-h2-01-13","status":"publish","type":"einsatz","link":"https:\/\/feuerwehr-vglambrecht.de\/cms\/einsatzberichte\/hilfeleistung-tuer-oeffnen-dringend-h2-01-13\/","title":{"rendered":"Hilfeleistung &#8211; T\u00fcr \u00f6ffnen dringend (H2.01)"},"content":{"rendered":"<p>Am Montag, den 01.12.2025, wendete sich eine Anwohnerin aus Lindenberg mit einem Hilfeersuchen per Notruf an die integrierte Leitstelle in Ludwigshafen. Eines ihrer Kinder habe sich in einem Raum eingeschlossen, die Rolll\u00e4den verschlossen und reagiere nicht auf Kontaktversuche des anderen Kindes. Daraufhin wurden um 15:32 Uhr, neben Rettungsdienst und Polizei, die Einheiten Lindenberg und Lambrecht zur T\u00fcr\u00f6ffnung aufgrund eines m\u00f6glichen, medizinischen Notfalls alarmiert. Da vor Ort weiterhin kein Kontakt zu dem Kind hergestellt werden konnte, wurde die entsprechende T\u00fcr gewaltsam mit Mitteln der Feuerwehr ge\u00f6ffnet. Das Kind konnte wohlbehalten hinter der T\u00fcr aufgefunden werden und die Einsatzstelle wurde an die Polizei \u00fcbergeben. F\u00fcr die Kr\u00e4fte der Feuerwehr war der Einsatz nach rund 35 Minuten beendet.<\/p>\n","protected":false},"author":22,"featured_media":12282,"template":"","meta":{"einsatz_weight":1,"footnotes":""},"categories":[],"tags":[383,373,137,186,398],"einsatzart":[33],"fahrzeug":[53,54,57],"exteinsatzmittel":[18,19,299,30,31],"alarmierungsart":[10],"evw_unit":[571,572],"class_list":["post-14453","einsatz","type-einsatz","status-publish","has-post-thumbnail","hentry","tag-feuerwehrvglambrecht","tag-immerda","tag-lindenberg","tag-tueroeffnung-sos","tag-wirfuereuch","einsatzart-th","fahrzeug-lambrecht-33","fahrzeug-lambrecht-44","fahrzeug-lindenberg-47","exteinsatzmittel-fw_lam","exteinsatzmittel-fw_lin","exteinsatzmittel-fez-neustadt","exteinsatzmittel-pol","exteinsatzmittel-drk","alarmierungsart-dme-digitaler-meldeempfaenger","evw_unit-lambrecht","evw_unit-lindenberg"],"better_featured_image":{"id":12282,"alt_text":"","caption":"","description":"","media_type":"image","media_details":{"width":2560,"height":1707,"file":"2024\/01\/DLK-scaled.jpg","filesize":625347,"sizes":{"medium_large":{"file":"DLK-768x512.jpg","width":768,"height":512,"mime-type":"image\/jpeg","filesize":92039,"source_url":"https:\/\/feuerwehr-vglambrecht.de\/cms\/wp-content\/uploads\/2024\/01\/DLK-768x512.jpg"},"1536x1536":{"file":"DLK-1536x1024.jpg","width":1536,"height":1024,"mime-type":"image\/jpeg","filesize":273753,"source_url":"https:\/\/feuerwehr-vglambrecht.de\/cms\/wp-content\/uploads\/2024\/01\/DLK-1536x1024.jpg"},"2048x2048":{"file":"DLK-2048x1365.jpg","width":2048,"height":1365,"mime-type":"image\/jpeg","filesize":436892,"source_url":"https:\/\/feuerwehr-vglambrecht.de\/cms\/wp-content\/uploads\/2024\/01\/DLK-2048x1365.jpg"},"wptouch-new-thumbnail":{"file":"DLK-144x144.jpg","width":144,"height":144,"mime-type":"image\/jpeg","filesize":14933,"source_url":"https:\/\/feuerwehr-vglambrecht.de\/cms\/wp-content\/uploads\/2024\/01\/DLK-144x144.jpg"},"landing_image":{"file":"DLK-1024x460.jpg","width":1024,"height":460,"mime-type":"image\/jpeg","filesize":106443,"source_url":"https:\/\/feuerwehr-vglambrecht.de\/cms\/wp-content\/uploads\/2024\/01\/DLK-1024x460.jpg"},"thumbnail":{"file":"DLK-150x150.jpg","width":150,"height":150,"source_url":"https:\/\/feuerwehr-vglambrecht.de\/cms\/wp-content\/uploads\/2024\/01\/DLK-150x150.jpg"},"medium":{"file":"DLK-300x200.jpg","width":300,"height":200,"source_url":"https:\/\/feuerwehr-vglambrecht.de\/cms\/wp-content\/uploads\/2024\/01\/DLK-300x200.jpg"},"large":{"file":"DLK-1024x683.jpg","width":1024,"height":683,"source_url":"https:\/\/feuerwehr-vglambrecht.de\/cms\/wp-content\/uploads\/2024\/01\/DLK-1024x683.jpg"}},"image_meta":{"aperture":"4.5","credit":"","camera":"Canon EOS 1300D","caption":"","created_timestamp":"1509461142","copyright":"","focal_length":"35","iso":"500","shutter_speed":"0.002","title":"","orientation":"0","keywords":[]},"original_image":"DLK.jpg","image-converter":{"thumbnail":"IME","medium":"IME","large":"IME"}},"post":12279,"source_url":"https:\/\/feuerwehr-vglambrecht.de\/cms\/wp-content\/uploads\/2024\/01\/DLK-scaled.jpg"},"einsatz_ort":"Lindenberg","einsatz_ende":"2025-12-01 16:08","einsatz_beginn":"","_links":{"self":[{"href":"https:\/\/feuerwehr-vglambrecht.de\/cms\/wp-json\/wp\/v2\/einsatz\/14453","targetHints":{"allow":["GET"]}}],"collection":[{"href":"https:\/\/feuerwehr-vglambrecht.de\/cms\/wp-json\/wp\/v2\/einsatz"}],"about":[{"href":"https:\/\/feuerwehr-vglambrecht.de\/cms\/wp-json\/wp\/v2\/types\/einsatz"}],"author":[{"embeddable":true,"href":"https:\/\/feuerwehr-vglambrecht.de\/cms\/wp-json\/wp\/v2\/users\/22"}],"version-history":[{"count":1,"href":"https:\/\/feuerwehr-vglambrecht.de\/cms\/wp-json\/wp\/v2\/einsatz\/14453\/revisions"}],"predecessor-version":[{"id":14454,"href":"https:\/\/feuerwehr-vglambrecht.de\/cms\/wp-json\/wp\/v2\/einsatz\/14453\/revisions\/14454"}],"wp:featuredmedia":[{"embeddable":true,"href":"https:\/\/feuerwehr-vglambrecht.de\/cms\/wp-json\/wp\/v2\/media\/12282"}],"wp:attachment":[{"href":"https:\/\/feuerwehr-vglambrecht.de\/cms\/wp-json\/wp\/v2\/media?parent=14453"}],"wp:term":[{"taxonomy":"category","embeddable":true,"href":"https:\/\/feuerwehr-vglambrecht.de\/cms\/wp-json\/wp\/v2\/categories?post=14453"},{"taxonomy":"post_tag","embeddable":true,"href":"https:\/\/feuerwehr-vglambrecht.de\/cms\/wp-json\/wp\/v2\/tags?post=14453"},{"taxonomy":"einsatzart","embeddable":true,"href":"https:\/\/feuerwehr-vglambrecht.de\/cms\/wp-json\/wp\/v2\/einsatzart?post=14453"},{"taxonomy":"fahrzeug","embeddable":true,"href":"https:\/\/feuerwehr-vglambrecht.de\/cms\/wp-json\/wp\/v2\/fahrzeug?post=14453"},{"taxonomy":"exteinsatzmittel","embeddable":true,"href":"https:\/\/feuerwehr-vglambrecht.de\/cms\/wp-json\/wp\/v2\/exteinsatzmittel?post=14453"},{"taxonomy":"alarmierungsart","embeddable":true,"href":"https:\/\/feuerwehr-vglambrecht.de\/cms\/wp-json\/wp\/v2\/alarmierungsart?post=14453"},{"taxonomy":"evw_unit","embeddable":true,"href":"https:\/\/feuerwehr-vglambrecht.de\/cms\/wp-json\/wp\/v2\/evw_unit?post=14453"}],"curies":[{"name":"wp","href":"https:\/\/api.w.org\/{rel}","templated":true}]}}