{"id":14445,"date":"2025-11-28T15:16:00","date_gmt":"2025-11-28T14:16:00","guid":{"rendered":"https:\/\/feuerwehr-vglambrecht.de\/cms\/?post_type=einsatz&#038;p=14445"},"modified":"2025-11-29T18:18:47","modified_gmt":"2025-11-29T17:18:47","slug":"hilfeleistung-unterstuetzung-rettungsdienst-h1-08-4","status":"publish","type":"einsatz","link":"https:\/\/feuerwehr-vglambrecht.de\/cms\/einsatzberichte\/hilfeleistung-unterstuetzung-rettungsdienst-h1-08-4\/","title":{"rendered":"Hilfeleistung &#8211; Unterst\u00fctzung Rettungsdienst (H1.08)"},"content":{"rendered":"<p>Am 28. November 2025 um 15:16 Uhr wurden die Feuerwehren Weidenthal und Neidenfels zu einer Tragehilfe nach Weidenthal alarmiert.<\/p>\n<p>Der Rettungsdienst forderte Unterst\u00fctzung an, da der Patient aufgrund der r\u00e4umlichen Gegebenheiten nicht eigenst\u00e4ndig aus dem Geb\u00e4ude in den Rettungswagen gebracht werden konnte. Die Feuerwehr unterst\u00fctzte mit zus\u00e4tzlichem Personal, um den schonenden Transport der Person mithilfe einer Schleifkorbtrage in den Rettungswagen und anschlie\u00dfend in ein Krankenhaus zu erm\u00f6glichen.<\/p>\n<p>(Symbolbild)<\/p>\n","protected":false},"author":1,"featured_media":4564,"template":"","meta":{"einsatz_weight":1,"footnotes":""},"categories":[],"tags":[383,135,273,136],"einsatzart":[33],"fahrzeug":[59,498],"exteinsatzmittel":[117,68,21,323],"alarmierungsart":[10],"evw_unit":[574,569],"class_list":["post-14445","einsatz","type-einsatz","status-publish","has-post-thumbnail","hentry","tag-feuerwehrvglambrecht","tag-neidenfels","tag-tragehilfe","tag-weidenthal","einsatzart-th","fahrzeug-neidenfels-47","fahrzeug-7-44-1","exteinsatzmittel-christoph-5","exteinsatzmittel-fw_nei","exteinsatzmittel-fw_wei","exteinsatzmittel-rettungdienst","alarmierungsart-dme-digitaler-meldeempfaenger","evw_unit-neidenfels","evw_unit-weidenthal"],"better_featured_image":{"id":4564,"alt_text":"","caption":"","description":"","media_type":"image","media_details":{"width":5184,"height":3456,"file":"2016\/09\/IMG_2919.jpg","sizes":{"medium_large":{"file":"IMG_2919-768x512.jpg","width":768,"height":512,"mime-type":"image\/jpeg","source_url":"https:\/\/feuerwehr-vglambrecht.de\/cms\/wp-content\/uploads\/2016\/09\/IMG_2919-768x512.jpg"},"wptouch-new-thumbnail":{"file":"IMG_2919-144x144.jpg","width":144,"height":144,"mime-type":"image\/jpeg","source_url":"https:\/\/feuerwehr-vglambrecht.de\/cms\/wp-content\/uploads\/2016\/09\/IMG_2919-144x144.jpg"},"foundation-featured-image":{"file":"IMG_2919-900x600.jpg","width":900,"height":600,"mime-type":"image\/jpeg","source_url":"https:\/\/feuerwehr-vglambrecht.de\/cms\/wp-content\/uploads\/2016\/09\/IMG_2919-900x600.jpg"},"thumbnail":{"file":"IMG_2919-150x150.jpg","width":150,"height":150,"source_url":"https:\/\/feuerwehr-vglambrecht.de\/cms\/wp-content\/uploads\/2016\/09\/IMG_2919-150x150.jpg"},"medium":{"file":"IMG_2919-300x200.jpg","width":300,"height":200,"source_url":"https:\/\/feuerwehr-vglambrecht.de\/cms\/wp-content\/uploads\/2016\/09\/IMG_2919-300x200.jpg"},"large":{"file":"IMG_2919-1024x683.jpg","width":1024,"height":683,"source_url":"https:\/\/feuerwehr-vglambrecht.de\/cms\/wp-content\/uploads\/2016\/09\/IMG_2919-1024x683.jpg"}},"image_meta":{"aperture":"5.6","credit":"","camera":"Canon EOS 1200D","caption":"","created_timestamp":"1473881126","copyright":"","focal_length":"51","iso":"1250","shutter_speed":"0.0125","title":"","orientation":"1","keywords":[]},"image-converter":{"thumbnail":"IME","medium":"IME","large":"IME"}},"post":4549,"source_url":"https:\/\/feuerwehr-vglambrecht.de\/cms\/wp-content\/uploads\/2016\/09\/IMG_2919.jpg"},"einsatz_ort":"Weidenthal","einsatz_ende":"2025-11-28 15:53","einsatz_beginn":"","_links":{"self":[{"href":"https:\/\/feuerwehr-vglambrecht.de\/cms\/wp-json\/wp\/v2\/einsatz\/14445","targetHints":{"allow":["GET"]}}],"collection":[{"href":"https:\/\/feuerwehr-vglambrecht.de\/cms\/wp-json\/wp\/v2\/einsatz"}],"about":[{"href":"https:\/\/feuerwehr-vglambrecht.de\/cms\/wp-json\/wp\/v2\/types\/einsatz"}],"author":[{"embeddable":true,"href":"https:\/\/feuerwehr-vglambrecht.de\/cms\/wp-json\/wp\/v2\/users\/1"}],"version-history":[{"count":2,"href":"https:\/\/feuerwehr-vglambrecht.de\/cms\/wp-json\/wp\/v2\/einsatz\/14445\/revisions"}],"predecessor-version":[{"id":14448,"href":"https:\/\/feuerwehr-vglambrecht.de\/cms\/wp-json\/wp\/v2\/einsatz\/14445\/revisions\/14448"}],"wp:featuredmedia":[{"embeddable":true,"href":"https:\/\/feuerwehr-vglambrecht.de\/cms\/wp-json\/wp\/v2\/media\/4564"}],"wp:attachment":[{"href":"https:\/\/feuerwehr-vglambrecht.de\/cms\/wp-json\/wp\/v2\/media?parent=14445"}],"wp:term":[{"taxonomy":"category","embeddable":true,"href":"https:\/\/feuerwehr-vglambrecht.de\/cms\/wp-json\/wp\/v2\/categories?post=14445"},{"taxonomy":"post_tag","embeddable":true,"href":"https:\/\/feuerwehr-vglambrecht.de\/cms\/wp-json\/wp\/v2\/tags?post=14445"},{"taxonomy":"einsatzart","embeddable":true,"href":"https:\/\/feuerwehr-vglambrecht.de\/cms\/wp-json\/wp\/v2\/einsatzart?post=14445"},{"taxonomy":"fahrzeug","embeddable":true,"href":"https:\/\/feuerwehr-vglambrecht.de\/cms\/wp-json\/wp\/v2\/fahrzeug?post=14445"},{"taxonomy":"exteinsatzmittel","embeddable":true,"href":"https:\/\/feuerwehr-vglambrecht.de\/cms\/wp-json\/wp\/v2\/exteinsatzmittel?post=14445"},{"taxonomy":"alarmierungsart","embeddable":true,"href":"https:\/\/feuerwehr-vglambrecht.de\/cms\/wp-json\/wp\/v2\/alarmierungsart?post=14445"},{"taxonomy":"evw_unit","embeddable":true,"href":"https:\/\/feuerwehr-vglambrecht.de\/cms\/wp-json\/wp\/v2\/evw_unit?post=14445"}],"curies":[{"name":"wp","href":"https:\/\/api.w.org\/{rel}","templated":true}]}}