{"id":14365,"date":"2025-10-22T08:08:00","date_gmt":"2025-10-22T06:08:00","guid":{"rendered":"https:\/\/feuerwehr-vglambrecht.de\/cms\/?post_type=einsatz&#038;p=14365"},"modified":"2025-10-24T06:47:32","modified_gmt":"2025-10-24T04:47:32","slug":"brandeinsatz-brandmeldeanlage-b2-07-4","status":"publish","type":"einsatz","link":"https:\/\/feuerwehr-vglambrecht.de\/cms\/einsatzberichte\/brandeinsatz-brandmeldeanlage-b2-07-4\/","title":{"rendered":"Brandeinsatz &#8211; Brandmeldeanlage (B2.07)"},"content":{"rendered":"<p>Am Mittwoch, den 22.10.2025, wurden die Einheiten Lambrecht und Lindenberg um 8:08 Uhr aufgrund einer ausgel\u00f6sten Brandmeldeanlage zu einer Bildungseinrichtung in Lambrecht alarmiert. Vor Ort eingetroffen konnte kein Brand best\u00e4tigt werden. Die Anlage wurde zur\u00fcck gesetzt und zur \u00dcberpr\u00fcfung durch eine Fachfirma an den Betreiber \u00fcbergeben. Die Einsatzdauer belief sich auf rund 25 Minuten.<\/p>\n","protected":false},"author":22,"featured_media":12584,"template":"","meta":{"einsatz_weight":1,"footnotes":""},"categories":[],"tags":[163,383,373,142,398],"einsatzart":[8],"fahrzeug":[54,57],"exteinsatzmittel":[18,19,299,30,31],"alarmierungsart":[10],"evw_unit":[571,572],"class_list":["post-14365","einsatz","type-einsatz","status-publish","has-post-thumbnail","hentry","tag-brandmeldeanlage","tag-feuerwehrvglambrecht","tag-immerda","tag-lambrecht","tag-wirfuereuch","einsatzart-bma","fahrzeug-lambrecht-44","fahrzeug-lindenberg-47","exteinsatzmittel-fw_lam","exteinsatzmittel-fw_lin","exteinsatzmittel-fez-neustadt","exteinsatzmittel-pol","exteinsatzmittel-drk","alarmierungsart-dme-digitaler-meldeempfaenger","evw_unit-lambrecht","evw_unit-lindenberg"],"better_featured_image":{"id":12584,"alt_text":"","caption":"","description":"","media_type":"image","media_details":{"width":800,"height":417,"file":"2024\/04\/5710203091912407553.jpeg","filesize":52889,"sizes":{"medium_large":{"file":"5710203091912407553-768x400.jpeg","width":768,"height":400,"mime-type":"image\/jpeg","filesize":53808,"source_url":"https:\/\/feuerwehr-vglambrecht.de\/cms\/wp-content\/uploads\/2024\/04\/5710203091912407553-768x400.jpeg"},"wptouch-new-thumbnail":{"file":"5710203091912407553-144x144.jpeg","width":144,"height":144,"mime-type":"image\/jpeg","filesize":4559,"source_url":"https:\/\/feuerwehr-vglambrecht.de\/cms\/wp-content\/uploads\/2024\/04\/5710203091912407553-144x144.jpeg"},"thumbnail":{"file":"5710203091912407553-150x150.jpeg","width":150,"height":150,"source_url":"https:\/\/feuerwehr-vglambrecht.de\/cms\/wp-content\/uploads\/2024\/04\/5710203091912407553-150x150.jpeg"},"medium":{"file":"5710203091912407553-300x156.jpeg","width":300,"height":156,"source_url":"https:\/\/feuerwehr-vglambrecht.de\/cms\/wp-content\/uploads\/2024\/04\/5710203091912407553-300x156.jpeg"}},"image_meta":{"aperture":"0","credit":"","camera":"","caption":"","created_timestamp":"0","copyright":"","focal_length":"0","iso":"0","shutter_speed":"0","title":"","orientation":"0","keywords":[]},"image-converter":{"thumbnail":"IME","medium":"IME"}},"post":12583,"source_url":"https:\/\/feuerwehr-vglambrecht.de\/cms\/wp-content\/uploads\/2024\/04\/5710203091912407553.jpeg"},"einsatz_ort":"Lambrecht","einsatz_ende":"2025-10-22 08:32","einsatz_beginn":"","_links":{"self":[{"href":"https:\/\/feuerwehr-vglambrecht.de\/cms\/wp-json\/wp\/v2\/einsatz\/14365","targetHints":{"allow":["GET"]}}],"collection":[{"href":"https:\/\/feuerwehr-vglambrecht.de\/cms\/wp-json\/wp\/v2\/einsatz"}],"about":[{"href":"https:\/\/feuerwehr-vglambrecht.de\/cms\/wp-json\/wp\/v2\/types\/einsatz"}],"author":[{"embeddable":true,"href":"https:\/\/feuerwehr-vglambrecht.de\/cms\/wp-json\/wp\/v2\/users\/22"}],"version-history":[{"count":1,"href":"https:\/\/feuerwehr-vglambrecht.de\/cms\/wp-json\/wp\/v2\/einsatz\/14365\/revisions"}],"predecessor-version":[{"id":14366,"href":"https:\/\/feuerwehr-vglambrecht.de\/cms\/wp-json\/wp\/v2\/einsatz\/14365\/revisions\/14366"}],"wp:featuredmedia":[{"embeddable":true,"href":"https:\/\/feuerwehr-vglambrecht.de\/cms\/wp-json\/wp\/v2\/media\/12584"}],"wp:attachment":[{"href":"https:\/\/feuerwehr-vglambrecht.de\/cms\/wp-json\/wp\/v2\/media?parent=14365"}],"wp:term":[{"taxonomy":"category","embeddable":true,"href":"https:\/\/feuerwehr-vglambrecht.de\/cms\/wp-json\/wp\/v2\/categories?post=14365"},{"taxonomy":"post_tag","embeddable":true,"href":"https:\/\/feuerwehr-vglambrecht.de\/cms\/wp-json\/wp\/v2\/tags?post=14365"},{"taxonomy":"einsatzart","embeddable":true,"href":"https:\/\/feuerwehr-vglambrecht.de\/cms\/wp-json\/wp\/v2\/einsatzart?post=14365"},{"taxonomy":"fahrzeug","embeddable":true,"href":"https:\/\/feuerwehr-vglambrecht.de\/cms\/wp-json\/wp\/v2\/fahrzeug?post=14365"},{"taxonomy":"exteinsatzmittel","embeddable":true,"href":"https:\/\/feuerwehr-vglambrecht.de\/cms\/wp-json\/wp\/v2\/exteinsatzmittel?post=14365"},{"taxonomy":"alarmierungsart","embeddable":true,"href":"https:\/\/feuerwehr-vglambrecht.de\/cms\/wp-json\/wp\/v2\/alarmierungsart?post=14365"},{"taxonomy":"evw_unit","embeddable":true,"href":"https:\/\/feuerwehr-vglambrecht.de\/cms\/wp-json\/wp\/v2\/evw_unit?post=14365"}],"curies":[{"name":"wp","href":"https:\/\/api.w.org\/{rel}","templated":true}]}}