{"id":14273,"date":"2025-09-22T09:16:00","date_gmt":"2025-09-22T07:16:00","guid":{"rendered":"https:\/\/feuerwehr-vglambrecht.de\/cms\/?post_type=einsatz&#038;p=14273"},"modified":"2025-09-22T19:50:01","modified_gmt":"2025-09-22T17:50:01","slug":"gefahrstoffeinsatz-auslaufende-betriebsstoffe-kleiner-50-liter-g1-02","status":"publish","type":"einsatz","link":"https:\/\/feuerwehr-vglambrecht.de\/cms\/einsatzberichte\/gefahrstoffeinsatz-auslaufende-betriebsstoffe-kleiner-50-liter-g1-02\/","title":{"rendered":"Gefahrstoffeinsatz &#8211; auslaufende Betriebsstoffe kleiner 50 Liter (G1.02)"},"content":{"rendered":"<p>Ein Verkehrsunfall in einer Lambrechter Seitenstra\u00dfe, bei dem zun\u00e4chst von auslaufenden Betriebsstoffen ausgegangen wurde, f\u00fchrte am Montag, den 22.09.2025, um 9:17 Uhr zur Alarmierung der Einheit Lambrecht. Vor Ort eingetroffen konnten keine auslaufenden Betriebsstoffe an den betroffenen, beiden Fahrzeugen festgestellt werden, so dass der Einsatz seitens der Feuerwehr nach circa 30 Minuten beendet werden konnte.<\/p>\n","protected":false},"author":22,"featured_media":12463,"template":"","meta":{"einsatz_weight":1,"footnotes":""},"categories":[],"tags":[388,383,373,142,161,398],"einsatzart":[23],"fahrzeug":[54],"exteinsatzmittel":[18,299,30],"alarmierungsart":[10],"evw_unit":[571],"class_list":["post-14273","einsatz","type-einsatz","status-publish","has-post-thumbnail","hentry","tag-ehrenamt","tag-feuerwehrvglambrecht","tag-immerda","tag-lambrecht","tag-verkehrsunfall","tag-wirfuereuch","einsatzart-gff","fahrzeug-lambrecht-44","exteinsatzmittel-fw_lam","exteinsatzmittel-fez-neustadt","exteinsatzmittel-pol","alarmierungsart-dme-digitaler-meldeempfaenger","evw_unit-lambrecht"],"better_featured_image":{"id":12463,"alt_text":"","caption":"","description":"","media_type":"image","media_details":{"width":2400,"height":1800,"file":"2024\/03\/25437163-symbolbild-onw-images-de-1ge9.jpeg","filesize":108188,"sizes":{"medium_large":{"file":"25437163-symbolbild-onw-images-de-1ge9-768x576.jpeg","width":768,"height":576,"mime-type":"image\/jpeg","filesize":39450,"source_url":"https:\/\/feuerwehr-vglambrecht.de\/cms\/wp-content\/uploads\/2024\/03\/25437163-symbolbild-onw-images-de-1ge9-768x576.jpeg"},"1536x1536":{"file":"25437163-symbolbild-onw-images-de-1ge9-1536x1152.jpeg","width":1536,"height":1152,"mime-type":"image\/jpeg","filesize":105178,"source_url":"https:\/\/feuerwehr-vglambrecht.de\/cms\/wp-content\/uploads\/2024\/03\/25437163-symbolbild-onw-images-de-1ge9-1536x1152.jpeg"},"2048x2048":{"file":"25437163-symbolbild-onw-images-de-1ge9-2048x1536.jpeg","width":2048,"height":1536,"mime-type":"image\/jpeg","filesize":158551,"source_url":"https:\/\/feuerwehr-vglambrecht.de\/cms\/wp-content\/uploads\/2024\/03\/25437163-symbolbild-onw-images-de-1ge9-2048x1536.jpeg"},"wptouch-new-thumbnail":{"file":"25437163-symbolbild-onw-images-de-1ge9-144x144.jpeg","width":144,"height":144,"mime-type":"image\/jpeg","filesize":4347,"source_url":"https:\/\/feuerwehr-vglambrecht.de\/cms\/wp-content\/uploads\/2024\/03\/25437163-symbolbild-onw-images-de-1ge9-144x144.jpeg"},"landing_image":{"file":"25437163-symbolbild-onw-images-de-1ge9-1024x460.jpeg","width":1024,"height":460,"mime-type":"image\/jpeg","filesize":40666,"source_url":"https:\/\/feuerwehr-vglambrecht.de\/cms\/wp-content\/uploads\/2024\/03\/25437163-symbolbild-onw-images-de-1ge9-1024x460.jpeg"},"thumbnail":{"file":"25437163-symbolbild-onw-images-de-1ge9-150x150.jpeg","width":150,"height":150,"source_url":"https:\/\/feuerwehr-vglambrecht.de\/cms\/wp-content\/uploads\/2024\/03\/25437163-symbolbild-onw-images-de-1ge9-150x150.jpeg"},"medium":{"file":"25437163-symbolbild-onw-images-de-1ge9-300x225.jpeg","width":300,"height":225,"source_url":"https:\/\/feuerwehr-vglambrecht.de\/cms\/wp-content\/uploads\/2024\/03\/25437163-symbolbild-onw-images-de-1ge9-300x225.jpeg"},"large":{"file":"25437163-symbolbild-onw-images-de-1ge9-1024x768.jpeg","width":1024,"height":768,"source_url":"https:\/\/feuerwehr-vglambrecht.de\/cms\/wp-content\/uploads\/2024\/03\/25437163-symbolbild-onw-images-de-1ge9-1024x768.jpeg"}},"image_meta":{"aperture":"0","credit":"","camera":"","caption":"","created_timestamp":"0","copyright":"","focal_length":"0","iso":"0","shutter_speed":"0","title":"","orientation":"0","keywords":[]},"image-converter":{"thumbnail":"IME","medium":"IME","large":"IME"}},"post":12462,"source_url":"https:\/\/feuerwehr-vglambrecht.de\/cms\/wp-content\/uploads\/2024\/03\/25437163-symbolbild-onw-images-de-1ge9.jpeg"},"einsatz_ort":"Lambrecht","einsatz_ende":"2025-09-22 09:46","einsatz_beginn":"","_links":{"self":[{"href":"https:\/\/feuerwehr-vglambrecht.de\/cms\/wp-json\/wp\/v2\/einsatz\/14273","targetHints":{"allow":["GET"]}}],"collection":[{"href":"https:\/\/feuerwehr-vglambrecht.de\/cms\/wp-json\/wp\/v2\/einsatz"}],"about":[{"href":"https:\/\/feuerwehr-vglambrecht.de\/cms\/wp-json\/wp\/v2\/types\/einsatz"}],"author":[{"embeddable":true,"href":"https:\/\/feuerwehr-vglambrecht.de\/cms\/wp-json\/wp\/v2\/users\/22"}],"version-history":[{"count":1,"href":"https:\/\/feuerwehr-vglambrecht.de\/cms\/wp-json\/wp\/v2\/einsatz\/14273\/revisions"}],"predecessor-version":[{"id":14274,"href":"https:\/\/feuerwehr-vglambrecht.de\/cms\/wp-json\/wp\/v2\/einsatz\/14273\/revisions\/14274"}],"wp:featuredmedia":[{"embeddable":true,"href":"https:\/\/feuerwehr-vglambrecht.de\/cms\/wp-json\/wp\/v2\/media\/12463"}],"wp:attachment":[{"href":"https:\/\/feuerwehr-vglambrecht.de\/cms\/wp-json\/wp\/v2\/media?parent=14273"}],"wp:term":[{"taxonomy":"category","embeddable":true,"href":"https:\/\/feuerwehr-vglambrecht.de\/cms\/wp-json\/wp\/v2\/categories?post=14273"},{"taxonomy":"post_tag","embeddable":true,"href":"https:\/\/feuerwehr-vglambrecht.de\/cms\/wp-json\/wp\/v2\/tags?post=14273"},{"taxonomy":"einsatzart","embeddable":true,"href":"https:\/\/feuerwehr-vglambrecht.de\/cms\/wp-json\/wp\/v2\/einsatzart?post=14273"},{"taxonomy":"fahrzeug","embeddable":true,"href":"https:\/\/feuerwehr-vglambrecht.de\/cms\/wp-json\/wp\/v2\/fahrzeug?post=14273"},{"taxonomy":"exteinsatzmittel","embeddable":true,"href":"https:\/\/feuerwehr-vglambrecht.de\/cms\/wp-json\/wp\/v2\/exteinsatzmittel?post=14273"},{"taxonomy":"alarmierungsart","embeddable":true,"href":"https:\/\/feuerwehr-vglambrecht.de\/cms\/wp-json\/wp\/v2\/alarmierungsart?post=14273"},{"taxonomy":"evw_unit","embeddable":true,"href":"https:\/\/feuerwehr-vglambrecht.de\/cms\/wp-json\/wp\/v2\/evw_unit?post=14273"}],"curies":[{"name":"wp","href":"https:\/\/api.w.org\/{rel}","templated":true}]}}